{"id":3051,"date":"2021-10-02T18:13:49","date_gmt":"2021-10-02T18:13:49","guid":{"rendered":"https:\/\/sociedadhispanoalemana.com\/?page_id=3051"},"modified":"2021-10-13T19:59:27","modified_gmt":"2021-10-13T19:59:27","slug":"semana-cultural-2021","status":"publish","type":"page","link":"https:\/\/sociedadhispanoalemana.com\/de\/semana-cultural-2021","title":{"rendered":"Spanisch-Deutsche Kulturwoche"},"content":{"rendered":"<div data-elementor-type=\"wp-page\" data-elementor-id=\"3051\" class=\"elementor elementor-3051\" data-elementor-post-type=\"page\">\n\t\t\t\t\t\t\t\t\t<section class=\"elementor-section elementor-top-section elementor-element elementor-element-44a35094 elementor-section-boxed elementor-section-height-default elementor-section-height-default\" data-id=\"44a35094\" data-element_type=\"section\" data-settings=\"{&quot;background_background&quot;:&quot;classic&quot;}\">\n\t\t\t\t\t\t\t<div class=\"elementor-background-overlay\"><\/div>\n\t\t\t\t\t\t\t<div class=\"elementor-container elementor-column-gap-default\">\n\t\t\t\t\t<div class=\"elementor-column elementor-col-100 elementor-top-column elementor-element elementor-element-7e3fbf42\" data-id=\"7e3fbf42\" data-element_type=\"column\">\n\t\t\t<div class=\"elementor-widget-wrap elementor-element-populated\">\n\t\t\t\t\t\t\t\t<div class=\"elementor-element elementor-element-2b720206 elementor-widget elementor-widget-heading\" data-id=\"2b720206\" data-element_type=\"widget\" data-widget_type=\"heading.default\">\n\t\t\t\t<div class=\"elementor-widget-container\">\n\t\t\t<h1 class=\"elementor-heading-title elementor-size-default\">Spanisch-Deutsche Kulturwoche<\/h1>\t\t<\/div>\n\t\t\t\t<\/div>\n\t\t\t\t\t<\/div>\n\t\t<\/div>\n\t\t\t\t\t\t\t<\/div>\n\t\t<\/section>\n\t\t\t\t<section class=\"elementor-section elementor-top-section elementor-element elementor-element-8944672 elementor-section-boxed elementor-section-height-default elementor-section-height-default\" data-id=\"8944672\" data-element_type=\"section\">\n\t\t\t\t\t\t<div class=\"elementor-container elementor-column-gap-default\">\n\t\t\t\t\t<div class=\"elementor-column elementor-col-100 elementor-top-column elementor-element elementor-element-ace906e\" data-id=\"ace906e\" data-element_type=\"column\">\n\t\t\t<div class=\"elementor-widget-wrap elementor-element-populated\">\n\t\t\t\t\t\t\t\t<div class=\"elementor-element elementor-element-30bc9a2 elementor-widget elementor-widget-heading\" data-id=\"30bc9a2\" data-element_type=\"widget\" data-widget_type=\"heading.default\">\n\t\t\t\t<div class=\"elementor-widget-container\">\n\t\t\t<h2 class=\"elementor-heading-title elementor-size-default\">Samstag, 16. bis Freitag 22. Oktober<\/h2>\t\t<\/div>\n\t\t\t\t<\/div>\n\t\t\t\t\t<\/div>\n\t\t<\/div>\n\t\t\t\t\t\t\t<\/div>\n\t\t<\/section>\n\t\t\t\t<section class=\"elementor-section elementor-top-section elementor-element elementor-element-695dc79 elementor-section-boxed elementor-section-height-default elementor-section-height-default\" data-id=\"695dc79\" data-element_type=\"section\">\n\t\t\t\t\t\t<div class=\"elementor-container elementor-column-gap-default\">\n\t\t\t\t\t<div class=\"elementor-column elementor-col-50 elementor-top-column elementor-element elementor-element-4c57abd\" data-id=\"4c57abd\" data-element_type=\"column\">\n\t\t\t<div class=\"elementor-widget-wrap elementor-element-populated\">\n\t\t\t\t\t\t\t\t<div class=\"elementor-element elementor-element-1b0f707 elementor-widget elementor-widget-text-editor\" data-id=\"1b0f707\" data-element_type=\"widget\" data-widget_type=\"text-editor.default\">\n\t\t\t\t<div class=\"elementor-widget-container\">\n\t\t\t\t\t\t\t<div style=\"color: #1d2228; font-family: 'Helvetica Neue', Helvetica, Arial, sans-serif; font-size: 13px; font-style: normal; font-weight: 400;\">Liebe Mitglieder der Gesellschaft,<\/div><div style=\"color: #1d2228; font-family: 'Helvetica Neue', Helvetica, Arial, sans-serif; font-size: 13px; font-style: normal; font-weight: 400;\">\u00a0<\/div><div style=\"color: #1d2228; font-family: 'Helvetica Neue', Helvetica, Arial, sans-serif; font-size: 13px; font-style: normal;\" class=\" translation-block\"><span style=\"font-weight: 400;\">La Sociedad Hispano-Alemana del Norte de Espa\u00f1a con sede en Pamplona, celebra por <\/span><b>29\u00aa vez una semana cultural<\/b>. En este a\u00f1o 2021 vamos a contar por primera vez con la colaboraci\u00f3n de la Fundaci\u00f3n Goethe, con la que organizamos el concierto con el que dar\u00e1 comienzo la semana. Podremos disfrutar de los cuartetos de piano de Beethoven con motivo de su 250 aniversario, en el marco incomparable de la sacrist\u00eda rococ\u00f3 de la catedral de Pamplona.<\/div><div style=\"color: #1d2228; font-family: 'Helvetica Neue', Helvetica, Arial, sans-serif; font-size: 13px; font-style: normal; font-weight: 400;\">\u00a0<\/div><div style=\"color: #1d2228; font-family: 'Helvetica Neue', Helvetica, Arial, sans-serif; font-size: 13px; font-style: normal; font-weight: 400;\">Erneut wird uns eine Gruppe von Musikern aus der Stadt Paderborn besuchen, dieses Mal die Bl\u00e4serlehrer der dortigen Musikschule. Wir werden auch Aktivit\u00e4ten, f\u00fcr das j\u00fcngere Publikum, f\u00fcr die Sch\u00fcler der Paderborner Schule und f\u00fcr die Sch\u00fcler der Sekundarstufe der Schulen und Gymnasien in Pamplona, die Deutsch als Fremdsprache unterrichten. anbieten<\/div><div style=\"color: #1d2228; font-family: 'Helvetica Neue', Helvetica, Arial, sans-serif; font-size: 13px; font-style: normal; font-weight: 400;\">\u00a0<\/div><div style=\"color: #1d2228; font-family: 'Helvetica Neue', Helvetica, Arial, sans-serif; font-size: 13px; font-style: normal; font-weight: 400;\" class=\" translation-block\">Selbstverst\u00e4ndlich stehen alle Veranstaltungen der \u00d6ffentlichkeit offen, aber aus organisatorischen Gr\u00fcnden ben\u00f6tigen wir in diesem Jahr mehr denn je ein Teilnehmerverzeichnis. Bitte teilen Sie uns Ihre Teilnahme mit, indem Sie sich per E-Mail an info@sociedadhispanoalemana.com oder per Telefon (948236700) anmelden.<\/div><div style=\"color: #1d2228; font-family: 'Helvetica Neue', Helvetica, Arial, sans-serif; font-size: 13px; font-style: normal; font-weight: 400;\">\u00a0<span style=\"font-size: 13px; font-style: normal; font-weight: 400;\">Wir hoffen, das Programm entspricht Ihren Vorstellungen und freuen uns auf Ihre zahlreiche Teilnahme. Wir danken Ihnen f\u00fcr Ihre Beteiligung.<\/span><\/div><div style=\"color: #1d2228; font-family: 'Helvetica Neue', Helvetica, Arial, sans-serif; font-size: 13px; font-style: normal; font-weight: 400;\">\u00a0<span style=\"font-size: 13px; font-style: normal; font-weight: 400;\">Mit freundlichen Gr\u00fc\u00dfen.<\/span><\/div><div style=\"color: #1d2228; font-family: 'Helvetica Neue', Helvetica, Arial, sans-serif; font-size: 13px; font-weight: 400;\"><i>\u00a0<span style=\"font-size: 13px; font-weight: 400;\">Cristina Doria Olaso<\/span><\/i><\/div><div style=\"color: #1d2228; font-family: 'Helvetica Neue', Helvetica, Arial, sans-serif; font-size: 13px; font-style: normal; font-weight: 400;\"><span style=\"font-size: 8pt;\">Pr\u00e4sidentin der deutsch-spanischen Gesellschaft Nordspaniens<\/span><\/div>\t\t\t\t\t\t<\/div>\n\t\t\t\t<\/div>\n\t\t\t\t\t<\/div>\n\t\t<\/div>\n\t\t\t\t<div class=\"elementor-column elementor-col-50 elementor-top-column elementor-element elementor-element-1886534\" data-id=\"1886534\" data-element_type=\"column\">\n\t\t\t<div class=\"elementor-widget-wrap elementor-element-populated\">\n\t\t\t\t\t\t\t\t<div class=\"elementor-element elementor-element-b93e18a elementor-widget elementor-widget-image\" data-id=\"b93e18a\" data-element_type=\"widget\" data-widget_type=\"image.default\">\n\t\t\t\t<div class=\"elementor-widget-container\">\n\t\t\t\t\t\t\t\t\t\t\t\t\t\t\t<img loading=\"lazy\" decoding=\"async\" width=\"768\" height=\"512\" src=\"https:\/\/sociedadhispanoalemana.com\/wp-content\/uploads\/2021\/10\/sacristia.mayor01-1-768x512.jpg\" class=\"attachment-medium_large size-medium_large wp-image-3061\" alt=\"\" srcset=\"https:\/\/sociedadhispanoalemana.com\/wp-content\/uploads\/2021\/10\/sacristia.mayor01-1-768x512.jpg 768w, https:\/\/sociedadhispanoalemana.com\/wp-content\/uploads\/2021\/10\/sacristia.mayor01-1-300x200.jpg 300w, https:\/\/sociedadhispanoalemana.com\/wp-content\/uploads\/2021\/10\/sacristia.mayor01-1-16x12.jpg 16w, https:\/\/sociedadhispanoalemana.com\/wp-content\/uploads\/2021\/10\/sacristia.mayor01-1.jpg 1024w\" sizes=\"auto, (max-width: 768px) 100vw, 768px\" \/>\t\t\t\t\t\t\t\t\t\t\t\t\t\t\t<\/div>\n\t\t\t\t<\/div>\n\t\t\t\t\t<\/div>\n\t\t<\/div>\n\t\t\t\t\t\t\t<\/div>\n\t\t<\/section>\n\t\t\t\t<section class=\"elementor-section elementor-top-section elementor-element elementor-element-cb549ca elementor-section-boxed elementor-section-height-default elementor-section-height-default\" data-id=\"cb549ca\" data-element_type=\"section\">\n\t\t\t\t\t\t<div class=\"elementor-container elementor-column-gap-default\">\n\t\t\t\t\t<div class=\"elementor-column elementor-col-100 elementor-top-column elementor-element elementor-element-60c0df3\" data-id=\"60c0df3\" data-element_type=\"column\">\n\t\t\t<div class=\"elementor-widget-wrap\">\n\t\t\t\t\t\t\t\t\t<\/div>\n\t\t<\/div>\n\t\t\t\t\t\t\t<\/div>\n\t\t<\/section>\n\t\t\t\t<section class=\"elementor-section elementor-top-section elementor-element elementor-element-5fd77aa0 elementor-reverse-mobile elementor-section-boxed elementor-section-height-default elementor-section-height-default\" data-id=\"5fd77aa0\" data-element_type=\"section\">\n\t\t\t\t\t\t<div class=\"elementor-container elementor-column-gap-no\">\n\t\t\t\t\t<div class=\"elementor-column elementor-col-50 elementor-top-column elementor-element elementor-element-2f10bf09\" data-id=\"2f10bf09\" data-element_type=\"column\">\n\t\t\t<div class=\"elementor-widget-wrap elementor-element-populated\">\n\t\t\t\t\t\t\t\t<div class=\"elementor-element elementor-element-1e4eeeb elementor-widget elementor-widget-heading\" data-id=\"1e4eeeb\" data-element_type=\"widget\" data-widget_type=\"heading.default\">\n\t\t\t\t<div class=\"elementor-widget-container\">\n\t\t\t<h2 class=\"elementor-heading-title elementor-size-default\">Samstag, 16.<\/h2>\t\t<\/div>\n\t\t\t\t<\/div>\n\t\t\t\t<div class=\"elementor-element elementor-element-4488726a elementor-widget elementor-widget-text-editor\" data-id=\"4488726a\" data-element_type=\"widget\" data-widget_type=\"text-editor.default\">\n\t\t\t\t<div class=\"elementor-widget-container\">\n\t\t\t\t\t\t\t<p><b>19:00 Uhr. Konzert KLAVIERTRIO VON HANNOVER &amp; KONSTANTIN SELLHEIM<\/b><\/p><p class=\" translation-block\">Mit dem \"Beethoven-Projekt\" pr\u00e4sentiert das Klaviertrio Hannover zusammen mit dem Violinisten\nKonstantin Sellheim von den M\u00fcnchner Philharmonikern die wunderbaren Klavierquartetten des\nKomponisten Ludwig van Beethoven anl\u00e4sslich seines 250. Geburtstages.<\/p><p class=\" translation-block\">Ort: Sakristei der Kathedrale von Pamplona.<\/p>\t\t\t\t\t\t<\/div>\n\t\t\t\t<\/div>\n\t\t\t\t<div class=\"elementor-element elementor-element-91d7d61 elementor-align-center elementor-widget elementor-widget-button\" data-id=\"91d7d61\" data-element_type=\"widget\" data-widget_type=\"button.default\">\n\t\t\t\t<div class=\"elementor-widget-container\">\n\t\t\t\t\t<div class=\"elementor-button-wrapper\">\n\t\t\t<a class=\"elementor-button elementor-button-link elementor-size-sm\" href=\"https:\/\/forms.gle\/TWEehJrzMWMuEusL6\" target=\"_blank\">\n\t\t\t\t\t\t<span class=\"elementor-button-content-wrapper\">\n\t\t\t\t\t\t<span class=\"elementor-button-text\">Anmeldung<\/span>\n\t\t<\/span>\n\t\t\t\t\t<\/a>\n\t\t<\/div>\n\t\t\t\t<\/div>\n\t\t\t\t<\/div>\n\t\t\t\t\t<\/div>\n\t\t<\/div>\n\t\t\t\t<div class=\"elementor-column elementor-col-50 elementor-top-column elementor-element elementor-element-27c0ee77\" data-id=\"27c0ee77\" data-element_type=\"column\">\n\t\t\t<div class=\"elementor-widget-wrap elementor-element-populated\">\n\t\t\t\t\t\t\t\t<div class=\"elementor-element elementor-element-7db7cda elementor-widget elementor-widget-image\" data-id=\"7db7cda\" data-element_type=\"widget\" data-widget_type=\"image.default\">\n\t\t\t\t<div class=\"elementor-widget-container\">\n\t\t\t\t\t\t\t\t\t\t\t\t\t\t\t<img loading=\"lazy\" decoding=\"async\" width=\"300\" height=\"158\" src=\"https:\/\/sociedadhispanoalemana.com\/wp-content\/uploads\/2021\/02\/goehtess-300x158.png\" class=\"attachment-medium size-medium wp-image-2464\" alt=\"\" srcset=\"https:\/\/sociedadhispanoalemana.com\/wp-content\/uploads\/2021\/02\/goehtess-300x158.png 300w, https:\/\/sociedadhispanoalemana.com\/wp-content\/uploads\/2021\/02\/goehtess-16x8.png 16w, https:\/\/sociedadhispanoalemana.com\/wp-content\/uploads\/2021\/02\/goehtess.png 309w\" sizes=\"auto, (max-width: 300px) 100vw, 300px\" \/>\t\t\t\t\t\t\t\t\t\t\t\t\t\t\t<\/div>\n\t\t\t\t<\/div>\n\t\t\t\t<div class=\"elementor-element elementor-element-bf1f589 elementor-widget elementor-widget-image\" data-id=\"bf1f589\" data-element_type=\"widget\" data-widget_type=\"image.default\">\n\t\t\t\t<div class=\"elementor-widget-container\">\n\t\t\t\t\t\t\t\t\t\t\t\t\t\t\t<img loading=\"lazy\" decoding=\"async\" width=\"1024\" height=\"579\" src=\"https:\/\/sociedadhispanoalemana.com\/wp-content\/uploads\/2021\/10\/trio-1024x579.jpg\" class=\"attachment-large size-large wp-image-3055\" alt=\"\" srcset=\"https:\/\/sociedadhispanoalemana.com\/wp-content\/uploads\/2021\/10\/trio-1024x579.jpg 1024w, https:\/\/sociedadhispanoalemana.com\/wp-content\/uploads\/2021\/10\/trio-300x170.jpg 300w, https:\/\/sociedadhispanoalemana.com\/wp-content\/uploads\/2021\/10\/trio-768x434.jpg 768w, https:\/\/sociedadhispanoalemana.com\/wp-content\/uploads\/2021\/10\/trio-1536x868.jpg 1536w, https:\/\/sociedadhispanoalemana.com\/wp-content\/uploads\/2021\/10\/trio-16x9.jpg 16w, https:\/\/sociedadhispanoalemana.com\/wp-content\/uploads\/2021\/10\/trio.jpg 1600w\" sizes=\"auto, (max-width: 1024px) 100vw, 1024px\" \/>\t\t\t\t\t\t\t\t\t\t\t\t\t\t\t<\/div>\n\t\t\t\t<\/div>\n\t\t\t\t\t<\/div>\n\t\t<\/div>\n\t\t\t\t\t\t\t<\/div>\n\t\t<\/section>\n\t\t\t\t<section class=\"elementor-section elementor-top-section elementor-element elementor-element-3d494a8a elementor-section-boxed elementor-section-height-default elementor-section-height-default\" data-id=\"3d494a8a\" data-element_type=\"section\">\n\t\t\t\t\t\t<div class=\"elementor-container elementor-column-gap-no\">\n\t\t\t\t\t<div class=\"elementor-column elementor-col-50 elementor-top-column elementor-element elementor-element-53d68a91\" data-id=\"53d68a91\" data-element_type=\"column\">\n\t\t\t<div class=\"elementor-widget-wrap elementor-element-populated\">\n\t\t\t\t\t\t\t\t<div class=\"elementor-element elementor-element-85a1263 elementor-widget elementor-widget-image\" data-id=\"85a1263\" data-element_type=\"widget\" data-widget_type=\"image.default\">\n\t\t\t\t<div class=\"elementor-widget-container\">\n\t\t\t\t\t\t\t\t\t\t\t\t\t\t\t<img loading=\"lazy\" decoding=\"async\" width=\"900\" height=\"505\" src=\"https:\/\/sociedadhispanoalemana.com\/wp-content\/uploads\/2021\/10\/Muruzabal_Navarra_Iglesia_Santa_Maria_Eunate-e1589536938941.jpg\" class=\"attachment-large size-large wp-image-3060\" alt=\"\" srcset=\"https:\/\/sociedadhispanoalemana.com\/wp-content\/uploads\/2021\/10\/Muruzabal_Navarra_Iglesia_Santa_Maria_Eunate-e1589536938941.jpg 900w, https:\/\/sociedadhispanoalemana.com\/wp-content\/uploads\/2021\/10\/Muruzabal_Navarra_Iglesia_Santa_Maria_Eunate-e1589536938941-300x168.jpg 300w, https:\/\/sociedadhispanoalemana.com\/wp-content\/uploads\/2021\/10\/Muruzabal_Navarra_Iglesia_Santa_Maria_Eunate-e1589536938941-768x431.jpg 768w, https:\/\/sociedadhispanoalemana.com\/wp-content\/uploads\/2021\/10\/Muruzabal_Navarra_Iglesia_Santa_Maria_Eunate-e1589536938941-16x9.jpg 16w\" sizes=\"auto, (max-width: 900px) 100vw, 900px\" \/>\t\t\t\t\t\t\t\t\t\t\t\t\t\t\t<\/div>\n\t\t\t\t<\/div>\n\t\t\t\t\t<\/div>\n\t\t<\/div>\n\t\t\t\t<div class=\"elementor-column elementor-col-50 elementor-top-column elementor-element elementor-element-67018b76\" data-id=\"67018b76\" data-element_type=\"column\">\n\t\t\t<div class=\"elementor-widget-wrap elementor-element-populated\">\n\t\t\t\t\t\t\t\t<div class=\"elementor-element elementor-element-794e81d3 elementor-widget elementor-widget-heading\" data-id=\"794e81d3\" data-element_type=\"widget\" data-widget_type=\"heading.default\">\n\t\t\t\t<div class=\"elementor-widget-container\">\n\t\t\t<h2 class=\"elementor-heading-title elementor-size-default\">Sonntag, 17. Oktober<\/h2>\t\t<\/div>\n\t\t\t\t<\/div>\n\t\t\t\t<div class=\"elementor-element elementor-element-e07f91a elementor-widget elementor-widget-text-editor\" data-id=\"e07f91a\" data-element_type=\"widget\" data-widget_type=\"text-editor.default\">\n\t\t\t\t<div class=\"elementor-widget-container\">\n\t\t\t\t\t\t\t<p class=\" translation-block\">11:00 Uhr. Wanderung zu Fu\u00df auf dem Jakobsweg von Muruz\u00e1bal nach Eunate. Treffpunkt in Muruz\u00e1bal an\nder Kirche.<\/p><p>Besuch der Kirche Santa Maria de Eunate.\u00a0<\/p><p>Vorherige Anmeldung erforderlich. Beitrag 10 \u20ac\/Person. Kinder: 5 \u20ac<\/p><p>Necesaria inscripci\u00f3n previa. Aportaci\u00f3n 10\u20ac\/persona. Ni\u00f1os: 5\u20ac<\/p>\t\t\t\t\t\t<\/div>\n\t\t\t\t<\/div>\n\t\t\t\t<div class=\"elementor-element elementor-element-a4f4041 elementor-align-center elementor-widget elementor-widget-button\" data-id=\"a4f4041\" data-element_type=\"widget\" data-widget_type=\"button.default\">\n\t\t\t\t<div class=\"elementor-widget-container\">\n\t\t\t\t\t<div class=\"elementor-button-wrapper\">\n\t\t\t<a class=\"elementor-button elementor-size-sm\" role=\"button\">\n\t\t\t\t\t\t<span class=\"elementor-button-content-wrapper\">\n\t\t\t\t\t\t<span class=\"elementor-button-text\">AFORO COMPLETO<\/span>\n\t\t<\/span>\n\t\t\t\t\t<\/a>\n\t\t<\/div>\n\t\t\t\t<\/div>\n\t\t\t\t<\/div>\n\t\t\t\t\t<\/div>\n\t\t<\/div>\n\t\t\t\t\t\t\t<\/div>\n\t\t<\/section>\n\t\t\t\t<section class=\"elementor-section elementor-top-section elementor-element elementor-element-303e3109 elementor-reverse-mobile elementor-section-boxed elementor-section-height-default elementor-section-height-default\" data-id=\"303e3109\" data-element_type=\"section\">\n\t\t\t\t\t\t<div class=\"elementor-container elementor-column-gap-no\">\n\t\t\t\t\t<div class=\"elementor-column elementor-col-50 elementor-top-column elementor-element elementor-element-34f4b8ac\" data-id=\"34f4b8ac\" data-element_type=\"column\">\n\t\t\t<div class=\"elementor-widget-wrap elementor-element-populated\">\n\t\t\t\t\t\t\t\t<div class=\"elementor-element elementor-element-53799436 elementor-widget elementor-widget-heading\" data-id=\"53799436\" data-element_type=\"widget\" data-widget_type=\"heading.default\">\n\t\t\t\t<div class=\"elementor-widget-container\">\n\t\t\t<h2 class=\"elementor-heading-title elementor-size-default\"><h2 class=\"elementor-heading-title elementor-size-default elementor-inline-editing pen\" data-elementor-setting-key=\"title\" data-pen-placeholder=\"Teclea aqu\u00ed...\" style=\"font-style: normal;\">Sonntag, 17. Oktober<\/h2><\/h2>\t\t<\/div>\n\t\t\t\t<\/div>\n\t\t\t\t<div class=\"elementor-element elementor-element-1ee54893 elementor-widget elementor-widget-text-editor\" data-id=\"1ee54893\" data-element_type=\"widget\" data-widget_type=\"text-editor.default\">\n\t\t\t\t<div class=\"elementor-widget-container\">\n\t\t\t\t\t\t\t<p><b>19:00 Uhr. Konzert mit dem Bl\u00e4serquartett<\/b><\/p><p>Veranstaltungsort Civivox Constable, Calle Major 2. Eintritt frei.\u00a0<\/p><p>Lugar Sal\u00f3n de actos Civivox Condestable, calle Mayor 2. Entrada gratuita hasta completar aforo.<\/p>\t\t\t\t\t\t<\/div>\n\t\t\t\t<\/div>\n\t\t\t\t\t<\/div>\n\t\t<\/div>\n\t\t\t\t<div class=\"elementor-column elementor-col-50 elementor-top-column elementor-element elementor-element-7fe05ff7\" data-id=\"7fe05ff7\" data-element_type=\"column\">\n\t\t\t<div class=\"elementor-widget-wrap elementor-element-populated\">\n\t\t\t\t\t\t\t\t<div class=\"elementor-element elementor-element-ac677e9 elementor-widget elementor-widget-image\" data-id=\"ac677e9\" data-element_type=\"widget\" data-widget_type=\"image.default\">\n\t\t\t\t<div class=\"elementor-widget-container\">\n\t\t\t\t\t\t\t\t\t\t\t\t\t\t\t<img loading=\"lazy\" decoding=\"async\" width=\"960\" height=\"365\" src=\"https:\/\/sociedadhispanoalemana.com\/wp-content\/uploads\/2021\/10\/musik.jpg\" class=\"attachment-large size-large wp-image-3062\" alt=\"\" srcset=\"https:\/\/sociedadhispanoalemana.com\/wp-content\/uploads\/2021\/10\/musik.jpg 960w, https:\/\/sociedadhispanoalemana.com\/wp-content\/uploads\/2021\/10\/musik-300x114.jpg 300w, https:\/\/sociedadhispanoalemana.com\/wp-content\/uploads\/2021\/10\/musik-768x292.jpg 768w, https:\/\/sociedadhispanoalemana.com\/wp-content\/uploads\/2021\/10\/musik-16x6.jpg 16w\" sizes=\"auto, (max-width: 960px) 100vw, 960px\" \/>\t\t\t\t\t\t\t\t\t\t\t\t\t\t\t<\/div>\n\t\t\t\t<\/div>\n\t\t\t\t\t<\/div>\n\t\t<\/div>\n\t\t\t\t\t\t\t<\/div>\n\t\t<\/section>\n\t\t\t\t<section class=\"elementor-section elementor-top-section elementor-element elementor-element-c071162 elementor-section-boxed elementor-section-height-default elementor-section-height-default\" data-id=\"c071162\" data-element_type=\"section\">\n\t\t\t\t\t\t<div class=\"elementor-container elementor-column-gap-no\">\n\t\t\t\t\t<div class=\"elementor-column elementor-col-50 elementor-top-column elementor-element elementor-element-5a6fa2a\" data-id=\"5a6fa2a\" data-element_type=\"column\">\n\t\t\t<div class=\"elementor-widget-wrap elementor-element-populated\">\n\t\t\t\t\t\t\t\t<div class=\"elementor-element elementor-element-f7e294d elementor-widget elementor-widget-image\" data-id=\"f7e294d\" data-element_type=\"widget\" data-widget_type=\"image.default\">\n\t\t\t\t<div class=\"elementor-widget-container\">\n\t\t\t\t\t\t\t\t\t\t\t\t\t\t\t<img loading=\"lazy\" decoding=\"async\" width=\"1024\" height=\"576\" src=\"https:\/\/sociedadhispanoalemana.com\/wp-content\/uploads\/2021\/10\/murrr-1024x576.jpg\" class=\"attachment-large size-large wp-image-3067\" alt=\"\" srcset=\"https:\/\/sociedadhispanoalemana.com\/wp-content\/uploads\/2021\/10\/murrr-1024x576.jpg 1024w, https:\/\/sociedadhispanoalemana.com\/wp-content\/uploads\/2021\/10\/murrr-300x169.jpg 300w, https:\/\/sociedadhispanoalemana.com\/wp-content\/uploads\/2021\/10\/murrr-768x432.jpg 768w, https:\/\/sociedadhispanoalemana.com\/wp-content\/uploads\/2021\/10\/murrr-1536x864.jpg 1536w, https:\/\/sociedadhispanoalemana.com\/wp-content\/uploads\/2021\/10\/murrr-16x9.jpg 16w, https:\/\/sociedadhispanoalemana.com\/wp-content\/uploads\/2021\/10\/murrr.jpg 1600w\" sizes=\"auto, (max-width: 1024px) 100vw, 1024px\" \/>\t\t\t\t\t\t\t\t\t\t\t\t\t\t\t<\/div>\n\t\t\t\t<\/div>\n\t\t\t\t\t<\/div>\n\t\t<\/div>\n\t\t\t\t<div class=\"elementor-column elementor-col-50 elementor-top-column elementor-element elementor-element-8082ec5\" data-id=\"8082ec5\" data-element_type=\"column\">\n\t\t\t<div class=\"elementor-widget-wrap elementor-element-populated\">\n\t\t\t\t\t\t\t\t<div class=\"elementor-element elementor-element-cc8bfb7 elementor-widget elementor-widget-heading\" data-id=\"cc8bfb7\" data-element_type=\"widget\" data-widget_type=\"heading.default\">\n\t\t\t\t<div class=\"elementor-widget-container\">\n\t\t\t<h2 class=\"elementor-heading-title elementor-size-default\">Montag, 18. Oktober<\/h2>\t\t<\/div>\n\t\t\t\t<\/div>\n\t\t\t\t<div class=\"elementor-element elementor-element-65133c5 elementor-widget elementor-widget-text-editor\" data-id=\"65133c5\" data-element_type=\"widget\" data-widget_type=\"text-editor.default\">\n\t\t\t\t<div class=\"elementor-widget-container\">\n\t\t\t\t\t\t\t<p class=\" translation-block\">12:00 Uhr. Kleines Konzert des Bl\u00e4serquartetts in der Schule Paderborn, offizielle Einweihung der bemalten\nWand im Innenhof der Schule.<\/p>\t\t\t\t\t\t<\/div>\n\t\t\t\t<\/div>\n\t\t\t\t\t<\/div>\n\t\t<\/div>\n\t\t\t\t\t\t\t<\/div>\n\t\t<\/section>\n\t\t\t\t<section class=\"elementor-section elementor-top-section elementor-element elementor-element-1ac8412 elementor-reverse-mobile elementor-section-boxed elementor-section-height-default elementor-section-height-default\" data-id=\"1ac8412\" data-element_type=\"section\">\n\t\t\t\t\t\t<div class=\"elementor-container elementor-column-gap-no\">\n\t\t\t\t\t<div class=\"elementor-column elementor-col-50 elementor-top-column elementor-element elementor-element-a89150a\" data-id=\"a89150a\" data-element_type=\"column\">\n\t\t\t<div class=\"elementor-widget-wrap elementor-element-populated\">\n\t\t\t\t\t\t\t\t<div class=\"elementor-element elementor-element-a65b4a2 elementor-widget elementor-widget-heading\" data-id=\"a65b4a2\" data-element_type=\"widget\" data-widget_type=\"heading.default\">\n\t\t\t\t<div class=\"elementor-widget-container\">\n\t\t\t<h2 class=\"elementor-heading-title elementor-size-default\"><h2 class=\"elementor-heading-title elementor-size-default elementor-inline-editing pen\" data-elementor-setting-key=\"title\" data-pen-placeholder=\"Teclea aqu\u00ed...\" style=\"font-style: normal;\">lunes, d\u00eda 18<span style=\"font-size: 24px; font-style: normal; font-weight: 500;\"><\/span><br><\/h2><\/h2>\t\t<\/div>\n\t\t\t\t<\/div>\n\t\t\t\t<div class=\"elementor-element elementor-element-dae817a elementor-widget elementor-widget-text-editor\" data-id=\"dae817a\" data-element_type=\"widget\" data-widget_type=\"text-editor.default\">\n\t\t\t\t<div class=\"elementor-widget-container\">\n\t\t\t\t\t\t\t<p><strong>19:30 Uhr. Feierliche Er\u00f6ffnung der XXIX. Kulturwoche<\/strong><\/p><p>Musikalische Begleitung durch das Bl\u00e4serquartett \u201eTromBoCorn Paderborn\u201c, Lehrer der Musikschule\nPaderborn.\nVeranstaltungsort: Festsaal des Colegio de M\u00e9dicos de Pamplona.<br \/>alcalde de Paderborn D. Michael Dreier.<\/p><p>Intervenci\u00f3n musical a cargo del cuarteto de viento\u201eTromBoCorn<br \/>Paderborn\u201c formado por los profesores de la Escuela de M\u00fasica de Paderborn.<\/p><p><span style=\"font-size: 16px; font-style: normal; font-weight: 400;\">Convivio \u00abOktoberfest\u00bb con un aperitivo con degustaci\u00f3n de aut\u00e9nticos productos alemanes y cerveza Paulaner. Aportaci\u00f3n: 10\u20ac\/persona.<\/span><\/p><p><br \/><strong>Lugar: Sal\u00f3n de actos Colegio de M\u00e9dicos de Pamplona<\/strong>. Necesaria inscripci\u00f3n previa.<\/p><p>\u00a0<\/p>\t\t\t\t\t\t<\/div>\n\t\t\t\t<\/div>\n\t\t\t\t<div class=\"elementor-element elementor-element-4c2d974 elementor-align-center elementor-widget elementor-widget-button\" data-id=\"4c2d974\" data-element_type=\"widget\" data-widget_type=\"button.default\">\n\t\t\t\t<div class=\"elementor-widget-container\">\n\t\t\t\t\t<div class=\"elementor-button-wrapper\">\n\t\t\t<a class=\"elementor-button elementor-button-link elementor-size-sm\" href=\"https:\/\/forms.gle\/TUDCQn3ekBRksbWu7\" target=\"_blank\">\n\t\t\t\t\t\t<span class=\"elementor-button-content-wrapper\">\n\t\t\t\t\t\t<span class=\"elementor-button-text\">Anmeldung<\/span>\n\t\t<\/span>\n\t\t\t\t\t<\/a>\n\t\t<\/div>\n\t\t\t\t<\/div>\n\t\t\t\t<\/div>\n\t\t\t\t\t<\/div>\n\t\t<\/div>\n\t\t\t\t<div class=\"elementor-column elementor-col-50 elementor-top-column elementor-element elementor-element-7f43920\" data-id=\"7f43920\" data-element_type=\"column\">\n\t\t\t<div class=\"elementor-widget-wrap elementor-element-populated\">\n\t\t\t\t\t\t\t\t<div class=\"elementor-element elementor-element-43b887c elementor-widget elementor-widget-image\" data-id=\"43b887c\" data-element_type=\"widget\" data-widget_type=\"image.default\">\n\t\t\t\t<div class=\"elementor-widget-container\">\n\t\t\t\t\t\t\t\t\t\t\t\t\t\t\t<img loading=\"lazy\" decoding=\"async\" width=\"678\" height=\"381\" src=\"https:\/\/sociedadhispanoalemana.com\/wp-content\/uploads\/2021\/10\/col.jpg\" class=\"attachment-large size-large wp-image-3068\" alt=\"\" srcset=\"https:\/\/sociedadhispanoalemana.com\/wp-content\/uploads\/2021\/10\/col.jpg 678w, https:\/\/sociedadhispanoalemana.com\/wp-content\/uploads\/2021\/10\/col-300x169.jpg 300w, https:\/\/sociedadhispanoalemana.com\/wp-content\/uploads\/2021\/10\/col-16x9.jpg 16w\" sizes=\"auto, (max-width: 678px) 100vw, 678px\" \/>\t\t\t\t\t\t\t\t\t\t\t\t\t\t\t<\/div>\n\t\t\t\t<\/div>\n\t\t\t\t<div class=\"elementor-element elementor-element-e45a995 elementor-widget elementor-widget-image\" data-id=\"e45a995\" data-element_type=\"widget\" data-widget_type=\"image.default\">\n\t\t\t\t<div class=\"elementor-widget-container\">\n\t\t\t\t\t\t\t\t\t\t\t\t\t\t\t<img loading=\"lazy\" decoding=\"async\" width=\"580\" height=\"387\" src=\"https:\/\/sociedadhispanoalemana.com\/wp-content\/uploads\/2021\/10\/vega-landingpage-oktoberfest-snacks_800x800.jpg\" class=\"attachment-large size-large wp-image-3207\" alt=\"\" srcset=\"https:\/\/sociedadhispanoalemana.com\/wp-content\/uploads\/2021\/10\/vega-landingpage-oktoberfest-snacks_800x800.jpg 580w, https:\/\/sociedadhispanoalemana.com\/wp-content\/uploads\/2021\/10\/vega-landingpage-oktoberfest-snacks_800x800-300x200.jpg 300w, https:\/\/sociedadhispanoalemana.com\/wp-content\/uploads\/2021\/10\/vega-landingpage-oktoberfest-snacks_800x800-16x12.jpg 16w\" sizes=\"auto, (max-width: 580px) 100vw, 580px\" \/>\t\t\t\t\t\t\t\t\t\t\t\t\t\t\t<\/div>\n\t\t\t\t<\/div>\n\t\t\t\t\t<\/div>\n\t\t<\/div>\n\t\t\t\t\t\t\t<\/div>\n\t\t<\/section>\n\t\t\t\t<section class=\"elementor-section elementor-top-section elementor-element elementor-element-74aa7f5 elementor-section-boxed elementor-section-height-default elementor-section-height-default\" data-id=\"74aa7f5\" data-element_type=\"section\">\n\t\t\t\t\t\t<div class=\"elementor-container elementor-column-gap-no\">\n\t\t\t\t\t<div class=\"elementor-column elementor-col-50 elementor-top-column elementor-element elementor-element-be90ca4\" data-id=\"be90ca4\" data-element_type=\"column\">\n\t\t\t<div class=\"elementor-widget-wrap elementor-element-populated\">\n\t\t\t\t\t\t\t\t<div class=\"elementor-element elementor-element-c74d281 elementor-widget elementor-widget-image\" data-id=\"c74d281\" data-element_type=\"widget\" data-widget_type=\"image.default\">\n\t\t\t\t<div class=\"elementor-widget-container\">\n\t\t\t\t\t\t\t\t\t\t\t\t\t\t\t<img loading=\"lazy\" decoding=\"async\" width=\"162\" height=\"300\" src=\"https:\/\/sociedadhispanoalemana.com\/wp-content\/uploads\/2021\/10\/klaus-kuhnke-foto-162x300.jpeg\" class=\"attachment-medium size-medium wp-image-3078\" alt=\"\" srcset=\"https:\/\/sociedadhispanoalemana.com\/wp-content\/uploads\/2021\/10\/klaus-kuhnke-foto-162x300.jpeg 162w, https:\/\/sociedadhispanoalemana.com\/wp-content\/uploads\/2021\/10\/klaus-kuhnke-foto-6x12.jpeg 6w, https:\/\/sociedadhispanoalemana.com\/wp-content\/uploads\/2021\/10\/klaus-kuhnke-foto.jpeg 334w\" sizes=\"auto, (max-width: 162px) 100vw, 162px\" \/>\t\t\t\t\t\t\t\t\t\t\t\t\t\t\t<\/div>\n\t\t\t\t<\/div>\n\t\t\t\t\t<\/div>\n\t\t<\/div>\n\t\t\t\t<div class=\"elementor-column elementor-col-50 elementor-top-column elementor-element elementor-element-8e63cbe\" data-id=\"8e63cbe\" data-element_type=\"column\">\n\t\t\t<div class=\"elementor-widget-wrap elementor-element-populated\">\n\t\t\t\t\t\t\t\t<div class=\"elementor-element elementor-element-d332433 elementor-widget elementor-widget-heading\" data-id=\"d332433\" data-element_type=\"widget\" data-widget_type=\"heading.default\">\n\t\t\t\t<div class=\"elementor-widget-container\">\n\t\t\t<h2 class=\"elementor-heading-title elementor-size-default\">Dienstag, 19. Oktober<\/h2>\t\t<\/div>\n\t\t\t\t<\/div>\n\t\t\t\t<div class=\"elementor-element elementor-element-2ec56ee elementor-widget elementor-widget-text-editor\" data-id=\"2ec56ee\" data-element_type=\"widget\" data-widget_type=\"text-editor.default\">\n\t\t\t\t<div class=\"elementor-widget-container\">\n\t\t\t\t\t\t\t<p><strong>19:00 Uhr. Konferenz: Vorschl\u00e4ge zu energiepolitischen Ma\u00dfnahmen im Post-Covid-Zeitalter: Erfahrungen\nin Deutschland.<\/strong><\/p><p><br \/>Referent: Hr. Klaus Kuhnke, emeritierter Professor der Universit\u00e4t f\u00fcr angewandte Wissenschaften in\nOsnabr\u00fcck. Doktortitel in Physik. Begr\u00fc\u00dfung durch Juan Miguel Sucunza, Pr\u00e4sident der CEN.<\/p><p class=\" translation-block\">Ort: CEN-Empfangsraum CEN Navarra. C\/ Dr. Huarte 3, Pamplona.\nAnmeldung auf der Webseite der CEN.<\/p>\t\t\t\t\t\t<\/div>\n\t\t\t\t<\/div>\n\t\t\t\t<div class=\"elementor-element elementor-element-754b654 elementor-align-center elementor-widget elementor-widget-button\" data-id=\"754b654\" data-element_type=\"widget\" data-widget_type=\"button.default\">\n\t\t\t\t<div class=\"elementor-widget-container\">\n\t\t\t\t\t<div class=\"elementor-button-wrapper\">\n\t\t\t<a class=\"elementor-button elementor-button-link elementor-size-sm\" href=\"https:\/\/inscripciones.cen.es\/new_inscripcion_jornada.php?jornada=2551\" target=\"_blank\">\n\t\t\t\t\t\t<span class=\"elementor-button-content-wrapper\">\n\t\t\t\t\t\t<span class=\"elementor-button-text\">Anmeldung direkt \u00fcber CEN Seite<\/span>\n\t\t<\/span>\n\t\t\t\t\t<\/a>\n\t\t<\/div>\n\t\t\t\t<\/div>\n\t\t\t\t<\/div>\n\t\t\t\t\t<\/div>\n\t\t<\/div>\n\t\t\t\t\t\t\t<\/div>\n\t\t<\/section>\n\t\t\t\t<section class=\"elementor-section elementor-top-section elementor-element elementor-element-01ac737 elementor-reverse-mobile elementor-section-boxed elementor-section-height-default elementor-section-height-default\" data-id=\"01ac737\" data-element_type=\"section\">\n\t\t\t\t\t\t<div class=\"elementor-container elementor-column-gap-no\">\n\t\t\t\t\t<div class=\"elementor-column elementor-col-50 elementor-top-column elementor-element elementor-element-df3475d\" data-id=\"df3475d\" data-element_type=\"column\">\n\t\t\t<div class=\"elementor-widget-wrap elementor-element-populated\">\n\t\t\t\t\t\t\t\t<div class=\"elementor-element elementor-element-2e2819e elementor-widget elementor-widget-heading\" data-id=\"2e2819e\" data-element_type=\"widget\" data-widget_type=\"heading.default\">\n\t\t\t\t<div class=\"elementor-widget-container\">\n\t\t\t<h2 class=\"elementor-heading-title elementor-size-default\"><h2 class=\"elementor-heading-title elementor-size-default elementor-inline-editing pen\" data-elementor-setting-key=\"title\" data-pen-placeholder=\"Teclea aqu\u00ed...\" style=\"font-style: normal;\">Mittwoch, 20. Oktober<span style=\"font-size: 24px; font-style: normal; font-weight: 500;\"><\/span><br><\/h2><\/h2>\t\t<\/div>\n\t\t\t\t<\/div>\n\t\t\t\t<div class=\"elementor-element elementor-element-b8cece9 elementor-widget elementor-widget-text-editor\" data-id=\"b8cece9\" data-element_type=\"widget\" data-widget_type=\"text-editor.default\">\n\t\t\t\t<div class=\"elementor-widget-container\">\n\t\t\t\t\t\t\t<p class=\" translation-block\">12:00 Uhr. Filmvorf\u00fchrung in deutscher Originalversion f\u00fcr deutschlernende Sekundarsch\u00fcler der Schulen\nund Gymnasien in Pamplona.<\/p><p class=\" translation-block\">Titel: Die Goldfische\nVeranstaltungsort: Empfangsraum des Gymnasiums Plaza de la Cruz de Pamplona.<\/p>\t\t\t\t\t\t<\/div>\n\t\t\t\t<\/div>\n\t\t\t\t\t<\/div>\n\t\t<\/div>\n\t\t\t\t<div class=\"elementor-column elementor-col-50 elementor-top-column elementor-element elementor-element-9208640\" data-id=\"9208640\" data-element_type=\"column\">\n\t\t\t<div class=\"elementor-widget-wrap elementor-element-populated\">\n\t\t\t\t\t\t\t\t<div class=\"elementor-element elementor-element-35f9e63 elementor-widget elementor-widget-image\" data-id=\"35f9e63\" data-element_type=\"widget\" data-widget_type=\"image.default\">\n\t\t\t\t<div class=\"elementor-widget-container\">\n\t\t\t\t\t\t\t\t\t\t\t\t\t\t\t<img loading=\"lazy\" decoding=\"async\" width=\"610\" height=\"610\" src=\"https:\/\/sociedadhispanoalemana.com\/wp-content\/uploads\/2021\/10\/die_goldfische.jpg\" class=\"attachment-large size-large wp-image-3082\" alt=\"\" srcset=\"https:\/\/sociedadhispanoalemana.com\/wp-content\/uploads\/2021\/10\/die_goldfische.jpg 610w, https:\/\/sociedadhispanoalemana.com\/wp-content\/uploads\/2021\/10\/die_goldfische-300x300.jpg 300w, https:\/\/sociedadhispanoalemana.com\/wp-content\/uploads\/2021\/10\/die_goldfische-150x150.jpg 150w, https:\/\/sociedadhispanoalemana.com\/wp-content\/uploads\/2021\/10\/die_goldfische-12x12.jpg 12w\" sizes=\"auto, (max-width: 610px) 100vw, 610px\" \/>\t\t\t\t\t\t\t\t\t\t\t\t\t\t\t<\/div>\n\t\t\t\t<\/div>\n\t\t\t\t\t<\/div>\n\t\t<\/div>\n\t\t\t\t\t\t\t<\/div>\n\t\t<\/section>\n\t\t\t\t<section class=\"elementor-section elementor-top-section elementor-element elementor-element-d7ef94a elementor-section-boxed elementor-section-height-default elementor-section-height-default\" data-id=\"d7ef94a\" data-element_type=\"section\">\n\t\t\t\t\t\t<div class=\"elementor-container elementor-column-gap-no\">\n\t\t\t\t\t<div class=\"elementor-column elementor-col-50 elementor-top-column elementor-element elementor-element-7544eb6\" data-id=\"7544eb6\" data-element_type=\"column\">\n\t\t\t<div class=\"elementor-widget-wrap elementor-element-populated\">\n\t\t\t\t\t\t\t\t<div class=\"elementor-element elementor-element-d2225dd elementor-widget elementor-widget-image\" data-id=\"d2225dd\" data-element_type=\"widget\" data-widget_type=\"image.default\">\n\t\t\t\t<div class=\"elementor-widget-container\">\n\t\t\t\t\t\t\t\t\t\t\t\t\t\t\t<img loading=\"lazy\" decoding=\"async\" width=\"1024\" height=\"293\" src=\"https:\/\/sociedadhispanoalemana.com\/wp-content\/uploads\/2021\/10\/Yoldi-III-550-1024x293.jpg\" class=\"attachment-large size-large wp-image-3087\" alt=\"\" srcset=\"https:\/\/sociedadhispanoalemana.com\/wp-content\/uploads\/2021\/10\/Yoldi-III-550-1024x293.jpg 1024w, https:\/\/sociedadhispanoalemana.com\/wp-content\/uploads\/2021\/10\/Yoldi-III-550-300x86.jpg 300w, https:\/\/sociedadhispanoalemana.com\/wp-content\/uploads\/2021\/10\/Yoldi-III-550-768x220.jpg 768w, https:\/\/sociedadhispanoalemana.com\/wp-content\/uploads\/2021\/10\/Yoldi-III-550-1536x440.jpg 1536w, https:\/\/sociedadhispanoalemana.com\/wp-content\/uploads\/2021\/10\/Yoldi-III-550-16x5.jpg 16w, https:\/\/sociedadhispanoalemana.com\/wp-content\/uploads\/2021\/10\/Yoldi-III-550.jpg 1920w\" sizes=\"auto, (max-width: 1024px) 100vw, 1024px\" \/>\t\t\t\t\t\t\t\t\t\t\t\t\t\t\t<\/div>\n\t\t\t\t<\/div>\n\t\t\t\t\t<\/div>\n\t\t<\/div>\n\t\t\t\t<div class=\"elementor-column elementor-col-50 elementor-top-column elementor-element elementor-element-a9c226a\" data-id=\"a9c226a\" data-element_type=\"column\">\n\t\t\t<div class=\"elementor-widget-wrap elementor-element-populated\">\n\t\t\t\t\t\t\t\t<div class=\"elementor-element elementor-element-a0d1830 elementor-widget elementor-widget-heading\" data-id=\"a0d1830\" data-element_type=\"widget\" data-widget_type=\"heading.default\">\n\t\t\t\t<div class=\"elementor-widget-container\">\n\t\t\t<h2 class=\"elementor-heading-title elementor-size-default\">Donnerstag, 21. Oktober<\/h2>\t\t<\/div>\n\t\t\t\t<\/div>\n\t\t\t\t<div class=\"elementor-element elementor-element-d989563 elementor-widget elementor-widget-image\" data-id=\"d989563\" data-element_type=\"widget\" data-widget_type=\"image.default\">\n\t\t\t\t<div class=\"elementor-widget-container\">\n\t\t\t\t\t\t\t\t\t\t\t\t\t\t\t<img decoding=\"async\" src=\"https:\/\/sociedadhispanoalemana.com\/wp-content\/uploads\/elementor\/thumbs\/stamm-pdzixyblsso5joex072gl0v208n8yxlxr01c1nt148.jpg\" title=\"stamm\" alt=\"stamm\" loading=\"lazy\" \/>\t\t\t\t\t\t\t\t\t\t\t\t\t\t\t<\/div>\n\t\t\t\t<\/div>\n\t\t\t\t<div class=\"elementor-element elementor-element-f54c95f elementor-widget elementor-widget-text-editor\" data-id=\"f54c95f\" data-element_type=\"widget\" data-widget_type=\"text-editor.default\">\n\t\t\t\t<div class=\"elementor-widget-container\">\n\t\t\t\t\t\t\t<p><strong>19:30h. Stammtisch Pamplona<\/strong>, encuentro casual para hablar alem\u00e1n.<\/p><p>Hotel Yoldi.<\/p><p>Av. San Ignacio, 11, 31002 Pamplona, Navarra<\/p>\t\t\t\t\t\t<\/div>\n\t\t\t\t<\/div>\n\t\t\t\t<div class=\"elementor-element elementor-element-8752493 elementor-align-center elementor-widget elementor-widget-button\" data-id=\"8752493\" data-element_type=\"widget\" data-widget_type=\"button.default\">\n\t\t\t\t<div class=\"elementor-widget-container\">\n\t\t\t\t\t<div class=\"elementor-button-wrapper\">\n\t\t\t<a class=\"elementor-button elementor-button-link elementor-size-sm\" href=\"https:\/\/forms.gle\/Hj8SciBkukp7KKGC9\" target=\"_blank\">\n\t\t\t\t\t\t<span class=\"elementor-button-content-wrapper\">\n\t\t\t\t\t\t<span class=\"elementor-button-text\">Anmeldung<\/span>\n\t\t<\/span>\n\t\t\t\t\t<\/a>\n\t\t<\/div>\n\t\t\t\t<\/div>\n\t\t\t\t<\/div>\n\t\t\t\t\t<\/div>\n\t\t<\/div>\n\t\t\t\t\t\t\t<\/div>\n\t\t<\/section>\n\t\t\t\t<section class=\"elementor-section elementor-top-section elementor-element elementor-element-54315ec elementor-reverse-mobile elementor-section-boxed elementor-section-height-default elementor-section-height-default\" data-id=\"54315ec\" data-element_type=\"section\">\n\t\t\t\t\t\t<div class=\"elementor-container elementor-column-gap-no\">\n\t\t\t\t\t<div class=\"elementor-column elementor-col-50 elementor-top-column elementor-element elementor-element-6aea53f\" data-id=\"6aea53f\" data-element_type=\"column\">\n\t\t\t<div class=\"elementor-widget-wrap elementor-element-populated\">\n\t\t\t\t\t\t\t\t<div class=\"elementor-element elementor-element-6203dcb elementor-widget elementor-widget-heading\" data-id=\"6203dcb\" data-element_type=\"widget\" data-widget_type=\"heading.default\">\n\t\t\t\t<div class=\"elementor-widget-container\">\n\t\t\t<h2 class=\"elementor-heading-title elementor-size-default\"><h2 class=\"elementor-heading-title elementor-size-default elementor-inline-editing pen\" data-elementor-setting-key=\"title\" data-pen-placeholder=\"Teclea aqu\u00ed...\" style=\"font-style: normal;\">Freitag, den 22. Oktober <span style=\"font-size: 24px; font-style: normal; font-weight: 500;\"><\/span><br><\/h2><\/h2>\t\t<\/div>\n\t\t\t\t<\/div>\n\t\t\t\t<div class=\"elementor-element elementor-element-2b027a4 elementor-widget elementor-widget-text-editor\" data-id=\"2b027a4\" data-element_type=\"widget\" data-widget_type=\"text-editor.default\">\n\t\t\t\t<div class=\"elementor-widget-container\">\n\t\t\t\t\t\t\t<p><strong>20:30 Uhr. Abschluss der XXII. Deutsch-Spanischen Kulturwoche.<\/strong><\/p><p>Br\u00fcderschaftsessen.\nVeranstaltungsort : Hotel Yoldi.<\/p><p>Men\u00fc: 25 \u20ac.\u00a0<\/p><p>\u00a0<\/p><p>Vorherige Anmeldung erforderlich.<\/p>\t\t\t\t\t\t<\/div>\n\t\t\t\t<\/div>\n\t\t\t\t<div class=\"elementor-element elementor-element-6047b4b elementor-align-center elementor-widget elementor-widget-button\" data-id=\"6047b4b\" data-element_type=\"widget\" data-widget_type=\"button.default\">\n\t\t\t\t<div class=\"elementor-widget-container\">\n\t\t\t\t\t<div class=\"elementor-button-wrapper\">\n\t\t\t<a class=\"elementor-button elementor-button-link elementor-size-sm\" href=\"https:\/\/forms.gle\/SgJggAZYKfsF6Cae6\" target=\"_blank\">\n\t\t\t\t\t\t<span class=\"elementor-button-content-wrapper\">\n\t\t\t\t\t\t<span class=\"elementor-button-text\">Anmeldung<\/span>\n\t\t<\/span>\n\t\t\t\t\t<\/a>\n\t\t<\/div>\n\t\t\t\t<\/div>\n\t\t\t\t<\/div>\n\t\t\t\t\t<\/div>\n\t\t<\/div>\n\t\t\t\t<div class=\"elementor-column elementor-col-50 elementor-top-column elementor-element elementor-element-9312efb\" data-id=\"9312efb\" data-element_type=\"column\" data-settings=\"{&quot;background_background&quot;:&quot;gradient&quot;}\">\n\t\t\t<div class=\"elementor-widget-wrap elementor-element-populated\">\n\t\t\t\t\t\t\t\t<div class=\"elementor-element elementor-element-41310b8 elementor-widget elementor-widget-text-editor\" data-id=\"41310b8\" data-element_type=\"widget\" data-widget_type=\"text-editor.default\">\n\t\t\t\t<div class=\"elementor-widget-container\">\n\t\t\t\t\t\t\t<p style=\"text-align: center;\"><strong>MENU<\/strong><\/p><p style=\"text-align: center;\"><strong>AL CENTRO<\/strong><br \/>ENSALADA DE CUATRO LECHUGAS CON QUESO DE CABRA MIIEL Y NUECES A LA VINAGRETA DE<br \/>SOJA MOSTAZA Y MIEL<br \/>REVUELTO DE HONGOS Y CRUJIENTE DE JAMON<br \/>PIMIENTOS DE EL PIQUILLO D.O PUENTE LA REINA ASADOS<\/p><p style=\"text-align: center;\"><strong>SEGUNDOS A ELEGIR<\/strong><br \/>ENTRECOTE A LA PLANCHA PATATAS Y PIMIENTOS DEL PADRON<br \/>ESTOFADO DE JABALI Y FRESAS<br \/>MERLUZA A LA KOSKERA<br \/>BACALAO CONFITADO CON ALI-OLI DE AJO NEGRO Y PATATAS PANADERAS<br \/>HOJALDRE RELLENO DE FOIE Y MANZANA Y SALSA DE MOSCATEL<\/p><p style=\"text-align: center;\"><strong>POSTRES<\/strong><br \/>SORBETE DE CUAJADA<br \/>TARTA DE QUESO CONFITURA DE TOMATE Y REDUCCION DE MOSCATEL<br \/>BIZCHOCHO DE CHOCOLATE BOURBON Y NUECES Y HELADO DE VAINILLA<br \/>CREMOSO DE CHOCOLATE BLANCO CON PISTACHOS TOSTADOS<\/p>\t\t\t\t\t\t<\/div>\n\t\t\t\t<\/div>\n\t\t\t\t\t<\/div>\n\t\t<\/div>\n\t\t\t\t\t\t\t<\/div>\n\t\t<\/section>\n\t\t\t\t\t\t\t<\/div>","protected":false},"excerpt":{"rendered":"<p>Semana cultural 2021 S\u00e1bado 16 de octubre al viernes 22 de octubre 2021 Estimados socios y socias de la Sociedad,\u00a0La Sociedad Hispano-Alemana del Norte de Espa\u00f1a con sede en Pamplona, [&hellip;]<\/p>","protected":false},"author":1,"featured_media":3116,"parent":0,"menu_order":0,"comment_status":"closed","ping_status":"closed","template":"elementor_header_footer","meta":{"_seopress_robots_primary_cat":"","site-sidebar-layout":"no-sidebar","site-content-layout":"page-builder","ast-site-content-layout":"","site-content-style":"default","site-sidebar-style":"default","ast-global-header-display":"","ast-banner-title-visibility":"","ast-main-header-display":"","ast-hfb-above-header-display":"","ast-hfb-below-header-display":"","ast-hfb-mobile-header-display":"","site-post-title":"disabled","ast-breadcrumbs-content":"","ast-featured-img":"disabled","footer-sml-layout":"","theme-transparent-header-meta":"enabled","adv-header-id-meta":"","stick-header-meta":"","header-above-stick-meta":"","header-main-stick-meta":"","header-below-stick-meta":"","astra-migrate-meta-layouts":"default","ast-page-background-enabled":"default","ast-page-background-meta":{"desktop":{"background-color":"","background-image":"","background-repeat":"repeat","background-position":"center center","background-size":"auto","background-attachment":"scroll","background-type":"","background-media":"","overlay-type":"","overlay-color":"","overlay-opacity":"","overlay-gradient":""},"tablet":{"background-color":"","background-image":"","background-repeat":"repeat","background-position":"center center","background-size":"auto","background-attachment":"scroll","background-type":"","background-media":"","overlay-type":"","overlay-color":"","overlay-opacity":"","overlay-gradient":""},"mobile":{"background-color":"","background-image":"","background-repeat":"repeat","background-position":"center center","background-size":"auto","background-attachment":"scroll","background-type":"","background-media":"","overlay-type":"","overlay-color":"","overlay-opacity":"","overlay-gradient":""}},"ast-content-background-meta":{"desktop":{"background-color":"var(--ast-global-color-5)","background-image":"","background-repeat":"repeat","background-position":"center center","background-size":"auto","background-attachment":"scroll","background-type":"","background-media":"","overlay-type":"","overlay-color":"","overlay-opacity":"","overlay-gradient":""},"tablet":{"background-color":"var(--ast-global-color-5)","background-image":"","background-repeat":"repeat","background-position":"center center","background-size":"auto","background-attachment":"scroll","background-type":"","background-media":"","overlay-type":"","overlay-color":"","overlay-opacity":"","overlay-gradient":""},"mobile":{"background-color":"var(--ast-global-color-5)","background-image":"","background-repeat":"repeat","background-position":"center center","background-size":"auto","background-attachment":"scroll","background-type":"","background-media":"","overlay-type":"","overlay-color":"","overlay-opacity":"","overlay-gradient":""}},"footnotes":""},"class_list":["post-3051","page","type-page","status-publish","has-post-thumbnail","hentry"],"jetpack_sharing_enabled":true,"_links":{"self":[{"href":"https:\/\/sociedadhispanoalemana.com\/de\/wp-json\/wp\/v2\/pages\/3051","targetHints":{"allow":["GET"]}}],"collection":[{"href":"https:\/\/sociedadhispanoalemana.com\/de\/wp-json\/wp\/v2\/pages"}],"about":[{"href":"https:\/\/sociedadhispanoalemana.com\/de\/wp-json\/wp\/v2\/types\/page"}],"author":[{"embeddable":true,"href":"https:\/\/sociedadhispanoalemana.com\/de\/wp-json\/wp\/v2\/users\/1"}],"replies":[{"embeddable":true,"href":"https:\/\/sociedadhispanoalemana.com\/de\/wp-json\/wp\/v2\/comments?post=3051"}],"version-history":[{"count":107,"href":"https:\/\/sociedadhispanoalemana.com\/de\/wp-json\/wp\/v2\/pages\/3051\/revisions"}],"predecessor-version":[{"id":3216,"href":"https:\/\/sociedadhispanoalemana.com\/de\/wp-json\/wp\/v2\/pages\/3051\/revisions\/3216"}],"wp:featuredmedia":[{"embeddable":true,"href":"https:\/\/sociedadhispanoalemana.com\/de\/wp-json\/wp\/v2\/media\/3116"}],"wp:attachment":[{"href":"https:\/\/sociedadhispanoalemana.com\/de\/wp-json\/wp\/v2\/media?parent=3051"}],"curies":[{"name":"wp","href":"https:\/\/api.w.org\/{rel}","templated":true}]}}