{"id":3803,"date":"2024-03-04T07:47:00","date_gmt":"2024-03-04T07:47:00","guid":{"rendered":"https:\/\/sociedadhispanoalemana.com\/?page_id=3803"},"modified":"2024-03-04T11:07:17","modified_gmt":"2024-03-04T11:07:17","slug":"asamblea-shane-2023","status":"publish","type":"page","link":"https:\/\/sociedadhispanoalemana.com\/de\/actividades\/asamblea-shane-2023","title":{"rendered":"Asamblea SHANE 2023"},"content":{"rendered":"<div data-elementor-type=\"wp-page\" data-elementor-id=\"3803\" class=\"elementor elementor-3803\" data-elementor-post-type=\"page\">\n\t\t\t\t\t\t\t\t\t<section class=\"elementor-section elementor-top-section elementor-element elementor-element-47d44bca elementor-section-boxed elementor-section-height-default elementor-section-height-default\" data-id=\"47d44bca\" data-element_type=\"section\" data-settings=\"{&quot;background_background&quot;:&quot;classic&quot;,&quot;background_motion_fx_motion_fx_scrolling&quot;:&quot;yes&quot;,&quot;background_motion_fx_translateY_effect&quot;:&quot;yes&quot;,&quot;background_motion_fx_translateY_speed&quot;:{&quot;unit&quot;:&quot;px&quot;,&quot;size&quot;:4,&quot;sizes&quot;:[]},&quot;background_motion_fx_translateY_affectedRange&quot;:{&quot;unit&quot;:&quot;%&quot;,&quot;size&quot;:&quot;&quot;,&quot;sizes&quot;:{&quot;start&quot;:0,&quot;end&quot;:100}},&quot;background_motion_fx_devices&quot;:[&quot;desktop&quot;,&quot;tablet&quot;,&quot;mobile&quot;]}\">\n\t\t\t\t\t\t\t<div class=\"elementor-background-overlay\"><\/div>\n\t\t\t\t\t\t\t<div class=\"elementor-container elementor-column-gap-default\">\n\t\t\t\t\t<div class=\"elementor-column elementor-col-100 elementor-top-column elementor-element elementor-element-2ae225ad\" data-id=\"2ae225ad\" data-element_type=\"column\">\n\t\t\t<div class=\"elementor-widget-wrap elementor-element-populated\">\n\t\t\t\t\t\t\t\t<div class=\"elementor-element elementor-element-39c08ca3 elementor-widget elementor-widget-heading\" data-id=\"39c08ca3\" data-element_type=\"widget\" data-widget_type=\"heading.default\">\n\t\t\t\t<div class=\"elementor-widget-container\">\n\t\t\t<h1 class=\"elementor-heading-title elementor-size-default\">Asamblea General de socios<\/h1>\t\t<\/div>\n\t\t\t\t<\/div>\n\t\t\t\t\t<\/div>\n\t\t<\/div>\n\t\t\t\t\t\t\t<\/div>\n\t\t<\/section>\n\t\t\t\t<section class=\"elementor-section elementor-top-section elementor-element elementor-element-df8e8b7 elementor-section-boxed elementor-section-height-default elementor-section-height-default\" data-id=\"df8e8b7\" data-element_type=\"section\">\n\t\t\t\t\t\t<div class=\"elementor-container elementor-column-gap-default\">\n\t\t\t\t\t<div class=\"elementor-column elementor-col-100 elementor-top-column elementor-element elementor-element-274c200d\" data-id=\"274c200d\" data-element_type=\"column\">\n\t\t\t<div class=\"elementor-widget-wrap elementor-element-populated\">\n\t\t\t\t\t\t\t\t<div class=\"elementor-element elementor-element-40cb95eb elementor-widget elementor-widget-heading\" data-id=\"40cb95eb\" data-element_type=\"widget\" data-widget_type=\"heading.default\">\n\t\t\t\t<div class=\"elementor-widget-container\">\n\t\t\t<h2 class=\"elementor-heading-title elementor-size-default\">mi\u00e9rcoles 30 de marzo a las 19h en Civican, avda. P\u00edo XII 1<\/h2>\t\t<\/div>\n\t\t\t\t<\/div>\n\t\t\t\t\t<\/div>\n\t\t<\/div>\n\t\t\t\t\t\t\t<\/div>\n\t\t<\/section>\n\t\t\t\t<section class=\"elementor-section elementor-top-section elementor-element elementor-element-e08686b elementor-section-boxed elementor-section-height-default elementor-section-height-default\" data-id=\"e08686b\" data-element_type=\"section\">\n\t\t\t\t\t\t<div class=\"elementor-container elementor-column-gap-default\">\n\t\t\t\t\t<div class=\"elementor-column elementor-col-100 elementor-top-column elementor-element elementor-element-ee20e33\" data-id=\"ee20e33\" data-element_type=\"column\">\n\t\t\t<div class=\"elementor-widget-wrap elementor-element-populated\">\n\t\t\t\t\t\t\t\t<div class=\"elementor-element elementor-element-90f2853 elementor-widget elementor-widget-text-editor\" data-id=\"90f2853\" data-element_type=\"widget\" data-widget_type=\"text-editor.default\">\n\t\t\t\t<div class=\"elementor-widget-container\">\n\t\t\t\t\t\t\t<div class=\"t pg-1m0 pg-1x3 pg-1h3 pg-1y3 pg-1ff2 pg-1fs1 pg-1fc0 pg-1sc0 pg-1ls0 pg-1ws0\">INFORME ASAMBLEA 2023<\/div><div class=\"t pg-1m0 pg-1x4 pg-1h4 pg-1y4 pg-1ff1 pg-1fs2 pg-1fc0 pg-1sc0 pg-1ls0 pg-1ws0\">\u00a0<\/div><div class=\"t pg-1m0 pg-1x5 pg-1h4 pg-1y5 pg-1ff1 pg-1fs2 pg-1fc0 pg-1sc0 pg-1ls1 pg-1ws0\"><span class=\"pg-1ff3 pg-1ls0\"><span class=\"pg-1ff1\">Os compartimos el v\u00eddeo-resumen del Informe de la Asamblea de Socios 2023.\u00a0<\/span><\/span><\/div>\t\t\t\t\t\t<\/div>\n\t\t\t\t<\/div>\n\t\t\t\t\t<\/div>\n\t\t<\/div>\n\t\t\t\t\t\t\t<\/div>\n\t\t<\/section>\n\t\t\t\t<section class=\"elementor-section elementor-top-section elementor-element elementor-element-438a50e elementor-section-boxed elementor-section-height-default elementor-section-height-default\" data-id=\"438a50e\" data-element_type=\"section\">\n\t\t\t\t\t\t<div class=\"elementor-container elementor-column-gap-default\">\n\t\t\t\t\t<div class=\"elementor-column elementor-col-100 elementor-top-column elementor-element elementor-element-c8a2e8f\" data-id=\"c8a2e8f\" data-element_type=\"column\">\n\t\t\t<div class=\"elementor-widget-wrap elementor-element-populated\">\n\t\t\t\t\t\t\t\t<div class=\"elementor-element elementor-element-3638cb7 elementor-widget elementor-widget-video\" data-id=\"3638cb7\" data-element_type=\"widget\" data-settings=\"{&quot;youtube_url&quot;:&quot;https:\\\/\\\/www.youtube.com\\\/watch?v=TrNIYnAkmBM&quot;,&quot;video_type&quot;:&quot;youtube&quot;,&quot;controls&quot;:&quot;yes&quot;}\" data-widget_type=\"video.default\">\n\t\t\t\t<div class=\"elementor-widget-container\">\n\t\t\t\t\t<div class=\"elementor-wrapper elementor-open-inline\">\n\t\t\t<div class=\"elementor-video\"><\/div>\t\t<\/div>\n\t\t\t\t<\/div>\n\t\t\t\t<\/div>\n\t\t\t\t\t<\/div>\n\t\t<\/div>\n\t\t\t\t\t\t\t<\/div>\n\t\t<\/section>\n\t\t\t\t<section class=\"elementor-section elementor-top-section elementor-element elementor-element-a9a3c1e elementor-section-boxed elementor-section-height-default elementor-section-height-default\" data-id=\"a9a3c1e\" data-element_type=\"section\">\n\t\t\t\t\t\t<div class=\"elementor-container elementor-column-gap-default\">\n\t\t\t\t\t<div class=\"elementor-column elementor-col-100 elementor-top-column elementor-element elementor-element-c6e0af0\" data-id=\"c6e0af0\" data-element_type=\"column\">\n\t\t\t<div class=\"elementor-widget-wrap elementor-element-populated\">\n\t\t\t\t\t\t\t\t<div class=\"elementor-element elementor-element-f57ab93 elementor-widget elementor-widget-text-editor\" data-id=\"f57ab93\" data-element_type=\"widget\" data-widget_type=\"text-editor.default\">\n\t\t\t\t<div class=\"elementor-widget-container\">\n\t\t\t\t\t\t\t<p><strong>1. 30 a\u00f1os de Sociedad Hispano Alemana del Norte de Espa\u00f1a <\/strong><\/p><p>Como todos sab\u00e9is en este a\u00f1o cumplimos 30 a\u00f1os desde la fundaci\u00f3n oficial de la Sociedad Hispano Alemana del Norte de Espa\u00f1a, tan solo unos meses despu\u00e9s de haberse firmado el documento del hermanamiento entre Pamplona y Paderborn.<\/p><p>La Sociedad ha evolucionado mucho en los \u00faltimos 30 a\u00f1os, en sus primeros tiempos bajo la presidencia de Klaus Schumann tuvo un perfil m\u00e1s empresarial que luego deriv\u00f3 a otro m\u00e1s cultural con Jes\u00fas Hern\u00e1ndez.<\/p><p><b>En 30 a\u00f1os las cosas han cambiado mucho, tambi\u00e9n el perfil de nuestros socios.<\/b> Hoy en d\u00eda somos m\u00e1s de 100 socios e intentamos adaptarnos a los nuevos tiempos con actividades diferentes, muchas de ellas dirigidas al p\u00fablico familiar que representa una parte muy importante de los socios.<\/p><p>Tambi\u00e9n en los \u00faltimos a\u00f1os intentamos acercarnos al <b>p\u00fablico joven a trav\u00e9s de actividades como proyecciones de cine o el a\u00f1o pasado con la Oktoberfest.<\/b><\/p><p>Tenemos claro que en ellos est\u00e1 el futuro de nuestra sociedad y es importante que nos conozcan. En el futuro por encima de todo seguiremos fieles a <b>nuestros objetivos de servir de puente entre culturas, la espa\u00f1ola y la alemana.<\/b><\/p><p>Seguiremos favoreciendo el <b>intercambio de relaciones interculturales, sociales, deportivas, empresariales y educativas entre el Norte de Espa\u00f1a y Alemania, con especial atenci\u00f3n a la relaci\u00f3n entre Pamplona y Paderborn.<\/b><\/p>\t\t\t\t\t\t<\/div>\n\t\t\t\t<\/div>\n\t\t\t\t\t<\/div>\n\t\t<\/div>\n\t\t\t\t\t\t\t<\/div>\n\t\t<\/section>\n\t\t\t\t<section class=\"elementor-section elementor-top-section elementor-element elementor-element-f8643d0 elementor-section-boxed elementor-section-height-default elementor-section-height-default\" data-id=\"f8643d0\" data-element_type=\"section\">\n\t\t\t\t\t\t<div class=\"elementor-container elementor-column-gap-default\">\n\t\t\t\t\t<div class=\"elementor-column elementor-col-100 elementor-top-column elementor-element elementor-element-c4e9995\" data-id=\"c4e9995\" data-element_type=\"column\">\n\t\t\t<div class=\"elementor-widget-wrap elementor-element-populated\">\n\t\t\t\t\t\t\t\t<div class=\"elementor-element elementor-element-5d61b0c elementor-widget elementor-widget-text-editor\" data-id=\"5d61b0c\" data-element_type=\"widget\" data-widget_type=\"text-editor.default\">\n\t\t\t\t<div class=\"elementor-widget-container\">\n\t\t\t\t\t\t\t<p>2<strong>. Memoria actividad 2022<\/strong><\/p><p>El a\u00f1o 2022 ha sido un a\u00f1o importante y especial en la historia de la Sociedad Hispano Alemana del Norte de Espa\u00f1a ya que se <strong>celebraban los 30 a\u00f1os del hermanamiento con la ciudad alemana de Paderborn.\u00a0<\/strong>Debido a la pandemia se retrasaron las primeras actividades del a\u00f1o celebrando la comida de bienvenida del a\u00f1o el 6 de marzo y no en enero como suele ser habitual.<\/p><p>Empezamos la actividad tarde pero el a\u00f1o ha sido intenso y muy positivo. No voy a detallar una a una las actividades, solo voy a destacar las m\u00e1s importantes. Pr\u00e1cticamente el a\u00f1o lo empezamos y lo cerramos con actividades para el <b>p\u00fablico infantil, en abril la fiesta de Pascua, en noviembre la fiesta de los farolillos y en diciembre la de Sankt Nikolaus<\/b>. Todas ellas son celebraciones que se han asentado ya como parte importante de nuestro programa, pero especialmente las dos primeras que hemos celebrado en la <b>Ciudadela de Pamplona han tenido un \u00e9xito rotundo y nos han permitido interactuar con la APYMA del colegio Paderborn, estrechar las relaciones <\/b>y tambi\u00e9n darnos a conocer entre las familias del colegio, que son una parte importante del futuro de nuestra sociedad.<\/p><p>Entre el 16 y el 25 de mayo tuvo lugar un a\u00f1o m\u00e1s el <b>ciclo de Cine Alem\u00e1n<\/b> que este a\u00f1o se llev\u00f3 a cabo en el sal\u00f3n de actos del Palacio del Condestable. En esta ocasi\u00f3n contamos con la presentaci\u00f3n del ciclo por parte de Cristian Ruiz de la <b>Filmoteca de Navarra y un gran \u00e9xito de p\u00fablico. <\/b>Cabe destacar la calidad de la primera pel\u00edcula 303, supuso una peque\u00f1a inversi\u00f3n por parte de la Sociedad, pero creo que justificada. Tal y como hicimos el a\u00f1o anterior, este 2022 hemos querido seguir con la <b>colaboraci\u00f3n con la Asociaci\u00f3n de Escritores y Escritoras de Navarra ANE-NIE. Este a\u00f1o pudimos disfrutar de dos recitales<\/b>, uno el 3 de junio y el otro el 10 de diciembre en noviembre que como viene siendo habitual fueron un gran \u00e9xito de p\u00fablico.<\/p><p>Dentro de la <b>XXX Semana Cultural <\/b>hemos tenido dos importantes novedades, por un lado el <b>primer encuentro empresarial Synergien que se celebr\u00f3 en la CEN y por otro la Oktoberfest que pudimos disfrutar los d\u00edas 14 y 15 de octubre en el Zentral de Pamplona. <\/b>Ambos actos supusieron un gran \u00e9xito en todos los sentidos, tanto es as\u00ed que nuestra intenci\u00f3n es repetir este a\u00f1o. No puedo olvidar que lo que marc\u00f3 nuestra semana cultural de 2022 fue la <b>visita del coro de la Catedral de Paderborn<\/b>, una proyecto de varios a\u00f1os que organiz\u00f3 fant\u00e1sticamente bien Jes\u00fas Hern\u00e1ndez. 45 personas venidas de Paderborn durante una semana requiere mucha organizaci\u00f3n y log\u00edstica, pero todo sali\u00f3 a la perfecci\u00f3n y pudimos disfrutar de 3 conciertos en nuestras tierras, m\u00e1s una intervenci\u00f3n musical el d\u00eda de la inauguraci\u00f3n de la semana.<\/p><p>Adem\u00e1s, estoy segura de que esta<b> relaci\u00f3n que hemos establecido con el coro va a ser uno de nuestros lazos de uni\u00f3n con la ciudad de Paderborn. <\/b>Como conclusi\u00f3n, solo decir que las actividades organizadas en este a\u00f1o pasado nos han permitido <b>afianzar las relaciones entre las asociaciones hermanas, tanto de Pamplona como de Paderborn<\/b> y tambi\u00e9n se ha dado <b>un paso m\u00e1s en las relaciones institucionales de los dos ayuntamientos.<\/b><\/p><p>Como siempre queda expresar el agradecimiento a quienes han hecho posible que llev\u00e1ramos a cabo este programa que ha supuesto un gran desembolso econ\u00f3mico para nuestra sociedad. Por un lado la aportaci\u00f3n de la <strong>alcald\u00eda de Pamplona<\/strong>, por otro la subvenci\u00f3n a la que concurrimos todos los a\u00f1os del mismo <strong>Ayuntamiento de Pamplona<\/strong> y por otro la subvenci\u00f3n que esta vez hemos recibido de la <strong>embajada alemana<\/strong> en Madrid, y aqu\u00ed quiero expresar mi <strong>agradecimiento a Isabella Niesinger<\/strong> que es quien ha intercedido por nosotros en la embajada y quien siempre ha estado convencida de que nuestro proyecto cultural vale la pena. Agradezco tambi\u00e9n su trabajo a las personas de la Junta por su colaboraci\u00f3n y por supuesto a <strong>Jes\u00fas Hern\u00e1ndez por su labor con el coro de Paderborn<\/strong><\/p>\t\t\t\t\t\t<\/div>\n\t\t\t\t<\/div>\n\t\t\t\t\t<\/div>\n\t\t<\/div>\n\t\t\t\t\t\t\t<\/div>\n\t\t<\/section>\n\t\t\t\t<section class=\"elementor-section elementor-top-section elementor-element elementor-element-50bbd2ba elementor-section-boxed elementor-section-height-default elementor-section-height-default\" data-id=\"50bbd2ba\" data-element_type=\"section\">\n\t\t\t\t\t\t<div class=\"elementor-container elementor-column-gap-default\">\n\t\t\t\t\t<div class=\"elementor-column elementor-col-100 elementor-top-column elementor-element elementor-element-1fc0b7c9\" data-id=\"1fc0b7c9\" data-element_type=\"column\">\n\t\t\t<div class=\"elementor-widget-wrap elementor-element-populated\">\n\t\t\t\t\t\t\t\t<div class=\"elementor-element elementor-element-4940d561 elementor-widget elementor-widget-heading\" data-id=\"4940d561\" data-element_type=\"widget\" data-widget_type=\"heading.default\">\n\t\t\t\t<div class=\"elementor-widget-container\">\n\t\t\t<h2 class=\"elementor-heading-title elementor-size-default\">In Zusammenarbeit mit:<\/h2>\t\t<\/div>\n\t\t\t\t<\/div>\n\t\t\t\t\t<\/div>\n\t\t<\/div>\n\t\t\t\t\t\t\t<\/div>\n\t\t<\/section>\n\t\t\t\t<section class=\"elementor-section elementor-top-section elementor-element elementor-element-56f7344a elementor-section-boxed elementor-section-height-default elementor-section-height-default\" data-id=\"56f7344a\" data-element_type=\"section\">\n\t\t\t\t\t\t<div class=\"elementor-container elementor-column-gap-default\">\n\t\t\t\t\t<div class=\"elementor-column elementor-col-16 elementor-top-column elementor-element elementor-element-44b3fbce\" data-id=\"44b3fbce\" data-element_type=\"column\">\n\t\t\t<div class=\"elementor-widget-wrap elementor-element-populated\">\n\t\t\t\t\t\t\t\t\t<\/div>\n\t\t<\/div>\n\t\t\t\t<div class=\"elementor-column elementor-col-66 elementor-top-column elementor-element elementor-element-17b83445\" data-id=\"17b83445\" data-element_type=\"column\">\n\t\t\t<div class=\"elementor-widget-wrap elementor-element-populated\">\n\t\t\t\t\t\t\t\t<div class=\"elementor-element elementor-element-458986f3 elementor-widget elementor-widget-image\" data-id=\"458986f3\" data-element_type=\"widget\" data-widget_type=\"image.default\">\n\t\t\t\t<div class=\"elementor-widget-container\">\n\t\t\t\t\t\t\t\t\t\t\t\t\t\t\t<img loading=\"lazy\" decoding=\"async\" width=\"761\" height=\"654\" src=\"https:\/\/sociedadhispanoalemana.com\/wp-content\/uploads\/2022\/09\/logos.png\" class=\"attachment-large size-large wp-image-3604\" alt=\"\" srcset=\"https:\/\/sociedadhispanoalemana.com\/wp-content\/uploads\/2022\/09\/logos.png 761w, https:\/\/sociedadhispanoalemana.com\/wp-content\/uploads\/2022\/09\/logos-300x258.png 300w, https:\/\/sociedadhispanoalemana.com\/wp-content\/uploads\/2022\/09\/logos-14x12.png 14w\" sizes=\"auto, (max-width: 761px) 100vw, 761px\" \/>\t\t\t\t\t\t\t\t\t\t\t\t\t\t\t<\/div>\n\t\t\t\t<\/div>\n\t\t\t\t\t<\/div>\n\t\t<\/div>\n\t\t\t\t<div class=\"elementor-column elementor-col-16 elementor-top-column elementor-element elementor-element-4fce510f\" data-id=\"4fce510f\" data-element_type=\"column\">\n\t\t\t<div class=\"elementor-widget-wrap\">\n\t\t\t\t\t\t\t\t\t<\/div>\n\t\t<\/div>\n\t\t\t\t\t\t\t<\/div>\n\t\t<\/section>\n\t\t\t\t\t\t\t<\/div>","protected":false},"excerpt":{"rendered":"<p>Asamblea General de socios mi\u00e9rcoles 30 de marzo a las 19h en Civican, avda. P\u00edo XII 1 INFORME ASAMBLEA 2023\u00a0Os compartimos el v\u00eddeo-resumen del Informe de la Asamblea de Socios [&hellip;]<\/p>","protected":false},"author":1,"featured_media":0,"parent":219,"menu_order":1,"comment_status":"closed","ping_status":"closed","template":"elementor_header_footer","meta":{"_seopress_robots_primary_cat":"","site-sidebar-layout":"no-sidebar","site-content-layout":"page-builder","ast-site-content-layout":"full-width-container","site-content-style":"unboxed","site-sidebar-style":"unboxed","ast-global-header-display":"","ast-banner-title-visibility":"","ast-main-header-display":"","ast-hfb-above-header-display":"","ast-hfb-below-header-display":"","ast-hfb-mobile-header-display":"","site-post-title":"disabled","ast-breadcrumbs-content":"","ast-featured-img":"disabled","footer-sml-layout":"","theme-transparent-header-meta":"enabled","adv-header-id-meta":"","stick-header-meta":"","header-above-stick-meta":"","header-main-stick-meta":"","header-below-stick-meta":"","astra-migrate-meta-layouts":"set","ast-page-background-enabled":"default","ast-page-background-meta":{"desktop":{"background-color":"","background-image":"","background-repeat":"repeat","background-position":"center center","background-size":"auto","background-attachment":"scroll","background-type":"","background-media":"","overlay-type":"","overlay-color":"","overlay-opacity":"","overlay-gradient":""},"tablet":{"background-color":"","background-image":"","background-repeat":"repeat","background-position":"center center","background-size":"auto","background-attachment":"scroll","background-type":"","background-media":"","overlay-type":"","overlay-color":"","overlay-opacity":"","overlay-gradient":""},"mobile":{"background-color":"","background-image":"","background-repeat":"repeat","background-position":"center center","background-size":"auto","background-attachment":"scroll","background-type":"","background-media":"","overlay-type":"","overlay-color":"","overlay-opacity":"","overlay-gradient":""}},"ast-content-background-meta":{"desktop":{"background-color":"var(--ast-global-color-5)","background-image":"","background-repeat":"repeat","background-position":"center center","background-size":"auto","background-attachment":"scroll","background-type":"","background-media":"","overlay-type":"","overlay-color":"","overlay-opacity":"","overlay-gradient":""},"tablet":{"background-color":"var(--ast-global-color-5)","background-image":"","background-repeat":"repeat","background-position":"center center","background-size":"auto","background-attachment":"scroll","background-type":"","background-media":"","overlay-type":"","overlay-color":"","overlay-opacity":"","overlay-gradient":""},"mobile":{"background-color":"var(--ast-global-color-5)","background-image":"","background-repeat":"repeat","background-position":"center center","background-size":"auto","background-attachment":"scroll","background-type":"","background-media":"","overlay-type":"","overlay-color":"","overlay-opacity":"","overlay-gradient":""}},"footnotes":""},"class_list":["post-3803","page","type-page","status-publish","hentry"],"jetpack_sharing_enabled":true,"_links":{"self":[{"href":"https:\/\/sociedadhispanoalemana.com\/de\/wp-json\/wp\/v2\/pages\/3803","targetHints":{"allow":["GET"]}}],"collection":[{"href":"https:\/\/sociedadhispanoalemana.com\/de\/wp-json\/wp\/v2\/pages"}],"about":[{"href":"https:\/\/sociedadhispanoalemana.com\/de\/wp-json\/wp\/v2\/types\/page"}],"author":[{"embeddable":true,"href":"https:\/\/sociedadhispanoalemana.com\/de\/wp-json\/wp\/v2\/users\/1"}],"replies":[{"embeddable":true,"href":"https:\/\/sociedadhispanoalemana.com\/de\/wp-json\/wp\/v2\/comments?post=3803"}],"version-history":[{"count":35,"href":"https:\/\/sociedadhispanoalemana.com\/de\/wp-json\/wp\/v2\/pages\/3803\/revisions"}],"predecessor-version":[{"id":4059,"href":"https:\/\/sociedadhispanoalemana.com\/de\/wp-json\/wp\/v2\/pages\/3803\/revisions\/4059"}],"up":[{"embeddable":true,"href":"https:\/\/sociedadhispanoalemana.com\/de\/wp-json\/wp\/v2\/pages\/219"}],"wp:attachment":[{"href":"https:\/\/sociedadhispanoalemana.com\/de\/wp-json\/wp\/v2\/media?parent=3803"}],"curies":[{"name":"wp","href":"https:\/\/api.w.org\/{rel}","templated":true}]}}