{"id":3921,"date":"2023-06-04T20:53:21","date_gmt":"2023-06-04T20:53:21","guid":{"rendered":"https:\/\/sociedadhispanoalemana.com\/?page_id=3921"},"modified":"2023-06-04T21:07:09","modified_gmt":"2023-06-04T21:07:09","slug":"visita-paderborn-2023","status":"publish","type":"page","link":"https:\/\/sociedadhispanoalemana.com\/de\/actividades\/visita-paderborn-2023","title":{"rendered":"Visita Paderborn 2023"},"content":{"rendered":"<div data-elementor-type=\"wp-page\" data-elementor-id=\"3921\" class=\"elementor elementor-3921\" data-elementor-post-type=\"page\">\n\t\t\t\t\t\t\t\t\t<section class=\"elementor-section elementor-top-section elementor-element elementor-element-58e64e19 elementor-section-boxed elementor-section-height-default elementor-section-height-default\" data-id=\"58e64e19\" data-element_type=\"section\" data-settings=\"{&quot;background_background&quot;:&quot;classic&quot;}\">\n\t\t\t\t\t\t\t<div class=\"elementor-background-overlay\"><\/div>\n\t\t\t\t\t\t\t<div class=\"elementor-container elementor-column-gap-default\">\n\t\t\t\t\t<div class=\"elementor-column elementor-col-100 elementor-top-column elementor-element elementor-element-70773ca6\" data-id=\"70773ca6\" data-element_type=\"column\">\n\t\t\t<div class=\"elementor-widget-wrap elementor-element-populated\">\n\t\t\t\t\t\t\t\t<div class=\"elementor-element elementor-element-12d6e552 elementor-widget elementor-widget-heading\" data-id=\"12d6e552\" data-element_type=\"widget\" data-widget_type=\"heading.default\">\n\t\t\t\t<div class=\"elementor-widget-container\">\n\t\t\t<h1 class=\"elementor-heading-title elementor-size-default\">Dos aniversarios que celebrar<\/h1>\t\t<\/div>\n\t\t\t\t<\/div>\n\t\t\t\t\t<\/div>\n\t\t<\/div>\n\t\t\t\t\t\t\t<\/div>\n\t\t<\/section>\n\t\t\t\t<section class=\"elementor-section elementor-top-section elementor-element elementor-element-1102457 elementor-section-boxed elementor-section-height-default elementor-section-height-default\" data-id=\"1102457\" data-element_type=\"section\">\n\t\t\t\t\t\t<div class=\"elementor-container elementor-column-gap-default\">\n\t\t\t\t\t<div class=\"elementor-column elementor-col-100 elementor-top-column elementor-element elementor-element-a4b306d\" data-id=\"a4b306d\" data-element_type=\"column\">\n\t\t\t<div class=\"elementor-widget-wrap\">\n\t\t\t\t\t\t\t\t\t<\/div>\n\t\t<\/div>\n\t\t\t\t\t\t\t<\/div>\n\t\t<\/section>\n\t\t\t\t<section class=\"elementor-section elementor-top-section elementor-element elementor-element-17bbb14 elementor-section-boxed elementor-section-height-default elementor-section-height-default\" data-id=\"17bbb14\" data-element_type=\"section\">\n\t\t\t\t\t\t<div class=\"elementor-container elementor-column-gap-default\">\n\t\t\t\t\t<div class=\"elementor-column elementor-col-100 elementor-top-column elementor-element elementor-element-ce3d4ef\" data-id=\"ce3d4ef\" data-element_type=\"column\">\n\t\t\t<div class=\"elementor-widget-wrap elementor-element-populated\">\n\t\t\t\t\t\t\t\t<div class=\"elementor-element elementor-element-3e9ce1c elementor-widget elementor-widget-image\" data-id=\"3e9ce1c\" data-element_type=\"widget\" data-widget_type=\"image.default\">\n\t\t\t\t<div class=\"elementor-widget-container\">\n\t\t\t\t\t\t\t\t\t\t\t\t\t\t\t<img loading=\"lazy\" decoding=\"async\" width=\"969\" height=\"481\" src=\"https:\/\/sociedadhispanoalemana.com\/wp-content\/uploads\/2023\/06\/Con-el-alcalde-de-Paderborn-002.jpg\" class=\"attachment-large size-large wp-image-3926\" alt=\"\" srcset=\"https:\/\/sociedadhispanoalemana.com\/wp-content\/uploads\/2023\/06\/Con-el-alcalde-de-Paderborn-002.jpg 969w, https:\/\/sociedadhispanoalemana.com\/wp-content\/uploads\/2023\/06\/Con-el-alcalde-de-Paderborn-002-300x149.jpg 300w, https:\/\/sociedadhispanoalemana.com\/wp-content\/uploads\/2023\/06\/Con-el-alcalde-de-Paderborn-002-768x381.jpg 768w, https:\/\/sociedadhispanoalemana.com\/wp-content\/uploads\/2023\/06\/Con-el-alcalde-de-Paderborn-002-16x8.jpg 16w\" sizes=\"auto, (max-width: 969px) 100vw, 969px\" \/>\t\t\t\t\t\t\t\t\t\t\t\t\t\t\t<\/div>\n\t\t\t\t<\/div>\n\t\t\t\t\t<\/div>\n\t\t<\/div>\n\t\t\t\t\t\t\t<\/div>\n\t\t<\/section>\n\t\t\t\t<section class=\"elementor-section elementor-top-section elementor-element elementor-element-0c9bc3f elementor-section-boxed elementor-section-height-default elementor-section-height-default\" data-id=\"0c9bc3f\" data-element_type=\"section\">\n\t\t\t\t\t\t<div class=\"elementor-container elementor-column-gap-default\">\n\t\t\t\t\t<div class=\"elementor-column elementor-col-100 elementor-top-column elementor-element elementor-element-407ce8e\" data-id=\"407ce8e\" data-element_type=\"column\">\n\t\t\t<div class=\"elementor-widget-wrap elementor-element-populated\">\n\t\t\t\t\t\t\t\t<div class=\"elementor-element elementor-element-3ed188e elementor-widget elementor-widget-text-editor\" data-id=\"3ed188e\" data-element_type=\"widget\" data-widget_type=\"text-editor.default\">\n\t\t\t\t<div class=\"elementor-widget-container\">\n\t\t\t\t\t\t\t<div class=\"t pg-1m0 pg-1x1 pg-1h2 pg-1y1 pg-1ff1 pg-1fs0 pg-1fc0 pg-1sc0 pg-1ls0 pg-1ws0\"><strong>Dos aniversarios que celebrar<\/strong><\/div><div class=\"t pg-1m0 pg-1x2 pg-1h3 pg-1y2 pg-1ff1 pg-1fs1 pg-1fc0 pg-1sc0 pg-1ls0 pg-1ws0\">\u00a0<\/div><div class=\"t pg-1m0 pg-1x2 pg-1h3 pg-1y2 pg-1ff1 pg-1fs1 pg-1fc0 pg-1sc0 pg-1ls0 pg-1ws0\">La Hermandad de Amigos del Camino de Santago de Paderborn y el Ayuntamiento de esta<\/div><div class=\"t pg-1m0 pg-1x2 pg-1h4 pg-1y3 pg-1ff1 pg-1fs1 pg-1fc0 pg-1sc0 pg-1ls0 pg-1ws0\">ciudad han celebrado juntos el hermanamiento entre Paderborn y Pamplona<span class=\"pg-1ff2\">. <\/span><\/div><div class=\"t pg-1m0 pg-1x2 pg-1h4 pg-1y4 pg-1ff2 pg-1fs1 pg-1fc0 pg-1sc0 pg-1ls0 pg-1ws0\">El pasado fin de semana se celebraron en Paderborn dos aniversarios muy especiales. La<\/div><div class=\"t pg-1m0 pg-1x2 pg-1h4 pg-1y5 pg-1ff2 pg-1fs1 pg-1fc0 pg-1sc0 pg-1ls0 pg-1ws0\">Asociaci\u00f3n de Amigos del Camino de Santago de Paderborn festej\u00f3 su 25 aniversario y se uni\u00f3<\/div><div class=\"t pg-1m0 pg-1x2 pg-1h4 pg-1y6 pg-1ff2 pg-1fs1 pg-1fc0 pg-1sc0 pg-1ls0 pg-1ws0\">al Ayuntamiento de la ciudad para celebrar tambi\u00e9n el 30 aniversario del hermanamiento entre<\/div><div class=\"t pg-1m0 pg-1x2 pg-1h4 pg-1y7 pg-1ff2 pg-1fs1 pg-1fc0 pg-1sc0 pg-1ls0 pg-1ws0\">Paderborn, Alemania y Pamplona, Espa\u00f1a que fue en 2022. Se marca as\u00ed un hito importante en<\/div><div class=\"t pg-1m0 pg-1x2 pg-1h4 pg-1y8 pg-1ff2 pg-1fs1 pg-1fc0 pg-1sc0 pg-1ls0 pg-1ws0\">la relaci\u00f3n de amistad y colaboraci\u00f3n que se ha desarrollado entre ambas ciudades desde la<\/div><div class=\"t pg-1m0 pg-1x2 pg-1h4 pg-1y9 pg-1ff2 pg-1fs1 pg-1fc0 pg-1sc0 pg-1ls0 pg-1ws0\">firma del acuerdo de hermanamiento en diciembre de 1992 y entre las Asociaciones de<\/div><div class=\"t pg-1m0 pg-1x2 pg-1h4 pg-1ya pg-1ff2 pg-1fs1 pg-1fc0 pg-1sc0 pg-1ls0 pg-1ws0\">peregrinos de Navarra y Paderborn.<\/div><div class=\"t pg-1m0 pg-1x2 pg-1h4 pg-1yb pg-1ff2 pg-1fs1 pg-1fc0 pg-1sc0 pg-1ls0 pg-1ws0\">\u00a0<\/div><div class=\"t pg-1m0 pg-1x2 pg-1h4 pg-1yb pg-1ff2 pg-1fs1 pg-1fc0 pg-1sc0 pg-1ls0 pg-1ws0\">En honor a estas dos ocasiones especiales se han llevado a cabo una serie de eventos y<\/div><div class=\"t pg-1m0 pg-1x2 pg-1h4 pg-1yc pg-1ff2 pg-1fs1 pg-1fc0 pg-1sc0 pg-1ls0 pg-1ws0\">actvidades en Paderborn a los que fueron invitados los miembros de la Junta Directva de la<\/div><div class=\"t pg-1m0 pg-1x2 pg-1h4 pg-1yd pg-1ff2 pg-1fs1 pg-1fc0 pg-1sc0 pg-1ls0 pg-1ws0\">Sociedad Hispano-Alemana del Norte de Espa\u00f1a y de la Asociaci\u00f3n del Camino de Santago de<\/div><div class=\"t pg-1m0 pg-1x2 pg-1h4 pg-1ye pg-1ff2 pg-1fs1 pg-1fc0 pg-1sc0 pg-1ls0 pg-1ws0\">Navarra. Entre los diversos actos destacaron el encuentro de peregrinos organizado por la<\/div><div class=\"t pg-1m0 pg-1x2 pg-1h4 pg-1yf pg-1ff2 pg-1fs1 pg-1fc0 pg-1sc0 pg-1ls0 pg-1ws0\">Hemandad de Amigos del Camino de Santago, la recepci\u00f3n en el Ayuntamiento de Paderborn,<\/div><div class=\"t pg-1m0 pg-1x2 pg-1h4 pg-1y10 pg-1ff2 pg-1fs1 pg-1fc0 pg-1sc0 pg-1ls0 pg-1ws0\">el desayuno con el alcalde Sr. Dreier y la visita guiada a la ciudad.<\/div><div class=\"t pg-1m0 pg-1x2 pg-1h4 pg-1y11 pg-1ff2 pg-1fs1 pg-1fc0 pg-1sc0 pg-1ls0 pg-1ws0\">El hermanamiento entre Paderborn y Pamplona ha sido un \u00e9xito notable a lo largo de los a\u00f1os,<\/div><div class=\"t pg-1m0 pg-1x2 pg-1h4 pg-1y12 pg-1ff2 pg-1fs1 pg-1fc0 pg-1sc0 pg-1ls0 pg-1ws0\">generando beneficios tanto para los ciudadanos como para las instituciones de ambas<\/div><div class=\"t pg-1m0 pg-1x2 pg-1h4 pg-1y13 pg-1ff2 pg-1fs1 pg-1fc0 pg-1sc0 pg-1ls0 pg-1ws0\">ciudades. Se han establecido lazos comerciales y se han llevado a cabo intercambios exitosos<\/div><div class=\"t pg-1m0 pg-1x2 pg-1h4 pg-1y14 pg-1ff2 pg-1fs1 pg-1fc0 pg-1sc0 pg-1ls0 pg-1ws0\">en los \u00e1mbitos cultural, musical y acad\u00e9mico.<\/div><div class=\"t pg-1m0 pg-1x2 pg-1h4 pg-1y15 pg-1ff2 pg-1fs1 pg-1fc0 pg-1sc0 pg-1ls0 pg-1ws0\">\u00a0<\/div><div class=\"t pg-1m0 pg-1x2 pg-1h4 pg-1y15 pg-1ff2 pg-1fs1 pg-1fc0 pg-1sc0 pg-1ls0 pg-1ws0\">En este sentido y coincidiendo con estos eventos se encontraban en la ciudad de Paderborn un<\/div><div class=\"t pg-1m0 pg-1x2 pg-1h4 pg-1y16 pg-1ff2 pg-1fs1 pg-1fc0 pg-1sc0 pg-1ls0 pg-1ws0\">grupo de 22 alumnos\/as de 6\u00ba de Primaria del Colegio Paderborn de Pamplona, cuyo Viaje de<\/div><div class=\"t pg-1m0 pg-1x2 pg-1h4 pg-1y17 pg-1ff2 pg-1fs1 pg-1fc0 pg-1sc0 pg-1ls0 pg-1ws0\">Fin de Estudios se hab\u00eda impulsado y gestionado desde la Sociedad Hispano-Alemana y avalado<\/div><div class=\"t pg-1m0 pg-1x2 pg-1h4 pg-1y18 pg-1ff2 pg-1fs1 pg-1fc0 pg-1sc0 pg-1ls0 pg-1ws0\">por la Embajada de Alemania en Madrid. Adem\u00e1s de conocer en persona el sistema educatuvo<\/div><div class=\"t pg-1m0 pg-1x2 pg-1h4 pg-1y19 pg-1ff2 pg-1fs1 pg-1fc0 pg-1sc0 pg-1ls0 pg-1ws0\">alem\u00e1n, el alumnado de Pamplona ha participado de forma activa en clases impartidas en<\/div><div class=\"t pg-1m0 pg-1x2 pg-1h4 pg-1y1a pg-1ff2 pg-1fs1 pg-1fc0 pg-1sc0 pg-1ls0 pg-1ws0\">lengua alemana y castellana y han realizado actividades de conversaci\u00f3n con alumnado de los<\/div><div class=\"t pg-1m0 pg-1x2 pg-1h4 pg-1y1b pg-1ff2 pg-1fs1 pg-1fc0 pg-1sc0 pg-1ls0 pg-1ws0\">centros anfitriones: Instituto Pelizaeus y Centro de Educaci\u00f3n Integrada Paderborn-Elsen<\/div>\t\t\t\t\t\t<\/div>\n\t\t\t\t<\/div>\n\t\t\t\t\t<\/div>\n\t\t<\/div>\n\t\t\t\t\t\t\t<\/div>\n\t\t<\/section>\n\t\t\t\t\t\t\t<\/div>","protected":false},"excerpt":{"rendered":"<p>Dos aniversarios que celebrar Dos aniversarios que celebrar\u00a0La Hermandad de Amigos del Camino de Santago de Paderborn y el Ayuntamiento de estaciudad han celebrado juntos el hermanamiento entre Paderborn y [&hellip;]<\/p>","protected":false},"author":1,"featured_media":0,"parent":219,"menu_order":0,"comment_status":"closed","ping_status":"closed","template":"elementor_header_footer","meta":{"_seopress_robots_primary_cat":"","site-sidebar-layout":"no-sidebar","site-content-layout":"page-builder","ast-site-content-layout":"","site-content-style":"default","site-sidebar-style":"default","ast-global-header-display":"","ast-banner-title-visibility":"","ast-main-header-display":"","ast-hfb-above-header-display":"","ast-hfb-below-header-display":"","ast-hfb-mobile-header-display":"","site-post-title":"disabled","ast-breadcrumbs-content":"","ast-featured-img":"disabled","footer-sml-layout":"","theme-transparent-header-meta":"enabled","adv-header-id-meta":"","stick-header-meta":"","header-above-stick-meta":"","header-main-stick-meta":"","header-below-stick-meta":"","astra-migrate-meta-layouts":"default","ast-page-background-enabled":"default","ast-page-background-meta":{"desktop":{"background-color":"","background-image":"","background-repeat":"repeat","background-position":"center center","background-size":"auto","background-attachment":"scroll","background-type":"","background-media":"","overlay-type":"","overlay-color":"","overlay-opacity":"","overlay-gradient":""},"tablet":{"background-color":"","background-image":"","background-repeat":"repeat","background-position":"center center","background-size":"auto","background-attachment":"scroll","background-type":"","background-media":"","overlay-type":"","overlay-color":"","overlay-opacity":"","overlay-gradient":""},"mobile":{"background-color":"","background-image":"","background-repeat":"repeat","background-position":"center center","background-size":"auto","background-attachment":"scroll","background-type":"","background-media":"","overlay-type":"","overlay-color":"","overlay-opacity":"","overlay-gradient":""}},"ast-content-background-meta":{"desktop":{"background-color":"var(--ast-global-color-5)","background-image":"","background-repeat":"repeat","background-position":"center center","background-size":"auto","background-attachment":"scroll","background-type":"","background-media":"","overlay-type":"","overlay-color":"","overlay-opacity":"","overlay-gradient":""},"tablet":{"background-color":"var(--ast-global-color-5)","background-image":"","background-repeat":"repeat","background-position":"center center","background-size":"auto","background-attachment":"scroll","background-type":"","background-media":"","overlay-type":"","overlay-color":"","overlay-opacity":"","overlay-gradient":""},"mobile":{"background-color":"var(--ast-global-color-5)","background-image":"","background-repeat":"repeat","background-position":"center center","background-size":"auto","background-attachment":"scroll","background-type":"","background-media":"","overlay-type":"","overlay-color":"","overlay-opacity":"","overlay-gradient":""}},"footnotes":""},"class_list":["post-3921","page","type-page","status-publish","hentry"],"jetpack_sharing_enabled":true,"_links":{"self":[{"href":"https:\/\/sociedadhispanoalemana.com\/de\/wp-json\/wp\/v2\/pages\/3921","targetHints":{"allow":["GET"]}}],"collection":[{"href":"https:\/\/sociedadhispanoalemana.com\/de\/wp-json\/wp\/v2\/pages"}],"about":[{"href":"https:\/\/sociedadhispanoalemana.com\/de\/wp-json\/wp\/v2\/types\/page"}],"author":[{"embeddable":true,"href":"https:\/\/sociedadhispanoalemana.com\/de\/wp-json\/wp\/v2\/users\/1"}],"replies":[{"embeddable":true,"href":"https:\/\/sociedadhispanoalemana.com\/de\/wp-json\/wp\/v2\/comments?post=3921"}],"version-history":[{"count":8,"href":"https:\/\/sociedadhispanoalemana.com\/de\/wp-json\/wp\/v2\/pages\/3921\/revisions"}],"predecessor-version":[{"id":4056,"href":"https:\/\/sociedadhispanoalemana.com\/de\/wp-json\/wp\/v2\/pages\/3921\/revisions\/4056"}],"up":[{"embeddable":true,"href":"https:\/\/sociedadhispanoalemana.com\/de\/wp-json\/wp\/v2\/pages\/219"}],"wp:attachment":[{"href":"https:\/\/sociedadhispanoalemana.com\/de\/wp-json\/wp\/v2\/media?parent=3921"}],"curies":[{"name":"wp","href":"https:\/\/api.w.org\/{rel}","templated":true}]}}