{"id":3963,"date":"2023-10-01T21:51:16","date_gmt":"2023-10-01T21:51:16","guid":{"rendered":"https:\/\/sociedadhispanoalemana.com\/?page_id=3963"},"modified":"2023-10-03T16:54:47","modified_gmt":"2023-10-03T16:54:47","slug":"semana-cultural-shane-2023","status":"publish","type":"page","link":"https:\/\/sociedadhispanoalemana.com\/de\/semana-cultural-shane-2023","title":{"rendered":"31. Kulturwoche"},"content":{"rendered":"<div data-elementor-type=\"wp-page\" data-elementor-id=\"3963\" class=\"elementor elementor-3963\" data-elementor-post-type=\"page\">\n\t\t\t\t\t\t\t\t\t<section class=\"elementor-section elementor-top-section elementor-element elementor-element-4724aa78 elementor-section-boxed elementor-section-height-default elementor-section-height-default\" data-id=\"4724aa78\" data-element_type=\"section\" data-settings=\"{&quot;background_background&quot;:&quot;classic&quot;}\">\n\t\t\t\t\t\t\t<div class=\"elementor-background-overlay\"><\/div>\n\t\t\t\t\t\t\t<div class=\"elementor-container elementor-column-gap-default\">\n\t\t\t\t\t<div class=\"elementor-column elementor-col-100 elementor-top-column elementor-element elementor-element-7de9340a\" data-id=\"7de9340a\" data-element_type=\"column\">\n\t\t\t<div class=\"elementor-widget-wrap elementor-element-populated\">\n\t\t\t\t\t\t\t\t<div class=\"elementor-element elementor-element-309369bd elementor-widget elementor-widget-heading\" data-id=\"309369bd\" data-element_type=\"widget\" data-widget_type=\"heading.default\">\n\t\t\t\t<div class=\"elementor-widget-container\">\n\t\t\t<h1 class=\"elementor-heading-title elementor-size-default\">31. Deutsch-spanische <\/h1>\t\t<\/div>\n\t\t\t\t<\/div>\n\t\t\t\t\t<\/div>\n\t\t<\/div>\n\t\t\t\t\t\t\t<\/div>\n\t\t<\/section>\n\t\t\t\t<section class=\"elementor-section elementor-top-section elementor-element elementor-element-22f620a6 elementor-section-boxed elementor-section-height-default elementor-section-height-default\" data-id=\"22f620a6\" data-element_type=\"section\">\n\t\t\t\t\t\t<div class=\"elementor-container elementor-column-gap-default\">\n\t\t\t\t\t<div class=\"elementor-column elementor-col-100 elementor-top-column elementor-element elementor-element-7577b600\" data-id=\"7577b600\" data-element_type=\"column\">\n\t\t\t<div class=\"elementor-widget-wrap elementor-element-populated\">\n\t\t\t\t\t\t\t\t<div class=\"elementor-element elementor-element-4cb5915e elementor-widget elementor-widget-heading\" data-id=\"4cb5915e\" data-element_type=\"widget\" data-widget_type=\"heading.default\">\n\t\t\t\t<div class=\"elementor-widget-container\">\n\t\t\t<h2 class=\"elementor-heading-title elementor-size-default\">Programm<\/h2>\t\t<\/div>\n\t\t\t\t<\/div>\n\t\t\t\t\t<\/div>\n\t\t<\/div>\n\t\t\t\t\t\t\t<\/div>\n\t\t<\/section>\n\t\t\t\t<section class=\"elementor-section elementor-top-section elementor-element elementor-element-1da8a16a elementor-reverse-mobile elementor-section-boxed elementor-section-height-default elementor-section-height-default\" data-id=\"1da8a16a\" data-element_type=\"section\">\n\t\t\t\t\t\t<div class=\"elementor-container elementor-column-gap-no\">\n\t\t\t\t\t<div class=\"elementor-column elementor-col-50 elementor-top-column elementor-element elementor-element-3832fbf4\" data-id=\"3832fbf4\" data-element_type=\"column\">\n\t\t\t<div class=\"elementor-widget-wrap elementor-element-populated\">\n\t\t\t\t\t\t\t\t<div class=\"elementor-element elementor-element-16a87bd6 elementor-widget elementor-widget-heading\" data-id=\"16a87bd6\" data-element_type=\"widget\" data-widget_type=\"heading.default\">\n\t\t\t\t<div class=\"elementor-widget-container\">\n\t\t\t<h2 class=\"elementor-heading-title elementor-size-default\">Freitag, 6.10.<\/h2>\t\t<\/div>\n\t\t\t\t<\/div>\n\t\t\t\t<div class=\"elementor-element elementor-element-572d6bfc elementor-widget elementor-widget-text-editor\" data-id=\"572d6bfc\" data-element_type=\"widget\" data-widget_type=\"text-editor.default\">\n\t\t\t\t<div class=\"elementor-widget-container\">\n\t\t\t\t\t\t\t<p class=\" translation-block\">19:30 Uhr. Eroffnungsfeier der XXXI. Kulturwoche. Die Er\u00f3ffnungsfeier wird von der B\u00fcrgermeisterin von Pamplona, Cristina Ibarrola, gehalten. Musikalische Darbietung durch die Gruppe Saxaholics der Stadtischen Musikschule Paderborn. AnschlieBend Aperitif mit Verkostung von deutschen Produkten und Paulaner Bier.\nVeranstaltungsort: Hotel Iru\u00f1a Park.\nBeitrag: 12 \u20ac\/Person.<\/p><p>Aperitivo posterior con d<b>egustaci\u00f3n de productos alemanes y cerveza Paulaner.<\/b><\/p><p><strong>Lugar: Hotel Iru\u00f1a Park.<\/strong><br \/><strong>Aportaci\u00f3n: 12 \u20ac\/persona.<\/strong><\/p>\t\t\t\t\t\t<\/div>\n\t\t\t\t<\/div>\n\t\t\t\t<div class=\"elementor-element elementor-element-59ed999f elementor-widget elementor-widget-button\" data-id=\"59ed999f\" data-element_type=\"widget\" data-widget_type=\"button.default\">\n\t\t\t\t<div class=\"elementor-widget-container\">\n\t\t\t\t\t<div class=\"elementor-button-wrapper\">\n\t\t\t<a class=\"elementor-button elementor-button-link elementor-size-sm\" href=\"https:\/\/docs.google.com\/forms\/d\/e\/1FAIpQLSfgLmZ2CRXPRKJYhwEaOAPJo3aPUXZ62ymWWr9jHgUOp-Q4Bw\/viewform\" target=\"_blank\">\n\t\t\t\t\t\t<span class=\"elementor-button-content-wrapper\">\n\t\t\t\t\t\t<span class=\"elementor-button-text\">Anmeldung<\/span>\n\t\t<\/span>\n\t\t\t\t\t<\/a>\n\t\t<\/div>\n\t\t\t\t<\/div>\n\t\t\t\t<\/div>\n\t\t\t\t\t<\/div>\n\t\t<\/div>\n\t\t\t\t<div class=\"elementor-column elementor-col-50 elementor-top-column elementor-element elementor-element-27c6dd03\" data-id=\"27c6dd03\" data-element_type=\"column\">\n\t\t\t<div class=\"elementor-widget-wrap elementor-element-populated\">\n\t\t\t\t\t\t\t\t<div class=\"elementor-element elementor-element-1d6ba4e5 elementor-widget elementor-widget-image\" data-id=\"1d6ba4e5\" data-element_type=\"widget\" data-widget_type=\"image.default\">\n\t\t\t\t<div class=\"elementor-widget-container\">\n\t\t\t\t\t\t\t\t\t\t\t\t\t\t\t<img loading=\"lazy\" decoding=\"async\" width=\"1024\" height=\"576\" src=\"https:\/\/sociedadhispanoalemana.com\/wp-content\/uploads\/2023\/10\/cristiina-1024x576.jpg\" class=\"attachment-large size-large wp-image-3970\" alt=\"\" srcset=\"https:\/\/sociedadhispanoalemana.com\/wp-content\/uploads\/2023\/10\/cristiina-1024x576.jpg 1024w, https:\/\/sociedadhispanoalemana.com\/wp-content\/uploads\/2023\/10\/cristiina-300x169.jpg 300w, https:\/\/sociedadhispanoalemana.com\/wp-content\/uploads\/2023\/10\/cristiina-768x432.jpg 768w, https:\/\/sociedadhispanoalemana.com\/wp-content\/uploads\/2023\/10\/cristiina-18x10.jpg 18w, https:\/\/sociedadhispanoalemana.com\/wp-content\/uploads\/2023\/10\/cristiina.jpg 1200w\" sizes=\"auto, (max-width: 1024px) 100vw, 1024px\" \/>\t\t\t\t\t\t\t\t\t\t\t\t\t\t\t<\/div>\n\t\t\t\t<\/div>\n\t\t\t\t\t<\/div>\n\t\t<\/div>\n\t\t\t\t\t\t\t<\/div>\n\t\t<\/section>\n\t\t\t\t<section class=\"elementor-section elementor-top-section elementor-element elementor-element-68bbc875 elementor-section-boxed elementor-section-height-default elementor-section-height-default\" data-id=\"68bbc875\" data-element_type=\"section\">\n\t\t\t\t\t\t<div class=\"elementor-container elementor-column-gap-no\">\n\t\t\t\t\t<div class=\"elementor-column elementor-col-50 elementor-top-column elementor-element elementor-element-58ceedf2\" data-id=\"58ceedf2\" data-element_type=\"column\">\n\t\t\t<div class=\"elementor-widget-wrap elementor-element-populated\">\n\t\t\t\t\t\t\t\t<div class=\"elementor-element elementor-element-6c829dfc elementor-widget elementor-widget-image\" data-id=\"6c829dfc\" data-element_type=\"widget\" data-widget_type=\"image.default\">\n\t\t\t\t<div class=\"elementor-widget-container\">\n\t\t\t\t\t\t\t\t\t\t\t\t\t\t\t<img loading=\"lazy\" decoding=\"async\" width=\"1024\" height=\"680\" src=\"https:\/\/sociedadhispanoalemana.com\/wp-content\/uploads\/2023\/10\/saxaholics-1024x680.jpg\" class=\"attachment-large size-large wp-image-3967\" alt=\"\" srcset=\"https:\/\/sociedadhispanoalemana.com\/wp-content\/uploads\/2023\/10\/saxaholics-1024x680.jpg 1024w, https:\/\/sociedadhispanoalemana.com\/wp-content\/uploads\/2023\/10\/saxaholics-300x199.jpg 300w, https:\/\/sociedadhispanoalemana.com\/wp-content\/uploads\/2023\/10\/saxaholics-768x510.jpg 768w, https:\/\/sociedadhispanoalemana.com\/wp-content\/uploads\/2023\/10\/saxaholics-18x12.jpg 18w, https:\/\/sociedadhispanoalemana.com\/wp-content\/uploads\/2023\/10\/saxaholics.jpg 1222w\" sizes=\"auto, (max-width: 1024px) 100vw, 1024px\" \/>\t\t\t\t\t\t\t\t\t\t\t\t\t\t\t<\/div>\n\t\t\t\t<\/div>\n\t\t\t\t\t<\/div>\n\t\t<\/div>\n\t\t\t\t<div class=\"elementor-column elementor-col-50 elementor-top-column elementor-element elementor-element-541058e1\" data-id=\"541058e1\" data-element_type=\"column\">\n\t\t\t<div class=\"elementor-widget-wrap elementor-element-populated\">\n\t\t\t\t\t\t\t\t<div class=\"elementor-element elementor-element-3575c7a9 elementor-widget elementor-widget-heading\" data-id=\"3575c7a9\" data-element_type=\"widget\" data-widget_type=\"heading.default\">\n\t\t\t\t<div class=\"elementor-widget-container\">\n\t\t\t<h2 class=\"elementor-heading-title elementor-size-default\">Samstag, 7.10.<\/h2>\t\t<\/div>\n\t\t\t\t<\/div>\n\t\t\t\t<div class=\"elementor-element elementor-element-6808886d elementor-widget elementor-widget-text-editor\" data-id=\"6808886d\" data-element_type=\"widget\" data-widget_type=\"text-editor.default\">\n\t\t\t\t<div class=\"elementor-widget-container\">\n\t\t\t\t\t\t\t<p>1<strong>12:00 Uhr. Saxophonkonzert Saxaholics, Konzert der Saxophonsch\u00fcler der Musikschule Paderborn.\nVeranstaltungsort:Palacio del Condestable, Zentraler Innenhof Civivox. Calle mayor, 2.\nEintritt Frei.<\/strong> formado por estudiantes de saxof\u00f3n pertenecientes a la Escuela Municipal de M\u00fasica de Paderborn.<\/p><p><strong>Lugar: Palacio del Condestable, patio central Civivox. Calle mayor, 2.<\/strong><br \/><strong>Entrada libre.<\/strong><\/p><p><i><span style=\"font-weight: 400;\">\u00a0<\/span><\/i><i><\/i><\/p>\t\t\t\t\t\t<\/div>\n\t\t\t\t<\/div>\n\t\t\t\t\t<\/div>\n\t\t<\/div>\n\t\t\t\t\t\t\t<\/div>\n\t\t<\/section>\n\t\t\t\t<section class=\"elementor-section elementor-top-section elementor-element elementor-element-7fd066bd elementor-reverse-mobile elementor-section-boxed elementor-section-height-default elementor-section-height-default\" data-id=\"7fd066bd\" data-element_type=\"section\">\n\t\t\t\t\t\t<div class=\"elementor-container elementor-column-gap-no\">\n\t\t\t\t\t<div class=\"elementor-column elementor-col-50 elementor-top-column elementor-element elementor-element-7bb0dc19\" data-id=\"7bb0dc19\" data-element_type=\"column\">\n\t\t\t<div class=\"elementor-widget-wrap elementor-element-populated\">\n\t\t\t\t\t\t\t\t<div class=\"elementor-element elementor-element-1c73ba1f elementor-widget elementor-widget-heading\" data-id=\"1c73ba1f\" data-element_type=\"widget\" data-widget_type=\"heading.default\">\n\t\t\t\t<div class=\"elementor-widget-container\">\n\t\t\t<h2 class=\"elementor-heading-title elementor-size-default\">Sonntag, 8.10.<\/h2>\t\t<\/div>\n\t\t\t\t<\/div>\n\t\t\t\t<div class=\"elementor-element elementor-element-6fea0dbc elementor-widget elementor-widget-text-editor\" data-id=\"6fea0dbc\" data-element_type=\"widget\" data-widget_type=\"text-editor.default\">\n\t\t\t\t<div class=\"elementor-widget-container\">\n\t\t\t\t\t\t\t<p class=\" translation-block\">11:00 Uhr. Botanische F\u00fchrung durch den Zolina-Teich (Balsa de Ezkoriz) mit der Landschaftsgartnerin Marion Stefanie Disenowski. AnschlieBend Aperitif in dem Sportzentrum von Tajonar.<\/p><p class=\" translation-block\">Treffpunkt: Parking von Zolina.\nBeitrag: 10 \u20ac\/Person.\nVorherige Anmeldung erforderlich.<\/p>\t\t\t\t\t\t<\/div>\n\t\t\t\t<\/div>\n\t\t\t\t<div class=\"elementor-element elementor-element-70dce3e9 elementor-widget elementor-widget-button\" data-id=\"70dce3e9\" data-element_type=\"widget\" data-widget_type=\"button.default\">\n\t\t\t\t<div class=\"elementor-widget-container\">\n\t\t\t\t\t<div class=\"elementor-button-wrapper\">\n\t\t\t<a class=\"elementor-button elementor-button-link elementor-size-sm\" href=\"https:\/\/forms.gle\/T9PZEMdweUCuDTpE6\" target=\"_blank\">\n\t\t\t\t\t\t<span class=\"elementor-button-content-wrapper\">\n\t\t\t\t\t\t<span class=\"elementor-button-text\">Anmeldung<\/span>\n\t\t<\/span>\n\t\t\t\t\t<\/a>\n\t\t<\/div>\n\t\t\t\t<\/div>\n\t\t\t\t<\/div>\n\t\t\t\t\t<\/div>\n\t\t<\/div>\n\t\t\t\t<div class=\"elementor-column elementor-col-50 elementor-top-column elementor-element elementor-element-3263ddde\" data-id=\"3263ddde\" data-element_type=\"column\">\n\t\t\t<div class=\"elementor-widget-wrap elementor-element-populated\">\n\t\t\t\t\t\t\t\t<div class=\"elementor-element elementor-element-6d8dbcdd elementor-widget elementor-widget-image\" data-id=\"6d8dbcdd\" data-element_type=\"widget\" data-widget_type=\"image.default\">\n\t\t\t\t<div class=\"elementor-widget-container\">\n\t\t\t\t\t\t\t\t\t\t\t\t\t\t\t<img loading=\"lazy\" decoding=\"async\" width=\"259\" height=\"194\" src=\"https:\/\/sociedadhispanoalemana.com\/wp-content\/uploads\/2023\/10\/zolina.jpg\" class=\"attachment-large size-large wp-image-3968\" alt=\"\" srcset=\"https:\/\/sociedadhispanoalemana.com\/wp-content\/uploads\/2023\/10\/zolina.jpg 259w, https:\/\/sociedadhispanoalemana.com\/wp-content\/uploads\/2023\/10\/zolina-16x12.jpg 16w\" sizes=\"auto, (max-width: 259px) 100vw, 259px\" \/>\t\t\t\t\t\t\t\t\t\t\t\t\t\t\t<\/div>\n\t\t\t\t<\/div>\n\t\t\t\t\t<\/div>\n\t\t<\/div>\n\t\t\t\t\t\t\t<\/div>\n\t\t<\/section>\n\t\t\t\t<section class=\"elementor-section elementor-top-section elementor-element elementor-element-ff243c9 elementor-section-boxed elementor-section-height-default elementor-section-height-default\" data-id=\"ff243c9\" data-element_type=\"section\">\n\t\t\t\t\t\t<div class=\"elementor-container elementor-column-gap-no\">\n\t\t\t\t\t<div class=\"elementor-column elementor-col-50 elementor-top-column elementor-element elementor-element-372a29b9\" data-id=\"372a29b9\" data-element_type=\"column\">\n\t\t\t<div class=\"elementor-widget-wrap elementor-element-populated\">\n\t\t\t\t\t\t\t\t<div class=\"elementor-element elementor-element-38dd2cfc elementor-widget elementor-widget-image\" data-id=\"38dd2cfc\" data-element_type=\"widget\" data-widget_type=\"image.default\">\n\t\t\t\t<div class=\"elementor-widget-container\">\n\t\t\t\t\t\t\t\t\t\t\t\t\t\t\t<img loading=\"lazy\" decoding=\"async\" width=\"300\" height=\"168\" src=\"https:\/\/sociedadhispanoalemana.com\/wp-content\/uploads\/2023\/10\/nightlife.jpg\" class=\"attachment-large size-large wp-image-3969\" alt=\"\" srcset=\"https:\/\/sociedadhispanoalemana.com\/wp-content\/uploads\/2023\/10\/nightlife.jpg 300w, https:\/\/sociedadhispanoalemana.com\/wp-content\/uploads\/2023\/10\/nightlife-18x10.jpg 18w\" sizes=\"auto, (max-width: 300px) 100vw, 300px\" \/>\t\t\t\t\t\t\t\t\t\t\t\t\t\t\t<\/div>\n\t\t\t\t<\/div>\n\t\t\t\t\t<\/div>\n\t\t<\/div>\n\t\t\t\t<div class=\"elementor-column elementor-col-50 elementor-top-column elementor-element elementor-element-3256fcdc\" data-id=\"3256fcdc\" data-element_type=\"column\">\n\t\t\t<div class=\"elementor-widget-wrap elementor-element-populated\">\n\t\t\t\t\t\t\t\t<div class=\"elementor-element elementor-element-5c89d129 elementor-widget elementor-widget-heading\" data-id=\"5c89d129\" data-element_type=\"widget\" data-widget_type=\"heading.default\">\n\t\t\t\t<div class=\"elementor-widget-container\">\n\t\t\t<h2 class=\"elementor-heading-title elementor-size-default\">Montag, 9.10.<\/h2>\t\t<\/div>\n\t\t\t\t<\/div>\n\t\t\t\t<div class=\"elementor-element elementor-element-1e71efcd elementor-widget elementor-widget-text-editor\" data-id=\"1e71efcd\" data-element_type=\"widget\" data-widget_type=\"text-editor.default\">\n\t\t\t\t<div class=\"elementor-widget-container\">\n\t\t\t\t\t\t\t<p class=\" translation-block\">11:45 Uhr. Vorf\u00fchrung eines deutschen Films f\u00fcr Gymnasiasten, die in Pamplona Deutsch lernen.<\/p><p><strong> Tite!: Nachtleben (2020), Regie: Simon Verhoeven.111 min.\nVeranstaltungsort: Aula des Gymnasiums Plaza de la Cruz, Pamplona..<\/strong><br \/><strong>Lugar: IES Plaza de la Cruz, sal\u00f3n de actos, Pamplona.<\/strong><\/p>\t\t\t\t\t\t<\/div>\n\t\t\t\t<\/div>\n\t\t\t\t\t<\/div>\n\t\t<\/div>\n\t\t\t\t\t\t\t<\/div>\n\t\t<\/section>\n\t\t\t\t<section class=\"elementor-section elementor-top-section elementor-element elementor-element-1b5e92a6 elementor-reverse-mobile elementor-section-boxed elementor-section-height-default elementor-section-height-default\" data-id=\"1b5e92a6\" data-element_type=\"section\">\n\t\t\t\t\t\t<div class=\"elementor-container elementor-column-gap-no\">\n\t\t\t\t\t<div class=\"elementor-column elementor-col-50 elementor-top-column elementor-element elementor-element-72f0701e\" data-id=\"72f0701e\" data-element_type=\"column\">\n\t\t\t<div class=\"elementor-widget-wrap elementor-element-populated\">\n\t\t\t\t\t\t\t\t<div class=\"elementor-element elementor-element-6d4c37cc elementor-widget elementor-widget-heading\" data-id=\"6d4c37cc\" data-element_type=\"widget\" data-widget_type=\"heading.default\">\n\t\t\t\t<div class=\"elementor-widget-container\">\n\t\t\t<h2 class=\"elementor-heading-title elementor-size-default\"><h2 class=\"elementor-heading-title elementor-size-default elementor-inline-editing pen\" data-elementor-setting-key=\"title\" data-pen-placeholder=\"Teclea aqu\u00ed...\" style=\"font-style: normal;\">lunes 9 de octubre 18:30<\/h2><\/h2>\t\t<\/div>\n\t\t\t\t<\/div>\n\t\t\t\t<div class=\"elementor-element elementor-element-5710b702 elementor-widget elementor-widget-text-editor\" data-id=\"5710b702\" data-element_type=\"widget\" data-widget_type=\"text-editor.default\">\n\t\t\t\t<div class=\"elementor-widget-container\">\n\t\t\t\t\t\t\t<p class=\" translation-block\">18:30 Uhr. Cinef\u00f3rum. Gezeigt wird der Film TOUBAB (2021). Regie: Florian. Dietrich. 96 Minuten. AnschlieBend Kolloquium\nmit Cristian Ruiz, Programmkoordinator des Internationales Festivals Punto de Vista.<\/p><p>\u00a0<\/p>\t\t\t\t\t\t<\/div>\n\t\t\t\t<\/div>\n\t\t\t\t\t<\/div>\n\t\t<\/div>\n\t\t\t\t<div class=\"elementor-column elementor-col-50 elementor-top-column elementor-element elementor-element-3ce842fa\" data-id=\"3ce842fa\" data-element_type=\"column\">\n\t\t\t<div class=\"elementor-widget-wrap elementor-element-populated\">\n\t\t\t\t\t\t\t\t<div class=\"elementor-element elementor-element-5049a3dd elementor-widget elementor-widget-image\" data-id=\"5049a3dd\" data-element_type=\"widget\" data-widget_type=\"image.default\">\n\t\t\t\t<div class=\"elementor-widget-container\">\n\t\t\t\t\t\t\t\t\t\t\t\t\t\t\t<img loading=\"lazy\" decoding=\"async\" width=\"875\" height=\"1024\" src=\"https:\/\/sociedadhispanoalemana.com\/wp-content\/uploads\/2023\/10\/tobap-875x1024.jpg\" class=\"attachment-large size-large wp-image-3971\" alt=\"\" srcset=\"https:\/\/sociedadhispanoalemana.com\/wp-content\/uploads\/2023\/10\/tobap-875x1024.jpg 875w, https:\/\/sociedadhispanoalemana.com\/wp-content\/uploads\/2023\/10\/tobap-256x300.jpg 256w, https:\/\/sociedadhispanoalemana.com\/wp-content\/uploads\/2023\/10\/tobap-768x899.jpg 768w, https:\/\/sociedadhispanoalemana.com\/wp-content\/uploads\/2023\/10\/tobap-1312x1536.jpg 1312w, https:\/\/sociedadhispanoalemana.com\/wp-content\/uploads\/2023\/10\/tobap-10x12.jpg 10w, https:\/\/sociedadhispanoalemana.com\/wp-content\/uploads\/2023\/10\/tobap.jpg 1324w\" sizes=\"auto, (max-width: 875px) 100vw, 875px\" \/>\t\t\t\t\t\t\t\t\t\t\t\t\t\t\t<\/div>\n\t\t\t\t<\/div>\n\t\t\t\t\t<\/div>\n\t\t<\/div>\n\t\t\t\t\t\t\t<\/div>\n\t\t<\/section>\n\t\t\t\t<section class=\"elementor-section elementor-top-section elementor-element elementor-element-2d975272 elementor-section-boxed elementor-section-height-default elementor-section-height-default\" data-id=\"2d975272\" data-element_type=\"section\">\n\t\t\t\t\t\t<div class=\"elementor-container elementor-column-gap-no\">\n\t\t\t\t\t<div class=\"elementor-column elementor-col-50 elementor-top-column elementor-element elementor-element-25bfb1c2\" data-id=\"25bfb1c2\" data-element_type=\"column\">\n\t\t\t<div class=\"elementor-widget-wrap elementor-element-populated\">\n\t\t\t\t\t\t\t\t<div class=\"elementor-element elementor-element-62aac889 elementor-widget elementor-widget-image\" data-id=\"62aac889\" data-element_type=\"widget\" data-widget_type=\"image.default\">\n\t\t\t\t<div class=\"elementor-widget-container\">\n\t\t\t\t\t\t\t\t\t\t\t\t\t\t\t<img loading=\"lazy\" decoding=\"async\" width=\"806\" height=\"1024\" src=\"https:\/\/sociedadhispanoalemana.com\/wp-content\/uploads\/2023\/10\/synergienII-806x1024.jpg\" class=\"attachment-large size-large wp-image-3973\" alt=\"\" srcset=\"https:\/\/sociedadhispanoalemana.com\/wp-content\/uploads\/2023\/10\/synergienII-806x1024.jpg 806w, https:\/\/sociedadhispanoalemana.com\/wp-content\/uploads\/2023\/10\/synergienII-236x300.jpg 236w, https:\/\/sociedadhispanoalemana.com\/wp-content\/uploads\/2023\/10\/synergienII-768x975.jpg 768w, https:\/\/sociedadhispanoalemana.com\/wp-content\/uploads\/2023\/10\/synergienII-9x12.jpg 9w, https:\/\/sociedadhispanoalemana.com\/wp-content\/uploads\/2023\/10\/synergienII.jpg 945w\" sizes=\"auto, (max-width: 806px) 100vw, 806px\" \/>\t\t\t\t\t\t\t\t\t\t\t\t\t\t\t<\/div>\n\t\t\t\t<\/div>\n\t\t\t\t\t<\/div>\n\t\t<\/div>\n\t\t\t\t<div class=\"elementor-column elementor-col-50 elementor-top-column elementor-element elementor-element-6d5ab3d9\" data-id=\"6d5ab3d9\" data-element_type=\"column\">\n\t\t\t<div class=\"elementor-widget-wrap elementor-element-populated\">\n\t\t\t\t\t\t\t\t<div class=\"elementor-element elementor-element-fde7c19 elementor-widget elementor-widget-heading\" data-id=\"fde7c19\" data-element_type=\"widget\" data-widget_type=\"heading.default\">\n\t\t\t\t<div class=\"elementor-widget-container\">\n\t\t\t<h2 class=\"elementor-heading-title elementor-size-default\">Dienstag, 10.10.<\/h2>\t\t<\/div>\n\t\t\t\t<\/div>\n\t\t\t\t<div class=\"elementor-element elementor-element-62c2107c elementor-widget elementor-widget-text-editor\" data-id=\"62c2107c\" data-element_type=\"widget\" data-widget_type=\"text-editor.default\">\n\t\t\t\t<div class=\"elementor-widget-container\">\n\t\t\t\t\t\t\t<p><i><span style=\"font-weight: 400;\"><strong>Synergien 2023.<\/strong><br \/><strong>Synergien 2023.\nII Encuentro empresarial de empresas alemanas en Navarra. - II Geschaftstreffen deutscher Unternehmen in Navarra.<\/strong> Geschaftstreffen deutscher Unternehmen in Navarra.<\/span><\/i><\/p><p><i><span style=\"font-weight: 400;\"><br \/><strong>9:00 &#8211; 11:30 h. 0rganizado por DN Management-Diario de Navarra, en colaboraci\u00f3n con la Sociedad Hispano Alemana del Norte de Espa\u00f1a.<\/strong> <\/span><\/i><\/p><p><i><span style=\"font-weight: 400;\">Die Veranstaltung wird von der B\u00fcrgermeisterin von Pamplona, Frau Cristina Ibarrola, er\u00f3ffnet und von den Ratsmitglied f\u00fcr Industrie und \u00f3kologischen und digitalen Geschaftswandel, Herr Mikel Irujo, geschlossen.<\/span><\/i><\/p><p><i><span style=\"font-weight: 400;\"><br \/><strong>Veranstaltungsort:GEN Confederaci\u00f3n Empresarial Navarra.\nVorherige Anmeldung erforderlich durch www.cen.es<\/strong><br \/><strong>Necesaria inscripci\u00f3n previa a trav\u00e9s de www.cen.es<\/strong><br \/><\/span><\/i><i><\/i><\/p>\t\t\t\t\t\t<\/div>\n\t\t\t\t<\/div>\n\t\t\t\t<div class=\"elementor-element elementor-element-d2b4670 elementor-widget elementor-widget-button\" data-id=\"d2b4670\" data-element_type=\"widget\" data-widget_type=\"button.default\">\n\t\t\t\t<div class=\"elementor-widget-container\">\n\t\t\t\t\t<div class=\"elementor-button-wrapper\">\n\t\t\t<a class=\"elementor-button elementor-button-link elementor-size-sm\" href=\"https:\/\/inscripciones.cen.es\/new_inscripcion_jornada.php?jornada=2705\" target=\"_blank\">\n\t\t\t\t\t\t<span class=\"elementor-button-content-wrapper\">\n\t\t\t\t\t\t<span class=\"elementor-button-text\">Anmeldung<\/span>\n\t\t<\/span>\n\t\t\t\t\t<\/a>\n\t\t<\/div>\n\t\t\t\t<\/div>\n\t\t\t\t<\/div>\n\t\t\t\t\t<\/div>\n\t\t<\/div>\n\t\t\t\t\t\t\t<\/div>\n\t\t<\/section>\n\t\t\t\t<section class=\"elementor-section elementor-top-section elementor-element elementor-element-dce86ec elementor-reverse-mobile elementor-section-boxed elementor-section-height-default elementor-section-height-default\" data-id=\"dce86ec\" data-element_type=\"section\">\n\t\t\t\t\t\t<div class=\"elementor-container elementor-column-gap-no\">\n\t\t\t\t\t<div class=\"elementor-column elementor-col-50 elementor-top-column elementor-element elementor-element-4a4b66e6\" data-id=\"4a4b66e6\" data-element_type=\"column\">\n\t\t\t<div class=\"elementor-widget-wrap elementor-element-populated\">\n\t\t\t\t\t\t\t\t<div class=\"elementor-element elementor-element-196de96a elementor-widget elementor-widget-heading\" data-id=\"196de96a\" data-element_type=\"widget\" data-widget_type=\"heading.default\">\n\t\t\t\t<div class=\"elementor-widget-container\">\n\t\t\t<h2 class=\"elementor-heading-title elementor-size-default\">Mittwoch, 11.10.<\/h2>\t\t<\/div>\n\t\t\t\t<\/div>\n\t\t\t\t<div class=\"elementor-element elementor-element-2caf82fb elementor-widget elementor-widget-text-editor\" data-id=\"2caf82fb\" data-element_type=\"widget\" data-widget_type=\"text-editor.default\">\n\t\t\t\t<div class=\"elementor-widget-container\">\n\t\t\t\t\t\t\t<p><strong>17:30 - 22:30 Uhr. Oktoberfest.<\/strong><\/p><p>Live-Musik, deutsches Bier und typisch deutsches Essen.\nVeranstaltungsort: Bar Zentral, Plaza de los Burgos.<\/p><p><br \/><strong>Lugar: Bar Zentral, Plaza de los Burgos.<\/strong><\/p><p><br \/><strong>Mitglieder 2 Bier gratis. Bitte weisen Sie sich am Eingang als Mitglied aus.<\/strong><\/p>\t\t\t\t\t\t<\/div>\n\t\t\t\t<\/div>\n\t\t\t\t<div class=\"elementor-element elementor-element-1ad31f66 elementor-widget elementor-widget-button\" data-id=\"1ad31f66\" data-element_type=\"widget\" data-widget_type=\"button.default\">\n\t\t\t\t<div class=\"elementor-widget-container\">\n\t\t\t\t\t<div class=\"elementor-button-wrapper\">\n\t\t\t<a class=\"elementor-button elementor-button-link elementor-size-sm\" href=\"http:\/\/iglesiasansaturnino.com\/\" target=\"_blank\">\n\t\t\t\t\t\t<span class=\"elementor-button-content-wrapper\">\n\t\t\t\t\t\t<span class=\"elementor-button-text\">Eintritt Frei<\/span>\n\t\t<\/span>\n\t\t\t\t\t<\/a>\n\t\t<\/div>\n\t\t\t\t<\/div>\n\t\t\t\t<\/div>\n\t\t\t\t\t<\/div>\n\t\t<\/div>\n\t\t\t\t<div class=\"elementor-column elementor-col-50 elementor-top-column elementor-element elementor-element-2dad662\" data-id=\"2dad662\" data-element_type=\"column\">\n\t\t\t<div class=\"elementor-widget-wrap elementor-element-populated\">\n\t\t\t\t\t\t\t\t<div class=\"elementor-element elementor-element-6ccf8664 elementor-widget elementor-widget-image\" data-id=\"6ccf8664\" data-element_type=\"widget\" data-widget_type=\"image.default\">\n\t\t\t\t<div class=\"elementor-widget-container\">\n\t\t\t\t\t\t\t\t\t\t\t\t\t\t\t<img loading=\"lazy\" decoding=\"async\" width=\"1024\" height=\"1024\" src=\"https:\/\/sociedadhispanoalemana.com\/wp-content\/uploads\/2022\/09\/undine-7-1024x1024.png\" class=\"attachment-large size-large wp-image-3500\" alt=\"\" srcset=\"https:\/\/sociedadhispanoalemana.com\/wp-content\/uploads\/2022\/09\/undine-7-1024x1024.png 1024w, https:\/\/sociedadhispanoalemana.com\/wp-content\/uploads\/2022\/09\/undine-7-300x300.png 300w, https:\/\/sociedadhispanoalemana.com\/wp-content\/uploads\/2022\/09\/undine-7-150x150.png 150w, https:\/\/sociedadhispanoalemana.com\/wp-content\/uploads\/2022\/09\/undine-7-768x768.png 768w, https:\/\/sociedadhispanoalemana.com\/wp-content\/uploads\/2022\/09\/undine-7-12x12.png 12w, https:\/\/sociedadhispanoalemana.com\/wp-content\/uploads\/2022\/09\/undine-7.png 1080w\" sizes=\"auto, (max-width: 1024px) 100vw, 1024px\" \/>\t\t\t\t\t\t\t\t\t\t\t\t\t\t\t<\/div>\n\t\t\t\t<\/div>\n\t\t\t\t\t<\/div>\n\t\t<\/div>\n\t\t\t\t\t\t\t<\/div>\n\t\t<\/section>\n\t\t\t\t<section class=\"elementor-section elementor-top-section elementor-element elementor-element-ef597f9 elementor-section-boxed elementor-section-height-default elementor-section-height-default\" data-id=\"ef597f9\" data-element_type=\"section\">\n\t\t\t\t\t\t<div class=\"elementor-container elementor-column-gap-no\">\n\t\t\t\t\t<div class=\"elementor-column elementor-col-50 elementor-top-column elementor-element elementor-element-2bc63810\" data-id=\"2bc63810\" data-element_type=\"column\">\n\t\t\t<div class=\"elementor-widget-wrap elementor-element-populated\">\n\t\t\t\t\t\t\t\t<div class=\"elementor-element elementor-element-164ef6fc elementor-widget elementor-widget-image\" data-id=\"164ef6fc\" data-element_type=\"widget\" data-widget_type=\"image.default\">\n\t\t\t\t<div class=\"elementor-widget-container\">\n\t\t\t\t\t\t\t\t\t\t\t\t\t\t\t<img loading=\"lazy\" decoding=\"async\" width=\"1024\" height=\"760\" src=\"https:\/\/sociedadhispanoalemana.com\/wp-content\/uploads\/2022\/09\/undine-12-e1728038916575-1024x760.png\" class=\"attachment-large size-large wp-image-3556\" alt=\"\" srcset=\"https:\/\/sociedadhispanoalemana.com\/wp-content\/uploads\/2022\/09\/undine-12-e1728038916575-1024x760.png 1024w, https:\/\/sociedadhispanoalemana.com\/wp-content\/uploads\/2022\/09\/undine-12-e1728038916575-300x223.png 300w, https:\/\/sociedadhispanoalemana.com\/wp-content\/uploads\/2022\/09\/undine-12-e1728038916575-768x570.png 768w, https:\/\/sociedadhispanoalemana.com\/wp-content\/uploads\/2022\/09\/undine-12-e1728038916575-16x12.png 16w, https:\/\/sociedadhispanoalemana.com\/wp-content\/uploads\/2022\/09\/undine-12-e1728038916575.png 1080w\" sizes=\"auto, (max-width: 1024px) 100vw, 1024px\" \/>\t\t\t\t\t\t\t\t\t\t\t\t\t\t\t<\/div>\n\t\t\t\t<\/div>\n\t\t\t\t\t<\/div>\n\t\t<\/div>\n\t\t\t\t<div class=\"elementor-column elementor-col-50 elementor-top-column elementor-element elementor-element-53a5f2bf\" data-id=\"53a5f2bf\" data-element_type=\"column\">\n\t\t\t<div class=\"elementor-widget-wrap elementor-element-populated\">\n\t\t\t\t\t\t\t\t<div class=\"elementor-element elementor-element-2596eaac elementor-widget elementor-widget-heading\" data-id=\"2596eaac\" data-element_type=\"widget\" data-widget_type=\"heading.default\">\n\t\t\t\t<div class=\"elementor-widget-container\">\n\t\t\t<h2 class=\"elementor-heading-title elementor-size-default\">Donnerstag, 12.10.<\/h2>\t\t<\/div>\n\t\t\t\t<\/div>\n\t\t\t\t<div class=\"elementor-element elementor-element-18e80da7 elementor-widget elementor-widget-text-editor\" data-id=\"18e80da7\" data-element_type=\"widget\" data-widget_type=\"text-editor.default\">\n\t\t\t\t<div class=\"elementor-widget-container\">\n\t\t\t\t\t\t\t<p>12:00 Uhr. Oktoberfest<\/p><p>Oktoberfest in der Workshops und Auff\u00fchrungen f\u00fcr Familien. Deutsches Bier und typische Produkte der deutschen Gastronomie.\nVeranstaltungsort:Bar Zentral, Plaza de los Burgos.<\/p><p>Deutsches Bier und typische Produkte der deutschen Gastronomie.<\/p><p>Lugar: Bar Zentral, Plaza de los Burgos.<\/p>\t\t\t\t\t\t<\/div>\n\t\t\t\t<\/div>\n\t\t\t\t<div class=\"elementor-element elementor-element-47c23416 elementor-widget elementor-widget-button\" data-id=\"47c23416\" data-element_type=\"widget\" data-widget_type=\"button.default\">\n\t\t\t\t<div class=\"elementor-widget-container\">\n\t\t\t\t\t<div class=\"elementor-button-wrapper\">\n\t\t\t<a class=\"elementor-button elementor-button-link elementor-size-sm\" href=\"https:\/\/docs.google.com\/forms\/d\/e\/1FAIpQLSfgLmZ2CRXPRKJYhwEaOAPJo3aPUXZ62ymWWr9jHgUOp-Q4Bw\/viewform\" target=\"_blank\">\n\t\t\t\t\t\t<span class=\"elementor-button-content-wrapper\">\n\t\t\t\t\t\t<span class=\"elementor-button-text\">inscripci\u00f3n <\/span>\n\t\t<\/span>\n\t\t\t\t\t<\/a>\n\t\t<\/div>\n\t\t\t\t<\/div>\n\t\t\t\t<\/div>\n\t\t\t\t\t<\/div>\n\t\t<\/div>\n\t\t\t\t\t\t\t<\/div>\n\t\t<\/section>\n\t\t\t\t<section class=\"elementor-section elementor-top-section elementor-element elementor-element-385d3387 elementor-reverse-mobile elementor-section-boxed elementor-section-height-default elementor-section-height-default\" data-id=\"385d3387\" data-element_type=\"section\">\n\t\t\t\t\t\t<div class=\"elementor-container elementor-column-gap-no\">\n\t\t\t\t\t<div class=\"elementor-column elementor-col-50 elementor-top-column elementor-element elementor-element-4036a3bd\" data-id=\"4036a3bd\" data-element_type=\"column\">\n\t\t\t<div class=\"elementor-widget-wrap elementor-element-populated\">\n\t\t\t\t\t\t\t\t<div class=\"elementor-element elementor-element-1bae9ce1 elementor-widget elementor-widget-heading\" data-id=\"1bae9ce1\" data-element_type=\"widget\" data-widget_type=\"heading.default\">\n\t\t\t\t<div class=\"elementor-widget-container\">\n\t\t\t<h2 class=\"elementor-heading-title elementor-size-default\">Donnerstag, 12.10.<\/h2>\t\t<\/div>\n\t\t\t\t<\/div>\n\t\t\t\t<div class=\"elementor-element elementor-element-1c55a989 elementor-widget elementor-widget-text-editor\" data-id=\"1c55a989\" data-element_type=\"widget\" data-widget_type=\"text-editor.default\">\n\t\t\t\t<div class=\"elementor-widget-container\">\n\t\t\t\t\t\t\t<p>\u00a0<strong>14:30 Uhr. Abschluss der 31. Kulturwoche der Deutsch-Spanische Gesellschafft mit einem Bruderschaftsessen.\nVeranstaltungsort:Restaurant Bar Tom\u00e1s, Calle Leyre 10..\nBeitrag: 25 \u20ac\/Person. 12\u20ac Kindermen\u00fc.<\/strong><\/p><p><br \/><strong>Lugar: Restaurante Bar Tom\u00e1s, Calle Leyre, 10.<\/strong><br \/><strong>Aportaci\u00f3n: 25 \u20ac\/persona. 12\u20ac men\u00fa infantil.<\/strong><\/p>\t\t\t\t\t\t<\/div>\n\t\t\t\t<\/div>\n\t\t\t\t<div class=\"elementor-element elementor-element-4c2bc151 elementor-widget elementor-widget-button\" data-id=\"4c2bc151\" data-element_type=\"widget\" data-widget_type=\"button.default\">\n\t\t\t\t<div class=\"elementor-widget-container\">\n\t\t\t\t\t<div class=\"elementor-button-wrapper\">\n\t\t\t<a class=\"elementor-button elementor-button-link elementor-size-sm\" href=\"https:\/\/docs.google.com\/forms\/d\/e\/1FAIpQLSfgLmZ2CRXPRKJYhwEaOAPJo3aPUXZ62ymWWr9jHgUOp-Q4Bw\/viewform\" target=\"_blank\">\n\t\t\t\t\t\t<span class=\"elementor-button-content-wrapper\">\n\t\t\t\t\t\t<span class=\"elementor-button-text\">Anmeldung <\/span>\n\t\t<\/span>\n\t\t\t\t\t<\/a>\n\t\t<\/div>\n\t\t\t\t<\/div>\n\t\t\t\t<\/div>\n\t\t\t\t\t<\/div>\n\t\t<\/div>\n\t\t\t\t<div class=\"elementor-column elementor-col-50 elementor-top-column elementor-element elementor-element-70e1c877\" data-id=\"70e1c877\" data-element_type=\"column\">\n\t\t\t<div class=\"elementor-widget-wrap elementor-element-populated\">\n\t\t\t\t\t\t\t\t<div class=\"elementor-element elementor-element-727128b4 elementor-widget elementor-widget-image\" data-id=\"727128b4\" data-element_type=\"widget\" data-widget_type=\"image.default\">\n\t\t\t\t<div class=\"elementor-widget-container\">\n\t\t\t\t\t\t\t\t\t\t\t\t\t\t\t<img loading=\"lazy\" decoding=\"async\" width=\"680\" height=\"306\" src=\"https:\/\/sociedadhispanoalemana.com\/wp-content\/uploads\/2023\/10\/tomas.jpg\" class=\"attachment-large size-large wp-image-3974\" alt=\"\" srcset=\"https:\/\/sociedadhispanoalemana.com\/wp-content\/uploads\/2023\/10\/tomas.jpg 680w, https:\/\/sociedadhispanoalemana.com\/wp-content\/uploads\/2023\/10\/tomas-300x135.jpg 300w, https:\/\/sociedadhispanoalemana.com\/wp-content\/uploads\/2023\/10\/tomas-18x8.jpg 18w\" sizes=\"auto, (max-width: 680px) 100vw, 680px\" \/>\t\t\t\t\t\t\t\t\t\t\t\t\t\t\t<\/div>\n\t\t\t\t<\/div>\n\t\t\t\t\t<\/div>\n\t\t<\/div>\n\t\t\t\t\t\t\t<\/div>\n\t\t<\/section>\n\t\t\t\t<section class=\"elementor-section elementor-top-section elementor-element elementor-element-722d79de elementor-section-boxed elementor-section-height-default elementor-section-height-default\" data-id=\"722d79de\" data-element_type=\"section\">\n\t\t\t\t\t\t<div class=\"elementor-container elementor-column-gap-default\">\n\t\t\t\t\t<div class=\"elementor-column elementor-col-100 elementor-top-column elementor-element elementor-element-260b043b\" data-id=\"260b043b\" data-element_type=\"column\">\n\t\t\t<div class=\"elementor-widget-wrap elementor-element-populated\">\n\t\t\t\t\t\t\t\t<div class=\"elementor-element elementor-element-2e4f5477 elementor-widget elementor-widget-heading\" data-id=\"2e4f5477\" data-element_type=\"widget\" data-widget_type=\"heading.default\">\n\t\t\t\t<div class=\"elementor-widget-container\">\n\t\t\t<h2 class=\"elementor-heading-title elementor-size-default\">In Zusammenarbeit mit:<\/h2>\t\t<\/div>\n\t\t\t\t<\/div>\n\t\t\t\t\t<\/div>\n\t\t<\/div>\n\t\t\t\t\t\t\t<\/div>\n\t\t<\/section>\n\t\t\t\t<section class=\"elementor-section elementor-top-section elementor-element elementor-element-621c2bf6 elementor-section-boxed elementor-section-height-default elementor-section-height-default\" data-id=\"621c2bf6\" data-element_type=\"section\">\n\t\t\t\t\t\t<div class=\"elementor-container elementor-column-gap-default\">\n\t\t\t\t\t<div class=\"elementor-column elementor-col-16 elementor-top-column elementor-element elementor-element-6549ae19\" data-id=\"6549ae19\" data-element_type=\"column\">\n\t\t\t<div class=\"elementor-widget-wrap elementor-element-populated\">\n\t\t\t\t\t\t\t\t\t<\/div>\n\t\t<\/div>\n\t\t\t\t<div class=\"elementor-column elementor-col-66 elementor-top-column elementor-element elementor-element-140dabc2\" data-id=\"140dabc2\" data-element_type=\"column\">\n\t\t\t<div class=\"elementor-widget-wrap elementor-element-populated\">\n\t\t\t\t\t\t\t\t<div class=\"elementor-element elementor-element-463f09aa elementor-widget elementor-widget-image\" data-id=\"463f09aa\" data-element_type=\"widget\" data-widget_type=\"image.default\">\n\t\t\t\t<div class=\"elementor-widget-container\">\n\t\t\t\t\t\t\t\t\t\t\t\t\t\t\t<img loading=\"lazy\" decoding=\"async\" width=\"1024\" height=\"684\" src=\"https:\/\/sociedadhispanoalemana.com\/wp-content\/uploads\/2023\/10\/203-1024x684.png\" class=\"attachment-large size-large wp-image-3984\" alt=\"\" srcset=\"https:\/\/sociedadhispanoalemana.com\/wp-content\/uploads\/2023\/10\/203-1024x684.png 1024w, https:\/\/sociedadhispanoalemana.com\/wp-content\/uploads\/2023\/10\/203-300x200.png 300w, https:\/\/sociedadhispanoalemana.com\/wp-content\/uploads\/2023\/10\/203-768x513.png 768w, https:\/\/sociedadhispanoalemana.com\/wp-content\/uploads\/2023\/10\/203-18x12.png 18w, https:\/\/sociedadhispanoalemana.com\/wp-content\/uploads\/2023\/10\/203.png 1060w\" sizes=\"auto, (max-width: 1024px) 100vw, 1024px\" \/>\t\t\t\t\t\t\t\t\t\t\t\t\t\t\t<\/div>\n\t\t\t\t<\/div>\n\t\t\t\t\t<\/div>\n\t\t<\/div>\n\t\t\t\t<div class=\"elementor-column elementor-col-16 elementor-top-column elementor-element elementor-element-50dd1cd8\" data-id=\"50dd1cd8\" data-element_type=\"column\">\n\t\t\t<div class=\"elementor-widget-wrap\">\n\t\t\t\t\t\t\t\t\t<\/div>\n\t\t<\/div>\n\t\t\t\t\t\t\t<\/div>\n\t\t<\/section>\n\t\t\t\t\t\t\t<\/div>","protected":false},"excerpt":{"rendered":"<p>XXXI.Semana cultural Programa semana cultural 2023 Viernes, 6 de Octubre 19:30 h. Acto inaugural XXXI Semana cultural a cargo de la alcaldesa de Pamplona, D\u00f1a. Cristina Ibarrola. Intervenci\u00f3n musical del [&hellip;]<\/p>","protected":false},"author":1,"featured_media":0,"parent":0,"menu_order":0,"comment_status":"closed","ping_status":"closed","template":"","meta":{"_seopress_robots_primary_cat":"","site-sidebar-layout":"no-sidebar","site-content-layout":"page-builder","ast-site-content-layout":"full-width-container","site-content-style":"default","site-sidebar-style":"default","ast-global-header-display":"","ast-banner-title-visibility":"","ast-main-header-display":"","ast-hfb-above-header-display":"","ast-hfb-below-header-display":"","ast-hfb-mobile-header-display":"","site-post-title":"disabled","ast-breadcrumbs-content":"","ast-featured-img":"disabled","footer-sml-layout":"","theme-transparent-header-meta":"","adv-header-id-meta":"","stick-header-meta":"","header-above-stick-meta":"","header-main-stick-meta":"","header-below-stick-meta":"","astra-migrate-meta-layouts":"set","ast-page-background-enabled":"default","ast-page-background-meta":{"desktop":{"background-color":"","background-image":"","background-repeat":"repeat","background-position":"center center","background-size":"auto","background-attachment":"scroll","background-type":"","background-media":"","overlay-type":"","overlay-color":"","overlay-opacity":"","overlay-gradient":""},"tablet":{"background-color":"","background-image":"","background-repeat":"repeat","background-position":"center center","background-size":"auto","background-attachment":"scroll","background-type":"","background-media":"","overlay-type":"","overlay-color":"","overlay-opacity":"","overlay-gradient":""},"mobile":{"background-color":"","background-image":"","background-repeat":"repeat","background-position":"center center","background-size":"auto","background-attachment":"scroll","background-type":"","background-media":"","overlay-type":"","overlay-color":"","overlay-opacity":"","overlay-gradient":""}},"ast-content-background-meta":{"desktop":{"background-color":"var(--ast-global-color-5)","background-image":"","background-repeat":"repeat","background-position":"center center","background-size":"auto","background-attachment":"scroll","background-type":"","background-media":"","overlay-type":"","overlay-color":"","overlay-opacity":"","overlay-gradient":""},"tablet":{"background-color":"var(--ast-global-color-5)","background-image":"","background-repeat":"repeat","background-position":"center center","background-size":"auto","background-attachment":"scroll","background-type":"","background-media":"","overlay-type":"","overlay-color":"","overlay-opacity":"","overlay-gradient":""},"mobile":{"background-color":"var(--ast-global-color-5)","background-image":"","background-repeat":"repeat","background-position":"center center","background-size":"auto","background-attachment":"scroll","background-type":"","background-media":"","overlay-type":"","overlay-color":"","overlay-opacity":"","overlay-gradient":""}},"footnotes":""},"class_list":["post-3963","page","type-page","status-publish","hentry"],"jetpack_sharing_enabled":true,"_links":{"self":[{"href":"https:\/\/sociedadhispanoalemana.com\/de\/wp-json\/wp\/v2\/pages\/3963","targetHints":{"allow":["GET"]}}],"collection":[{"href":"https:\/\/sociedadhispanoalemana.com\/de\/wp-json\/wp\/v2\/pages"}],"about":[{"href":"https:\/\/sociedadhispanoalemana.com\/de\/wp-json\/wp\/v2\/types\/page"}],"author":[{"embeddable":true,"href":"https:\/\/sociedadhispanoalemana.com\/de\/wp-json\/wp\/v2\/users\/1"}],"replies":[{"embeddable":true,"href":"https:\/\/sociedadhispanoalemana.com\/de\/wp-json\/wp\/v2\/comments?post=3963"}],"version-history":[{"count":25,"href":"https:\/\/sociedadhispanoalemana.com\/de\/wp-json\/wp\/v2\/pages\/3963\/revisions"}],"predecessor-version":[{"id":4006,"href":"https:\/\/sociedadhispanoalemana.com\/de\/wp-json\/wp\/v2\/pages\/3963\/revisions\/4006"}],"wp:attachment":[{"href":"https:\/\/sociedadhispanoalemana.com\/de\/wp-json\/wp\/v2\/media?parent=3963"}],"curies":[{"name":"wp","href":"https:\/\/api.w.org\/{rel}","templated":true}]}}