{"id":4211,"date":"2024-10-04T11:03:57","date_gmt":"2024-10-04T11:03:57","guid":{"rendered":"https:\/\/sociedadhispanoalemana.com\/?page_id=4211"},"modified":"2025-04-02T14:29:23","modified_gmt":"2025-04-02T14:29:23","slug":"xxxii-jornadas-culturales-hispano-alemanas","status":"publish","type":"page","link":"https:\/\/sociedadhispanoalemana.com\/de\/xxxii-jornadas-culturales-hispano-alemanas","title":{"rendered":"XXXII Jornadas Culturales hispano-Alemanas"},"content":{"rendered":"<div data-elementor-type=\"wp-page\" data-elementor-id=\"4211\" class=\"elementor elementor-4211\" data-elementor-post-type=\"page\">\n\t\t\t\t\t\t\t\t\t<section class=\"elementor-section elementor-top-section elementor-element elementor-element-3fe9c4b0 elementor-section-boxed elementor-section-height-default elementor-section-height-default\" data-id=\"3fe9c4b0\" data-element_type=\"section\" data-settings=\"{&quot;background_background&quot;:&quot;classic&quot;}\">\n\t\t\t\t\t\t\t<div class=\"elementor-background-overlay\"><\/div>\n\t\t\t\t\t\t\t<div class=\"elementor-container elementor-column-gap-default\">\n\t\t\t\t\t<div class=\"elementor-column elementor-col-100 elementor-top-column elementor-element elementor-element-fb8ed7c\" data-id=\"fb8ed7c\" data-element_type=\"column\">\n\t\t\t<div class=\"elementor-widget-wrap elementor-element-populated\">\n\t\t\t\t\t\t\t\t<div class=\"elementor-element elementor-element-5ba9a84d elementor-widget elementor-widget-heading\" data-id=\"5ba9a84d\" data-element_type=\"widget\" data-widget_type=\"heading.default\">\n\t\t\t\t<div class=\"elementor-widget-container\">\n\t\t\t<h1 class=\"elementor-heading-title elementor-size-default\">XXXII.Jornadas Culturales Hispano Alemanas<\/h1>\t\t<\/div>\n\t\t\t\t<\/div>\n\t\t\t\t\t<\/div>\n\t\t<\/div>\n\t\t\t\t\t\t\t<\/div>\n\t\t<\/section>\n\t\t\t\t<section class=\"elementor-section elementor-top-section elementor-element elementor-element-1d34686c elementor-section-boxed elementor-section-height-default elementor-section-height-default\" data-id=\"1d34686c\" data-element_type=\"section\">\n\t\t\t\t\t\t<div class=\"elementor-container elementor-column-gap-default\">\n\t\t\t\t\t<div class=\"elementor-column elementor-col-100 elementor-top-column elementor-element elementor-element-1599ecc6\" data-id=\"1599ecc6\" data-element_type=\"column\">\n\t\t\t<div class=\"elementor-widget-wrap elementor-element-populated\">\n\t\t\t\t\t\t\t\t<div class=\"elementor-element elementor-element-322bcf5c elementor-widget elementor-widget-heading\" data-id=\"322bcf5c\" data-element_type=\"widget\" data-widget_type=\"heading.default\">\n\t\t\t\t<div class=\"elementor-widget-container\">\n\t\t\t<h2 class=\"elementor-heading-title elementor-size-default\"><b>Programa Jornadas culturales 2024<\/b><\/h2>\t\t<\/div>\n\t\t\t\t<\/div>\n\t\t\t\t\t<\/div>\n\t\t<\/div>\n\t\t\t\t\t\t\t<\/div>\n\t\t<\/section>\n\t\t\t\t<section class=\"elementor-section elementor-top-section elementor-element elementor-element-ae8d1c8 elementor-section-boxed elementor-section-height-default elementor-section-height-default\" data-id=\"ae8d1c8\" data-element_type=\"section\">\n\t\t\t\t\t\t<div class=\"elementor-container elementor-column-gap-default\">\n\t\t\t\t\t<div class=\"elementor-column elementor-col-100 elementor-top-column elementor-element elementor-element-704acec\" data-id=\"704acec\" data-element_type=\"column\">\n\t\t\t<div class=\"elementor-widget-wrap elementor-element-populated\">\n\t\t\t\t\t\t\t\t<section class=\"elementor-section elementor-inner-section elementor-element elementor-element-78b6dcc elementor-section-boxed elementor-section-height-default elementor-section-height-default\" data-id=\"78b6dcc\" data-element_type=\"section\">\n\t\t\t\t\t\t<div class=\"elementor-container elementor-column-gap-default\">\n\t\t\t\t\t<div class=\"elementor-column elementor-col-100 elementor-inner-column elementor-element elementor-element-f94124c\" data-id=\"f94124c\" data-element_type=\"column\">\n\t\t\t<div class=\"elementor-widget-wrap elementor-element-populated\">\n\t\t\t\t\t\t\t\t<div class=\"elementor-element elementor-element-7f70b4b elementor-widget elementor-widget-image\" data-id=\"7f70b4b\" data-element_type=\"widget\" data-widget_type=\"image.default\">\n\t\t\t\t<div class=\"elementor-widget-container\">\n\t\t\t\t\t\t\t\t\t\t\t\t\t\t\t<img loading=\"lazy\" decoding=\"async\" width=\"1024\" height=\"717\" src=\"https:\/\/sociedadhispanoalemana.com\/wp-content\/uploads\/2024\/10\/Cartel-XXXII-Jornadas-culturales-1-1024x717.png\" class=\"attachment-large size-large wp-image-4206\" alt=\"\" srcset=\"https:\/\/sociedadhispanoalemana.com\/wp-content\/uploads\/2024\/10\/Cartel-XXXII-Jornadas-culturales-1-1024x717.png 1024w, https:\/\/sociedadhispanoalemana.com\/wp-content\/uploads\/2024\/10\/Cartel-XXXII-Jornadas-culturales-1-300x210.png 300w, https:\/\/sociedadhispanoalemana.com\/wp-content\/uploads\/2024\/10\/Cartel-XXXII-Jornadas-culturales-1-768x538.png 768w, https:\/\/sociedadhispanoalemana.com\/wp-content\/uploads\/2024\/10\/Cartel-XXXII-Jornadas-culturales-1-1536x1076.png 1536w, https:\/\/sociedadhispanoalemana.com\/wp-content\/uploads\/2024\/10\/Cartel-XXXII-Jornadas-culturales-1-2048x1435.png 2048w, https:\/\/sociedadhispanoalemana.com\/wp-content\/uploads\/2024\/10\/Cartel-XXXII-Jornadas-culturales-1-18x12.png 18w\" sizes=\"auto, (max-width: 1024px) 100vw, 1024px\" \/>\t\t\t\t\t\t\t\t\t\t\t\t\t\t\t<\/div>\n\t\t\t\t<\/div>\n\t\t\t\t\t<\/div>\n\t\t<\/div>\n\t\t\t\t\t\t\t<\/div>\n\t\t<\/section>\n\t\t\t\t\t<\/div>\n\t\t<\/div>\n\t\t\t\t\t\t\t<\/div>\n\t\t<\/section>\n\t\t\t\t<section class=\"elementor-section elementor-top-section elementor-element elementor-element-12a19c28 elementor-reverse-mobile elementor-section-boxed elementor-section-height-default elementor-section-height-default\" data-id=\"12a19c28\" data-element_type=\"section\">\n\t\t\t\t\t\t<div class=\"elementor-container elementor-column-gap-no\">\n\t\t\t\t\t<div class=\"elementor-column elementor-col-50 elementor-top-column elementor-element elementor-element-1e14a85b\" data-id=\"1e14a85b\" data-element_type=\"column\">\n\t\t\t<div class=\"elementor-widget-wrap elementor-element-populated\">\n\t\t\t\t\t\t\t\t<div class=\"elementor-element elementor-element-49ed7e1c elementor-widget elementor-widget-heading\" data-id=\"49ed7e1c\" data-element_type=\"widget\" data-widget_type=\"heading.default\">\n\t\t\t\t<div class=\"elementor-widget-container\">\n\t\t\t<h2 class=\"elementor-heading-title elementor-size-default\">Viernes, 18 de Octubre<\/h2>\t\t<\/div>\n\t\t\t\t<\/div>\n\t\t\t\t<div class=\"elementor-element elementor-element-3055c848 elementor-widget elementor-widget-text-editor\" data-id=\"3055c848\" data-element_type=\"widget\" data-widget_type=\"text-editor.default\">\n\t\t\t\t<div class=\"elementor-widget-container\">\n\t\t\t\t\t\t\t<p><strong>19:30 h. Acto inaugural XXXII Jornadas Cultruales <\/strong>\u00a0a cargo de la<em>\u00a0de la embajadora alemana en Madrid, D\u00f1a. Margarete Gosse. Intervenci\u00f3n musical por parte de la <strong>Coral de C\u00e1mara de Pamplona<\/strong>. <\/em><\/p><p>Aperitivo posterior con <strong>d<\/strong><b>egustaci\u00f3n de productos alemanes y cerveza Paulaner.<\/b><\/p><p><strong>Lugar: Hotel Iru\u00f1a Park.<\/strong><br \/><strong>Aportaci\u00f3n: 12 \u20ac\/persona.<\/strong><\/p>\t\t\t\t\t\t<\/div>\n\t\t\t\t<\/div>\n\t\t\t\t<div class=\"elementor-element elementor-element-4d34b157 elementor-widget elementor-widget-button\" data-id=\"4d34b157\" data-element_type=\"widget\" data-widget_type=\"button.default\">\n\t\t\t\t<div class=\"elementor-widget-container\">\n\t\t\t\t\t<div class=\"elementor-button-wrapper\">\n\t\t\t<a class=\"elementor-button elementor-button-link elementor-size-sm\" href=\"https:\/\/docs.google.com\/forms\/d\/1ilQ6JCN0P9rfiVEUgXI2I5iUvfUh2k27vYjZG9kkFJw\/edit\" target=\"_blank\">\n\t\t\t\t\t\t<span class=\"elementor-button-content-wrapper\">\n\t\t\t\t\t\t<span class=\"elementor-button-text\">Anmeldung<\/span>\n\t\t<\/span>\n\t\t\t\t\t<\/a>\n\t\t<\/div>\n\t\t\t\t<\/div>\n\t\t\t\t<\/div>\n\t\t\t\t\t<\/div>\n\t\t<\/div>\n\t\t\t\t<div class=\"elementor-column elementor-col-50 elementor-top-column elementor-element elementor-element-1be2fadd\" data-id=\"1be2fadd\" data-element_type=\"column\">\n\t\t\t<div class=\"elementor-widget-wrap elementor-element-populated\">\n\t\t\t\t\t\t\t\t<div class=\"elementor-element elementor-element-62851e7b elementor-widget elementor-widget-image\" data-id=\"62851e7b\" data-element_type=\"widget\" data-widget_type=\"image.default\">\n\t\t\t\t<div class=\"elementor-widget-container\">\n\t\t\t\t\t\t\t\t\t\t\t\t\t\t\t<img loading=\"lazy\" decoding=\"async\" width=\"768\" height=\"576\" src=\"https:\/\/sociedadhispanoalemana.com\/wp-content\/uploads\/2024\/10\/La_Coral_en_la_Quincena_Musical_de_San_Sebastian-1-768x576.jpg\" class=\"attachment-medium_large size-medium_large wp-image-4230\" alt=\"\" srcset=\"https:\/\/sociedadhispanoalemana.com\/wp-content\/uploads\/2024\/10\/La_Coral_en_la_Quincena_Musical_de_San_Sebastian-1-768x576.jpg 768w, https:\/\/sociedadhispanoalemana.com\/wp-content\/uploads\/2024\/10\/La_Coral_en_la_Quincena_Musical_de_San_Sebastian-1-300x225.jpg 300w, https:\/\/sociedadhispanoalemana.com\/wp-content\/uploads\/2024\/10\/La_Coral_en_la_Quincena_Musical_de_San_Sebastian-1-1024x768.jpg 1024w, https:\/\/sociedadhispanoalemana.com\/wp-content\/uploads\/2024\/10\/La_Coral_en_la_Quincena_Musical_de_San_Sebastian-1-1536x1152.jpg 1536w, https:\/\/sociedadhispanoalemana.com\/wp-content\/uploads\/2024\/10\/La_Coral_en_la_Quincena_Musical_de_San_Sebastian-1-2048x1536.jpg 2048w, https:\/\/sociedadhispanoalemana.com\/wp-content\/uploads\/2024\/10\/La_Coral_en_la_Quincena_Musical_de_San_Sebastian-1-16x12.jpg 16w, https:\/\/sociedadhispanoalemana.com\/wp-content\/uploads\/2024\/10\/La_Coral_en_la_Quincena_Musical_de_San_Sebastian-1-scaled-e1728039749577.jpg 120w\" sizes=\"auto, (max-width: 768px) 100vw, 768px\" \/>\t\t\t\t\t\t\t\t\t\t\t\t\t\t\t<\/div>\n\t\t\t\t<\/div>\n\t\t\t\t\t<\/div>\n\t\t<\/div>\n\t\t\t\t\t\t\t<\/div>\n\t\t<\/section>\n\t\t\t\t<section class=\"elementor-section elementor-top-section elementor-element elementor-element-4e487e24 elementor-section-boxed elementor-section-height-default elementor-section-height-default\" data-id=\"4e487e24\" data-element_type=\"section\">\n\t\t\t\t\t\t<div class=\"elementor-container elementor-column-gap-no\">\n\t\t\t\t\t<div class=\"elementor-column elementor-col-50 elementor-top-column elementor-element elementor-element-c899dfc\" data-id=\"c899dfc\" data-element_type=\"column\">\n\t\t\t<div class=\"elementor-widget-wrap elementor-element-populated\">\n\t\t\t\t\t\t\t\t<div class=\"elementor-element elementor-element-4162dab5 elementor-widget elementor-widget-image\" data-id=\"4162dab5\" data-element_type=\"widget\" data-widget_type=\"image.default\">\n\t\t\t\t<div class=\"elementor-widget-container\">\n\t\t\t\t\t\t\t\t\t\t\t\t\t\t\t<img loading=\"lazy\" decoding=\"async\" width=\"250\" height=\"200\" src=\"https:\/\/sociedadhispanoalemana.com\/wp-content\/uploads\/2024\/10\/StockCake-Lamp-lit-reading-nook_1728036863.jpg\" class=\"attachment-large size-large wp-image-4220\" alt=\"\" srcset=\"https:\/\/sociedadhispanoalemana.com\/wp-content\/uploads\/2024\/10\/StockCake-Lamp-lit-reading-nook_1728036863.jpg 250w, https:\/\/sociedadhispanoalemana.com\/wp-content\/uploads\/2024\/10\/StockCake-Lamp-lit-reading-nook_1728036863-15x12.jpg 15w\" sizes=\"auto, (max-width: 250px) 100vw, 250px\" \/>\t\t\t\t\t\t\t\t\t\t\t\t\t\t\t<\/div>\n\t\t\t\t<\/div>\n\t\t\t\t\t<\/div>\n\t\t<\/div>\n\t\t\t\t<div class=\"elementor-column elementor-col-50 elementor-top-column elementor-element elementor-element-336281ea\" data-id=\"336281ea\" data-element_type=\"column\">\n\t\t\t<div class=\"elementor-widget-wrap elementor-element-populated\">\n\t\t\t\t\t\t\t\t<div class=\"elementor-element elementor-element-4ddf0eb elementor-widget elementor-widget-heading\" data-id=\"4ddf0eb\" data-element_type=\"widget\" data-widget_type=\"heading.default\">\n\t\t\t\t<div class=\"elementor-widget-container\">\n\t\t\t<h2 class=\"elementor-heading-title elementor-size-default\">S\u00e1bado 19 de octubre<\/h2>\t\t<\/div>\n\t\t\t\t<\/div>\n\t\t\t\t<div class=\"elementor-element elementor-element-10d2fff8 elementor-widget elementor-widget-text-editor\" data-id=\"10d2fff8\" data-element_type=\"widget\" data-widget_type=\"text-editor.default\">\n\t\t\t\t<div class=\"elementor-widget-container\">\n\t\t\t\t\t\t\t<p>19:00h Encuentro literario \u201c<strong>la novela negra en Europa<\/strong>\u201d, di\u00e1logo entre Estela Chocarro (autora de novela negra) y Angelique Pfiztner (directora del festival Lloret Negre) modera el encuentro I\u00f1aki Asensio (economista y autor de novela negra)<\/p><p><strong>Lugar: Sal\u00f3n de actos Civican (Avda. P\u00edo XII, 2). Entrada libre hasta completar aforo<\/strong><\/p><p>\u00a0<\/p>\t\t\t\t\t\t<\/div>\n\t\t\t\t<\/div>\n\t\t\t\t\t<\/div>\n\t\t<\/div>\n\t\t\t\t\t\t\t<\/div>\n\t\t<\/section>\n\t\t\t\t<section class=\"elementor-section elementor-top-section elementor-element elementor-element-4ef1bdab elementor-reverse-mobile elementor-section-boxed elementor-section-height-default elementor-section-height-default\" data-id=\"4ef1bdab\" data-element_type=\"section\">\n\t\t\t\t\t\t<div class=\"elementor-container elementor-column-gap-no\">\n\t\t\t\t\t<div class=\"elementor-column elementor-col-50 elementor-top-column elementor-element elementor-element-7ccaeedb\" data-id=\"7ccaeedb\" data-element_type=\"column\">\n\t\t\t<div class=\"elementor-widget-wrap elementor-element-populated\">\n\t\t\t\t\t\t\t\t<div class=\"elementor-element elementor-element-451069ff elementor-widget elementor-widget-heading\" data-id=\"451069ff\" data-element_type=\"widget\" data-widget_type=\"heading.default\">\n\t\t\t\t<div class=\"elementor-widget-container\">\n\t\t\t<h2 class=\"elementor-heading-title elementor-size-default\">Domingo, 20 de octubre<\/h2>\t\t<\/div>\n\t\t\t\t<\/div>\n\t\t\t\t<div class=\"elementor-element elementor-element-70e7b04d elementor-widget elementor-widget-text-editor\" data-id=\"70e7b04d\" data-element_type=\"widget\" data-widget_type=\"text-editor.default\">\n\t\t\t\t<div class=\"elementor-widget-container\">\n\t\t\t\t\t\t\t<p>11.00h\u00a0 Excursi\u00f3n a pie por el <strong>paseo del Arga<\/strong> desde el Albergue Casa Paderborn hasta Huarte.<\/p><p><strong>Aperitivo posterior en el restaurante \u00a0Zum Bier Krug<\/strong>. Aportaci\u00f3n: 10\u20ac\/persona. Necesaria inscripci\u00f3n previa<\/p>\t\t\t\t\t\t<\/div>\n\t\t\t\t<\/div>\n\t\t\t\t<div class=\"elementor-element elementor-element-21cb2671 elementor-widget elementor-widget-button\" data-id=\"21cb2671\" data-element_type=\"widget\" data-widget_type=\"button.default\">\n\t\t\t\t<div class=\"elementor-widget-container\">\n\t\t\t\t\t<div class=\"elementor-button-wrapper\">\n\t\t\t<a class=\"elementor-button elementor-button-link elementor-size-sm\" href=\"https:\/\/docs.google.com\/forms\/d\/1ilQ6JCN0P9rfiVEUgXI2I5iUvfUh2k27vYjZG9kkFJw\/edit\">\n\t\t\t\t\t\t<span class=\"elementor-button-content-wrapper\">\n\t\t\t\t\t\t<span class=\"elementor-button-text\">Anmeldung<\/span>\n\t\t<\/span>\n\t\t\t\t\t<\/a>\n\t\t<\/div>\n\t\t\t\t<\/div>\n\t\t\t\t<\/div>\n\t\t\t\t\t<\/div>\n\t\t<\/div>\n\t\t\t\t<div class=\"elementor-column elementor-col-50 elementor-top-column elementor-element elementor-element-6c1b6efb\" data-id=\"6c1b6efb\" data-element_type=\"column\">\n\t\t\t<div class=\"elementor-widget-wrap elementor-element-populated\">\n\t\t\t\t\t\t\t\t<div class=\"elementor-element elementor-element-6fd7051f elementor-widget elementor-widget-image\" data-id=\"6fd7051f\" data-element_type=\"widget\" data-widget_type=\"image.default\">\n\t\t\t\t<div class=\"elementor-widget-container\">\n\t\t\t\t\t\t\t\t\t\t\t\t\t\t\t<img loading=\"lazy\" decoding=\"async\" width=\"1024\" height=\"1024\" src=\"https:\/\/sociedadhispanoalemana.com\/wp-content\/uploads\/2024\/10\/Diseno-sin-titulo-1024x1024.png\" class=\"attachment-large size-large wp-image-4244\" alt=\"\" srcset=\"https:\/\/sociedadhispanoalemana.com\/wp-content\/uploads\/2024\/10\/Diseno-sin-titulo-1024x1024.png 1024w, https:\/\/sociedadhispanoalemana.com\/wp-content\/uploads\/2024\/10\/Diseno-sin-titulo-300x300.png 300w, https:\/\/sociedadhispanoalemana.com\/wp-content\/uploads\/2024\/10\/Diseno-sin-titulo-150x150.png 150w, https:\/\/sociedadhispanoalemana.com\/wp-content\/uploads\/2024\/10\/Diseno-sin-titulo-768x768.png 768w, https:\/\/sociedadhispanoalemana.com\/wp-content\/uploads\/2024\/10\/Diseno-sin-titulo-1536x1536.png 1536w, https:\/\/sociedadhispanoalemana.com\/wp-content\/uploads\/2024\/10\/Diseno-sin-titulo-12x12.png 12w, https:\/\/sociedadhispanoalemana.com\/wp-content\/uploads\/2024\/10\/Diseno-sin-titulo.png 1920w\" sizes=\"auto, (max-width: 1024px) 100vw, 1024px\" \/>\t\t\t\t\t\t\t\t\t\t\t\t\t\t\t<\/div>\n\t\t\t\t<\/div>\n\t\t\t\t\t<\/div>\n\t\t<\/div>\n\t\t\t\t\t\t\t<\/div>\n\t\t<\/section>\n\t\t\t\t<section class=\"elementor-section elementor-top-section elementor-element elementor-element-a74e203 elementor-section-boxed elementor-section-height-default elementor-section-height-default\" data-id=\"a74e203\" data-element_type=\"section\">\n\t\t\t\t\t\t<div class=\"elementor-container elementor-column-gap-no\">\n\t\t\t\t\t<div class=\"elementor-column elementor-col-50 elementor-top-column elementor-element elementor-element-9d6fd70\" data-id=\"9d6fd70\" data-element_type=\"column\">\n\t\t\t<div class=\"elementor-widget-wrap elementor-element-populated\">\n\t\t\t\t\t\t\t\t<div class=\"elementor-element elementor-element-f236139 elementor-widget elementor-widget-image\" data-id=\"f236139\" data-element_type=\"widget\" data-widget_type=\"image.default\">\n\t\t\t\t<div class=\"elementor-widget-container\">\n\t\t\t\t\t\t\t\t\t\t\t\t\t\t\t<img loading=\"lazy\" decoding=\"async\" width=\"768\" height=\"512\" src=\"https:\/\/sociedadhispanoalemana.com\/wp-content\/uploads\/2024\/10\/stickies-post-it-note-7263292-768x512.jpg\" class=\"attachment-medium_large size-medium_large wp-image-4228\" alt=\"stickies, post it, note-7263292.jpg\" srcset=\"https:\/\/sociedadhispanoalemana.com\/wp-content\/uploads\/2024\/10\/stickies-post-it-note-7263292-768x512.jpg 768w, https:\/\/sociedadhispanoalemana.com\/wp-content\/uploads\/2024\/10\/stickies-post-it-note-7263292-300x200.jpg 300w, https:\/\/sociedadhispanoalemana.com\/wp-content\/uploads\/2024\/10\/stickies-post-it-note-7263292-1024x682.jpg 1024w, https:\/\/sociedadhispanoalemana.com\/wp-content\/uploads\/2024\/10\/stickies-post-it-note-7263292-18x12.jpg 18w, https:\/\/sociedadhispanoalemana.com\/wp-content\/uploads\/2024\/10\/stickies-post-it-note-7263292-e1728039300442.jpg 130w\" sizes=\"auto, (max-width: 768px) 100vw, 768px\" \/>\t\t\t\t\t\t\t\t\t\t\t\t\t\t\t<\/div>\n\t\t\t\t<\/div>\n\t\t\t\t\t<\/div>\n\t\t<\/div>\n\t\t\t\t<div class=\"elementor-column elementor-col-50 elementor-top-column elementor-element elementor-element-efa0c10\" data-id=\"efa0c10\" data-element_type=\"column\">\n\t\t\t<div class=\"elementor-widget-wrap elementor-element-populated\">\n\t\t\t\t\t\t\t\t<div class=\"elementor-element elementor-element-dda8578 elementor-widget elementor-widget-heading\" data-id=\"dda8578\" data-element_type=\"widget\" data-widget_type=\"heading.default\">\n\t\t\t\t<div class=\"elementor-widget-container\">\n\t\t\t<h2 class=\"elementor-heading-title elementor-size-default\">lunes 21 de octubre 20:00<\/h2>\t\t<\/div>\n\t\t\t\t<\/div>\n\t\t\t\t<div class=\"elementor-element elementor-element-3526d00 elementor-widget elementor-widget-text-editor\" data-id=\"3526d00\" data-element_type=\"widget\" data-widget_type=\"text-editor.default\">\n\t\t\t\t<div class=\"elementor-widget-container\">\n\t\t\t\t\t\t\t<p><em>Juego del <\/em><strong><em>Trivial<\/em><\/strong><em> con tem\u00e1tica alemana. Una variante del popular juego de preguntas y respuestas, <strong>Trivial Pursuit<\/strong>, pero centrada en la cultura, historia, geograf\u00eda, ciencia, deportes, y arte de Alemania. <\/em><\/p><p><strong><em>Lugar: Bar restaurante Bal\u00fa. Necesaria Inscripci\u00f3n previa<\/em><\/strong><\/p>\t\t\t\t\t\t<\/div>\n\t\t\t\t<\/div>\n\t\t\t\t<div class=\"elementor-element elementor-element-54e8a84 elementor-widget elementor-widget-button\" data-id=\"54e8a84\" data-element_type=\"widget\" data-widget_type=\"button.default\">\n\t\t\t\t<div class=\"elementor-widget-container\">\n\t\t\t\t\t<div class=\"elementor-button-wrapper\">\n\t\t\t<a class=\"elementor-button elementor-button-link elementor-size-sm\" href=\"https:\/\/docs.google.com\/forms\/d\/1ilQ6JCN0P9rfiVEUgXI2I5iUvfUh2k27vYjZG9kkFJw\/edit\">\n\t\t\t\t\t\t<span class=\"elementor-button-content-wrapper\">\n\t\t\t\t\t\t<span class=\"elementor-button-text\">Anmeldung<\/span>\n\t\t<\/span>\n\t\t\t\t\t<\/a>\n\t\t<\/div>\n\t\t\t\t<\/div>\n\t\t\t\t<\/div>\n\t\t\t\t\t<\/div>\n\t\t<\/div>\n\t\t\t\t\t\t\t<\/div>\n\t\t<\/section>\n\t\t\t\t<section class=\"elementor-section elementor-top-section elementor-element elementor-element-7f17217c elementor-reverse-mobile elementor-section-boxed elementor-section-height-default elementor-section-height-default\" data-id=\"7f17217c\" data-element_type=\"section\">\n\t\t\t\t\t\t<div class=\"elementor-container elementor-column-gap-no\">\n\t\t\t\t\t<div class=\"elementor-column elementor-col-50 elementor-top-column elementor-element elementor-element-4dcb1301\" data-id=\"4dcb1301\" data-element_type=\"column\">\n\t\t\t<div class=\"elementor-widget-wrap elementor-element-populated\">\n\t\t\t\t\t\t\t\t<div class=\"elementor-element elementor-element-36d5355a elementor-widget elementor-widget-heading\" data-id=\"36d5355a\" data-element_type=\"widget\" data-widget_type=\"heading.default\">\n\t\t\t\t<div class=\"elementor-widget-container\">\n\t\t\t<h2 class=\"elementor-heading-title elementor-size-default\">Martes 22 de octubre<\/h2>\t\t<\/div>\n\t\t\t\t<\/div>\n\t\t\t\t<div class=\"elementor-element elementor-element-790728fd elementor-widget elementor-widget-text-editor\" data-id=\"790728fd\" data-element_type=\"widget\" data-widget_type=\"text-editor.default\">\n\t\t\t\t<div class=\"elementor-widget-container\">\n\t\t\t\t\t\t\t<p>11:45 h. &#8211; <strong>Proyecci\u00f3n de una pel\u00edcula alemana<\/strong> para los alumnos de secundaria de colegios e institutos de Pamplona que estudian alem\u00e1n. T\u00edtulo: DEINE SHCH\u00d3NHEIT IST NICHTS WERT. A\u00f1o 2012, 82 minutos. Director: H\u00fcseyin Tabak<\/p><p><strong>Veranstaltungsort: Sal\u00f3n de actos des Instituto Plaza de la Cruz, Pamplona.<\/strong><\/p>\t\t\t\t\t\t<\/div>\n\t\t\t\t<\/div>\n\t\t\t\t\t<\/div>\n\t\t<\/div>\n\t\t\t\t<div class=\"elementor-column elementor-col-50 elementor-top-column elementor-element elementor-element-6df587e9\" data-id=\"6df587e9\" data-element_type=\"column\">\n\t\t\t<div class=\"elementor-widget-wrap elementor-element-populated\">\n\t\t\t\t\t\t\t\t<div class=\"elementor-element elementor-element-7320d1a9 elementor-widget elementor-widget-image\" data-id=\"7320d1a9\" data-element_type=\"widget\" data-widget_type=\"image.default\">\n\t\t\t\t<div class=\"elementor-widget-container\">\n\t\t\t\t\t\t\t\t\t\t\t\t\t\t\t<img loading=\"lazy\" decoding=\"async\" width=\"300\" height=\"160\" src=\"https:\/\/sociedadhispanoalemana.com\/wp-content\/uploads\/2024\/10\/csm_deine-schoenheit-ist-nichts-wert_09_3b7eaecb18.jpg\" class=\"attachment-medium_large size-medium_large wp-image-4225\" alt=\"\" srcset=\"https:\/\/sociedadhispanoalemana.com\/wp-content\/uploads\/2024\/10\/csm_deine-schoenheit-ist-nichts-wert_09_3b7eaecb18.jpg 300w, https:\/\/sociedadhispanoalemana.com\/wp-content\/uploads\/2024\/10\/csm_deine-schoenheit-ist-nichts-wert_09_3b7eaecb18-18x10.jpg 18w\" sizes=\"auto, (max-width: 300px) 100vw, 300px\" \/>\t\t\t\t\t\t\t\t\t\t\t\t\t\t\t<\/div>\n\t\t\t\t<\/div>\n\t\t\t\t\t<\/div>\n\t\t<\/div>\n\t\t\t\t\t\t\t<\/div>\n\t\t<\/section>\n\t\t\t\t<section class=\"elementor-section elementor-top-section elementor-element elementor-element-8fd3e95 elementor-section-boxed elementor-section-height-default elementor-section-height-default\" data-id=\"8fd3e95\" data-element_type=\"section\">\n\t\t\t\t\t\t<div class=\"elementor-container elementor-column-gap-no\">\n\t\t\t\t\t<div class=\"elementor-column elementor-col-50 elementor-top-column elementor-element elementor-element-e997d63\" data-id=\"e997d63\" data-element_type=\"column\">\n\t\t\t<div class=\"elementor-widget-wrap elementor-element-populated\">\n\t\t\t\t\t\t\t\t<div class=\"elementor-element elementor-element-e455e70 elementor-widget elementor-widget-image\" data-id=\"e455e70\" data-element_type=\"widget\" data-widget_type=\"image.default\">\n\t\t\t\t<div class=\"elementor-widget-container\">\n\t\t\t\t\t\t\t\t\t\t\t\t\t\t\t<img loading=\"lazy\" decoding=\"async\" width=\"390\" height=\"260\" src=\"https:\/\/sociedadhispanoalemana.com\/wp-content\/uploads\/2024\/10\/aerial-view-on-marienplatz-town.jpg\" class=\"attachment-medium_large size-medium_large wp-image-4221\" alt=\"\" srcset=\"https:\/\/sociedadhispanoalemana.com\/wp-content\/uploads\/2024\/10\/aerial-view-on-marienplatz-town.jpg 390w, https:\/\/sociedadhispanoalemana.com\/wp-content\/uploads\/2024\/10\/aerial-view-on-marienplatz-town-300x200.jpg 300w, https:\/\/sociedadhispanoalemana.com\/wp-content\/uploads\/2024\/10\/aerial-view-on-marienplatz-town-18x12.jpg 18w\" sizes=\"auto, (max-width: 390px) 100vw, 390px\" \/>\t\t\t\t\t\t\t\t\t\t\t\t\t\t\t<\/div>\n\t\t\t\t<\/div>\n\t\t\t\t\t<\/div>\n\t\t<\/div>\n\t\t\t\t<div class=\"elementor-column elementor-col-50 elementor-top-column elementor-element elementor-element-3c670a6\" data-id=\"3c670a6\" data-element_type=\"column\">\n\t\t\t<div class=\"elementor-widget-wrap elementor-element-populated\">\n\t\t\t\t\t\t\t\t<div class=\"elementor-element elementor-element-9e07ea8 elementor-widget elementor-widget-heading\" data-id=\"9e07ea8\" data-element_type=\"widget\" data-widget_type=\"heading.default\">\n\t\t\t\t<div class=\"elementor-widget-container\">\n\t\t\t<h2 class=\"elementor-heading-title elementor-size-default\">Mi\u00e9rcoles 23 de octubre<\/h2>\t\t<\/div>\n\t\t\t\t<\/div>\n\t\t\t\t<div class=\"elementor-element elementor-element-d67e64e elementor-widget elementor-widget-text-editor\" data-id=\"d67e64e\" data-element_type=\"widget\" data-widget_type=\"text-editor.default\">\n\t\t\t\t<div class=\"elementor-widget-container\">\n\t\t\t\t\t\t\t<p>19:00h Charla<strong> \u201cAlemania como destino tur\u00edstico\u201d <\/strong>por Ulrike Bohnet directora \u00a0de la Oficina Nacional Alemana de Turismo en Madrid,<\/p><p><strong>Lugar: Sal\u00f3n de actos Civivox Iturrama, calle Esquiroz 24.<\/strong><\/p>\t\t\t\t\t\t<\/div>\n\t\t\t\t<\/div>\n\t\t\t\t\t<\/div>\n\t\t<\/div>\n\t\t\t\t\t\t\t<\/div>\n\t\t<\/section>\n\t\t\t\t<section class=\"elementor-section elementor-top-section elementor-element elementor-element-4f03085c elementor-reverse-mobile elementor-section-boxed elementor-section-height-default elementor-section-height-default\" data-id=\"4f03085c\" data-element_type=\"section\">\n\t\t\t\t\t\t<div class=\"elementor-container elementor-column-gap-no\">\n\t\t\t\t\t<div class=\"elementor-column elementor-col-50 elementor-top-column elementor-element elementor-element-716a6046\" data-id=\"716a6046\" data-element_type=\"column\">\n\t\t\t<div class=\"elementor-widget-wrap elementor-element-populated\">\n\t\t\t\t\t\t\t\t<div class=\"elementor-element elementor-element-6b25fac elementor-widget elementor-widget-heading\" data-id=\"6b25fac\" data-element_type=\"widget\" data-widget_type=\"heading.default\">\n\t\t\t\t<div class=\"elementor-widget-container\">\n\t\t\t<h2 class=\"elementor-heading-title elementor-size-default\">Jueves, 24 de octubre<\/h2>\t\t<\/div>\n\t\t\t\t<\/div>\n\t\t\t\t<div class=\"elementor-element elementor-element-627981e5 elementor-widget elementor-widget-text-editor\" data-id=\"627981e5\" data-element_type=\"widget\" data-widget_type=\"text-editor.default\">\n\t\t\t\t<div class=\"elementor-widget-container\">\n\t\t\t\t\t\t\t<p>20:00h. <strong>Stammtisch especial<\/strong> XXXII Semana Cultural. Encuentro para hablar alem\u00e1n en un ambiente distendido.<\/p><p><strong>Lugar: Bar restaurante Bal\u00fa<\/strong><\/p>\t\t\t\t\t\t<\/div>\n\t\t\t\t<\/div>\n\t\t\t\t<div class=\"elementor-element elementor-element-5f56aaf6 elementor-widget elementor-widget-button\" data-id=\"5f56aaf6\" data-element_type=\"widget\" data-widget_type=\"button.default\">\n\t\t\t\t<div class=\"elementor-widget-container\">\n\t\t\t\t\t<div class=\"elementor-button-wrapper\">\n\t\t\t<a class=\"elementor-button elementor-button-link elementor-size-sm\" href=\"https:\/\/docs.google.com\/forms\/d\/1ilQ6JCN0P9rfiVEUgXI2I5iUvfUh2k27vYjZG9kkFJw\/edit\" target=\"_blank\">\n\t\t\t\t\t\t<span class=\"elementor-button-content-wrapper\">\n\t\t\t\t\t\t<span class=\"elementor-button-text\">Anmeldung<\/span>\n\t\t<\/span>\n\t\t\t\t\t<\/a>\n\t\t<\/div>\n\t\t\t\t<\/div>\n\t\t\t\t<\/div>\n\t\t\t\t\t<\/div>\n\t\t<\/div>\n\t\t\t\t<div class=\"elementor-column elementor-col-50 elementor-top-column elementor-element elementor-element-40687dea\" data-id=\"40687dea\" data-element_type=\"column\">\n\t\t\t<div class=\"elementor-widget-wrap elementor-element-populated\">\n\t\t\t\t\t\t\t\t<div class=\"elementor-element elementor-element-408459c6 elementor-widget elementor-widget-image\" data-id=\"408459c6\" data-element_type=\"widget\" data-widget_type=\"image.default\">\n\t\t\t\t<div class=\"elementor-widget-container\">\n\t\t\t\t\t\t\t\t\t\t\t\t\t\t\t<img loading=\"lazy\" decoding=\"async\" width=\"1024\" height=\"1024\" src=\"https:\/\/sociedadhispanoalemana.com\/wp-content\/uploads\/2022\/10\/undine-1024x1024.jpg\" class=\"attachment-large size-large wp-image-3677\" alt=\"\" srcset=\"https:\/\/sociedadhispanoalemana.com\/wp-content\/uploads\/2022\/10\/undine-1024x1024.jpg 1024w, https:\/\/sociedadhispanoalemana.com\/wp-content\/uploads\/2022\/10\/undine-300x300.jpg 300w, https:\/\/sociedadhispanoalemana.com\/wp-content\/uploads\/2022\/10\/undine-150x150.jpg 150w, https:\/\/sociedadhispanoalemana.com\/wp-content\/uploads\/2022\/10\/undine-768x768.jpg 768w, https:\/\/sociedadhispanoalemana.com\/wp-content\/uploads\/2022\/10\/undine-12x12.jpg 12w, https:\/\/sociedadhispanoalemana.com\/wp-content\/uploads\/2022\/10\/undine.jpg 1080w\" sizes=\"auto, (max-width: 1024px) 100vw, 1024px\" \/>\t\t\t\t\t\t\t\t\t\t\t\t\t\t\t<\/div>\n\t\t\t\t<\/div>\n\t\t\t\t\t<\/div>\n\t\t<\/div>\n\t\t\t\t\t\t\t<\/div>\n\t\t<\/section>\n\t\t\t\t<section class=\"elementor-section elementor-top-section elementor-element elementor-element-30dc96d4 elementor-section-boxed elementor-section-height-default elementor-section-height-default\" data-id=\"30dc96d4\" data-element_type=\"section\">\n\t\t\t\t\t\t<div class=\"elementor-container elementor-column-gap-no\">\n\t\t\t\t\t<div class=\"elementor-column elementor-col-50 elementor-top-column elementor-element elementor-element-3d20a078\" data-id=\"3d20a078\" data-element_type=\"column\">\n\t\t\t<div class=\"elementor-widget-wrap elementor-element-populated\">\n\t\t\t\t\t\t\t\t<div class=\"elementor-element elementor-element-6db55af0 elementor-widget elementor-widget-image\" data-id=\"6db55af0\" data-element_type=\"widget\" data-widget_type=\"image.default\">\n\t\t\t\t<div class=\"elementor-widget-container\">\n\t\t\t\t\t\t\t\t\t\t\t\t\t\t\t<img loading=\"lazy\" decoding=\"async\" width=\"1024\" height=\"760\" src=\"https:\/\/sociedadhispanoalemana.com\/wp-content\/uploads\/2022\/09\/undine-12-e1728038916575-1024x760.png\" class=\"attachment-large size-large wp-image-3556\" alt=\"\" srcset=\"https:\/\/sociedadhispanoalemana.com\/wp-content\/uploads\/2022\/09\/undine-12-e1728038916575-1024x760.png 1024w, https:\/\/sociedadhispanoalemana.com\/wp-content\/uploads\/2022\/09\/undine-12-e1728038916575-300x223.png 300w, https:\/\/sociedadhispanoalemana.com\/wp-content\/uploads\/2022\/09\/undine-12-e1728038916575-768x570.png 768w, https:\/\/sociedadhispanoalemana.com\/wp-content\/uploads\/2022\/09\/undine-12-e1728038916575-16x12.png 16w, https:\/\/sociedadhispanoalemana.com\/wp-content\/uploads\/2022\/09\/undine-12-e1728038916575.png 1080w\" sizes=\"auto, (max-width: 1024px) 100vw, 1024px\" \/>\t\t\t\t\t\t\t\t\t\t\t\t\t\t\t<\/div>\n\t\t\t\t<\/div>\n\t\t\t\t\t<\/div>\n\t\t<\/div>\n\t\t\t\t<div class=\"elementor-column elementor-col-50 elementor-top-column elementor-element elementor-element-249afaba\" data-id=\"249afaba\" data-element_type=\"column\">\n\t\t\t<div class=\"elementor-widget-wrap elementor-element-populated\">\n\t\t\t\t\t\t\t\t<div class=\"elementor-element elementor-element-1c6f6f11 elementor-widget elementor-widget-heading\" data-id=\"1c6f6f11\" data-element_type=\"widget\" data-widget_type=\"heading.default\">\n\t\t\t\t<div class=\"elementor-widget-container\">\n\t\t\t<h2 class=\"elementor-heading-title elementor-size-default\">Viernes, 25 de octubre<\/h2>\t\t<\/div>\n\t\t\t\t<\/div>\n\t\t\t\t<div class=\"elementor-element elementor-element-b09af81 elementor-widget elementor-widget-text-editor\" data-id=\"b09af81\" data-element_type=\"widget\" data-widget_type=\"text-editor.default\">\n\t\t\t\t<div class=\"elementor-widget-container\">\n\t\t\t\t\t\t\t<p>18.00h \u2013 23:00h \u00a0<strong>Fiesta de Octubre \u2013 Oktoberfest<\/strong> en la antigua Estaci\u00f3n de Autobuses de Pamplona.<\/p><p>M\u00fasica en directo con Willy Folk. Cerveza Paulaner y productos t\u00edpicos de la gastronom\u00eda alemana.<\/p><p>T\u00f3mbola organizada con el patrocinio de Reyno Gourmet, Bodegas Vega del Castillo y Sendaviva, entre otros.\u00a0<\/p><p>Socios: 2 cervezas gratis.\u00a0<\/p><p>Vasos reutilizables a 1 \u20ac.<\/p>\t\t\t\t\t\t<\/div>\n\t\t\t\t<\/div>\n\t\t\t\t<div class=\"elementor-element elementor-element-65b69a22 elementor-widget elementor-widget-button\" data-id=\"65b69a22\" data-element_type=\"widget\" data-widget_type=\"button.default\">\n\t\t\t\t<div class=\"elementor-widget-container\">\n\t\t\t\t\t<div class=\"elementor-button-wrapper\">\n\t\t\t<a class=\"elementor-button elementor-button-link elementor-size-sm\" href=\"https:\/\/forms.gle\/oEza6gg95F4BgxLZ6\" target=\"_blank\">\n\t\t\t\t\t\t<span class=\"elementor-button-content-wrapper\">\n\t\t\t\t\t\t<span class=\"elementor-button-text\">Eintritt Frei<\/span>\n\t\t<\/span>\n\t\t\t\t\t<\/a>\n\t\t<\/div>\n\t\t\t\t<\/div>\n\t\t\t\t<\/div>\n\t\t\t\t\t<\/div>\n\t\t<\/div>\n\t\t\t\t\t\t\t<\/div>\n\t\t<\/section>\n\t\t\t\t<section class=\"elementor-section elementor-top-section elementor-element elementor-element-266310dc elementor-reverse-mobile elementor-section-boxed elementor-section-height-default elementor-section-height-default\" data-id=\"266310dc\" data-element_type=\"section\">\n\t\t\t\t\t\t<div class=\"elementor-container elementor-column-gap-no\">\n\t\t\t\t\t<div class=\"elementor-column elementor-col-50 elementor-top-column elementor-element elementor-element-736d5f6\" data-id=\"736d5f6\" data-element_type=\"column\">\n\t\t\t<div class=\"elementor-widget-wrap elementor-element-populated\">\n\t\t\t\t\t\t\t\t<div class=\"elementor-element elementor-element-7ebae7bb elementor-widget elementor-widget-heading\" data-id=\"7ebae7bb\" data-element_type=\"widget\" data-widget_type=\"heading.default\">\n\t\t\t\t<div class=\"elementor-widget-container\">\n\t\t\t<h2 class=\"elementor-heading-title elementor-size-default\">S\u00e1bado, 26 de octubre <\/h2>\t\t<\/div>\n\t\t\t\t<\/div>\n\t\t\t\t<div class=\"elementor-element elementor-element-595e1be1 elementor-widget elementor-widget-text-editor\" data-id=\"595e1be1\" data-element_type=\"widget\" data-widget_type=\"text-editor.default\">\n\t\t\t\t<div class=\"elementor-widget-container\">\n\t\t\t\t\t\t\t<p>11:30 &#8211; 13:30h. <strong>Fiesta de Octubre \u2013 Txiki Oktoberfest<\/strong> en la antigua Estaci\u00f3n de Autobuses de Pamplona. Talleres, m\u00fasica y actuaciones dirigidas al <strong>p\u00fablico familiar<\/strong><\/p><p>Cerveza Paulaner y productos t\u00edpicos de la gastronom\u00eda alemana.<\/p><p><em>T\u00f3mbola organizada con el patrocinio de Reyno Gourmet, Bodegas Vega del Castillo y Sendaviva, entre otros.<\/em><\/p>\t\t\t\t\t\t<\/div>\n\t\t\t\t<\/div>\n\t\t\t\t<div class=\"elementor-element elementor-element-6d2d94ac elementor-widget elementor-widget-button\" data-id=\"6d2d94ac\" data-element_type=\"widget\" data-widget_type=\"button.default\">\n\t\t\t\t<div class=\"elementor-widget-container\">\n\t\t\t\t\t<div class=\"elementor-button-wrapper\">\n\t\t\t<a class=\"elementor-button elementor-button-link elementor-size-sm\" href=\"https:\/\/docs.google.com\/forms\/d\/1ilQ6JCN0P9rfiVEUgXI2I5iUvfUh2k27vYjZG9kkFJw\/edit\" target=\"_blank\">\n\t\t\t\t\t\t<span class=\"elementor-button-content-wrapper\">\n\t\t\t\t\t\t<span class=\"elementor-button-text\">Anmeldung <\/span>\n\t\t<\/span>\n\t\t\t\t\t<\/a>\n\t\t<\/div>\n\t\t\t\t<\/div>\n\t\t\t\t<\/div>\n\t\t\t\t\t<\/div>\n\t\t<\/div>\n\t\t\t\t<div class=\"elementor-column elementor-col-50 elementor-top-column elementor-element elementor-element-27064e80\" data-id=\"27064e80\" data-element_type=\"column\">\n\t\t\t<div class=\"elementor-widget-wrap elementor-element-populated\">\n\t\t\t\t\t\t\t\t<div class=\"elementor-element elementor-element-3aeb5470 elementor-widget elementor-widget-image\" data-id=\"3aeb5470\" data-element_type=\"widget\" data-widget_type=\"image.default\">\n\t\t\t\t<div class=\"elementor-widget-container\">\n\t\t\t\t\t\t\t\t\t\t\t\t\t\t\t<img loading=\"lazy\" decoding=\"async\" width=\"1024\" height=\"697\" src=\"https:\/\/sociedadhispanoalemana.com\/wp-content\/uploads\/2024\/10\/gingerbread-heart-oktoberfest-folk-festival-3717089-1024x697.jpg\" class=\"attachment-large size-large wp-image-4226\" alt=\"gingerbread heart, oktoberfest, folk festival-3717089.jpg\" srcset=\"https:\/\/sociedadhispanoalemana.com\/wp-content\/uploads\/2024\/10\/gingerbread-heart-oktoberfest-folk-festival-3717089-1024x697.jpg 1024w, https:\/\/sociedadhispanoalemana.com\/wp-content\/uploads\/2024\/10\/gingerbread-heart-oktoberfest-folk-festival-3717089-300x204.jpg 300w, https:\/\/sociedadhispanoalemana.com\/wp-content\/uploads\/2024\/10\/gingerbread-heart-oktoberfest-folk-festival-3717089-768x523.jpg 768w, https:\/\/sociedadhispanoalemana.com\/wp-content\/uploads\/2024\/10\/gingerbread-heart-oktoberfest-folk-festival-3717089-18x12.jpg 18w, https:\/\/sociedadhispanoalemana.com\/wp-content\/uploads\/2024\/10\/gingerbread-heart-oktoberfest-folk-festival-3717089.jpg 1280w\" sizes=\"auto, (max-width: 1024px) 100vw, 1024px\" \/>\t\t\t\t\t\t\t\t\t\t\t\t\t\t\t<\/div>\n\t\t\t\t<\/div>\n\t\t\t\t\t<\/div>\n\t\t<\/div>\n\t\t\t\t\t\t\t<\/div>\n\t\t<\/section>\n\t\t\t\t<section class=\"elementor-section elementor-top-section elementor-element elementor-element-852f776 elementor-section-boxed elementor-section-height-default elementor-section-height-default\" data-id=\"852f776\" data-element_type=\"section\">\n\t\t\t\t\t\t<div class=\"elementor-container elementor-column-gap-no\">\n\t\t\t\t\t<div class=\"elementor-column elementor-col-50 elementor-top-column elementor-element elementor-element-2a540a9\" data-id=\"2a540a9\" data-element_type=\"column\">\n\t\t\t<div class=\"elementor-widget-wrap elementor-element-populated\">\n\t\t\t\t\t\t\t\t<div class=\"elementor-element elementor-element-2d247f0 elementor-widget elementor-widget-image\" data-id=\"2d247f0\" data-element_type=\"widget\" data-widget_type=\"image.default\">\n\t\t\t\t<div class=\"elementor-widget-container\">\n\t\t\t\t\t\t\t\t\t\t\t\t\t\t\t<img loading=\"lazy\" decoding=\"async\" width=\"300\" height=\"200\" src=\"https:\/\/sociedadhispanoalemana.com\/wp-content\/uploads\/2024\/10\/table-restaurant-nature-6657853-300x200.jpg\" class=\"attachment-medium size-medium wp-image-4231\" alt=\"table, restaurant, nature-6657853.jpg\" srcset=\"https:\/\/sociedadhispanoalemana.com\/wp-content\/uploads\/2024\/10\/table-restaurant-nature-6657853-300x200.jpg 300w, https:\/\/sociedadhispanoalemana.com\/wp-content\/uploads\/2024\/10\/table-restaurant-nature-6657853-1024x683.jpg 1024w, https:\/\/sociedadhispanoalemana.com\/wp-content\/uploads\/2024\/10\/table-restaurant-nature-6657853-768x512.jpg 768w, https:\/\/sociedadhispanoalemana.com\/wp-content\/uploads\/2024\/10\/table-restaurant-nature-6657853-18x12.jpg 18w, https:\/\/sociedadhispanoalemana.com\/wp-content\/uploads\/2024\/10\/table-restaurant-nature-6657853-e1728039978738.jpg 120w\" sizes=\"auto, (max-width: 300px) 100vw, 300px\" \/>\t\t\t\t\t\t\t\t\t\t\t\t\t\t\t<\/div>\n\t\t\t\t<\/div>\n\t\t\t\t\t<\/div>\n\t\t<\/div>\n\t\t\t\t<div class=\"elementor-column elementor-col-50 elementor-top-column elementor-element elementor-element-6e33aad\" data-id=\"6e33aad\" data-element_type=\"column\">\n\t\t\t<div class=\"elementor-widget-wrap elementor-element-populated\">\n\t\t\t\t\t\t\t\t<div class=\"elementor-element elementor-element-d9c9193 elementor-widget elementor-widget-heading\" data-id=\"d9c9193\" data-element_type=\"widget\" data-widget_type=\"heading.default\">\n\t\t\t\t<div class=\"elementor-widget-container\">\n\t\t\t<h2 class=\"elementor-heading-title elementor-size-default\">S\u00e1bado 26 de octubre<\/h2>\t\t<\/div>\n\t\t\t\t<\/div>\n\t\t\t\t<div class=\"elementor-element elementor-element-741f718 elementor-widget elementor-widget-text-editor\" data-id=\"741f718\" data-element_type=\"widget\" data-widget_type=\"text-editor.default\">\n\t\t\t\t<div class=\"elementor-widget-container\">\n\t\t\t\t\t\t\t<p><em>14:30h. Comida de hermandad en el Caf\u00e9 Iru\u00f1a. Precio: 26\u20ac, necesaria inscripci\u00f3n previa.<\/em><\/p>\t\t\t\t\t\t<\/div>\n\t\t\t\t<\/div>\n\t\t\t\t<div class=\"elementor-element elementor-element-50584d9 elementor-widget elementor-widget-button\" data-id=\"50584d9\" data-element_type=\"widget\" data-widget_type=\"button.default\">\n\t\t\t\t<div class=\"elementor-widget-container\">\n\t\t\t\t\t<div class=\"elementor-button-wrapper\">\n\t\t\t<a class=\"elementor-button elementor-button-link elementor-size-sm\" href=\"https:\/\/docs.google.com\/forms\/d\/1ilQ6JCN0P9rfiVEUgXI2I5iUvfUh2k27vYjZG9kkFJw\/edit\">\n\t\t\t\t\t\t<span class=\"elementor-button-content-wrapper\">\n\t\t\t\t\t\t<span class=\"elementor-button-text\">Anmeldung<\/span>\n\t\t<\/span>\n\t\t\t\t\t<\/a>\n\t\t<\/div>\n\t\t\t\t<\/div>\n\t\t\t\t<\/div>\n\t\t\t\t\t<\/div>\n\t\t<\/div>\n\t\t\t\t\t\t\t<\/div>\n\t\t<\/section>\n\t\t\t\t<section class=\"elementor-section elementor-top-section elementor-element elementor-element-7298934 elementor-reverse-mobile elementor-section-boxed elementor-section-height-default elementor-section-height-default\" data-id=\"7298934\" data-element_type=\"section\">\n\t\t\t\t\t\t<div class=\"elementor-container elementor-column-gap-no\">\n\t\t\t\t\t<div class=\"elementor-column elementor-col-50 elementor-top-column elementor-element elementor-element-e5e789c\" data-id=\"e5e789c\" data-element_type=\"column\">\n\t\t\t<div class=\"elementor-widget-wrap elementor-element-populated\">\n\t\t\t\t\t\t\t\t<div class=\"elementor-element elementor-element-58d2859 elementor-widget elementor-widget-heading\" data-id=\"58d2859\" data-element_type=\"widget\" data-widget_type=\"heading.default\">\n\t\t\t\t<div class=\"elementor-widget-container\">\n\t\t\t<h2 class=\"elementor-heading-title elementor-size-default\">Jueves, 31 de octubre <\/h2>\t\t<\/div>\n\t\t\t\t<\/div>\n\t\t\t\t<div class=\"elementor-element elementor-element-ab2d142 elementor-widget elementor-widget-text-editor\" data-id=\"ab2d142\" data-element_type=\"widget\" data-widget_type=\"text-editor.default\">\n\t\t\t\t<div class=\"elementor-widget-container\">\n\t\t\t\t\t\t\t<p><em>19:30h. Concierto de clausura de las XXXII Jornadas Culturales con el <strong>Coro Monteverdi<\/strong> de Hamburgo. En colaboraci\u00f3n con la Fundaci\u00f3n Goethe <\/em><\/p><p><em>Lugar: Iglesia de San Saturnino. Entrada libre hasta completar aforo.<\/em><\/p>\t\t\t\t\t\t<\/div>\n\t\t\t\t<\/div>\n\t\t\t\t<div class=\"elementor-element elementor-element-6e620ce elementor-widget elementor-widget-button\" data-id=\"6e620ce\" data-element_type=\"widget\" data-widget_type=\"button.default\">\n\t\t\t\t<div class=\"elementor-widget-container\">\n\t\t\t\t\t<div class=\"elementor-button-wrapper\">\n\t\t\t<a class=\"elementor-button elementor-button-link elementor-size-sm\" href=\"https:\/\/docs.google.com\/forms\/d\/1ilQ6JCN0P9rfiVEUgXI2I5iUvfUh2k27vYjZG9kkFJw\/edit\">\n\t\t\t\t\t\t<span class=\"elementor-button-content-wrapper\">\n\t\t\t\t\t\t<span class=\"elementor-button-text\">Anmeldung<\/span>\n\t\t<\/span>\n\t\t\t\t\t<\/a>\n\t\t<\/div>\n\t\t\t\t<\/div>\n\t\t\t\t<\/div>\n\t\t\t\t\t<\/div>\n\t\t<\/div>\n\t\t\t\t<div class=\"elementor-column elementor-col-50 elementor-top-column elementor-element elementor-element-7d05b55\" data-id=\"7d05b55\" data-element_type=\"column\">\n\t\t\t<div class=\"elementor-widget-wrap elementor-element-populated\">\n\t\t\t\t\t\t\t\t<div class=\"elementor-element elementor-element-c22dbf8 elementor-widget elementor-widget-image\" data-id=\"c22dbf8\" data-element_type=\"widget\" data-widget_type=\"image.default\">\n\t\t\t\t<div class=\"elementor-widget-container\">\n\t\t\t\t\t\t\t\t\t\t\t\t\t\t\t<img loading=\"lazy\" decoding=\"async\" width=\"1024\" height=\"501\" src=\"https:\/\/sociedadhispanoalemana.com\/wp-content\/uploads\/2024\/10\/monteverdi-1024x501.jpg\" class=\"attachment-large size-large wp-image-4240\" alt=\"\" srcset=\"https:\/\/sociedadhispanoalemana.com\/wp-content\/uploads\/2024\/10\/monteverdi-1024x501.jpg 1024w, https:\/\/sociedadhispanoalemana.com\/wp-content\/uploads\/2024\/10\/monteverdi-300x147.jpg 300w, https:\/\/sociedadhispanoalemana.com\/wp-content\/uploads\/2024\/10\/monteverdi-768x376.jpg 768w, https:\/\/sociedadhispanoalemana.com\/wp-content\/uploads\/2024\/10\/monteverdi-18x9.jpg 18w, https:\/\/sociedadhispanoalemana.com\/wp-content\/uploads\/2024\/10\/monteverdi.jpg 1420w\" sizes=\"auto, (max-width: 1024px) 100vw, 1024px\" \/>\t\t\t\t\t\t\t\t\t\t\t\t\t\t\t<\/div>\n\t\t\t\t<\/div>\n\t\t\t\t\t<\/div>\n\t\t<\/div>\n\t\t\t\t\t\t\t<\/div>\n\t\t<\/section>\n\t\t\t\t<section class=\"elementor-section elementor-top-section elementor-element elementor-element-135b8746 elementor-section-boxed elementor-section-height-default elementor-section-height-default\" data-id=\"135b8746\" data-element_type=\"section\">\n\t\t\t\t\t\t<div class=\"elementor-container elementor-column-gap-default\">\n\t\t\t\t\t<div class=\"elementor-column elementor-col-100 elementor-top-column elementor-element elementor-element-527a2caa\" data-id=\"527a2caa\" data-element_type=\"column\">\n\t\t\t<div class=\"elementor-widget-wrap elementor-element-populated\">\n\t\t\t\t\t\t\t\t<div class=\"elementor-element elementor-element-4d0dd4c3 elementor-widget elementor-widget-heading\" data-id=\"4d0dd4c3\" data-element_type=\"widget\" data-widget_type=\"heading.default\">\n\t\t\t\t<div class=\"elementor-widget-container\">\n\t\t\t<h2 class=\"elementor-heading-title elementor-size-default\">In Zusammenarbeit mit:<\/h2>\t\t<\/div>\n\t\t\t\t<\/div>\n\t\t\t\t\t<\/div>\n\t\t<\/div>\n\t\t\t\t\t\t\t<\/div>\n\t\t<\/section>\n\t\t\t\t<section class=\"elementor-section elementor-top-section elementor-element elementor-element-6e4f5e71 elementor-section-boxed elementor-section-height-default elementor-section-height-default\" data-id=\"6e4f5e71\" data-element_type=\"section\">\n\t\t\t\t\t\t<div class=\"elementor-container elementor-column-gap-default\">\n\t\t\t\t\t<div class=\"elementor-column elementor-col-16 elementor-top-column elementor-element elementor-element-14aacce2\" data-id=\"14aacce2\" data-element_type=\"column\">\n\t\t\t<div class=\"elementor-widget-wrap elementor-element-populated\">\n\t\t\t\t\t\t\t\t\t<\/div>\n\t\t<\/div>\n\t\t\t\t<div class=\"elementor-column elementor-col-66 elementor-top-column elementor-element elementor-element-1906d9a6\" data-id=\"1906d9a6\" data-element_type=\"column\">\n\t\t\t<div class=\"elementor-widget-wrap elementor-element-populated\">\n\t\t\t\t\t\t\t\t<div class=\"elementor-element elementor-element-720f837e elementor-widget elementor-widget-image\" data-id=\"720f837e\" data-element_type=\"widget\" data-widget_type=\"image.default\">\n\t\t\t\t<div class=\"elementor-widget-container\">\n\t\t\t\t\t\t\t\t\t\t\t\t\t\t\t<img loading=\"lazy\" decoding=\"async\" width=\"761\" height=\"654\" src=\"https:\/\/sociedadhispanoalemana.com\/wp-content\/uploads\/2022\/09\/logos.png\" class=\"attachment-large size-large wp-image-3604\" alt=\"\" srcset=\"https:\/\/sociedadhispanoalemana.com\/wp-content\/uploads\/2022\/09\/logos.png 761w, https:\/\/sociedadhispanoalemana.com\/wp-content\/uploads\/2022\/09\/logos-300x258.png 300w, https:\/\/sociedadhispanoalemana.com\/wp-content\/uploads\/2022\/09\/logos-14x12.png 14w\" sizes=\"auto, (max-width: 761px) 100vw, 761px\" \/>\t\t\t\t\t\t\t\t\t\t\t\t\t\t\t<\/div>\n\t\t\t\t<\/div>\n\t\t\t\t\t<\/div>\n\t\t<\/div>\n\t\t\t\t<div class=\"elementor-column elementor-col-16 elementor-top-column elementor-element elementor-element-3f92065c\" data-id=\"3f92065c\" data-element_type=\"column\">\n\t\t\t<div class=\"elementor-widget-wrap\">\n\t\t\t\t\t\t\t\t\t<\/div>\n\t\t<\/div>\n\t\t\t\t\t\t\t<\/div>\n\t\t<\/section>\n\t\t\t\t\t\t\t<\/div>","protected":false},"excerpt":{"rendered":"<p>XXXII.Jornadas Culturales Hispano Alemanas Programa Jornadas culturales 2024 Viernes, 18 de Octubre 19:30 h. Acto inaugural XXXII Jornadas Cultruales \u00a0a cargo de la\u00a0de la embajadora alemana en Madrid, D\u00f1a. Margarete [&hellip;]<\/p>","protected":false},"author":1,"featured_media":0,"parent":0,"menu_order":0,"comment_status":"closed","ping_status":"closed","template":"","meta":{"_seopress_robots_primary_cat":"","site-sidebar-layout":"no-sidebar","site-content-layout":"page-builder","ast-site-content-layout":"full-width-container","site-content-style":"default","site-sidebar-style":"default","ast-global-header-display":"","ast-banner-title-visibility":"","ast-main-header-display":"","ast-hfb-above-header-display":"","ast-hfb-below-header-display":"","ast-hfb-mobile-header-display":"","site-post-title":"disabled","ast-breadcrumbs-content":"","ast-featured-img":"disabled","footer-sml-layout":"","theme-transparent-header-meta":"","adv-header-id-meta":"","stick-header-meta":"","header-above-stick-meta":"","header-main-stick-meta":"","header-below-stick-meta":"","astra-migrate-meta-layouts":"set","ast-page-background-enabled":"default","ast-page-background-meta":{"desktop":{"background-color":"","background-image":"","background-repeat":"repeat","background-position":"center center","background-size":"auto","background-attachment":"scroll","background-type":"","background-media":"","overlay-type":"","overlay-color":"","overlay-opacity":"","overlay-gradient":""},"tablet":{"background-color":"","background-image":"","background-repeat":"repeat","background-position":"center center","background-size":"auto","background-attachment":"scroll","background-type":"","background-media":"","overlay-type":"","overlay-color":"","overlay-opacity":"","overlay-gradient":""},"mobile":{"background-color":"","background-image":"","background-repeat":"repeat","background-position":"center center","background-size":"auto","background-attachment":"scroll","background-type":"","background-media":"","overlay-type":"","overlay-color":"","overlay-opacity":"","overlay-gradient":""}},"ast-content-background-meta":{"desktop":{"background-color":"var(--ast-global-color-5)","background-image":"","background-repeat":"repeat","background-position":"center center","background-size":"auto","background-attachment":"scroll","background-type":"","background-media":"","overlay-type":"","overlay-color":"","overlay-opacity":"","overlay-gradient":""},"tablet":{"background-color":"var(--ast-global-color-5)","background-image":"","background-repeat":"repeat","background-position":"center center","background-size":"auto","background-attachment":"scroll","background-type":"","background-media":"","overlay-type":"","overlay-color":"","overlay-opacity":"","overlay-gradient":""},"mobile":{"background-color":"var(--ast-global-color-5)","background-image":"","background-repeat":"repeat","background-position":"center center","background-size":"auto","background-attachment":"scroll","background-type":"","background-media":"","overlay-type":"","overlay-color":"","overlay-opacity":"","overlay-gradient":""}},"footnotes":""},"class_list":["post-4211","page","type-page","status-publish","hentry"],"jetpack_sharing_enabled":true,"_links":{"self":[{"href":"https:\/\/sociedadhispanoalemana.com\/de\/wp-json\/wp\/v2\/pages\/4211","targetHints":{"allow":["GET"]}}],"collection":[{"href":"https:\/\/sociedadhispanoalemana.com\/de\/wp-json\/wp\/v2\/pages"}],"about":[{"href":"https:\/\/sociedadhispanoalemana.com\/de\/wp-json\/wp\/v2\/types\/page"}],"author":[{"embeddable":true,"href":"https:\/\/sociedadhispanoalemana.com\/de\/wp-json\/wp\/v2\/users\/1"}],"replies":[{"embeddable":true,"href":"https:\/\/sociedadhispanoalemana.com\/de\/wp-json\/wp\/v2\/comments?post=4211"}],"version-history":[{"count":34,"href":"https:\/\/sociedadhispanoalemana.com\/de\/wp-json\/wp\/v2\/pages\/4211\/revisions"}],"predecessor-version":[{"id":4508,"href":"https:\/\/sociedadhispanoalemana.com\/de\/wp-json\/wp\/v2\/pages\/4211\/revisions\/4508"}],"wp:attachment":[{"href":"https:\/\/sociedadhispanoalemana.com\/de\/wp-json\/wp\/v2\/media?parent=4211"}],"curies":[{"name":"wp","href":"https:\/\/api.w.org\/{rel}","templated":true}]}}