{"id":4744,"date":"2025-04-05T09:08:56","date_gmt":"2025-04-05T09:08:56","guid":{"rendered":"https:\/\/sociedadhispanoalemana.com\/?page_id=4744"},"modified":"2025-04-05T09:44:32","modified_gmt":"2025-04-05T09:44:32","slug":"nuestra-historia","status":"publish","type":"page","link":"https:\/\/sociedadhispanoalemana.com\/de\/nuestra-historia","title":{"rendered":"Unsere Geschichte"},"content":{"rendered":"<div data-elementor-type=\"wp-page\" data-elementor-id=\"4744\" class=\"elementor elementor-4744\" data-elementor-post-type=\"page\">\n\t\t\t\t\t\t\t\t\t<section class=\"elementor-section elementor-top-section elementor-element elementor-element-119abd9 elementor-section-boxed elementor-section-height-default elementor-section-height-default\" data-id=\"119abd9\" data-element_type=\"section\">\n\t\t\t\t\t\t<div class=\"elementor-container elementor-column-gap-default\">\n\t\t\t\t\t<div class=\"elementor-column elementor-col-100 elementor-top-column elementor-element elementor-element-2b7888a\" data-id=\"2b7888a\" data-element_type=\"column\">\n\t\t\t<div class=\"elementor-widget-wrap elementor-element-populated\">\n\t\t\t\t\t\t\t\t<div class=\"elementor-element elementor-element-5f22462 elementor-widget elementor-widget-heading\" data-id=\"5f22462\" data-element_type=\"widget\" data-widget_type=\"heading.default\">\n\t\t\t\t<div class=\"elementor-widget-container\">\n\t\t\t<h2 class=\"elementor-heading-title elementor-size-default\"><b>Urspr\u00fcnge ...<\/b><\/h2>\t\t<\/div>\n\t\t\t\t<\/div>\n\t\t\t\t\t<\/div>\n\t\t<\/div>\n\t\t\t\t\t\t\t<\/div>\n\t\t<\/section>\n\t\t\t\t<section class=\"elementor-section elementor-top-section elementor-element elementor-element-0036b8f elementor-section-boxed elementor-section-height-default elementor-section-height-default\" data-id=\"0036b8f\" data-element_type=\"section\">\n\t\t\t\t\t\t<div class=\"elementor-container elementor-column-gap-default\">\n\t\t\t\t\t<div class=\"elementor-column elementor-col-100 elementor-top-column elementor-element elementor-element-23582c2\" data-id=\"23582c2\" data-element_type=\"column\">\n\t\t\t<div class=\"elementor-widget-wrap elementor-element-populated\">\n\t\t\t\t\t\t\t\t<div class=\"elementor-element elementor-element-390c6c9 elementor-widget elementor-widget-text-editor\" data-id=\"390c6c9\" data-element_type=\"widget\" data-widget_type=\"text-editor.default\">\n\t\t\t\t<div class=\"elementor-widget-container\">\n\t\t\t\t\t\t\t<section class=\"elementor-section elementor-top-section elementor-element elementor-element-b12c13a elementor-section-boxed elementor-section-height-default elementor-section-height-default\" data-id=\"b12c13a\" data-element_type=\"section\" data-settings=\"{&quot;background_background&quot;:&quot;gradient&quot;,&quot;shape_divider_top&quot;:&quot;mountains&quot;}\">\n<div class=\"elementor-container elementor-column-gap-default\">\n<div class=\"elementor-column elementor-col-100 elementor-top-column elementor-element elementor-element-5556db4\" data-id=\"5556db4\" data-element_type=\"column\">\n<div class=\"elementor-widget-wrap elementor-element-populated\">\n<div class=\"elementor-element elementor-element-475fab4 elementor-widget elementor-widget-text-editor\" data-id=\"475fab4\" data-element_type=\"widget\" data-widget_type=\"text-editor.default\">\n<div class=\"elementor-widget-container\">\n<p><b>Pamplona y Paderborn<\/b>&nbsp;unterzeichneten einen Vertrag&nbsp;<strong>der Freundschaft und Zusammenarbeit am 6 Dezember 1992<\/strong>&nbsp;mit dem Ziel ihre B\u00fcrger und Institutionen&nbsp;<strong>in kulturellen, sozialen, \u00f6konomischen und sportlichen Fragen n\u00e4her zusammenzur\u00fccken<\/strong>und Projekte zum Wohle ihrer Bev\u00f6lkerung zu f\u00f6rdern.<\/p><\/div><\/div><\/div><\/div><\/div><\/section>\t\t\t\t\t\t<\/div>\n\t\t\t\t<\/div>\n\t\t\t\t\t<\/div>\n\t\t<\/div>\n\t\t\t\t\t\t\t<\/div>\n\t\t<\/section>\n\t\t\t\t<section class=\"elementor-section elementor-top-section elementor-element elementor-element-b0f6997 elementor-section-boxed elementor-section-height-default elementor-section-height-default\" data-id=\"b0f6997\" data-element_type=\"section\">\n\t\t\t\t\t\t<div class=\"elementor-container elementor-column-gap-default\">\n\t\t\t\t\t<div class=\"elementor-column elementor-col-33 elementor-top-column elementor-element elementor-element-133f836\" data-id=\"133f836\" data-element_type=\"column\">\n\t\t\t<div class=\"elementor-widget-wrap elementor-element-populated\">\n\t\t\t\t\t\t\t\t<div class=\"elementor-element elementor-element-65f6295 elementor-widget elementor-widget-image\" data-id=\"65f6295\" data-element_type=\"widget\" data-widget_type=\"image.default\">\n\t\t\t\t<div class=\"elementor-widget-container\">\n\t\t\t\t\t\t\t\t\t\t\t\t\t\t\t<img loading=\"lazy\" decoding=\"async\" width=\"445\" height=\"445\" src=\"https:\/\/sociedadhispanoalemana.com\/wp-content\/uploads\/2021\/02\/ayuntamiento-pamplona-1.jpg\" class=\"attachment-large size-large wp-image-1743\" alt=\"\" srcset=\"https:\/\/sociedadhispanoalemana.com\/wp-content\/uploads\/2021\/02\/ayuntamiento-pamplona-1.jpg 445w, https:\/\/sociedadhispanoalemana.com\/wp-content\/uploads\/2021\/02\/ayuntamiento-pamplona-1-300x300.jpg 300w, https:\/\/sociedadhispanoalemana.com\/wp-content\/uploads\/2021\/02\/ayuntamiento-pamplona-1-150x150.jpg 150w, https:\/\/sociedadhispanoalemana.com\/wp-content\/uploads\/2021\/02\/ayuntamiento-pamplona-1-12x12.jpg 12w\" sizes=\"auto, (max-width: 445px) 100vw, 445px\" \/>\t\t\t\t\t\t\t\t\t\t\t\t\t\t\t<\/div>\n\t\t\t\t<\/div>\n\t\t\t\t\t<\/div>\n\t\t<\/div>\n\t\t\t\t<div class=\"elementor-column elementor-col-33 elementor-top-column elementor-element elementor-element-fe3fd80\" data-id=\"fe3fd80\" data-element_type=\"column\">\n\t\t\t<div class=\"elementor-widget-wrap elementor-element-populated\">\n\t\t\t\t\t\t\t\t<div class=\"elementor-element elementor-element-30bab95 elementor-widget elementor-widget-image\" data-id=\"30bab95\" data-element_type=\"widget\" data-widget_type=\"image.default\">\n\t\t\t\t<div class=\"elementor-widget-container\">\n\t\t\t\t\t\t\t\t\t\t\t\t<figure class=\"wp-caption\">\n\t\t\t\t\t\t\t\t\t\t<img loading=\"lazy\" decoding=\"async\" width=\"300\" height=\"182\" src=\"https:\/\/sociedadhispanoalemana.com\/wp-content\/uploads\/2021\/02\/paderborn-pamplona.jpg\" class=\"attachment-large size-large wp-image-1740\" alt=\"\" srcset=\"https:\/\/sociedadhispanoalemana.com\/wp-content\/uploads\/2021\/02\/paderborn-pamplona.jpg 300w, https:\/\/sociedadhispanoalemana.com\/wp-content\/uploads\/2021\/02\/paderborn-pamplona-16x10.jpg 16w\" sizes=\"auto, (max-width: 300px) 100vw, 300px\" \/>\t\t\t\t\t\t\t\t\t\t\t<figcaption class=\"widget-image-caption wp-caption-text\">Firma del hermanamiento Pamplona &amp; Paderborn<\/figcaption>\n\t\t\t\t\t\t\t\t\t\t<\/figure>\n\t\t\t\t\t\t\t\t\t<\/div>\n\t\t\t\t<\/div>\n\t\t\t\t\t<\/div>\n\t\t<\/div>\n\t\t\t\t<div class=\"elementor-column elementor-col-33 elementor-top-column elementor-element elementor-element-c5d64a1\" data-id=\"c5d64a1\" data-element_type=\"column\">\n\t\t\t<div class=\"elementor-widget-wrap elementor-element-populated\">\n\t\t\t\t\t\t\t\t<div class=\"elementor-element elementor-element-b2bcb88 elementor-widget elementor-widget-image\" data-id=\"b2bcb88\" data-element_type=\"widget\" data-widget_type=\"image.default\">\n\t\t\t\t<div class=\"elementor-widget-container\">\n\t\t\t\t\t\t\t\t\t\t\t\t\t\t\t<img loading=\"lazy\" decoding=\"async\" width=\"506\" height=\"506\" src=\"https:\/\/sociedadhispanoalemana.com\/wp-content\/uploads\/2021\/02\/Rathaus-Paderborn-1.jpg\" class=\"attachment-large size-large wp-image-1742\" alt=\"\" srcset=\"https:\/\/sociedadhispanoalemana.com\/wp-content\/uploads\/2021\/02\/Rathaus-Paderborn-1.jpg 506w, https:\/\/sociedadhispanoalemana.com\/wp-content\/uploads\/2021\/02\/Rathaus-Paderborn-1-300x300.jpg 300w, https:\/\/sociedadhispanoalemana.com\/wp-content\/uploads\/2021\/02\/Rathaus-Paderborn-1-150x150.jpg 150w, https:\/\/sociedadhispanoalemana.com\/wp-content\/uploads\/2021\/02\/Rathaus-Paderborn-1-12x12.jpg 12w\" sizes=\"auto, (max-width: 506px) 100vw, 506px\" \/>\t\t\t\t\t\t\t\t\t\t\t\t\t\t\t<\/div>\n\t\t\t\t<\/div>\n\t\t\t\t\t<\/div>\n\t\t<\/div>\n\t\t\t\t\t\t\t<\/div>\n\t\t<\/section>\n\t\t\t\t<section class=\"elementor-section elementor-top-section elementor-element elementor-element-dbd6862 elementor-section-boxed elementor-section-height-default elementor-section-height-default\" data-id=\"dbd6862\" data-element_type=\"section\">\n\t\t\t\t\t\t<div class=\"elementor-container elementor-column-gap-default\">\n\t\t\t\t\t<div class=\"elementor-column elementor-col-100 elementor-top-column elementor-element elementor-element-422bf2f\" data-id=\"422bf2f\" data-element_type=\"column\">\n\t\t\t<div class=\"elementor-widget-wrap\">\n\t\t\t\t\t\t\t\t\t<\/div>\n\t\t<\/div>\n\t\t\t\t\t\t\t<\/div>\n\t\t<\/section>\n\t\t\t\t<section class=\"elementor-section elementor-top-section elementor-element elementor-element-16d2aba elementor-section-boxed elementor-section-height-default elementor-section-height-default\" data-id=\"16d2aba\" data-element_type=\"section\">\n\t\t\t\t\t\t<div class=\"elementor-container elementor-column-gap-default\">\n\t\t\t\t\t<div class=\"elementor-column elementor-col-33 elementor-top-column elementor-element elementor-element-ad304b7\" data-id=\"ad304b7\" data-element_type=\"column\">\n\t\t\t<div class=\"elementor-widget-wrap elementor-element-populated\">\n\t\t\t\t\t\t\t\t<div class=\"elementor-element elementor-element-3ba4f70 elementor-widget elementor-widget-image\" data-id=\"3ba4f70\" data-element_type=\"widget\" data-widget_type=\"image.default\">\n\t\t\t\t<div class=\"elementor-widget-container\">\n\t\t\t\t\t\t\t\t\t\t\t\t\t\t\t<img loading=\"lazy\" decoding=\"async\" width=\"725\" height=\"1024\" src=\"https:\/\/sociedadhispanoalemana.com\/wp-content\/uploads\/2021\/02\/documento-de-hermanamiento-espanol-1-725x1024.jpg\" class=\"attachment-large size-large wp-image-1788\" alt=\"\" srcset=\"https:\/\/sociedadhispanoalemana.com\/wp-content\/uploads\/2021\/02\/documento-de-hermanamiento-espanol-1-725x1024.jpg 725w, https:\/\/sociedadhispanoalemana.com\/wp-content\/uploads\/2021\/02\/documento-de-hermanamiento-espanol-1-212x300.jpg 212w, https:\/\/sociedadhispanoalemana.com\/wp-content\/uploads\/2021\/02\/documento-de-hermanamiento-espanol-1-768x1085.jpg 768w, https:\/\/sociedadhispanoalemana.com\/wp-content\/uploads\/2021\/02\/documento-de-hermanamiento-espanol-1-1088x1536.jpg 1088w, https:\/\/sociedadhispanoalemana.com\/wp-content\/uploads\/2021\/02\/documento-de-hermanamiento-espanol-1-1450x2048.jpg 1450w, https:\/\/sociedadhispanoalemana.com\/wp-content\/uploads\/2021\/02\/documento-de-hermanamiento-espanol-1-8x12.jpg 8w, https:\/\/sociedadhispanoalemana.com\/wp-content\/uploads\/2021\/02\/documento-de-hermanamiento-espanol-1.jpg 1552w\" sizes=\"auto, (max-width: 725px) 100vw, 725px\" \/>\t\t\t\t\t\t\t\t\t\t\t\t\t\t\t<\/div>\n\t\t\t\t<\/div>\n\t\t\t\t\t<\/div>\n\t\t<\/div>\n\t\t\t\t<div class=\"elementor-column elementor-col-33 elementor-top-column elementor-element elementor-element-af2a8e7\" data-id=\"af2a8e7\" data-element_type=\"column\">\n\t\t\t<div class=\"elementor-widget-wrap elementor-element-populated\">\n\t\t\t\t\t\t\t\t<div class=\"elementor-element elementor-element-b970965 elementor-widget elementor-widget-image\" data-id=\"b970965\" data-element_type=\"widget\" data-widget_type=\"image.default\">\n\t\t\t\t<div class=\"elementor-widget-container\">\n\t\t\t\t\t\t\t\t\t\t\t\t\t\t\t<img loading=\"lazy\" decoding=\"async\" width=\"691\" height=\"596\" src=\"https:\/\/sociedadhispanoalemana.com\/wp-content\/uploads\/2021\/01\/SHANE321.png\" class=\"attachment-large size-large wp-image-487\" alt=\"\" srcset=\"https:\/\/sociedadhispanoalemana.com\/wp-content\/uploads\/2021\/01\/SHANE321.png 691w, https:\/\/sociedadhispanoalemana.com\/wp-content\/uploads\/2021\/01\/SHANE321-300x259.png 300w\" sizes=\"auto, (max-width: 691px) 100vw, 691px\" \/>\t\t\t\t\t\t\t\t\t\t\t\t\t\t\t<\/div>\n\t\t\t\t<\/div>\n\t\t\t\t\t<\/div>\n\t\t<\/div>\n\t\t\t\t<div class=\"elementor-column elementor-col-33 elementor-top-column elementor-element elementor-element-9d09571\" data-id=\"9d09571\" data-element_type=\"column\">\n\t\t\t<div class=\"elementor-widget-wrap elementor-element-populated\">\n\t\t\t\t\t\t\t\t<div class=\"elementor-element elementor-element-9cba4d7 elementor-widget elementor-widget-image\" data-id=\"9cba4d7\" data-element_type=\"widget\" data-widget_type=\"image.default\">\n\t\t\t\t<div class=\"elementor-widget-container\">\n\t\t\t\t\t\t\t\t\t\t\t\t\t\t\t<img loading=\"lazy\" decoding=\"async\" width=\"722\" height=\"1024\" src=\"https:\/\/sociedadhispanoalemana.com\/wp-content\/uploads\/2021\/02\/documento-de-hermanamiento-aleman-722x1024.jpg\" class=\"attachment-large size-large wp-image-1789\" alt=\"\" srcset=\"https:\/\/sociedadhispanoalemana.com\/wp-content\/uploads\/2021\/02\/documento-de-hermanamiento-aleman-722x1024.jpg 722w, https:\/\/sociedadhispanoalemana.com\/wp-content\/uploads\/2021\/02\/documento-de-hermanamiento-aleman-212x300.jpg 212w, https:\/\/sociedadhispanoalemana.com\/wp-content\/uploads\/2021\/02\/documento-de-hermanamiento-aleman-768x1089.jpg 768w, https:\/\/sociedadhispanoalemana.com\/wp-content\/uploads\/2021\/02\/documento-de-hermanamiento-aleman-1084x1536.jpg 1084w, https:\/\/sociedadhispanoalemana.com\/wp-content\/uploads\/2021\/02\/documento-de-hermanamiento-aleman-1445x2048.jpg 1445w, https:\/\/sociedadhispanoalemana.com\/wp-content\/uploads\/2021\/02\/documento-de-hermanamiento-aleman-8x12.jpg 8w, https:\/\/sociedadhispanoalemana.com\/wp-content\/uploads\/2021\/02\/documento-de-hermanamiento-aleman.jpg 1536w\" sizes=\"auto, (max-width: 722px) 100vw, 722px\" \/>\t\t\t\t\t\t\t\t\t\t\t\t\t\t\t<\/div>\n\t\t\t\t<\/div>\n\t\t\t\t\t<\/div>\n\t\t<\/div>\n\t\t\t\t\t\t\t<\/div>\n\t\t<\/section>\n\t\t\t\t<section class=\"elementor-section elementor-top-section elementor-element elementor-element-949611a elementor-section-boxed elementor-section-height-default elementor-section-height-default\" data-id=\"949611a\" data-element_type=\"section\">\n\t\t\t\t\t\t<div class=\"elementor-container elementor-column-gap-default\">\n\t\t\t\t\t<div class=\"elementor-column elementor-col-50 elementor-top-column elementor-element elementor-element-8082c6e\" data-id=\"8082c6e\" data-element_type=\"column\">\n\t\t\t<div class=\"elementor-widget-wrap elementor-element-populated\">\n\t\t\t\t\t\t\t\t<div class=\"elementor-element elementor-element-20bdf26 elementor-widget elementor-widget-text-editor\" data-id=\"20bdf26\" data-element_type=\"widget\" data-widget_type=\"text-editor.default\">\n\t\t\t\t<div class=\"elementor-widget-container\">\n\t\t\t\t\t\t\t<h5 style=\"font-style: normal;\"><span style=\"font-size: 24px;\"><b>Anf\u00e4nge...<\/b><\/span><\/h5>\n<p style=\"font-size: 16px; font-style: normal; font-weight: 400;\" class=\" translation-block\">1991 stellte eine kleine Delegation aus Pamplona, bestehend aus den Herren Dr. Jos\u00e9 Javier Gortari, damals Kulturrat im Stadtrat von Pamplona, und Prof. Dr. Enrique Ban\u00fas, von der Universit\u00e4t Navarra, die ersten Kontakte zur Stadt Paderborn und deren Deutsch-Spanischen Gesellschaft her.\n\nAus dem Besuch resultierten zwei Vorschl\u00e4ge: Die St\u00e4dte-Partnerschaft von Pamplona und Paderborn und die Gr\u00fcndung einer Deutschen-Spanischen Gesellschaft in Nordspanien mit Sitz in Pamplona. Im Dezember desselben Jahres unterzeichnete  im Rathaus von Paderborn eine Delegation des Stadtrats von Pamplona, unter der Leitung des damaligen B\u00fcrgermeisters Alfredo Jaime und in Begleitung von Repr\u00e4sentanten der beiden Universit\u00e4ten Navarras das Partnerschafts-Protokoll der beiden St\u00e4dte<\/p>\t\t\t\t\t\t<\/div>\n\t\t\t\t<\/div>\n\t\t\t\t<div class=\"elementor-element elementor-element-96de206 elementor-widget elementor-widget-image\" data-id=\"96de206\" data-element_type=\"widget\" data-widget_type=\"image.default\">\n\t\t\t\t<div class=\"elementor-widget-container\">\n\t\t\t\t\t\t\t\t\t\t\t\t<figure class=\"wp-caption\">\n\t\t\t\t\t\t\t\t\t\t<img loading=\"lazy\" decoding=\"async\" width=\"770\" height=\"340\" src=\"https:\/\/sociedadhispanoalemana.com\/wp-content\/uploads\/2021\/02\/1244016534_12_la_junta_directiva_al_completo-e1612432410275.jpg\" class=\"attachment-large size-large wp-image-1766\" alt=\"\" srcset=\"https:\/\/sociedadhispanoalemana.com\/wp-content\/uploads\/2021\/02\/1244016534_12_la_junta_directiva_al_completo-e1612432410275.jpg 770w, https:\/\/sociedadhispanoalemana.com\/wp-content\/uploads\/2021\/02\/1244016534_12_la_junta_directiva_al_completo-e1612432410275-300x132.jpg 300w, https:\/\/sociedadhispanoalemana.com\/wp-content\/uploads\/2021\/02\/1244016534_12_la_junta_directiva_al_completo-e1612432410275-768x339.jpg 768w, https:\/\/sociedadhispanoalemana.com\/wp-content\/uploads\/2021\/02\/1244016534_12_la_junta_directiva_al_completo-e1612432410275-16x7.jpg 16w\" sizes=\"auto, (max-width: 770px) 100vw, 770px\" \/>\t\t\t\t\t\t\t\t\t\t\t<figcaption class=\"widget-image-caption wp-caption-text\">Der neue und der scheidende Vorstand im Jahr 1997.<\/figcaption>\n\t\t\t\t\t\t\t\t\t\t<\/figure>\n\t\t\t\t\t\t\t\t\t<\/div>\n\t\t\t\t<\/div>\n\t\t\t\t\t<\/div>\n\t\t<\/div>\n\t\t\t\t<div class=\"elementor-column elementor-col-50 elementor-top-column elementor-element elementor-element-db8522d\" data-id=\"db8522d\" data-element_type=\"column\">\n\t\t\t<div class=\"elementor-widget-wrap elementor-element-populated\">\n\t\t\t\t\t\t\t\t<div class=\"elementor-element elementor-element-4668641 elementor-widget elementor-widget-image\" data-id=\"4668641\" data-element_type=\"widget\" data-widget_type=\"image.default\">\n\t\t\t\t<div class=\"elementor-widget-container\">\n\t\t\t\t\t\t\t\t\t\t\t\t<figure class=\"wp-caption\">\n\t\t\t\t\t\t\t\t\t\t<img loading=\"lazy\" decoding=\"async\" width=\"300\" height=\"197\" src=\"https:\/\/sociedadhispanoalemana.com\/wp-content\/uploads\/2021\/02\/2002-Zehn-Jahre-Stadtefreundschaft-300x225-1-e1612434724630.jpg\" class=\"attachment-large size-large wp-image-1784\" alt=\"2002 Celebraci\u00f3n de 10 a\u00f1os de amistad Pamplona y Paderborn\" srcset=\"https:\/\/sociedadhispanoalemana.com\/wp-content\/uploads\/2021\/02\/2002-Zehn-Jahre-Stadtefreundschaft-300x225-1-e1612434724630.jpg 300w, https:\/\/sociedadhispanoalemana.com\/wp-content\/uploads\/2021\/02\/2002-Zehn-Jahre-Stadtefreundschaft-300x225-1-e1612434724630-16x12.jpg 16w\" sizes=\"auto, (max-width: 300px) 100vw, 300px\" \/>\t\t\t\t\t\t\t\t\t\t\t<figcaption class=\"widget-image-caption wp-caption-text\">2002 Feier zu 10 Jahren Freundschaft <\/figcaption>\n\t\t\t\t\t\t\t\t\t\t<\/figure>\n\t\t\t\t\t\t\t\t\t<\/div>\n\t\t\t\t<\/div>\n\t\t\t\t<div class=\"elementor-element elementor-element-6770a5f elementor-widget elementor-widget-text-editor\" data-id=\"6770a5f\" data-element_type=\"widget\" data-widget_type=\"text-editor.default\">\n\t\t\t\t<div class=\"elementor-widget-container\">\n\t\t\t\t\t\t\t<h5><strong>Einige interessante Daten<\/strong><\/h5>\n<p class=\" translation-block\">Im Mai 1992 wurden unter der Schirmherrschaft des B\u00fcrgermeisters von Pamplona und des deutschen Generalkonsuls Dr. W. Wellhausen, einer Gruppe von Menschen aus Deutschen und Spaniern und Vertretern der Industrie und Kultur, die Grundlagen f\u00fcr die Gr\u00fcndung der Deutsch-Spanischen Gesellschaft Nordenspaniens gelegt, deren Gr\u00fcndung ein Jahr sp\u00e4ter mit Anerkennung ihrer Statuten best\u00e4tigt wurde.<\/p>\t\t\t\t\t\t<\/div>\n\t\t\t\t<\/div>\n\t\t\t\t\t<\/div>\n\t\t<\/div>\n\t\t\t\t\t\t\t<\/div>\n\t\t<\/section>\n\t\t\t\t<section class=\"elementor-section elementor-top-section elementor-element elementor-element-6148bf2 elementor-reverse-tablet elementor-reverse-mobile elementor-section-boxed elementor-section-height-default elementor-section-height-default\" data-id=\"6148bf2\" data-element_type=\"section\">\n\t\t\t\t\t\t\t<div class=\"elementor-background-overlay\"><\/div>\n\t\t\t\t\t\t\t<div class=\"elementor-container elementor-column-gap-wider\">\n\t\t\t\t\t<div class=\"elementor-column elementor-col-50 elementor-top-column elementor-element elementor-element-c492289\" data-id=\"c492289\" data-element_type=\"column\">\n\t\t\t<div class=\"elementor-widget-wrap elementor-element-populated\">\n\t\t\t\t\t\t\t\t<div class=\"elementor-element elementor-element-0637d54 elementor-widget elementor-widget-image\" data-id=\"0637d54\" data-element_type=\"widget\" data-widget_type=\"image.default\">\n\t\t\t\t<div class=\"elementor-widget-container\">\n\t\t\t\t\t\t\t\t\t\t\t\t<figure class=\"wp-caption\">\n\t\t\t\t\t\t\t\t\t\t<img loading=\"lazy\" decoding=\"async\" width=\"690\" height=\"380\" src=\"https:\/\/sociedadhispanoalemana.com\/wp-content\/uploads\/2021\/02\/pamplona-celebra-25anos.jpg\" class=\"attachment-large size-large wp-image-1787\" alt=\"\" srcset=\"https:\/\/sociedadhispanoalemana.com\/wp-content\/uploads\/2021\/02\/pamplona-celebra-25anos.jpg 690w, https:\/\/sociedadhispanoalemana.com\/wp-content\/uploads\/2021\/02\/pamplona-celebra-25anos-300x165.jpg 300w, https:\/\/sociedadhispanoalemana.com\/wp-content\/uploads\/2021\/02\/pamplona-celebra-25anos-16x9.jpg 16w\" sizes=\"auto, (max-width: 690px) 100vw, 690px\" \/>\t\t\t\t\t\t\t\t\t\t\t<figcaption class=\"widget-image-caption wp-caption-text\">25 Jahre Freundschaft im Rathaus Pamplona<\/figcaption>\n\t\t\t\t\t\t\t\t\t\t<\/figure>\n\t\t\t\t\t\t\t\t\t<\/div>\n\t\t\t\t<\/div>\n\t\t\t\t<div class=\"elementor-element elementor-element-9a8dd0b elementor-widget elementor-widget-text-editor\" data-id=\"9a8dd0b\" data-element_type=\"widget\" data-widget_type=\"text-editor.default\">\n\t\t\t\t<div class=\"elementor-widget-container\">\n\t\t\t\t\t\t\t<h5 style=\"font-style: normal;\"><span style=\"font-size: 24px;\"><b>Vorher und Nachher...<\/b><\/span><\/h5><p style=\"font-size: 16px; font-style: normal; font-weight: 400;\">Durch die Pandemie sahen wir uns gezwungen einige der Aktivit\u00e4ten, die wir f\u00fcr unsere 28. Kulturwoche geplant hatten, durch Videostreaming zu \u00fcbertragen um alle dabeizuhaben die nicht kommen konnten.<span style=\"font-size: 16px; font-style: normal; font-weight: 400;\">) <em>-<\/em> ( <\/span><\/p><p style=\"font-size: 16px; font-style: normal; font-weight: 400;\"><span style=\"font-size: 16px; font-style: normal; font-weight: 400;\">Deutsche Schwesetrorganisationen und Kulturgruppen arbeiten eng mit unseren spanischen zusammen, wie zum Beispiel das <em><strong>Ateneo Navarro<\/strong>, oder die <strong>Asociaci\u00f3n de Amigos del Camino de Santiago de Pamplona<\/strong><\/em>, auch mit lokalen Schulen und Akademien welche las Erlernen der deutschen Sprache f\u00f6rdern. Auch organisieren wir Konzerte, kulturelle und wissenschaftliche Aktivit\u00e4ten in Pamplona und Umgebung, f\u00fcr unsere Mitglieder, Freunde und und Freundinnen unserer Vereinigung. <\/span><\/p><p style=\"font-size: 16px; font-style: normal; font-weight: 400;\"><span style=\"font-size: 16px; font-style: normal; font-weight: 400;\">Die Deutsch-Spanische Gesellschaft erfreut sich einer breiten sozialen Anerkennung durch die bisher geleistete Arbeit, was sich besonders dadurch auszeichnet dass beide Pr\u00e4sidenten<strong>, Klaus Schumann<\/strong> und <strong>Prof. Dr. Jes\u00fas Hern\u00e1ndez Aristu<\/strong>, durch die deutsche Regierung mit der Medaille f\u00fcr zivile Verdienste der Bundesrepublik Deutschland ausgezeichnet wurden. Diese Auszeichnung wird von der deutschen Regierung f\u00fcr Personen vergeben die sich durch Ihre Arbeit im sozialen und kulturellen Umfeld verdient gemacht haben.<\/span><\/p>\t\t\t\t\t\t<\/div>\n\t\t\t\t<\/div>\n\t\t\t\t\t<\/div>\n\t\t<\/div>\n\t\t\t\t<div class=\"elementor-column elementor-col-50 elementor-top-column elementor-element elementor-element-db6cce8\" data-id=\"db6cce8\" data-element_type=\"column\">\n\t\t\t<div class=\"elementor-widget-wrap elementor-element-populated\">\n\t\t\t\t\t\t\t\t<div class=\"elementor-element elementor-element-7977107 elementor-widget elementor-widget-image\" data-id=\"7977107\" data-element_type=\"widget\" data-widget_type=\"image.default\">\n\t\t\t\t<div class=\"elementor-widget-container\">\n\t\t\t\t\t\t\t\t\t\t\t\t<figure class=\"wp-caption\">\n\t\t\t\t\t\t\t\t\t\t<img loading=\"lazy\" decoding=\"async\" width=\"825\" height=\"546\" src=\"https:\/\/sociedadhispanoalemana.com\/wp-content\/uploads\/2021\/02\/25-Jahre-Freunschaft-in-Paderborn.jpg\" class=\"attachment-large size-large wp-image-1786\" alt=\"\" srcset=\"https:\/\/sociedadhispanoalemana.com\/wp-content\/uploads\/2021\/02\/25-Jahre-Freunschaft-in-Paderborn.jpg 825w, https:\/\/sociedadhispanoalemana.com\/wp-content\/uploads\/2021\/02\/25-Jahre-Freunschaft-in-Paderborn-300x199.jpg 300w, https:\/\/sociedadhispanoalemana.com\/wp-content\/uploads\/2021\/02\/25-Jahre-Freunschaft-in-Paderborn-768x508.jpg 768w, https:\/\/sociedadhispanoalemana.com\/wp-content\/uploads\/2021\/02\/25-Jahre-Freunschaft-in-Paderborn-16x12.jpg 16w\" sizes=\"auto, (max-width: 825px) 100vw, 825px\" \/>\t\t\t\t\t\t\t\t\t\t\t<figcaption class=\"widget-image-caption wp-caption-text\">Feierstunde zu 25 Jahren Freundschaft im Rathaus Paderborn<\/figcaption>\n\t\t\t\t\t\t\t\t\t\t<\/figure>\n\t\t\t\t\t\t\t\t\t<\/div>\n\t\t\t\t<\/div>\n\t\t\t\t<div class=\"elementor-element elementor-element-35723d2 elementor-widget elementor-widget-text-editor\" data-id=\"35723d2\" data-element_type=\"widget\" data-widget_type=\"text-editor.default\">\n\t\t\t\t<div class=\"elementor-widget-container\">\n\t\t\t\t\t\t\t<p><span style=\"font-size: 16px; font-style: normal; font-weight: 400; text-align: justify;\">Pronto creci\u00f3 el inter\u00e9s por la Sociedad que <strong>pas\u00f3 de los 100 socios fundadores a los 230<\/strong>. <\/span><\/p><p><span style=\"font-size: 16px; font-style: normal; font-weight: 400; text-align: justify;\">Somos personas de todos los \u00e1mbitos, tanto de nacionalidad espa\u00f1ola como alemana, algunos de otras nacionalidades. Instituciones como las universidades, empresas, personalidades de la pol\u00edtica, de la industria, del comercio, de la banca y de la ciencia, residentes en el norte de Espa\u00f1a constituyen lo que hoy somos, una sociedad cultural de inter\u00e9s p\u00fablico con <strong>m\u00e1s de 200 socios<\/strong>.<\/span><\/p>\t\t\t\t\t\t<\/div>\n\t\t\t\t<\/div>\n\t\t\t\t<div class=\"elementor-element elementor-element-179604b elementor-widget elementor-widget-image\" data-id=\"179604b\" data-element_type=\"widget\" data-widget_type=\"image.default\">\n\t\t\t\t<div class=\"elementor-widget-container\">\n\t\t\t\t\t\t\t\t\t\t\t\t<figure class=\"wp-caption\">\n\t\t\t\t\t\t\t\t\t\t<img loading=\"lazy\" decoding=\"async\" width=\"900\" height=\"644\" src=\"https:\/\/sociedadhispanoalemana.com\/wp-content\/uploads\/2021\/01\/25reunion-paderborn.jpg\" class=\"attachment-large size-large wp-image-394\" alt=\"\" srcset=\"https:\/\/sociedadhispanoalemana.com\/wp-content\/uploads\/2021\/01\/25reunion-paderborn.jpg 900w, https:\/\/sociedadhispanoalemana.com\/wp-content\/uploads\/2021\/01\/25reunion-paderborn-300x215.jpg 300w, https:\/\/sociedadhispanoalemana.com\/wp-content\/uploads\/2021\/01\/25reunion-paderborn-768x550.jpg 768w\" sizes=\"auto, (max-width: 900px) 100vw, 900px\" \/>\t\t\t\t\t\t\t\t\t\t\t<figcaption class=\"widget-image-caption wp-caption-text\">Feierstunde zu 25 Jahren Freundschaft 2017<\/figcaption>\n\t\t\t\t\t\t\t\t\t\t<\/figure>\n\t\t\t\t\t\t\t\t\t<\/div>\n\t\t\t\t<\/div>\n\t\t\t\t\t<\/div>\n\t\t<\/div>\n\t\t\t\t\t\t\t<\/div>\n\t\t<\/section>\n\t\t\t\t\t\t\t<\/div>","protected":false},"excerpt":{"rendered":"<p>Nuestros or\u00edgenes&#8230; Pamplona y Paderborn&nbsp;firmaron un acuerdo de&nbsp;amistad y colaboraci\u00f3n el 6 de diciembre de 1992&nbsp;con el fin de que sus poblaciones e instituciones&nbsp;estrecharan lazos culturales, econ\u00f3micos, sociales o deportivos, [&hellip;]<\/p>","protected":false},"author":1,"featured_media":0,"parent":0,"menu_order":0,"comment_status":"closed","ping_status":"closed","template":"","meta":{"_seopress_robots_primary_cat":"","site-sidebar-layout":"no-sidebar","site-content-layout":"page-builder","ast-site-content-layout":"full-width-container","site-content-style":"default","site-sidebar-style":"default","ast-global-header-display":"","ast-banner-title-visibility":"","ast-main-header-display":"","ast-hfb-above-header-display":"","ast-hfb-below-header-display":"","ast-hfb-mobile-header-display":"","site-post-title":"disabled","ast-breadcrumbs-content":"","ast-featured-img":"disabled","footer-sml-layout":"","theme-transparent-header-meta":"","adv-header-id-meta":"","stick-header-meta":"","header-above-stick-meta":"","header-main-stick-meta":"","header-below-stick-meta":"","astra-migrate-meta-layouts":"set","ast-page-background-enabled":"default","ast-page-background-meta":{"desktop":{"background-color":"","background-image":"","background-repeat":"repeat","background-position":"center center","background-size":"auto","background-attachment":"scroll","background-type":"","background-media":"","overlay-type":"","overlay-color":"","overlay-opacity":"","overlay-gradient":""},"tablet":{"background-color":"","background-image":"","background-repeat":"repeat","background-position":"center center","background-size":"auto","background-attachment":"scroll","background-type":"","background-media":"","overlay-type":"","overlay-color":"","overlay-opacity":"","overlay-gradient":""},"mobile":{"background-color":"","background-image":"","background-repeat":"repeat","background-position":"center center","background-size":"auto","background-attachment":"scroll","background-type":"","background-media":"","overlay-type":"","overlay-color":"","overlay-opacity":"","overlay-gradient":""}},"ast-content-background-meta":{"desktop":{"background-color":"var(--ast-global-color-5)","background-image":"","background-repeat":"repeat","background-position":"center center","background-size":"auto","background-attachment":"scroll","background-type":"","background-media":"","overlay-type":"","overlay-color":"","overlay-opacity":"","overlay-gradient":""},"tablet":{"background-color":"var(--ast-global-color-5)","background-image":"","background-repeat":"repeat","background-position":"center center","background-size":"auto","background-attachment":"scroll","background-type":"","background-media":"","overlay-type":"","overlay-color":"","overlay-opacity":"","overlay-gradient":""},"mobile":{"background-color":"var(--ast-global-color-5)","background-image":"","background-repeat":"repeat","background-position":"center center","background-size":"auto","background-attachment":"scroll","background-type":"","background-media":"","overlay-type":"","overlay-color":"","overlay-opacity":"","overlay-gradient":""}},"footnotes":""},"class_list":["post-4744","page","type-page","status-publish","hentry"],"jetpack_sharing_enabled":true,"_links":{"self":[{"href":"https:\/\/sociedadhispanoalemana.com\/de\/wp-json\/wp\/v2\/pages\/4744","targetHints":{"allow":["GET"]}}],"collection":[{"href":"https:\/\/sociedadhispanoalemana.com\/de\/wp-json\/wp\/v2\/pages"}],"about":[{"href":"https:\/\/sociedadhispanoalemana.com\/de\/wp-json\/wp\/v2\/types\/page"}],"author":[{"embeddable":true,"href":"https:\/\/sociedadhispanoalemana.com\/de\/wp-json\/wp\/v2\/users\/1"}],"replies":[{"embeddable":true,"href":"https:\/\/sociedadhispanoalemana.com\/de\/wp-json\/wp\/v2\/comments?post=4744"}],"version-history":[{"count":7,"href":"https:\/\/sociedadhispanoalemana.com\/de\/wp-json\/wp\/v2\/pages\/4744\/revisions"}],"predecessor-version":[{"id":4754,"href":"https:\/\/sociedadhispanoalemana.com\/de\/wp-json\/wp\/v2\/pages\/4744\/revisions\/4754"}],"wp:attachment":[{"href":"https:\/\/sociedadhispanoalemana.com\/de\/wp-json\/wp\/v2\/media?parent=4744"}],"curies":[{"name":"wp","href":"https:\/\/api.w.org\/{rel}","templated":true}]}}