{"id":5059,"date":"2025-04-29T14:53:27","date_gmt":"2025-04-29T14:53:27","guid":{"rendered":"https:\/\/sociedadhispanoalemana.com\/?page_id=5059"},"modified":"2025-04-29T15:07:00","modified_gmt":"2025-04-29T15:07:00","slug":"ciclo-de-cine-aleman-2025","status":"publish","type":"page","link":"https:\/\/sociedadhispanoalemana.com\/de\/ciclo-de-cine-aleman-2025","title":{"rendered":"CICLO DE CINE ALEM\u00c1N 2025"},"content":{"rendered":"<div data-elementor-type=\"wp-page\" data-elementor-id=\"5059\" class=\"elementor elementor-5059\" data-elementor-post-type=\"page\">\n\t\t\t\t\t\t\t\t\t<section class=\"elementor-section elementor-top-section elementor-element elementor-element-2075d65 elementor-section-boxed elementor-section-height-default elementor-section-height-default\" data-id=\"2075d65\" data-element_type=\"section\">\n\t\t\t\t\t\t<div class=\"elementor-container elementor-column-gap-default\">\n\t\t\t\t\t<div class=\"elementor-column elementor-col-100 elementor-top-column elementor-element elementor-element-3a4e3ba\" data-id=\"3a4e3ba\" data-element_type=\"column\">\n\t\t\t<div class=\"elementor-widget-wrap elementor-element-populated\">\n\t\t\t\t\t\t\t\t<div class=\"elementor-element elementor-element-bd5c745 elementor-widget elementor-widget-heading\" data-id=\"bd5c745\" data-element_type=\"widget\" data-widget_type=\"heading.default\">\n\t\t\t\t<div class=\"elementor-widget-container\">\n\t\t\t<h2 class=\"elementor-heading-title elementor-size-default\"><b>ciclo de cine alem\u00e1n 2025<\/b><\/h2>\t\t<\/div>\n\t\t\t\t<\/div>\n\t\t\t\t\t<\/div>\n\t\t<\/div>\n\t\t\t\t\t\t\t<\/div>\n\t\t<\/section>\n\t\t\t\t<section class=\"elementor-section elementor-top-section elementor-element elementor-element-2f72886 elementor-section-boxed elementor-section-height-default elementor-section-height-default\" data-id=\"2f72886\" data-element_type=\"section\">\n\t\t\t\t\t\t<div class=\"elementor-container elementor-column-gap-default\">\n\t\t\t\t\t<div class=\"elementor-column elementor-col-50 elementor-top-column elementor-element elementor-element-12078b7\" data-id=\"12078b7\" data-element_type=\"column\">\n\t\t\t<div class=\"elementor-widget-wrap elementor-element-populated\">\n\t\t\t\t\t\t\t\t<div class=\"elementor-element elementor-element-64572eb elementor-widget elementor-widget-text-editor\" data-id=\"64572eb\" data-element_type=\"widget\" data-widget_type=\"text-editor.default\">\n\t\t\t\t<div class=\"elementor-widget-container\">\n\t\t\t\t\t\t\t<p style=\"font-size: 16px; font-style: normal; font-weight: 400; text-transform: none;\">Cuatro miradas sobre la identidad, la pertenencia y el deseo de cambiar de vida.<\/p><ul style=\"font-size: 16px; font-style: normal; font-weight: 400; text-transform: none;\"><li style=\"font-size: 16px;\"><span style=\"font-size: 16px;\"><span style=\"font-weight: bold;\">Sal\u00f3n de actos, Civivox Iturrama.<\/span><\/span><\/li><li style=\"font-size: 16px;\"><span style=\"font-weight: bold;\">19:00h.<\/span><\/li><\/ul><p style=\"font-size: 16px; font-style: normal; font-weight: 400; text-transform: none;\"><span style=\"font-size: 16px;\">Este nuevo Ciclo de Cine Alem\u00e1n nos invita a explorar las tensiones entre lo que somos y el entorno que habitamos. Desde conflictos \u00edntimos hasta choques culturales, desde amores que se apagan hasta la necesidad de empezar de nuevo. Historias cruzadas por el exilio, la diferencia, y la b\u00fasqueda de un lugar propio.<\/span><\/p><p style=\"font-size: 16px; font-style: normal; font-weight: 400; text-transform: none;\"><span style=\"font-size: 16px; font-weight: bold;\">\u00bfQui\u00e9nes somos cuando todo alrededor nos empuja a ser otros?<\/span><\/p>\t\t\t\t\t\t<\/div>\n\t\t\t\t<\/div>\n\t\t\t\t\t<\/div>\n\t\t<\/div>\n\t\t\t\t<div class=\"elementor-column elementor-col-50 elementor-top-column elementor-element elementor-element-2517c14\" data-id=\"2517c14\" data-element_type=\"column\">\n\t\t\t<div class=\"elementor-widget-wrap elementor-element-populated\">\n\t\t\t\t\t\t\t\t<div class=\"elementor-element elementor-element-7836efb elementor-widget__width-inherit elementor-absolute elementor-widget elementor-widget-image\" data-id=\"7836efb\" data-element_type=\"widget\" data-settings=\"{&quot;_position&quot;:&quot;absolute&quot;}\" data-widget_type=\"image.default\">\n\t\t\t\t<div class=\"elementor-widget-container\">\n\t\t\t\t\t\t\t\t\t\t\t\t\t\t\t<img loading=\"lazy\" decoding=\"async\" width=\"240\" height=\"300\" src=\"https:\/\/sociedadhispanoalemana.com\/wp-content\/uploads\/2025\/04\/Identidades-en-transito-2-240x300.png\" class=\"attachment-medium size-medium wp-image-5064\" alt=\"\" srcset=\"https:\/\/sociedadhispanoalemana.com\/wp-content\/uploads\/2025\/04\/Identidades-en-transito-2-240x300.png 240w, https:\/\/sociedadhispanoalemana.com\/wp-content\/uploads\/2025\/04\/Identidades-en-transito-2-819x1024.png 819w, https:\/\/sociedadhispanoalemana.com\/wp-content\/uploads\/2025\/04\/Identidades-en-transito-2-768x960.png 768w, https:\/\/sociedadhispanoalemana.com\/wp-content\/uploads\/2025\/04\/Identidades-en-transito-2-10x12.png 10w, https:\/\/sociedadhispanoalemana.com\/wp-content\/uploads\/2025\/04\/Identidades-en-transito-2.png 1080w\" sizes=\"auto, (max-width: 240px) 100vw, 240px\" \/>\t\t\t\t\t\t\t\t\t\t\t\t\t\t\t<\/div>\n\t\t\t\t<\/div>\n\t\t\t\t\t<\/div>\n\t\t<\/div>\n\t\t\t\t\t\t\t<\/div>\n\t\t<\/section>\n\t\t\t\t<section class=\"elementor-section elementor-top-section elementor-element elementor-element-6b16a2f elementor-section-boxed elementor-section-height-default elementor-section-height-default\" data-id=\"6b16a2f\" data-element_type=\"section\">\n\t\t\t\t\t\t<div class=\"elementor-container elementor-column-gap-default\">\n\t\t\t\t\t<div class=\"elementor-column elementor-col-33 elementor-top-column elementor-element elementor-element-fced545\" data-id=\"fced545\" data-element_type=\"column\">\n\t\t\t<div class=\"elementor-widget-wrap elementor-element-populated\">\n\t\t\t\t\t\t\t\t<div class=\"elementor-element elementor-element-f453185 elementor-widget elementor-widget-video\" data-id=\"f453185\" data-element_type=\"widget\" data-settings=\"{&quot;youtube_url&quot;:&quot;https:\\\/\\\/www.youtube.com\\\/watch?v=qWZ3nXX7kUA&quot;,&quot;video_type&quot;:&quot;youtube&quot;,&quot;controls&quot;:&quot;yes&quot;}\" data-widget_type=\"video.default\">\n\t\t\t\t<div class=\"elementor-widget-container\">\n\t\t\t\t\t<div class=\"elementor-wrapper elementor-open-inline\">\n\t\t\t<div class=\"elementor-video\"><\/div>\t\t<\/div>\n\t\t\t\t<\/div>\n\t\t\t\t<\/div>\n\t\t\t\t\t<\/div>\n\t\t<\/div>\n\t\t\t\t<div class=\"elementor-column elementor-col-66 elementor-top-column elementor-element elementor-element-19570f4\" data-id=\"19570f4\" data-element_type=\"column\">\n\t\t\t<div class=\"elementor-widget-wrap elementor-element-populated\">\n\t\t\t\t\t\t\t\t<div class=\"elementor-element elementor-element-a7f27c5 elementor-widget elementor-widget-text-editor\" data-id=\"a7f27c5\" data-element_type=\"widget\" data-widget_type=\"text-editor.default\">\n\t\t\t\t<div class=\"elementor-widget-container\">\n\t\t\t\t\t\t\t<div>\n<p><span data-canva-clipboard=\"ewAiAGEAIgA6ADUALAAiAGgAIgA6ACIAdwB3AHcALgBjAGEAbgB2AGEALgBjAG8AbQAiACwAIgBjACIAOgAiAEQAQQBHAGwAZABwAGMAcwBkAGEARQAiACwAIgBpACIAOgAiAE4AawBFAHIAOQA1AEUAZgBQAHoAUAB5AHkAdgBqAHAAYQBTAFEAOQBrAEEAIgAsACIAYgAiADoAMQA3ADQANQA5ADMAOAAwADcANwA3ADUANAAsACIAQQA\/ACIAOgAiAEIAIgAsACIAQQAiADoAWwB7ACIAQQAiADoANAAyADEALgAyADgAOQA5ADYANwA0ADgAOAAzADcANgAyACwAIgBCACIAOgAxADgALgAwADYAMAA0ADYANwA1ADkANwA4ADYANwA1ADMALAAiAEQAIgA6ADMAMwAxAC4ANwA1ADMAMAA4ADAANQA1ADIAMgA5ADYAMwAsACIAQwAiADoAMQA4AC4AOAAsACIATgAiADoAIgBwAGEAcgBhAGcAcgBhAHAAaAAiACwAIgBBAD8AIgA6ACIASwAiACwAIgBhACIAOgB7ACIAQQAiADoAWwB7ACIAQQA\/ACIAOgAiAEEAIgAsACIAQQAiADoAIgBMAGEAIABzAGEAbABhACAAZABlACAAcAByAG8AZgBlAHMAbwByAGUAcwAgACIAfQAsAHsAIgBBAD8AIgA6ACIAQgAiACwAIgBBACIAOgAyADYAfQAsAHsAIgBBAD8AIgA6ACIAQQAiACwAIgBBACIAOgAiAC0AIAA2ACAAZABlACAAbQBhAHkAbwBcAG4AIgB9AF0ALAAiAEIAIgA6AFsAewAiAEEAPwAiADoAIgBBACIALAAiAEEAIgA6AHsAIgBmAG8AbgB0AC0AZgBhAG0AaQBsAHkAIgA6AHsAIgBCACIAOgAiAFkAQQBGAGQASgBqAFoAeABjAHAAWQAsADAAIgB9ACwAIgBjAG8AbABvAHIAIgA6AHsAIgBCACIAOgAiACMAMAAwADAAMAAwADAAIgB9ACwAIgBmAG8AbgB0AC0AdwBlAGkAZwBoAHQAIgA6AHsAIgBCACIAOgAiAGIAbwBsAGQAIgB9ACwAIgB0AGUAeAB0AC0AYQBsAGkAZwBuACIAOgB7ACIAQgAiADoAIgBjAGUAbgB0AGUAcgAiAH0ALAAiAHQAcgBhAGMAawBpAG4AZwAiADoAewAiAEIAIgA6ACIAMgAyADAALgAwACIAfQB9AH0ALAB7ACIAQQA\/ACIAOgAiAEIAIgAsACIAQQAiADoANgAwAH0ALAB7ACIAQQA\/ACIAOgAiAEEAIgAsACIAQQAiADoAewAiAGYAbwBuAHQALQBmAGEAbQBpAGwAeQAiADoAewB9ACwAIgBjAG8AbABvAHIAIgA6AHsAfQAsACIAZgBvAG4AdAAtAHcAZQBpAGcAaAB0ACIAOgB7AH0ALAAiAHQAZQB4AHQALQBhAGwAaQBnAG4AIgA6AHsAfQAsACIAdAByAGEAYwBrAGkAbgBnACIAOgB7AH0AfQB9AF0AfQAsACIAYgAiADoAewAiAEEAIgA6AFsAMwA0AF0AfQAsACIAZAAiADoAIgBBACIALAAiAGcAIgA6AGYAYQBsAHMAZQAsACIAaAAiADoAIgBBACIAfQBdACwAIgBCACIAOgAxADEAMgAyAC4ANQAxADkANgA4ADUAMAAzADkAMwA3ACwAIgBDACIAOgA3ADkAMwAuADcAMAAwADcAOAA3ADQAMAAxADUANwA0ADgAfQA=\"><\/span><\/p>\n<div>\n<div style=\"font-size: 16px; line-height: 1.4; direction: ltr; letter-spacing: 0.22em; text-align: center;\">\n<p><span style=\"font-weight: 700; font-style: normal; color: #000000;\">La sala de profesores <\/span><span style=\"font-weight: 700; font-style: normal; color: #000000;\">&#8211; 6 de mayo<\/span><\/p>\n<div><p><span data-canva-clipboard=\"ewAiAGEAIgA6ADUALAAiAGgAIgA6ACIAdwB3AHcALgBjAGEAbgB2AGEALgBjAG8AbQAiACwAIgBjACIAOgAiAEQAQQBHAGwAZABwAGMAcwBkAGEARQAiACwAIgBpACIAOgAiAE4AawBFAHIAOQA1AEUAZgBQAHoAUAB5AHkAdgBqAHAAYQBTAFEAOQBrAEEAIgAsACIAYgAiADoAMQA3ADQANQA5ADMAOAAwADcANwA3ADUANAAsACIAQQA\/ACIAOgAiAEIAIgAsACIAQQAiADoAWwB7ACIAQQAiADoANgA0ADgALgA3ADMANgA3ADMAOAAxADEAMwAwADEAOAAsACIAQgAiADoAMwA5AC4AOQAyADUAMgA4ADkAMQAyADQAMAAxADUANgA4ACwAIgBEACIAOgAyADgAOAAuADAAMgAzADQAMwA3ADUALAAiAEMAIgA6ADEANQAuADMAMwAzADMAMgAsACIAQQA\/ACIAOgAiAEsAIgAsACIAYQAiADoAewAiAEEAIgA6AFsAewAiAEEAPwAiADoAIgBBACIALAAiAEEAIgA6ACIARABpAHIALgAgAEkAbABrAGUAcgAgAMcAYQB0AGEAawAgAHwAIABBAGwAZQBtAGEAbgBpAGEALAAgADIAMAAyADMAIAB8ACAAOQA4ACAAbQBpAG4AXABuACIAfQBdACwAIgBCACIAOgBbAHsAIgBBAD8AIgA6ACIAQQAiACwAIgBBACIAOgB7ACIAYwBvAGwAbwByACIAOgB7ACIAQgAiADoAIgAjADAAMAAwADAAMAAwACIAfQAsACIAZgBvAG4AdAAtAHMAdAB5AGwAZQAiADoAewAiAEIAIgA6ACIAbgBvAHIAbQBhAGwAIgB9ACwAIgB0AGUAeAB0AC0AdAByAGEAbgBzAGYAbwByAG0AIgA6AHsAIgBCACIAOgAiAG4AbwBuAGUAIgB9ACwAIgB0AGUAeAB0AC0AYQBsAGkAZwBuACIAOgB7ACIAQgAiADoAIgBjAGUAbgB0AGUAcgAiAH0ALAAiAGwAZQBhAGQAaQBuAGcAIgA6AHsAIgBCACIAOgAiADEANAAwADAALgAwACIAfQAsACIAZgBvAG4AdAAtAHMAaQB6AGUAIgA6AHsAIgBCACIAOgAiADEAMwAuADMAMwAzADQAIgB9ACwAIgBzAHAAYQBjAGkAbgBnACIAOgB7ACIAQgAiADoAIgAwAC4AMAAiAH0ALAAiAGYAbwBuAHQALQBrAGUAcgBuAGkAbgBnACIAOgB7ACIAQgAiADoAIgBuAG8AcgBtAGEAbAAiAH0ALAAiAGYAbwBuAHQALQBmAGEAbQBpAGwAeQAiADoAewAiAEIAIgA6ACIAWQBBAEMAZwBFAFQAaQBXAEsAUwA4ACwAMAAiAH0ALAAiAGYAbwBuAHQALQB3AGUAaQBnAGgAdAAiADoAewAiAEIAIgA6ACIAYgBvAGwAZAAiAH0ALAAiAHQAcgBhAGMAawBpAG4AZwAiADoAewAiAEIAIgA6ACIANwAwAC4AMAAiAH0AfQB9ACwAewAiAEEAPwAiADoAIgBCACIALAAiAEEAIgA6ADQAMwB9ACwAewAiAEEAPwAiADoAIgBBACIALAAiAEEAIgA6AHsAIgBjAG8AbABvAHIAIgA6AHsAfQAsACIAZgBvAG4AdAAtAHMAdAB5AGwAZQAiADoAewB9ACwAIgB0AGUAeAB0AC0AdAByAGEAbgBzAGYAbwByAG0AIgA6AHsAfQAsACIAdABlAHgAdAAtAGEAbABpAGcAbgAiADoAewB9ACwAIgBsAGUAYQBkAGkAbgBnACIAOgB7AH0ALAAiAGYAbwBuAHQALQBzAGkAegBlACIAOgB7AH0ALAAiAHMAcABhAGMAaQBuAGcAIgA6AHsAfQAsACIAZgBvAG4AdAAtAGsAZQByAG4AaQBuAGcAIgA6AHsAfQAsACIAZgBvAG4AdAAtAGYAYQBtAGkAbAB5ACIAOgB7AH0ALAAiAGYAbwBuAHQALQB3AGUAaQBnAGgAdAAiADoAewB9ACwAIgB0AHIAYQBjAGsAaQBuAGcAIgA6AHsAfQB9AH0AXQB9ACwAIgBiACIAOgB7ACIAQQAiADoAWwA0ADMAXQB9ACwAIgBkACIAOgAiAEEAIgAsACIAaAAiADoAIgBCACIAfQBdACwAIgBCACIAOgAxADEAMgAyAC4ANQAxADkANgA4ADUAMAAzADkAMwA3ACwAIgBDACIAOgA3ADkAMwAuADcAMAAwADcAOAA3ADQAMAAxADUANwA0ADgAfQA=\"><\/span><\/p>\n<div>\n<div style=\"font-size: 13.3334px; line-height: 1.4; direction: ltr; letter-spacing: 0.07em;\">\n<p><span style=\"font-weight: 700; font-style: normal; color: #000000;\">Dir. Ilker \u00c7atak | Alemania, 2023 | 98 min<\/span><\/p>\n<div><span data-canva-clipboard=\"ewAiAGEAIgA6ADUALAAiAGgAIgA6ACIAdwB3AHcALgBjAGEAbgB2AGEALgBjAG8AbQAiACwAIgBjACIAOgAiAEQAQQBHAGwAZABwAGMAcwBkAGEARQAiACwAIgBpACIAOgAiAE4AawBFAHIAOQA1AEUAZgBQAHoAUAB5AHkAdgBqAHAAYQBTAFEAOQBrAEEAIgAsACIAYgAiADoAMQA3ADQANQA5ADMAOAAwADcANwA3ADUANAAsACIAQQA\/ACIAOgAiAEIAIgAsACIAQQAiADoAWwB7ACIAQQAiADoANgA2ADkALgA3ADIAOAA5ADMANgAzADEANQA3ADAAMAAxACwAIgBCACIAOgAxADgALgA4ADYAOAAzADEANQA3ADQANQAzADEAMgA5ADcALAAiAEQAIgA6ADMAMwAwAC4AMQAzADcAMwA4ADQAMgA1ADcANAAwADUANAAsACIAQwAiADoAOAA3AC4AMwAzADMAMwA0ACwAIgBOACIAOgAiAHAAYQByAGEAZwByAGEAcABoACIALAAiAEEAPwAiADoAIgBLACIALAAiAGEAIgA6AHsAIgBBACIAOgBbAHsAIgBBAD8AIgA6ACIAQQAiACwAIgBBACIAOgAiAEMAdQBhAG4AZABvACAAdQBuAG8AIABkAGUAIABzAHUAcwAgAGEAbAB1AG0AbgBvAHMAIABlAHMAIABzAG8AcwBwAGUAYwBoAG8AcwBvACAAZABlACAAcgBvAGIAbwAsACAAbABhACAAcAByAG8AZgBlAHMAbwByAGEAIABDAGEAcgBsAGEAIABOAG8AdwBhAGsAIABkAGUAYwBpAGQAZQAgAGwAbABlAGcAYQByACAAYQBsACAAZgBvAG4AZABvACAAZABlAGwAIABhAHMAdQBuAHQAbwAuACAAQQB0AHIAYQBwAGEAZABhACAAZQBuAHQAcgBlACAAcwB1AHMAIABpAGQAZQBhAGwAZQBzACAAeQAgAGUAbAAgAHMAaQBzAHQAZQBtAGEAIABlAHMAYwBvAGwAYQByACwAIABsAGEAcwAgAGMAbwBuAHMAZQBjAHUAZQBuAGMAaQBhAHMAIABkAGUAIABzAHUAcwAgAGEAYwB0AG8AcwAgAGEAbQBlAG4AYQB6AGEAbgAgAGMAbwBuACAAZABvAGIAbABlAGcAYQByAGwAYQAuAFwAbgAiAH0AXQAsACIAQgAiADoAWwB7ACIAQQA\/ACIAOgAiAEEAIgAsACIAQQAiADoAewAiAGwAaQBzAHQALQBtAGEAcgBrAGUAcgAiADoAewAiAEIAIgA6ACIAZABpAHMAYwAiAH0ALAAiAGgAZQBhAGQALQBpAG4AZABlAG4AdAAiADoAewAiAEIAIgA6ACIAMQAzADAAMAAuADAAIgB9ACwAIgB0AHIAYQBjAGsAaQBuAGcAIgA6AHsAIgBCACIAOgAiADcAMAAuADAAIgB9ACwAIgB0AGUAeAB0AC0AYQBsAGkAZwBuACIAOgB7ACIAQgAiADoAIgBqAHUAcwB0AGkAZgB5ACIAfQAsACIAbABpAHMAdAAtAGwAZQB2AGUAbAAiADoAewAiAEIAIgA6ACIAMQAuADAAIgB9ACwAIgBjAG8AbABvAHIAIgA6AHsAIgBCACIAOgAiACMAMAAwADAAMAAwADAAIgB9ACwAIgBmAG8AbgB0AC0AZgBhAG0AaQBsAHkAIgA6AHsAIgBCACIAOgAiAFkAQQBDAGcARQBUAGkAVwBLAFMAOAAsADAAIgB9ACwAIgBmAG8AbgB0AC0AcwBpAHoAZQAiADoAewAiAEIAIgA6ACIAMQAzAC4AMwAzADMAMwAiAH0AfQB9ACwAewAiAEEAPwAiADoAIgBCACIALAAiAEEAIgA6ADIAMQAzAH0ALAB7ACIAQQA\/ACIAOgAiAEEAIgAsACIAQQAiADoAewAiAGgAZQBhAGQALQBpAG4AZABlAG4AdAAiADoAewB9ACwAIgBsAGkAcwB0AC0AbQBhAHIAawBlAHIAIgA6AHsAfQAsACIAbABpAHMAdAAtAGwAZQB2AGUAbAAiADoAewB9AH0AfQAsAHsAIgBBAD8AIgA6ACIAQgAiACwAIgBBACIAOgAxAH0ALAB7ACIAQQA\/ACIAOgAiAEEAIgAsACIAQQAiADoAewAiAGYAbwBuAHQALQBzAGkAegBlACIAOgB7AH0ALAAiAGYAbwBuAHQALQBmAGEAbQBpAGwAeQAiADoAewB9ACwAIgBjAG8AbABvAHIAIgA6AHsAfQAsACIAdABlAHgAdAAtAGEAbABpAGcAbgAiADoAewB9ACwAIgB0AHIAYQBjAGsAaQBuAGcAIgA6AHsAfQB9AH0AXQB9ACwAIgBiACIAOgB7ACIAQQAiADoAWwA0ADMALAA0ADgALAA1ADAALAA0ADgALAAyADUAXQB9ACwAIgBkACIAOgAiAEEAIgAsACIAZwAiADoAZgBhAGwAcwBlACwAIgBoACIAOgAiAEEAIgB9AF0ALAAiAEIAIgA6ADEAMQAyADIALgA1ADEAOQA2ADgANQAwADMAOQAzADcALAAiAEMAIgA6ADcAOQAzAC4ANwAwADAANwA4ADcANAAwADEANQA3ADQAOAB9AA==\"><\/span><div><div style=\"font-size: 13.3333px; line-height: 1.4; direction: ltr; letter-spacing: 0.07em; text-align: justify;\"><p><span style=\"font-weight: 400; font-style: normal; color: #000000;\">Cuando uno de sus alumnos es sospechoso de robo, la profesora Carla Nowak decide llegar al fondo del asunto. Atrapada entre sus ideales y el sistema escolar, las consecuencias de sus actos amenazan con doblegarla.<\/span><\/p><\/div><\/div><\/div>\n<\/div>\n<\/div>\n<\/div>\n<\/div>\n<\/div>\n<\/div>\t\t\t\t\t\t<\/div>\n\t\t\t\t<\/div>\n\t\t\t\t\t<\/div>\n\t\t<\/div>\n\t\t\t\t\t\t\t<\/div>\n\t\t<\/section>\n\t\t\t\t<section class=\"elementor-section elementor-top-section elementor-element elementor-element-90c90b7 elementor-section-boxed elementor-section-height-default elementor-section-height-default\" data-id=\"90c90b7\" data-element_type=\"section\">\n\t\t\t\t\t\t<div class=\"elementor-container elementor-column-gap-default\">\n\t\t\t\t\t<div class=\"elementor-column elementor-col-66 elementor-top-column elementor-element elementor-element-b477294\" data-id=\"b477294\" data-element_type=\"column\">\n\t\t\t<div class=\"elementor-widget-wrap elementor-element-populated\">\n\t\t\t\t\t\t\t\t<div class=\"elementor-element elementor-element-bab6e2f elementor-widget elementor-widget-text-editor\" data-id=\"bab6e2f\" data-element_type=\"widget\" data-widget_type=\"text-editor.default\">\n\t\t\t\t<div class=\"elementor-widget-container\">\n\t\t\t\t\t\t\t<div><p>\u00a0<\/p><div><div style=\"font-size: 16px; line-height: 1.4; direction: ltr; letter-spacing: 0.22em; text-transform: none; text-align: center;\"><p><span style=\"font-weight: bold; font-style: normal; color: #000000;\">Exi<\/span><span style=\"font-weight: bold; font-style: normal; color: #000000;\">l <\/span><span style=\"font-weight: bold; font-style: normal; color: #000000;\">&#8211; 8 de mayo<\/span><\/p><div><p>\u00a0<\/p><div><div style=\"font-size: 13.3334px; line-height: 1.4; direction: ltr; letter-spacing: 0.07em;\"><p><span style=\"font-weight: bold; font-style: normal; color: #000000;\">Dir. Visar Morina | Alemania\/Kosovo, 2020 | 121 min<\/span><\/p><div><div><div style=\"font-size: 13.3333px; line-height: 1.4; direction: ltr; letter-spacing: 0.07em; text-align: justify;\"><p><span style=\"font-weight: 400; font-style: normal; color: #000000;\">U<\/span><span style=\"font-weight: 400; font-style: normal; color: #000000;\">n ingeniero qu\u00edmico que es discriminado en el trabajo por ser un inmigrante se ve empujado a una crisis de identidad.<\/span><\/p><\/div><\/div><\/div><\/div><\/div><\/div><\/div><\/div><\/div>\t\t\t\t\t\t<\/div>\n\t\t\t\t<\/div>\n\t\t\t\t\t<\/div>\n\t\t<\/div>\n\t\t\t\t<div class=\"elementor-column elementor-col-33 elementor-top-column elementor-element elementor-element-51b8c0d\" data-id=\"51b8c0d\" data-element_type=\"column\">\n\t\t\t<div class=\"elementor-widget-wrap elementor-element-populated\">\n\t\t\t\t\t\t\t\t<div class=\"elementor-element elementor-element-8db976d elementor-widget__width-initial elementor-widget elementor-widget-video\" data-id=\"8db976d\" data-element_type=\"widget\" data-settings=\"{&quot;youtube_url&quot;:&quot;https:\\\/\\\/youtu.be\\\/lwi9Rf6CkUY&quot;,&quot;video_type&quot;:&quot;youtube&quot;,&quot;controls&quot;:&quot;yes&quot;}\" data-widget_type=\"video.default\">\n\t\t\t\t<div class=\"elementor-widget-container\">\n\t\t\t\t\t<div class=\"elementor-wrapper elementor-open-inline\">\n\t\t\t<div class=\"elementor-video\"><\/div>\t\t<\/div>\n\t\t\t\t<\/div>\n\t\t\t\t<\/div>\n\t\t\t\t\t<\/div>\n\t\t<\/div>\n\t\t\t\t\t\t\t<\/div>\n\t\t<\/section>\n\t\t\t\t<section class=\"elementor-section elementor-top-section elementor-element elementor-element-42bf1f7 elementor-section-boxed elementor-section-height-default elementor-section-height-default\" data-id=\"42bf1f7\" data-element_type=\"section\">\n\t\t\t\t\t\t<div class=\"elementor-container elementor-column-gap-default\">\n\t\t\t\t\t<div class=\"elementor-column elementor-col-33 elementor-top-column elementor-element elementor-element-38c6966\" data-id=\"38c6966\" data-element_type=\"column\">\n\t\t\t<div class=\"elementor-widget-wrap elementor-element-populated\">\n\t\t\t\t\t\t\t\t<div class=\"elementor-element elementor-element-a92e4cb elementor-widget elementor-widget-video\" data-id=\"a92e4cb\" data-element_type=\"widget\" data-settings=\"{&quot;youtube_url&quot;:&quot;https:\\\/\\\/youtu.be\\\/vysUhoIKoaM&quot;,&quot;video_type&quot;:&quot;youtube&quot;,&quot;controls&quot;:&quot;yes&quot;}\" data-widget_type=\"video.default\">\n\t\t\t\t<div class=\"elementor-widget-container\">\n\t\t\t\t\t<div class=\"elementor-wrapper elementor-open-inline\">\n\t\t\t<div class=\"elementor-video\"><\/div>\t\t<\/div>\n\t\t\t\t<\/div>\n\t\t\t\t<\/div>\n\t\t\t\t\t<\/div>\n\t\t<\/div>\n\t\t\t\t<div class=\"elementor-column elementor-col-66 elementor-top-column elementor-element elementor-element-ab4e0da\" data-id=\"ab4e0da\" data-element_type=\"column\">\n\t\t\t<div class=\"elementor-widget-wrap elementor-element-populated\">\n\t\t\t\t\t\t\t\t<div class=\"elementor-element elementor-element-b7dc99a elementor-widget elementor-widget-text-editor\" data-id=\"b7dc99a\" data-element_type=\"widget\" data-widget_type=\"text-editor.default\">\n\t\t\t\t<div class=\"elementor-widget-container\">\n\t\t\t\t\t\t\t<div><p>\u00a0<\/p><div><div style=\"font-size: 16px; line-height: 1.4; direction: ltr; letter-spacing: 0.22em; text-transform: none; text-align: center;\"><p><span style=\"font-weight: bold; font-style: normal; color: #000000;\">Adam &amp; Eve<\/span><span style=\"font-weight: bold; font-style: normal; color: #000000;\">lyn<\/span><span style=\"font-weight: bold; font-style: normal; color: #000000;\"> &#8211; 13 de mayo<\/span><\/p><div><p>\u00a0<\/p><div><div style=\"font-size: 13.3334px; line-height: 1.4; direction: ltr; letter-spacing: 0.07em;\"><p><span style=\"font-weight: bold; font-style: normal; color: #000000;\">Dir. Andreas Goldstein | Alemania, 2018 | 100 min<\/span><\/p><div><div><div style=\"font-size: 13.3333px; line-height: 1.4; direction: ltr; letter-spacing: 0.07em; text-align: justify;\"><p><span style=\"font-weight: 400; font-style: normal; color: #000000;\">V<\/span><span style=\"font-weight: 400; font-style: normal; color: #000000;\">erano de 1989, Alemania del Este. Adam trabaja como sastre, Evelyn como camarera. Est\u00e1n planeando unas vacaciones juntos cuando Evelyn descubre que Adam le ha sido infiel y decide irse sola de vacaciones.<\/span><\/p><\/div><\/div><\/div><\/div><\/div><\/div><\/div><\/div><\/div>\t\t\t\t\t\t<\/div>\n\t\t\t\t<\/div>\n\t\t\t\t\t<\/div>\n\t\t<\/div>\n\t\t\t\t\t\t\t<\/div>\n\t\t<\/section>\n\t\t\t\t<section class=\"elementor-section elementor-top-section elementor-element elementor-element-5019462 elementor-section-boxed elementor-section-height-default elementor-section-height-default\" data-id=\"5019462\" data-element_type=\"section\">\n\t\t\t\t\t\t<div class=\"elementor-container elementor-column-gap-default\">\n\t\t\t\t\t<div class=\"elementor-column elementor-col-66 elementor-top-column elementor-element elementor-element-4de9039\" data-id=\"4de9039\" data-element_type=\"column\">\n\t\t\t<div class=\"elementor-widget-wrap elementor-element-populated\">\n\t\t\t\t\t\t\t\t<div class=\"elementor-element elementor-element-bc2b761 elementor-widget elementor-widget-text-editor\" data-id=\"bc2b761\" data-element_type=\"widget\" data-widget_type=\"text-editor.default\">\n\t\t\t\t<div class=\"elementor-widget-container\">\n\t\t\t\t\t\t\t<div><p>\u00a0<\/p><div><div style=\"font-size: 16px; line-height: 1.4; direction: ltr; letter-spacing: 0.22em; text-transform: none; text-align: center;\"><p><span style=\"font-weight: bold; font-style: normal; color: #000000;\">Neuba<\/span><span style=\"font-weight: bold; font-style: normal; color: #000000;\">u <\/span><span style=\"font-weight: bold; font-style: normal; color: #000000;\">&#8211; 15 de mayo<\/span><\/p><div><p>\u00a0<\/p><div><div style=\"font-size: 13.3334px; line-height: 1.4; direction: ltr; letter-spacing: 0.024em;\"><p><span style=\"font-weight: bold; font-style: normal; color: #000000;\">Dir. Johannes Maria Schmit | Alemania, 2020 | 82 min<\/span><\/p><div><div><div style=\"font-size: 13.3333px; line-height: 1.4; direction: ltr; letter-spacing: 0.07em; text-align: justify;\"><p><span style=\"font-weight: 400; font-style: normal; color: #000000;\">E<\/span><span style=\"font-weight: 400; font-style: normal; color: #000000;\">n la provincia de Brandeburgo, Markus se debate entre el amor por sus abuelas necesitadas de cuidados -una de ellas con demencia- y su anhelo de autodeterminaci\u00f3n urbana en Berl\u00edn. La mayor parte del tiempo, abandonado a sus preocupaciones, sue\u00f1a despierto con una multitud de demonios que act\u00faan como presagios de una familia urbana electiva. Cuando el t\u00e9cnico vietnamita Duc entra en su vida, las cosas se complican, y Markus tiene que decidir si quedarse o partir&#8230;<\/span><\/p><\/div><\/div><\/div><\/div><\/div><\/div><\/div><\/div><\/div>\t\t\t\t\t\t<\/div>\n\t\t\t\t<\/div>\n\t\t\t\t\t<\/div>\n\t\t<\/div>\n\t\t\t\t<div class=\"elementor-column elementor-col-33 elementor-top-column elementor-element elementor-element-5797462\" data-id=\"5797462\" data-element_type=\"column\">\n\t\t\t<div class=\"elementor-widget-wrap elementor-element-populated\">\n\t\t\t\t\t\t\t\t<div class=\"elementor-element elementor-element-55bd142 elementor-absolute elementor-widget elementor-widget-video\" data-id=\"55bd142\" data-element_type=\"widget\" data-settings=\"{&quot;youtube_url&quot;:&quot;https:\\\/\\\/youtu.be\\\/2eX64gJp1SQ&quot;,&quot;_position&quot;:&quot;absolute&quot;,&quot;video_type&quot;:&quot;youtube&quot;,&quot;controls&quot;:&quot;yes&quot;}\" data-widget_type=\"video.default\">\n\t\t\t\t<div class=\"elementor-widget-container\">\n\t\t\t\t\t<div class=\"elementor-wrapper elementor-open-inline\">\n\t\t\t<div class=\"elementor-video\"><\/div>\t\t<\/div>\n\t\t\t\t<\/div>\n\t\t\t\t<\/div>\n\t\t\t\t\t<\/div>\n\t\t<\/div>\n\t\t\t\t\t\t\t<\/div>\n\t\t<\/section>\n\t\t\t\t\t\t\t<\/div>","protected":false},"excerpt":{"rendered":"<p>ciclo de cine alem\u00e1n 2025 Cuatro miradas sobre la identidad, la pertenencia y el deseo de cambiar de vida. Sal\u00f3n de actos, Civivox Iturrama. 19:00h. Este nuevo Ciclo de Cine [&hellip;]<\/p>","protected":false},"author":1,"featured_media":0,"parent":0,"menu_order":0,"comment_status":"closed","ping_status":"closed","template":"","meta":{"_seopress_robots_primary_cat":"","site-sidebar-layout":"no-sidebar","site-content-layout":"page-builder","ast-site-content-layout":"full-width-container","site-content-style":"default","site-sidebar-style":"default","ast-global-header-display":"","ast-banner-title-visibility":"","ast-main-header-display":"","ast-hfb-above-header-display":"","ast-hfb-below-header-display":"","ast-hfb-mobile-header-display":"","site-post-title":"disabled","ast-breadcrumbs-content":"","ast-featured-img":"disabled","footer-sml-layout":"","theme-transparent-header-meta":"","adv-header-id-meta":"","stick-header-meta":"","header-above-stick-meta":"","header-main-stick-meta":"","header-below-stick-meta":"","astra-migrate-meta-layouts":"set","ast-page-background-enabled":"default","ast-page-background-meta":{"desktop":{"background-color":"","background-image":"","background-repeat":"repeat","background-position":"center center","background-size":"auto","background-attachment":"scroll","background-type":"","background-media":"","overlay-type":"","overlay-color":"","overlay-opacity":"","overlay-gradient":""},"tablet":{"background-color":"","background-image":"","background-repeat":"repeat","background-position":"center center","background-size":"auto","background-attachment":"scroll","background-type":"","background-media":"","overlay-type":"","overlay-color":"","overlay-opacity":"","overlay-gradient":""},"mobile":{"background-color":"","background-image":"","background-repeat":"repeat","background-position":"center center","background-size":"auto","background-attachment":"scroll","background-type":"","background-media":"","overlay-type":"","overlay-color":"","overlay-opacity":"","overlay-gradient":""}},"ast-content-background-meta":{"desktop":{"background-color":"var(--ast-global-color-5)","background-image":"","background-repeat":"repeat","background-position":"center center","background-size":"auto","background-attachment":"scroll","background-type":"","background-media":"","overlay-type":"","overlay-color":"","overlay-opacity":"","overlay-gradient":""},"tablet":{"background-color":"var(--ast-global-color-5)","background-image":"","background-repeat":"repeat","background-position":"center center","background-size":"auto","background-attachment":"scroll","background-type":"","background-media":"","overlay-type":"","overlay-color":"","overlay-opacity":"","overlay-gradient":""},"mobile":{"background-color":"var(--ast-global-color-5)","background-image":"","background-repeat":"repeat","background-position":"center center","background-size":"auto","background-attachment":"scroll","background-type":"","background-media":"","overlay-type":"","overlay-color":"","overlay-opacity":"","overlay-gradient":""}},"footnotes":""},"class_list":["post-5059","page","type-page","status-publish","hentry"],"jetpack_sharing_enabled":true,"_links":{"self":[{"href":"https:\/\/sociedadhispanoalemana.com\/de\/wp-json\/wp\/v2\/pages\/5059","targetHints":{"allow":["GET"]}}],"collection":[{"href":"https:\/\/sociedadhispanoalemana.com\/de\/wp-json\/wp\/v2\/pages"}],"about":[{"href":"https:\/\/sociedadhispanoalemana.com\/de\/wp-json\/wp\/v2\/types\/page"}],"author":[{"embeddable":true,"href":"https:\/\/sociedadhispanoalemana.com\/de\/wp-json\/wp\/v2\/users\/1"}],"replies":[{"embeddable":true,"href":"https:\/\/sociedadhispanoalemana.com\/de\/wp-json\/wp\/v2\/comments?post=5059"}],"version-history":[{"count":4,"href":"https:\/\/sociedadhispanoalemana.com\/de\/wp-json\/wp\/v2\/pages\/5059\/revisions"}],"predecessor-version":[{"id":5067,"href":"https:\/\/sociedadhispanoalemana.com\/de\/wp-json\/wp\/v2\/pages\/5059\/revisions\/5067"}],"wp:attachment":[{"href":"https:\/\/sociedadhispanoalemana.com\/de\/wp-json\/wp\/v2\/media?parent=5059"}],"curies":[{"name":"wp","href":"https:\/\/api.w.org\/{rel}","templated":true}]}}