{"id":5196,"date":"2025-06-11T13:03:25","date_gmt":"2025-06-11T13:03:25","guid":{"rendered":"https:\/\/sociedadhispanoalemana.com\/?page_id=5196"},"modified":"2025-06-11T13:33:05","modified_gmt":"2025-06-11T13:33:05","slug":"fruhlingsfest-fiesta-de-primavera","status":"publish","type":"page","link":"https:\/\/sociedadhispanoalemana.com\/de\/fruhlingsfest-fiesta-de-primavera","title":{"rendered":"FR\u00dcHLINGSFEST &#8211; FIESTA DE PRIMAVERA"},"content":{"rendered":"<div data-elementor-type=\"wp-page\" data-elementor-id=\"5196\" class=\"elementor elementor-5196\" data-elementor-post-type=\"page\">\n\t\t\t\t\t\t\t\t\t<section class=\"elementor-section elementor-top-section elementor-element elementor-element-fa65b2c elementor-section-boxed elementor-section-height-default elementor-section-height-default\" data-id=\"fa65b2c\" data-element_type=\"section\">\n\t\t\t\t\t\t<div class=\"elementor-container elementor-column-gap-default\">\n\t\t\t\t\t<div class=\"elementor-column elementor-col-100 elementor-top-column elementor-element elementor-element-f16c975\" data-id=\"f16c975\" data-element_type=\"column\">\n\t\t\t<div class=\"elementor-widget-wrap elementor-element-populated\">\n\t\t\t\t\t\t\t\t<div class=\"elementor-element elementor-element-f4afd9f elementor-widget elementor-widget-spacer\" data-id=\"f4afd9f\" data-element_type=\"widget\" data-widget_type=\"spacer.default\">\n\t\t\t\t<div class=\"elementor-widget-container\">\n\t\t\t\t\t<div class=\"elementor-spacer\">\n\t\t\t<div class=\"elementor-spacer-inner\"><\/div>\n\t\t<\/div>\n\t\t\t\t<\/div>\n\t\t\t\t<\/div>\n\t\t\t\t\t<\/div>\n\t\t<\/div>\n\t\t\t\t\t\t\t<\/div>\n\t\t<\/section>\n\t\t\t\t<section class=\"elementor-section elementor-top-section elementor-element elementor-element-28d37e4 elementor-section-boxed elementor-section-height-default elementor-section-height-default\" data-id=\"28d37e4\" data-element_type=\"section\">\n\t\t\t\t\t\t<div class=\"elementor-container elementor-column-gap-default\">\n\t\t\t\t\t<div class=\"elementor-column elementor-col-100 elementor-top-column elementor-element elementor-element-e0d02c7\" data-id=\"e0d02c7\" data-element_type=\"column\">\n\t\t\t<div class=\"elementor-widget-wrap elementor-element-populated\">\n\t\t\t\t\t\t\t\t<div class=\"elementor-element elementor-element-45cfb40 elementor-widget elementor-widget-heading\" data-id=\"45cfb40\" data-element_type=\"widget\" data-widget_type=\"heading.default\">\n\t\t\t\t<div class=\"elementor-widget-container\">\n\t\t\t<h2 class=\"elementor-heading-title elementor-size-default\"><b><i>FR\u00dcHLINGSFEST <\/i>- FIESTA DE PRIMAVERA<\/b><\/h2>\t\t<\/div>\n\t\t\t\t<\/div>\n\t\t\t\t\t<\/div>\n\t\t<\/div>\n\t\t\t\t\t\t\t<\/div>\n\t\t<\/section>\n\t\t\t\t<section class=\"elementor-section elementor-top-section elementor-element elementor-element-6dce43a elementor-section-boxed elementor-section-height-default elementor-section-height-default\" data-id=\"6dce43a\" data-element_type=\"section\">\n\t\t\t\t\t\t<div class=\"elementor-container elementor-column-gap-default\">\n\t\t\t\t\t<div class=\"elementor-column elementor-col-33 elementor-top-column elementor-element elementor-element-ecb86b8\" data-id=\"ecb86b8\" data-element_type=\"column\">\n\t\t\t<div class=\"elementor-widget-wrap elementor-element-populated\">\n\t\t\t\t\t\t\t\t<div class=\"elementor-element elementor-element-ec309b6 elementor-widget elementor-widget-image\" data-id=\"ec309b6\" data-element_type=\"widget\" data-widget_type=\"image.default\">\n\t\t\t\t<div class=\"elementor-widget-container\">\n\t\t\t\t\t\t\t\t\t\t\t\t\t\t\t<img loading=\"lazy\" decoding=\"async\" width=\"724\" height=\"1024\" src=\"https:\/\/sociedadhispanoalemana.com\/wp-content\/uploads\/2025\/06\/Cartel-de-Festival-de-Primavera-Floreado-Rosa-Naranja-y-Azul-1-724x1024.png\" class=\"attachment-large size-large wp-image-5200\" alt=\"\" srcset=\"https:\/\/sociedadhispanoalemana.com\/wp-content\/uploads\/2025\/06\/Cartel-de-Festival-de-Primavera-Floreado-Rosa-Naranja-y-Azul-1-724x1024.png 724w, https:\/\/sociedadhispanoalemana.com\/wp-content\/uploads\/2025\/06\/Cartel-de-Festival-de-Primavera-Floreado-Rosa-Naranja-y-Azul-1-212x300.png 212w, https:\/\/sociedadhispanoalemana.com\/wp-content\/uploads\/2025\/06\/Cartel-de-Festival-de-Primavera-Floreado-Rosa-Naranja-y-Azul-1-768x1086.png 768w, https:\/\/sociedadhispanoalemana.com\/wp-content\/uploads\/2025\/06\/Cartel-de-Festival-de-Primavera-Floreado-Rosa-Naranja-y-Azul-1-1086x1536.png 1086w, https:\/\/sociedadhispanoalemana.com\/wp-content\/uploads\/2025\/06\/Cartel-de-Festival-de-Primavera-Floreado-Rosa-Naranja-y-Azul-1-8x12.png 8w, https:\/\/sociedadhispanoalemana.com\/wp-content\/uploads\/2025\/06\/Cartel-de-Festival-de-Primavera-Floreado-Rosa-Naranja-y-Azul-1.png 1414w\" sizes=\"auto, (max-width: 724px) 100vw, 724px\" \/>\t\t\t\t\t\t\t\t\t\t\t\t\t\t\t<\/div>\n\t\t\t\t<\/div>\n\t\t\t\t\t<\/div>\n\t\t<\/div>\n\t\t\t\t<div class=\"elementor-column elementor-col-66 elementor-top-column elementor-element elementor-element-34a52c7\" data-id=\"34a52c7\" data-element_type=\"column\">\n\t\t\t<div class=\"elementor-widget-wrap elementor-element-populated\">\n\t\t\t\t\t\t\t\t<div class=\"elementor-element elementor-element-8b96631 elementor-widget elementor-widget-text-editor\" data-id=\"8b96631\" data-element_type=\"widget\" data-widget_type=\"text-editor.default\">\n\t\t\t\t<div class=\"elementor-widget-container\">\n\t\t\t\t\t\t\t<p dir=\"ltr\" style=\"line-height:1.38;margin-top:12pt;margin-bottom:12pt;\"><span style=\"font-size:11pt;font-family:Arial,sans-serif;color:#000000;background-color:transparent;font-weight:400;font-style:normal;font-variant:normal;text-decoration:none;vertical-align:baseline;white-space:pre;white-space:pre-wrap;\">Am kommenden <\/span><span style=\"font-size:11pt;font-family:Arial,sans-serif;color:#000000;background-color:transparent;font-weight:700;font-style:normal;font-variant:normal;text-decoration:none;vertical-align:baseline;white-space:pre;white-space:pre-wrap;\">Samstag den 6. Juni <\/span><span style=\"font-size: 11pt; font-family: Arial, sans-serif; color: rgb(0, 0, 0); background-color: transparent; font-style: normal; font-variant: normal; text-decoration: none; vertical-align: baseline; white-space: pre-wrap;\">veranstalten wir<\/span><span style=\"font-size: 11pt; font-family: Arial, sans-serif; color: rgb(0, 0, 0); background-color: transparent; font-style: normal; font-variant: normal; text-decoration: none; vertical-align: baseline; white-space: pre-wrap;\"> <\/span><span style=\"font-size:11pt;font-family:Arial,sans-serif;color:#000000;background-color:transparent;font-weight:400;font-style:normal;font-variant:normal;text-decoration:none;vertical-align:baseline;white-space:pre;white-space:pre-wrap;\">in Pamplona zum zweiten Mal unser <\/span><span style=\"font-size:11pt;font-family:Arial,sans-serif;color:#000000;background-color:transparent;font-weight:700;font-style:normal;font-variant:normal;text-decoration:none;vertical-align:baseline;white-space:pre;white-space:pre-wrap;\">Fr\u00fchlingsfest - Fiesta de Primavera<\/span><span style=\"font-size:11pt;font-family:Arial,sans-serif;color:#000000;background-color:transparent;font-weight:400;font-style:normal;font-variant:normal;text-decoration:none;vertical-align:baseline;white-space:pre;white-space:pre-wrap;\">. Veranstaltungsort ist der <\/span><span style=\"font-size:11pt;font-family:Arial,sans-serif;color:#000000;background-color:transparent;font-weight:700;font-style:normal;font-variant:normal;text-decoration:none;vertical-align:baseline;white-space:pre;white-space:pre-wrap;\">Plaza Virgen de la O<\/span><span style=\"font-size:11pt;font-family:Arial,sans-serif;color:#000000;background-color:transparent;font-weight:400;font-style:normal;font-variant:normal;text-decoration:none;vertical-align:baseline;white-space:pre;white-space:pre-wrap;\">, von <\/span><span style=\"font-size:11pt;font-family:Arial,sans-serif;color:#000000;background-color:transparent;font-weight:700;font-style:normal;font-variant:normal;text-decoration:none;vertical-align:baseline;white-space:pre;white-space:pre-wrap;\">18:00 bis 22:00 Uhr<\/span><span style=\"font-size:11pt;font-family:Arial,sans-serif;color:#000000;background-color:transparent;font-weight:400;font-style:normal;font-variant:normal;text-decoration:none;vertical-align:baseline;white-space:pre;white-space:pre-wrap;\">, bei <\/span><span style=\"font-size:11pt;font-family:Arial,sans-serif;color:#000000;background-color:transparent;font-weight:700;font-style:normal;font-variant:normal;text-decoration:none;vertical-align:baseline;white-space:pre;white-space:pre-wrap;\">freiem Eintritt f\u00fcr Besucher jeden Alters.<\/span><span style=\"font-size:11pt;font-family:Arial,sans-serif;color:#000000;background-color:transparent;font-weight:400;font-style:normal;font-variant:normal;text-decoration:none;vertical-align:baseline;white-space:pre;white-space:pre-wrap;\"> -<\/span><\/p>\n<p dir=\"ltr\" style=\"line-height:1.38;margin-top:12pt;margin-bottom:12pt;\"><span style=\"font-size:11pt;font-family:Arial,sans-serif;color:#000000;background-color:transparent;font-weight:400;font-style:normal;font-variant:normal;text-decoration:none;vertical-align:baseline;white-space:pre;white-space:pre-wrap;\">Das <\/span><span style=\"font-size:11pt;font-family:Arial,sans-serif;color:#000000;background-color:transparent;font-weight:700;font-style:normal;font-variant:normal;text-decoration:none;vertical-align:baseline;white-space:pre;white-space:pre-wrap;\">Fr\u00fchlingsfest<\/span><span style=\"font-size:11pt;font-family:Arial,sans-serif;color:#000000;background-color:transparent;font-weight:400;font-style:normal;font-variant:normal;text-decoration:none;vertical-align:baseline;white-space:pre;white-space:pre-wrap;\">- <\/span><span style=\"font-size:11pt;font-family:Arial,sans-serif;color:#000000;background-color:transparent;font-weight:400;font-style:italic;font-variant:normal;text-decoration:none;vertical-align:baseline;white-space:pre;white-space:pre-wrap;\">\u00abFiesta de Primavera\u00bb auf Spanisch<\/span><span style=\"font-size:11pt;font-family:Arial,sans-serif;color:#000000;background-color:transparent;font-weight:400;font-style:normal;font-variant:normal;text-decoration:none;vertical-align:baseline;white-space:pre;white-space:pre-wrap;\">, ist ein popul\u00e4res Volksfest in Deutschland, speziell in Bayern und Baden-W\u00fcrtemberg, an der frischen Luft, um dem Fr\u00fchling nach dem kalten Winter willkommen zu heissen. Zwar weniger bekannt als das <\/span><span style=\"font-size:11pt;font-family:Arial,sans-serif;color:#000000;background-color:transparent;font-weight:700;font-style:normal;font-variant:normal;text-decoration:none;vertical-align:baseline;white-space:pre;white-space:pre-wrap;\">Oktoberfest<\/span><span style=\"font-size:11pt;font-family:Arial,sans-serif;color:#000000;background-color:transparent;font-weight:400;font-style:normal;font-variant:normal;text-decoration:none;vertical-align:baseline;white-space:pre;white-space:pre-wrap;\">, ist das Ambiente beim Fr\u00fchlingsfest famili\u00e4rer, aber ebenso festlich und stimmungsvoll, bei einer guten Kombination aus traditioneller Musik, lokaler Gastronomie, und - Nat\u00fcrlich - gutem und frischem Bier.<\/span><\/p>\n<p dir=\"ltr\" style=\"line-height:1.38;margin-top:12pt;margin-bottom:12pt;\"><span style=\"font-size:11pt;font-family:Arial,sans-serif;color:#000000;background-color:transparent;font-weight:400;font-style:normal;font-variant:normal;text-decoration:none;vertical-align:baseline;white-space:pre;white-space:pre-wrap;\">Wie schon im letzten Jahr erfreuen wir die G\u00e4ste mit <\/span><span style=\"font-size:11pt;font-family:Arial,sans-serif;color:#000000;background-color:transparent;font-weight:700;font-style:normal;font-variant:normal;text-decoration:none;vertical-align:baseline;white-space:pre;white-space:pre-wrap;\">Live-Musik der Gruppe Willy Folk<\/span><span style=\"font-size:11pt;font-family:Arial,sans-serif;color:#000000;background-color:transparent;font-weight:400;font-style:normal;font-variant:normal;text-decoration:none;vertical-align:baseline;white-space:pre;white-space:pre-wrap;\">, und ein <\/span><span style=\"font-size:11pt;font-family:Arial,sans-serif;color:#000000;background-color:transparent;font-weight:700;font-style:normal;font-variant:normal;text-decoration:none;vertical-align:baseline;white-space:pre;white-space:pre-wrap;\">Foodtruck bietet uns typische deutsche Produkte an<\/span><span style=\"font-size:11pt;font-family:Arial,sans-serif;color:#000000;background-color:transparent;font-weight:400;font-style:normal;font-variant:normal;text-decoration:none;vertical-align:baseline;white-space:pre;white-space:pre-wrap;\"> - wie zum Beispiel Bratwurst, Currywurst, Sauerkraut und andere Spezialit\u00e4ten - und nat\u00fcrlich deutsches Bier, zum Vergn\u00fcgen des Publikums.<\/span><\/p>\n<p dir=\"ltr\" style=\"line-height:1.38;margin-top:12pt;margin-bottom:12pt;\"><span style=\"font-size:11pt;font-family:Arial,sans-serif;color:#000000;background-color:transparent;font-weight:700;font-style:normal;font-variant:normal;text-decoration:none;vertical-align:baseline;white-space:pre;white-space:pre-wrap;\">Die Mitglieder der SHANE bekommen zwei Bier gratis<\/span><span style=\"font-size:11pt;font-family:Arial,sans-serif;color:#000000;background-color:transparent;font-weight:400;font-style:normal;font-variant:normal;text-decoration:none;vertical-align:baseline;white-space:pre;white-space:pre-wrap;\"> - und es gibt eine <\/span><span style=\"font-size:11pt;font-family:Arial,sans-serif;color:#000000;background-color:transparent;font-weight:700;font-style:normal;font-variant:normal;text-decoration:none;vertical-align:baseline;white-space:pre;white-space:pre-wrap;\">spezielle Verlosung f\u00fcr Freibier f\u00fcr Besucher die in typische deutscher Tracht zur Veranstaltung kommen<\/span><span style=\"font-size:11pt;font-family:Arial,sans-serif;color:#000000;background-color:transparent;font-weight:400;font-style:normal;font-variant:normal;text-decoration:none;vertical-align:baseline;white-space:pre;white-space:pre-wrap;\"> wie zum Beispiel mit <\/span><span style=\"font-size:11pt;font-family:Arial,sans-serif;color:#000000;background-color:transparent;font-weight:400;font-style:italic;font-variant:normal;text-decoration:none;vertical-align:baseline;white-space:pre;white-space:pre-wrap;\">Dirndl oder Lederhose.<\/span><span style=\"font-size:11pt;font-family:Arial,sans-serif;color:#000000;background-color:transparent;font-weight:400;font-style:normal;font-variant:normal;text-decoration:none;vertical-align:baseline;white-space:pre;white-space:pre-wrap;\"> - <\/span><span style=\"font-size:11pt;font-family:Arial,sans-serif;color:#000000;background-color:transparent;font-weight:400;font-style:italic;font-variant:normal;text-decoration:none;vertical-align:baseline;white-space:pre;white-space:pre-wrap;\">- -<\/span><span style=\"font-size:11pt;font-family:Arial,sans-serif;color:#000000;background-color:transparent;font-weight:400;font-style:normal;font-variant:normal;text-decoration:none;vertical-align:baseline;white-space:pre;white-space:pre-wrap;\">).  Das ist eine perfekte Gelegenheit um in festlicher Atmosph\u00e4re in die deutsche Kultur einzutauchen und an diesem multikulturellen Fest teilzuhaben.<\/span><\/p>\n<p dir=\"ltr\" style=\"line-height:1.38;margin-top:12pt;margin-bottom:12pt;\"><span style=\"background-color: transparent; color: rgb(0, 0, 0); font-family: Arial, sans-serif; font-size: 11pt; font-style: normal; font-weight: 400; white-space-collapse: preserve;\">Die Veranstaltung wird unterst\u00fctzt durch den Verein GSTAS Navarra und durch die Stadtverwaltung von Pamplona.<\/span><\/p>\n<p><span style=\"font-weight:normal;\"><\/span><\/p>\n<p dir=\"ltr\" style=\"line-height:1.38;margin-top:12pt;margin-bottom:12pt;\"><span style=\"font-size:11pt;font-family:Arial,sans-serif;color:#000000;background-color:transparent;font-weight:400;font-style:normal;font-variant:normal;text-decoration:none;vertical-align:baseline;white-space:pre;white-space:pre-wrap;\">Im Namen der SHANE f\u00f6rdern und forcieren wir den kulturellen Austausch durch solche \u00f6ffentlichen und festlichen Aktivit\u00e4ten die das gegenseitige Verst\u00e4ndnis und das Miteinander beg\u00fcnstigen. Das Fr\u00fchlingsfest ist eine exzellente Gelegenheit die deutsche Tradition in einem festlichen Ambiente zu entdecken und zu geniessen, und das im Herzen von Pamplona.<\/span><\/p>\n<p dir=\"ltr\" style=\"line-height:1.38;margin-top:12pt;margin-bottom:12pt;\"><span style=\"background-color: transparent; color: rgb(0, 0, 0); font-family: Arial, sans-serif; font-size: 11pt; font-style: normal; font-weight: 400; white-space-collapse: preserve;\">Mehr Information unter <\/span><span style=\"background-color: transparent; color: rgb(0, 0, 0); font-family: Arial, sans-serif; font-size: 11pt; font-style: normal; white-space-collapse: preserve;\"><b>info@sociedadhispanoalemana.com<\/b><\/span><\/p>\t\t\t\t\t\t<\/div>\n\t\t\t\t<\/div>\n\t\t\t\t\t<\/div>\n\t\t<\/div>\n\t\t\t\t\t\t\t<\/div>\n\t\t<\/section>\n\t\t\t\t<section class=\"elementor-section elementor-top-section elementor-element elementor-element-872e4f9 elementor-section-boxed elementor-section-height-default elementor-section-height-default\" data-id=\"872e4f9\" data-element_type=\"section\">\n\t\t\t\t\t\t<div class=\"elementor-container elementor-column-gap-default\">\n\t\t\t\t\t<div class=\"elementor-column elementor-col-100 elementor-top-column elementor-element elementor-element-c37de39\" data-id=\"c37de39\" data-element_type=\"column\">\n\t\t\t<div class=\"elementor-widget-wrap elementor-element-populated\">\n\t\t\t\t\t\t\t\t<div class=\"elementor-element elementor-element-25dd851 elementor-widget elementor-widget-spacer\" data-id=\"25dd851\" data-element_type=\"widget\" data-widget_type=\"spacer.default\">\n\t\t\t\t<div class=\"elementor-widget-container\">\n\t\t\t\t\t<div class=\"elementor-spacer\">\n\t\t\t<div class=\"elementor-spacer-inner\"><\/div>\n\t\t<\/div>\n\t\t\t\t<\/div>\n\t\t\t\t<\/div>\n\t\t\t\t\t<\/div>\n\t\t<\/div>\n\t\t\t\t\t\t\t<\/div>\n\t\t<\/section>\n\t\t\t\t\t\t\t<\/div>","protected":false},"excerpt":{"rendered":"<p>FR\u00dcHLINGSFEST &#8211; FIESTA DE PRIMAVERA El pr\u00f3ximo s\u00e1bado 14 de junio organizamos en Pamplona por primera vez una Fiesta de Primavera \u2013 Fr\u00fchlingsfest. La cita tendr\u00e1 lugar en la Plaza [&hellip;]<\/p>","protected":false},"author":1,"featured_media":0,"parent":0,"menu_order":0,"comment_status":"closed","ping_status":"closed","template":"","meta":{"_seopress_robots_primary_cat":"","site-sidebar-layout":"no-sidebar","site-content-layout":"page-builder","ast-site-content-layout":"full-width-container","site-content-style":"default","site-sidebar-style":"default","ast-global-header-display":"","ast-banner-title-visibility":"","ast-main-header-display":"","ast-hfb-above-header-display":"","ast-hfb-below-header-display":"","ast-hfb-mobile-header-display":"","site-post-title":"disabled","ast-breadcrumbs-content":"","ast-featured-img":"disabled","footer-sml-layout":"","theme-transparent-header-meta":"","adv-header-id-meta":"","stick-header-meta":"","header-above-stick-meta":"","header-main-stick-meta":"","header-below-stick-meta":"","astra-migrate-meta-layouts":"set","ast-page-background-enabled":"default","ast-page-background-meta":{"desktop":{"background-color":"","background-image":"","background-repeat":"repeat","background-position":"center center","background-size":"auto","background-attachment":"scroll","background-type":"","background-media":"","overlay-type":"","overlay-color":"","overlay-opacity":"","overlay-gradient":""},"tablet":{"background-color":"","background-image":"","background-repeat":"repeat","background-position":"center center","background-size":"auto","background-attachment":"scroll","background-type":"","background-media":"","overlay-type":"","overlay-color":"","overlay-opacity":"","overlay-gradient":""},"mobile":{"background-color":"","background-image":"","background-repeat":"repeat","background-position":"center center","background-size":"auto","background-attachment":"scroll","background-type":"","background-media":"","overlay-type":"","overlay-color":"","overlay-opacity":"","overlay-gradient":""}},"ast-content-background-meta":{"desktop":{"background-color":"var(--ast-global-color-5)","background-image":"","background-repeat":"repeat","background-position":"center center","background-size":"auto","background-attachment":"scroll","background-type":"","background-media":"","overlay-type":"","overlay-color":"","overlay-opacity":"","overlay-gradient":""},"tablet":{"background-color":"var(--ast-global-color-5)","background-image":"","background-repeat":"repeat","background-position":"center center","background-size":"auto","background-attachment":"scroll","background-type":"","background-media":"","overlay-type":"","overlay-color":"","overlay-opacity":"","overlay-gradient":""},"mobile":{"background-color":"var(--ast-global-color-5)","background-image":"","background-repeat":"repeat","background-position":"center center","background-size":"auto","background-attachment":"scroll","background-type":"","background-media":"","overlay-type":"","overlay-color":"","overlay-opacity":"","overlay-gradient":""}},"footnotes":""},"class_list":["post-5196","page","type-page","status-publish","hentry"],"jetpack_sharing_enabled":true,"_links":{"self":[{"href":"https:\/\/sociedadhispanoalemana.com\/de\/wp-json\/wp\/v2\/pages\/5196","targetHints":{"allow":["GET"]}}],"collection":[{"href":"https:\/\/sociedadhispanoalemana.com\/de\/wp-json\/wp\/v2\/pages"}],"about":[{"href":"https:\/\/sociedadhispanoalemana.com\/de\/wp-json\/wp\/v2\/types\/page"}],"author":[{"embeddable":true,"href":"https:\/\/sociedadhispanoalemana.com\/de\/wp-json\/wp\/v2\/users\/1"}],"replies":[{"embeddable":true,"href":"https:\/\/sociedadhispanoalemana.com\/de\/wp-json\/wp\/v2\/comments?post=5196"}],"version-history":[{"count":13,"href":"https:\/\/sociedadhispanoalemana.com\/de\/wp-json\/wp\/v2\/pages\/5196\/revisions"}],"predecessor-version":[{"id":5213,"href":"https:\/\/sociedadhispanoalemana.com\/de\/wp-json\/wp\/v2\/pages\/5196\/revisions\/5213"}],"wp:attachment":[{"href":"https:\/\/sociedadhispanoalemana.com\/de\/wp-json\/wp\/v2\/media?parent=5196"}],"curies":[{"name":"wp","href":"https:\/\/api.w.org\/{rel}","templated":true}]}}