{"id":541,"date":"2021-01-07T15:02:02","date_gmt":"2021-01-07T15:02:02","guid":{"rendered":"https:\/\/sociedadhispanoalemana.com\/?page_id=541"},"modified":"2021-03-27T07:16:54","modified_gmt":"2021-03-27T07:16:54","slug":"actualidad","status":"publish","type":"page","link":"https:\/\/sociedadhispanoalemana.com\/de\/actualidad","title":{"rendered":"Aktualit\u00e4t"},"content":{"rendered":"<div data-elementor-type=\"wp-page\" data-elementor-id=\"541\" class=\"elementor elementor-541\" data-elementor-post-type=\"page\">\n\t\t\t\t\t\t\t\t\t<section class=\"elementor-section elementor-top-section elementor-element elementor-element-1b0a5d33 elementor-section-boxed elementor-section-height-default elementor-section-height-default\" data-id=\"1b0a5d33\" data-element_type=\"section\" data-settings=\"{&quot;background_background&quot;:&quot;classic&quot;}\">\n\t\t\t\t\t\t\t<div class=\"elementor-background-overlay\"><\/div>\n\t\t\t\t\t\t\t<div class=\"elementor-container elementor-column-gap-default\">\n\t\t\t\t\t<div class=\"elementor-column elementor-col-100 elementor-top-column elementor-element elementor-element-1f841ba\" data-id=\"1f841ba\" data-element_type=\"column\">\n\t\t\t<div class=\"elementor-widget-wrap elementor-element-populated\">\n\t\t\t\t\t\t\t\t<div class=\"elementor-element elementor-element-365ba0bd elementor-widget elementor-widget-heading\" data-id=\"365ba0bd\" data-element_type=\"widget\" data-widget_type=\"heading.default\">\n\t\t\t\t<div class=\"elementor-widget-container\">\n\t\t\t<h1 class=\"elementor-heading-title elementor-size-default\">Aktualit\u00e4t<\/h1>\t\t<\/div>\n\t\t\t\t<\/div>\n\t\t\t\t\t<\/div>\n\t\t<\/div>\n\t\t\t\t\t\t\t<\/div>\n\t\t<\/section>\n\t\t\t\t<section class=\"elementor-section elementor-top-section elementor-element elementor-element-6021c189 elementor-section-boxed elementor-section-height-default elementor-section-height-default\" data-id=\"6021c189\" data-element_type=\"section\">\n\t\t\t\t\t\t<div class=\"elementor-container elementor-column-gap-default\">\n\t\t\t\t\t<div class=\"elementor-column elementor-col-100 elementor-top-column elementor-element elementor-element-6322848f\" data-id=\"6322848f\" data-element_type=\"column\">\n\t\t\t<div class=\"elementor-widget-wrap elementor-element-populated\">\n\t\t\t\t\t\t\t\t<div class=\"elementor-element elementor-element-61888aad elementor-widget elementor-widget-text-editor\" data-id=\"61888aad\" data-element_type=\"widget\" data-widget_type=\"text-editor.default\">\n\t\t\t\t<div class=\"elementor-widget-container\">\n\t\t\t\t\t\t\t<p><!-- wp:latest-posts \/--><\/p>\n<h1 style=\"text-align: center;\"><span style=\"font-family: 'Permanent Marker', sans-serif; font-size: 24px; font-weight: 400; letter-spacing: 2.5px; text-transform: lowercase;\">Willkommen in unserem Bereich f\u00fcr News, Interviews und Mitteilungen<\/span><\/h1>\t\t\t\t\t\t<\/div>\n\t\t\t\t<\/div>\n\t\t\t\t<div class=\"elementor-element elementor-element-a4e2f25 elementor-widget elementor-widget-text-editor\" data-id=\"a4e2f25\" data-element_type=\"widget\" data-widget_type=\"text-editor.default\">\n\t\t\t\t<div class=\"elementor-widget-container\">\n\t\t\t\t\t\t\t<p class=\" translation-block\">Hier finden Sie aktuelle Informationen \u00fcber unsere bevorstehenden Veranstaltungen, Aktivit\u00e4ten und relevante Neuigkeiten. Au\u00dferdem pr\u00e4sentieren wir Ihnen unsere neue Rubrik mit Interviews und Erfahrungsberichten. Wir hoffen, Sie finden es n\u00fctzlich. Um immer auf dem Laufenden zu sein, laden wir Sie ein, unseren Newsletter zu abonnieren.<\/p>\t\t\t\t\t\t<\/div>\n\t\t\t\t<\/div>\n\t\t\t\t\t<\/div>\n\t\t<\/div>\n\t\t\t\t\t\t\t<\/div>\n\t\t<\/section>\n\t\t\t\t<section class=\"elementor-section elementor-top-section elementor-element elementor-element-ae59633 elementor-section-boxed elementor-section-height-default elementor-section-height-default\" data-id=\"ae59633\" data-element_type=\"section\">\n\t\t\t\t\t\t<div class=\"elementor-container elementor-column-gap-default\">\n\t\t\t\t\t<div class=\"elementor-column elementor-col-66 elementor-top-column elementor-element elementor-element-cbde852\" data-id=\"cbde852\" data-element_type=\"column\">\n\t\t\t<div class=\"elementor-widget-wrap elementor-element-populated\">\n\t\t\t\t\t\t\t\t<div class=\"elementor-element elementor-element-e93b2b7 elementor-grid-3 elementor-grid-tablet-2 elementor-grid-mobile-1 elementor-posts--thumbnail-top elementor-card-shadow-yes elementor-posts__hover-gradient elementor-widget elementor-widget-posts\" data-id=\"e93b2b7\" data-element_type=\"widget\" data-settings=\"{&quot;cards_columns&quot;:&quot;3&quot;,&quot;cards_columns_tablet&quot;:&quot;2&quot;,&quot;cards_columns_mobile&quot;:&quot;1&quot;,&quot;cards_row_gap&quot;:{&quot;unit&quot;:&quot;px&quot;,&quot;size&quot;:35,&quot;sizes&quot;:[]},&quot;cards_row_gap_tablet&quot;:{&quot;unit&quot;:&quot;px&quot;,&quot;size&quot;:&quot;&quot;,&quot;sizes&quot;:[]},&quot;cards_row_gap_mobile&quot;:{&quot;unit&quot;:&quot;px&quot;,&quot;size&quot;:&quot;&quot;,&quot;sizes&quot;:[]}}\" data-widget_type=\"posts.cards\">\n\t\t\t\t<div class=\"elementor-widget-container\">\n\t\t\t\t\t<div class=\"elementor-posts-container elementor-posts elementor-posts--skin-cards elementor-grid\">\n\t\t\t\t<article class=\"elementor-post elementor-grid-item post-5154 post type-post status-publish format-standard hentry category-actividades category-noticias tag-cultura\">\n\t\t\t<div class=\"elementor-post__card\">\n\t\t\t\t<div class=\"elementor-post__text\">\n\t\t\t\t<h3 class=\"elementor-post__title\">\n\t\t\t<a href=\"https:\/\/sociedadhispanoalemana.com\/de\/resumen-actividades-2024\" >\n\t\t\t\tRESUMEN ACTIVIDADES 2024\t\t\t<\/a>\n\t\t<\/h3>\n\t\t\t\t<div class=\"elementor-post__excerpt\">\n\t\t\t<p>El 2024 ha sido un a\u00f1o marcado por la ampliaci\u00f3n y diversificaci\u00f3n de las actividades, consolidando de este modo los objetivos trazados por la Sociedad hispano-alemana del Norte de Espa\u00f1a.<\/p>\n\t\t<\/div>\n\t\t\n\t\t<a class=\"elementor-post__read-more\" href=\"https:\/\/sociedadhispanoalemana.com\/de\/resumen-actividades-2024\" aria-label=\"Read more about RESUMEN ACTIVIDADES 2024\" tabindex=\"-1\" >\n\t\t\tLeer m\u00e1s \u00bb\t\t<\/a>\n\n\t\t\t\t<\/div>\n\t\t\t\t<div class=\"elementor-post__meta-data\">\n\t\t\t\t\t<span class=\"elementor-post-date\">\n\t\t\t1 Mai, 2025\t\t<\/span>\n\t\t\t\t<\/div>\n\t\t\t\t\t<\/div>\n\t\t<\/article>\n\t\t\t\t<article class=\"elementor-post elementor-grid-item post-5049 post type-post status-publish format-standard hentry category-noticias\">\n\t\t\t<div class=\"elementor-post__card\">\n\t\t\t\t<div class=\"elementor-post__text\">\n\t\t\t\t<h3 class=\"elementor-post__title\">\n\t\t\t<a href=\"https:\/\/sociedadhispanoalemana.com\/de\/ciclo-de-cine-aleman-2025\" >\n\t\t\t\tCiclo de cine aleman 2025\t\t\t<\/a>\n\t\t<\/h3>\n\t\t\t\t<div class=\"elementor-post__excerpt\">\n\t\t\t<p>Os invitamos a disfrutar de una selecci\u00f3n de pel\u00edculas de cine alem\u00e1n del 6 al 15 de mayo. En el sal\u00f3n de actos del CIVIVOX ITURRAMA<\/p>\n\t\t<\/div>\n\t\t\n\t\t<a class=\"elementor-post__read-more\" href=\"https:\/\/sociedadhispanoalemana.com\/de\/ciclo-de-cine-aleman-2025\" aria-label=\"Read more about Ciclo de cine aleman 2025\" tabindex=\"-1\" >\n\t\t\tLeer m\u00e1s \u00bb\t\t<\/a>\n\n\t\t\t\t<\/div>\n\t\t\t\t<div class=\"elementor-post__meta-data\">\n\t\t\t\t\t<span class=\"elementor-post-date\">\n\t\t\t27 April, 2025\t\t<\/span>\n\t\t\t\t<\/div>\n\t\t\t\t\t<\/div>\n\t\t<\/article>\n\t\t\t\t<article class=\"elementor-post elementor-grid-item post-4317 post type-post status-publish format-standard has-post-thumbnail hentry category-uncategorized\">\n\t\t\t<div class=\"elementor-post__card\">\n\t\t\t\t<a class=\"elementor-post__thumbnail__link\" href=\"https:\/\/sociedadhispanoalemana.com\/de\/alberto-canada-juste\" tabindex=\"-1\" ><div class=\"elementor-post__thumbnail\"><img loading=\"lazy\" decoding=\"async\" width=\"300\" height=\"199\" src=\"https:\/\/sociedadhispanoalemana.com\/wp-content\/uploads\/2023\/02\/alvoredo-flores-blue-2555976-300x199.jpg\" class=\"attachment-medium size-medium wp-image-3780\" alt=\"alvoredo, fl\u00f4res, blue\" srcset=\"https:\/\/sociedadhispanoalemana.com\/wp-content\/uploads\/2023\/02\/alvoredo-flores-blue-2555976-300x199.jpg 300w, https:\/\/sociedadhispanoalemana.com\/wp-content\/uploads\/2023\/02\/alvoredo-flores-blue-2555976-1024x678.jpg 1024w, https:\/\/sociedadhispanoalemana.com\/wp-content\/uploads\/2023\/02\/alvoredo-flores-blue-2555976-768x509.jpg 768w, https:\/\/sociedadhispanoalemana.com\/wp-content\/uploads\/2023\/02\/alvoredo-flores-blue-2555976-16x12.jpg 16w, https:\/\/sociedadhispanoalemana.com\/wp-content\/uploads\/2023\/02\/alvoredo-flores-blue-2555976.jpg 1280w\" sizes=\"auto, (max-width: 300px) 100vw, 300px\" \/><\/div><\/a>\n\t\t\t\t<div class=\"elementor-post__badge\">Uncategorized<\/div>\n\t\t\t\t<div class=\"elementor-post__text\">\n\t\t\t\t<h3 class=\"elementor-post__title\">\n\t\t\t<a href=\"https:\/\/sociedadhispanoalemana.com\/de\/alberto-canada-juste\" >\n\t\t\t\tAlberto Ca\u00f1ada Juste\t\t\t<\/a>\n\t\t<\/h3>\n\t\t\t\t<div class=\"elementor-post__excerpt\">\n\t\t\t<p>Lamentamos profundamente el fallecimiento de nuestro socio fundador y buen amigo Alberto Ca\u00f1ada y enviamos nuestras m\u00e1s sinceras condolencias a su familia.<\/p>\n\t\t<\/div>\n\t\t\n\t\t<a class=\"elementor-post__read-more\" href=\"https:\/\/sociedadhispanoalemana.com\/de\/alberto-canada-juste\" aria-label=\"Read more about Alberto Ca\u00f1ada Juste\" tabindex=\"-1\" >\n\t\t\tLeer m\u00e1s \u00bb\t\t<\/a>\n\n\t\t\t\t<\/div>\n\t\t\t\t<div class=\"elementor-post__meta-data\">\n\t\t\t\t\t<span class=\"elementor-post-date\">\n\t\t\t16 M\u00e4rz, 2025\t\t<\/span>\n\t\t\t\t<\/div>\n\t\t\t\t\t<\/div>\n\t\t<\/article>\n\t\t\t\t<article class=\"elementor-post elementor-grid-item post-4178 post type-post status-publish format-standard hentry category-uncategorized\">\n\t\t\t<div class=\"elementor-post__card\">\n\t\t\t\t<div class=\"elementor-post__text\">\n\t\t\t\t<h3 class=\"elementor-post__title\">\n\t\t\t<a href=\"https:\/\/sociedadhispanoalemana.com\/de\/xxxii-jornadas-culturales-hispano-alemanas-2024\" >\n\t\t\t\tXXXII Jornadas Culturales Hispano Alemanas 2024\t\t\t<\/a>\n\t\t<\/h3>\n\t\t\t\t<div class=\"elementor-post__excerpt\">\n\t\t\t<p>La Sociedad Hispano Alemana del Norte de Espa\u00f1a celebra una edici\u00f3n especial con unas Jornadas Culturales que, en esta ocasi\u00f3n, comenzar\u00e1n el 18 de octubre con el acto de inauguraci\u00f3n<\/p>\n\t\t<\/div>\n\t\t\n\t\t<a class=\"elementor-post__read-more\" href=\"https:\/\/sociedadhispanoalemana.com\/de\/xxxii-jornadas-culturales-hispano-alemanas-2024\" aria-label=\"Read more about XXXII Jornadas Culturales Hispano Alemanas 2024\" tabindex=\"-1\" >\n\t\t\tLeer m\u00e1s \u00bb\t\t<\/a>\n\n\t\t\t\t<\/div>\n\t\t\t\t<div class=\"elementor-post__meta-data\">\n\t\t\t\t\t<span class=\"elementor-post-date\">\n\t\t\t2 Oktober, 2024\t\t<\/span>\n\t\t\t\t<\/div>\n\t\t\t\t\t<\/div>\n\t\t<\/article>\n\t\t\t\t<article class=\"elementor-post elementor-grid-item post-4121 post type-post status-publish format-standard hentry category-uncategorized\">\n\t\t\t<div class=\"elementor-post__card\">\n\t\t\t\t<div class=\"elementor-post__text\">\n\t\t\t\t<h3 class=\"elementor-post__title\">\n\t\t\t<a href=\"https:\/\/sociedadhispanoalemana.com\/de\/concierto-arpegios-del-vino\" >\n\t\t\t\tconcierto: arpegios del vino\t\t\t<\/a>\n\t\t<\/h3>\n\t\t\t\t<div class=\"elementor-post__excerpt\">\n\t\t\t<p>\u00a0\u00abENSEMBLE TYLMAN SUSATO\u00bb, grupo de M\u00fasica Antigua de Pamplona, recoge la tradici\u00f3n europea de cantos relacionados con el mundo del vino.<\/p>\n\t\t<\/div>\n\t\t\n\t\t<a class=\"elementor-post__read-more\" href=\"https:\/\/sociedadhispanoalemana.com\/de\/concierto-arpegios-del-vino\" aria-label=\"Read more about concierto: arpegios del vino\" tabindex=\"-1\" >\n\t\t\tLeer m\u00e1s \u00bb\t\t<\/a>\n\n\t\t\t\t<\/div>\n\t\t\t\t<div class=\"elementor-post__meta-data\">\n\t\t\t\t\t<span class=\"elementor-post-date\">\n\t\t\t4 Juni, 2024\t\t<\/span>\n\t\t\t\t<\/div>\n\t\t\t\t\t<\/div>\n\t\t<\/article>\n\t\t\t\t<article class=\"elementor-post elementor-grid-item post-4098 post type-post status-publish format-standard hentry category-uncategorized\">\n\t\t\t<div class=\"elementor-post__card\">\n\t\t\t\t<div class=\"elementor-post__text\">\n\t\t\t\t<h3 class=\"elementor-post__title\">\n\t\t\t<a href=\"https:\/\/sociedadhispanoalemana.com\/de\/recital-de-poesia-abril24\" >\n\t\t\t\tRecital de poes\u00eda abril&#8217;24\t\t\t<\/a>\n\t\t<\/h3>\n\t\t\t\t<div class=\"elementor-post__excerpt\">\n\t\t\t\t\t<\/div>\n\t\t\n\t\t<a class=\"elementor-post__read-more\" href=\"https:\/\/sociedadhispanoalemana.com\/de\/recital-de-poesia-abril24\" aria-label=\"Read more about Recital de poes\u00eda abril&#8217;24\" tabindex=\"-1\" >\n\t\t\tLeer m\u00e1s \u00bb\t\t<\/a>\n\n\t\t\t\t<\/div>\n\t\t\t\t<div class=\"elementor-post__meta-data\">\n\t\t\t\t\t<span class=\"elementor-post-date\">\n\t\t\t22 April, 2024\t\t<\/span>\n\t\t\t\t<\/div>\n\t\t\t\t\t<\/div>\n\t\t<\/article>\n\t\t\t\t<article class=\"elementor-post elementor-grid-item post-4093 post type-post status-publish format-standard hentry category-ciclo-de-cine-aleman\">\n\t\t\t<div class=\"elementor-post__card\">\n\t\t\t\t<div class=\"elementor-post__text\">\n\t\t\t\t<h3 class=\"elementor-post__title\">\n\t\t\t<a href=\"https:\/\/sociedadhispanoalemana.com\/de\/ciclo-de-cine-aleman-2024\" >\n\t\t\t\tCiclo de cine alem\u00e1n 2024\t\t\t<\/a>\n\t\t<\/h3>\n\t\t\t\t<div class=\"elementor-post__excerpt\">\n\t\t\t\t\t<\/div>\n\t\t\n\t\t<a class=\"elementor-post__read-more\" href=\"https:\/\/sociedadhispanoalemana.com\/de\/ciclo-de-cine-aleman-2024\" aria-label=\"Read more about Ciclo de cine alem\u00e1n 2024\" tabindex=\"-1\" >\n\t\t\tLeer m\u00e1s \u00bb\t\t<\/a>\n\n\t\t\t\t<\/div>\n\t\t\t\t<div class=\"elementor-post__meta-data\">\n\t\t\t\t\t<span class=\"elementor-post-date\">\n\t\t\t22 April, 2024\t\t<\/span>\n\t\t\t\t<\/div>\n\t\t\t\t\t<\/div>\n\t\t<\/article>\n\t\t\t\t<article class=\"elementor-post elementor-grid-item post-4050 post type-post status-publish format-standard has-post-thumbnail hentry category-actividades category-actualidad\">\n\t\t\t<div class=\"elementor-post__card\">\n\t\t\t\t<a class=\"elementor-post__thumbnail__link\" href=\"https:\/\/sociedadhispanoalemana.com\/de\/resumen-actividades-2023\" tabindex=\"-1\" ><div class=\"elementor-post__thumbnail\"><img loading=\"lazy\" decoding=\"async\" width=\"270\" height=\"188\" src=\"https:\/\/sociedadhispanoalemana.com\/wp-content\/uploads\/2024\/03\/Imagen-2023.jpg\" class=\"attachment-medium size-medium wp-image-4066\" alt=\"\" srcset=\"https:\/\/sociedadhispanoalemana.com\/wp-content\/uploads\/2024\/03\/Imagen-2023.jpg 270w, https:\/\/sociedadhispanoalemana.com\/wp-content\/uploads\/2024\/03\/Imagen-2023-18x12.jpg 18w\" sizes=\"auto, (max-width: 270px) 100vw, 270px\" \/><\/div><\/a>\n\t\t\t\t<div class=\"elementor-post__badge\">Aktivit\u00e4ten<\/div>\n\t\t\t\t<div class=\"elementor-post__text\">\n\t\t\t\t<h3 class=\"elementor-post__title\">\n\t\t\t<a href=\"https:\/\/sociedadhispanoalemana.com\/de\/resumen-actividades-2023\" >\n\t\t\t\tResumen Actividades 2023\t\t\t<\/a>\n\t\t<\/h3>\n\t\t\t\t<div class=\"elementor-post__excerpt\">\n\t\t\t<p>Memoria actividades 2023 El a\u00f1o comienza con el paseo y la comida de A\u00f1o Nuevo con la paisajista Marion Stefanie Disenowski; despu\u00e9s en Abril la Osterfeier y el Osterfest -con<\/p>\n\t\t<\/div>\n\t\t\n\t\t<a class=\"elementor-post__read-more\" href=\"https:\/\/sociedadhispanoalemana.com\/de\/resumen-actividades-2023\" aria-label=\"Read more about Resumen Actividades 2023\" tabindex=\"-1\" >\n\t\t\tLeer m\u00e1s \u00bb\t\t<\/a>\n\n\t\t\t\t<\/div>\n\t\t\t\t<div class=\"elementor-post__meta-data\">\n\t\t\t\t\t<span class=\"elementor-post-date\">\n\t\t\t4 M\u00e4rz, 2024\t\t<\/span>\n\t\t\t\t<\/div>\n\t\t\t\t\t<\/div>\n\t\t<\/article>\n\t\t\t\t<article class=\"elementor-post elementor-grid-item post-3881 post type-post status-publish format-standard has-post-thumbnail hentry category-actividades category-actualidad category-ciclo-de-cine-aleman category-estudiantes\">\n\t\t\t<div class=\"elementor-post__card\">\n\t\t\t\t<a class=\"elementor-post__thumbnail__link\" href=\"https:\/\/sociedadhispanoalemana.com\/de\/ciclo-de-cine-aleman-2023\" tabindex=\"-1\" ><div class=\"elementor-post__thumbnail\"><img loading=\"lazy\" decoding=\"async\" width=\"300\" height=\"200\" src=\"https:\/\/sociedadhispanoalemana.com\/wp-content\/uploads\/2023\/05\/nebeab-300x200.jpg\" class=\"attachment-medium size-medium wp-image-3884\" alt=\"\" srcset=\"https:\/\/sociedadhispanoalemana.com\/wp-content\/uploads\/2023\/05\/nebeab-300x200.jpg 300w, https:\/\/sociedadhispanoalemana.com\/wp-content\/uploads\/2023\/05\/nebeab-16x12.jpg 16w, https:\/\/sociedadhispanoalemana.com\/wp-content\/uploads\/2023\/05\/nebeab.jpg 750w\" sizes=\"auto, (max-width: 300px) 100vw, 300px\" \/><\/div><\/a>\n\t\t\t\t<div class=\"elementor-post__badge\">Aktivit\u00e4ten<\/div>\n\t\t\t\t<div class=\"elementor-post__text\">\n\t\t\t\t<h3 class=\"elementor-post__title\">\n\t\t\t<a href=\"https:\/\/sociedadhispanoalemana.com\/de\/ciclo-de-cine-aleman-2023\" >\n\t\t\t\tCiclo de cine alem\u00e1n 2023\t\t\t<\/a>\n\t\t<\/h3>\n\t\t\t\t<div class=\"elementor-post__excerpt\">\n\t\t\t<p>Ciclo cine alem\u00e1n Pamplona 2023 SHANE<\/p>\n\t\t<\/div>\n\t\t\n\t\t<a class=\"elementor-post__read-more\" href=\"https:\/\/sociedadhispanoalemana.com\/de\/ciclo-de-cine-aleman-2023\" aria-label=\"Read more about Ciclo de cine alem\u00e1n 2023\" tabindex=\"-1\" >\n\t\t\tLeer m\u00e1s \u00bb\t\t<\/a>\n\n\t\t\t\t<\/div>\n\t\t\t\t<div class=\"elementor-post__meta-data\">\n\t\t\t\t\t<span class=\"elementor-post-date\">\n\t\t\t18 Mai, 2023\t\t<\/span>\n\t\t\t\t<\/div>\n\t\t\t\t\t<\/div>\n\t\t<\/article>\n\t\t\t\t<article class=\"elementor-post elementor-grid-item post-3871 post type-post status-publish format-standard has-post-thumbnail hentry category-actividades category-actualidad category-tradiciones-alemanas\">\n\t\t\t<div class=\"elementor-post__card\">\n\t\t\t\t<a class=\"elementor-post__thumbnail__link\" href=\"https:\/\/sociedadhispanoalemana.com\/de\/stammtisch-osterfest-2023\" tabindex=\"-1\" ><div class=\"elementor-post__thumbnail\"><img loading=\"lazy\" decoding=\"async\" width=\"300\" height=\"170\" src=\"https:\/\/sociedadhispanoalemana.com\/wp-content\/uploads\/2023\/03\/ostertre-300x170.png\" class=\"attachment-medium size-medium wp-image-3873\" alt=\"\" srcset=\"https:\/\/sociedadhispanoalemana.com\/wp-content\/uploads\/2023\/03\/ostertre-300x170.png 300w, https:\/\/sociedadhispanoalemana.com\/wp-content\/uploads\/2023\/03\/ostertre-1024x580.png 1024w, https:\/\/sociedadhispanoalemana.com\/wp-content\/uploads\/2023\/03\/ostertre-768x435.png 768w, https:\/\/sociedadhispanoalemana.com\/wp-content\/uploads\/2023\/03\/ostertre-16x9.png 16w, https:\/\/sociedadhispanoalemana.com\/wp-content\/uploads\/2023\/03\/ostertre.png 1399w\" sizes=\"auto, (max-width: 300px) 100vw, 300px\" \/><\/div><\/a>\n\t\t\t\t<div class=\"elementor-post__badge\">Aktivit\u00e4ten<\/div>\n\t\t\t\t<div class=\"elementor-post__text\">\n\t\t\t\t<h3 class=\"elementor-post__title\">\n\t\t\t<a href=\"https:\/\/sociedadhispanoalemana.com\/de\/stammtisch-osterfest-2023\" >\n\t\t\t\tStammtisch-Osterfest 2023\t\t\t<\/a>\n\t\t<\/h3>\n\t\t\t\t<div class=\"elementor-post__excerpt\">\n\t\t\t<p>Registrate aqui (REGISTRO) para celebrar el Stammtisch-Osterfest 2023 Stammtisch-Osterfest Fecha: Jueves 30 de marzo &#8211; 20:00 hLugar: Hotel Yoldi, PamplonaPrecio por persona: 7 \u20ac (bebida no inclu\u00edda) Aforo limitado<\/p>\n\t\t<\/div>\n\t\t\n\t\t<a class=\"elementor-post__read-more\" href=\"https:\/\/sociedadhispanoalemana.com\/de\/stammtisch-osterfest-2023\" aria-label=\"Read more about Stammtisch-Osterfest 2023\" tabindex=\"-1\" >\n\t\t\tLeer m\u00e1s \u00bb\t\t<\/a>\n\n\t\t\t\t<\/div>\n\t\t\t\t<div class=\"elementor-post__meta-data\">\n\t\t\t\t\t<span class=\"elementor-post-date\">\n\t\t\t20 M\u00e4rz, 2023\t\t<\/span>\n\t\t\t\t<\/div>\n\t\t\t\t\t<\/div>\n\t\t<\/article>\n\t\t\t\t<article class=\"elementor-post elementor-grid-item post-3778 post type-post status-publish format-standard has-post-thumbnail hentry category-uncategorized tag-socios-despedida\">\n\t\t\t<div class=\"elementor-post__card\">\n\t\t\t\t<a class=\"elementor-post__thumbnail__link\" href=\"https:\/\/sociedadhispanoalemana.com\/de\/georg-behrendt\" tabindex=\"-1\" ><div class=\"elementor-post__thumbnail\"><img loading=\"lazy\" decoding=\"async\" width=\"300\" height=\"199\" src=\"https:\/\/sociedadhispanoalemana.com\/wp-content\/uploads\/2023\/02\/alvoredo-flores-blue-2555976-300x199.jpg\" class=\"attachment-medium size-medium wp-image-3780\" alt=\"alvoredo, fl\u00f4res, blue\" srcset=\"https:\/\/sociedadhispanoalemana.com\/wp-content\/uploads\/2023\/02\/alvoredo-flores-blue-2555976-300x199.jpg 300w, https:\/\/sociedadhispanoalemana.com\/wp-content\/uploads\/2023\/02\/alvoredo-flores-blue-2555976-1024x678.jpg 1024w, https:\/\/sociedadhispanoalemana.com\/wp-content\/uploads\/2023\/02\/alvoredo-flores-blue-2555976-768x509.jpg 768w, https:\/\/sociedadhispanoalemana.com\/wp-content\/uploads\/2023\/02\/alvoredo-flores-blue-2555976-16x12.jpg 16w, https:\/\/sociedadhispanoalemana.com\/wp-content\/uploads\/2023\/02\/alvoredo-flores-blue-2555976.jpg 1280w\" sizes=\"auto, (max-width: 300px) 100vw, 300px\" \/><\/div><\/a>\n\t\t\t\t<div class=\"elementor-post__badge\">Uncategorized<\/div>\n\t\t\t\t<div class=\"elementor-post__text\">\n\t\t\t\t<h3 class=\"elementor-post__title\">\n\t\t\t<a href=\"https:\/\/sociedadhispanoalemana.com\/de\/georg-behrendt\" >\n\t\t\t\tGeorg Behrendt\t\t\t<\/a>\n\t\t<\/h3>\n\t\t\t\t<div class=\"elementor-post__excerpt\">\n\t\t\t<p>Lamentamos profundamente el fallecimiento de nuestra socio y amigo Georg Behrendt.<\/p>\n\t\t<\/div>\n\t\t\n\t\t<a class=\"elementor-post__read-more\" href=\"https:\/\/sociedadhispanoalemana.com\/de\/georg-behrendt\" aria-label=\"Read more about Georg Behrendt\" tabindex=\"-1\" >\n\t\t\tLeer m\u00e1s \u00bb\t\t<\/a>\n\n\t\t\t\t<\/div>\n\t\t\t\t<div class=\"elementor-post__meta-data\">\n\t\t\t\t\t<span class=\"elementor-post-date\">\n\t\t\t19 Februar, 2023\t\t<\/span>\n\t\t\t\t<\/div>\n\t\t\t\t\t<\/div>\n\t\t<\/article>\n\t\t\t\t<article class=\"elementor-post elementor-grid-item post-3768 post type-post status-publish format-standard has-post-thumbnail hentry category-familia-amigs category-huevos-de-pascua category-intercambio-cultural category-nins category-tradiciones-alemanas category-uncategorized tag-colegio-paderborn tag-conejo-pascua tag-familia tag-huevos-pascua tag-ostern\">\n\t\t\t<div class=\"elementor-post__card\">\n\t\t\t\t<a class=\"elementor-post__thumbnail__link\" href=\"https:\/\/sociedadhispanoalemana.com\/de\/ostereiersuche-2023-busqueda-huevos-de-pascua\" tabindex=\"-1\" ><div class=\"elementor-post__thumbnail\"><img loading=\"lazy\" decoding=\"async\" width=\"300\" height=\"200\" src=\"https:\/\/sociedadhispanoalemana.com\/wp-content\/uploads\/2023\/02\/eggs-easter-eggs-basket-7022048-300x200.jpg\" class=\"attachment-medium size-medium wp-image-3773\" alt=\"eggs, easter eggs, basket\" srcset=\"https:\/\/sociedadhispanoalemana.com\/wp-content\/uploads\/2023\/02\/eggs-easter-eggs-basket-7022048-300x200.jpg 300w, https:\/\/sociedadhispanoalemana.com\/wp-content\/uploads\/2023\/02\/eggs-easter-eggs-basket-7022048-1024x682.jpg 1024w, https:\/\/sociedadhispanoalemana.com\/wp-content\/uploads\/2023\/02\/eggs-easter-eggs-basket-7022048-768x512.jpg 768w, https:\/\/sociedadhispanoalemana.com\/wp-content\/uploads\/2023\/02\/eggs-easter-eggs-basket-7022048-16x12.jpg 16w, https:\/\/sociedadhispanoalemana.com\/wp-content\/uploads\/2023\/02\/eggs-easter-eggs-basket-7022048.jpg 1280w\" sizes=\"auto, (max-width: 300px) 100vw, 300px\" \/><\/div><\/a>\n\t\t\t\t<div class=\"elementor-post__badge\">Familia &amp; Amig@s<\/div>\n\t\t\t\t<div class=\"elementor-post__text\">\n\t\t\t\t<h3 class=\"elementor-post__title\">\n\t\t\t<a href=\"https:\/\/sociedadhispanoalemana.com\/de\/ostereiersuche-2023-busqueda-huevos-de-pascua\" >\n\t\t\t\tOstereiersuche 2023 B\u00fasqueda huevos de pascua\t\t\t<\/a>\n\t\t<\/h3>\n\t\t\t\t<div class=\"elementor-post__excerpt\">\n\t\t\t<p>Ostereiersuche Fecha: S\u00e1bado 01 de abril 2023 &#8211; 11:30 hLugar: Ciudadela, PamplonaPrecio por persona: Adulto 7 \u20ac \/ Ni\u00f1o 5 \u20ac \/ Bono familiar (m\u00e1x. 2 adultos y 3 ni\u00f1os):<\/p>\n\t\t<\/div>\n\t\t\n\t\t<a class=\"elementor-post__read-more\" href=\"https:\/\/sociedadhispanoalemana.com\/de\/ostereiersuche-2023-busqueda-huevos-de-pascua\" aria-label=\"Read more about Ostereiersuche 2023 B\u00fasqueda huevos de pascua\" tabindex=\"-1\" >\n\t\t\tLeer m\u00e1s \u00bb\t\t<\/a>\n\n\t\t\t\t<\/div>\n\t\t\t\t<div class=\"elementor-post__meta-data\">\n\t\t\t\t\t<span class=\"elementor-post-date\">\n\t\t\t18 Februar, 2023\t\t<\/span>\n\t\t\t\t<\/div>\n\t\t\t\t\t<\/div>\n\t\t<\/article>\n\t\t\t\t<article class=\"elementor-post elementor-grid-item post-3758 post type-post status-publish format-standard has-post-thumbnail hentry category-uncategorized\">\n\t\t\t<div class=\"elementor-post__card\">\n\t\t\t\t<a class=\"elementor-post__thumbnail__link\" href=\"https:\/\/sociedadhispanoalemana.com\/de\/petra-schwab\" tabindex=\"-1\" ><div class=\"elementor-post__thumbnail\"><img loading=\"lazy\" decoding=\"async\" width=\"300\" height=\"169\" src=\"https:\/\/sociedadhispanoalemana.com\/wp-content\/uploads\/2023\/01\/flore-bedding-plant-garden-plant-3611630-300x169.jpg\" class=\"attachment-medium size-medium wp-image-3760\" alt=\"flore, bedding plant, garden plant\" srcset=\"https:\/\/sociedadhispanoalemana.com\/wp-content\/uploads\/2023\/01\/flore-bedding-plant-garden-plant-3611630-300x169.jpg 300w, https:\/\/sociedadhispanoalemana.com\/wp-content\/uploads\/2023\/01\/flore-bedding-plant-garden-plant-3611630-1024x576.jpg 1024w, https:\/\/sociedadhispanoalemana.com\/wp-content\/uploads\/2023\/01\/flore-bedding-plant-garden-plant-3611630-768x432.jpg 768w, https:\/\/sociedadhispanoalemana.com\/wp-content\/uploads\/2023\/01\/flore-bedding-plant-garden-plant-3611630-16x9.jpg 16w, https:\/\/sociedadhispanoalemana.com\/wp-content\/uploads\/2023\/01\/flore-bedding-plant-garden-plant-3611630.jpg 1280w\" sizes=\"auto, (max-width: 300px) 100vw, 300px\" \/><\/div><\/a>\n\t\t\t\t<div class=\"elementor-post__badge\">Uncategorized<\/div>\n\t\t\t\t<div class=\"elementor-post__text\">\n\t\t\t\t<h3 class=\"elementor-post__title\">\n\t\t\t<a href=\"https:\/\/sociedadhispanoalemana.com\/de\/petra-schwab\" >\n\t\t\t\tPetra Schwab\t\t\t<\/a>\n\t\t<\/h3>\n\t\t\t\t<div class=\"elementor-post__excerpt\">\n\t\t\t<p>Lamentamos profundamente el fallecimiento de nuestra socia y amiga Petra Schwab.<\/p>\n\t\t<\/div>\n\t\t\n\t\t<a class=\"elementor-post__read-more\" href=\"https:\/\/sociedadhispanoalemana.com\/de\/petra-schwab\" aria-label=\"Read more about Petra Schwab\" tabindex=\"-1\" >\n\t\t\tLeer m\u00e1s \u00bb\t\t<\/a>\n\n\t\t\t\t<\/div>\n\t\t\t\t<div class=\"elementor-post__meta-data\">\n\t\t\t\t\t<span class=\"elementor-post-date\">\n\t\t\t20 Januar, 2023\t\t<\/span>\n\t\t\t\t<\/div>\n\t\t\t\t\t<\/div>\n\t\t<\/article>\n\t\t\t\t<article class=\"elementor-post elementor-grid-item post-3746 post type-post status-publish format-standard has-post-thumbnail hentry category-actividades category-excursiones category-familia-amigs category-intercambio-cultural category-nins tag-comida-familiar tag-paseo-botanico-pamplona\">\n\t\t\t<div class=\"elementor-post__card\">\n\t\t\t\t<a class=\"elementor-post__thumbnail__link\" href=\"https:\/\/sociedadhispanoalemana.com\/de\/comida-y-paseo-botanico-29-01-2023\" tabindex=\"-1\" ><div class=\"elementor-post__thumbnail\"><img loading=\"lazy\" decoding=\"async\" width=\"200\" height=\"300\" src=\"https:\/\/sociedadhispanoalemana.com\/wp-content\/uploads\/2023\/01\/trees-forest-park-6556336-200x300.jpg\" class=\"attachment-medium size-medium wp-image-3748\" alt=\"trees, forest, park\" srcset=\"https:\/\/sociedadhispanoalemana.com\/wp-content\/uploads\/2023\/01\/trees-forest-park-6556336-200x300.jpg 200w, https:\/\/sociedadhispanoalemana.com\/wp-content\/uploads\/2023\/01\/trees-forest-park-6556336-682x1024.jpg 682w, https:\/\/sociedadhispanoalemana.com\/wp-content\/uploads\/2023\/01\/trees-forest-park-6556336-768x1152.jpg 768w, https:\/\/sociedadhispanoalemana.com\/wp-content\/uploads\/2023\/01\/trees-forest-park-6556336-8x12.jpg 8w, https:\/\/sociedadhispanoalemana.com\/wp-content\/uploads\/2023\/01\/trees-forest-park-6556336.jpg 853w\" sizes=\"auto, (max-width: 200px) 100vw, 200px\" \/><\/div><\/a>\n\t\t\t\t<div class=\"elementor-post__badge\">Aktivit\u00e4ten<\/div>\n\t\t\t\t<div class=\"elementor-post__text\">\n\t\t\t\t<h3 class=\"elementor-post__title\">\n\t\t\t<a href=\"https:\/\/sociedadhispanoalemana.com\/de\/comida-y-paseo-botanico-29-01-2023\" >\n\t\t\t\tcomida y paseo bot\u00e1nico 29.01.2023\t\t\t<\/a>\n\t\t<\/h3>\n\t\t\t\t<div class=\"elementor-post__excerpt\">\n\t\t\t<p>Comida y paseo bot\u00e1nico para dar la bienvenida al 2023<\/p>\n\t\t<\/div>\n\t\t\n\t\t<a class=\"elementor-post__read-more\" href=\"https:\/\/sociedadhispanoalemana.com\/de\/comida-y-paseo-botanico-29-01-2023\" aria-label=\"Read more about comida y paseo bot\u00e1nico 29.01.2023\" tabindex=\"-1\" >\n\t\t\tLeer m\u00e1s \u00bb\t\t<\/a>\n\n\t\t\t\t<\/div>\n\t\t\t\t<div class=\"elementor-post__meta-data\">\n\t\t\t\t\t<span class=\"elementor-post-date\">\n\t\t\t18 Januar, 2023\t\t<\/span>\n\t\t\t\t<\/div>\n\t\t\t\t\t<\/div>\n\t\t<\/article>\n\t\t\t\t<article class=\"elementor-post elementor-grid-item post-3733 post type-post status-publish format-standard has-post-thumbnail hentry category-actividades category-san-nicolas\">\n\t\t\t<div class=\"elementor-post__card\">\n\t\t\t\t<a class=\"elementor-post__thumbnail__link\" href=\"https:\/\/sociedadhispanoalemana.com\/de\/nikolaus2022\" tabindex=\"-1\" ><div class=\"elementor-post__thumbnail\"><img loading=\"lazy\" decoding=\"async\" width=\"300\" height=\"251\" src=\"https:\/\/sociedadhispanoalemana.com\/wp-content\/uploads\/2022\/12\/NIKOLAUS-300x251.png\" class=\"attachment-medium size-medium wp-image-3735\" alt=\"\" srcset=\"https:\/\/sociedadhispanoalemana.com\/wp-content\/uploads\/2022\/12\/NIKOLAUS-300x251.png 300w, https:\/\/sociedadhispanoalemana.com\/wp-content\/uploads\/2022\/12\/NIKOLAUS-768x644.png 768w, https:\/\/sociedadhispanoalemana.com\/wp-content\/uploads\/2022\/12\/NIKOLAUS-14x12.png 14w, https:\/\/sociedadhispanoalemana.com\/wp-content\/uploads\/2022\/12\/NIKOLAUS.png 940w\" sizes=\"auto, (max-width: 300px) 100vw, 300px\" \/><\/div><\/a>\n\t\t\t\t<div class=\"elementor-post__badge\">Aktivit\u00e4ten<\/div>\n\t\t\t\t<div class=\"elementor-post__text\">\n\t\t\t\t<h3 class=\"elementor-post__title\">\n\t\t\t<a href=\"https:\/\/sociedadhispanoalemana.com\/de\/nikolaus2022\" >\n\t\t\t\tNikolaus2022\t\t\t<\/a>\n\t\t<\/h3>\n\t\t\t\t<div class=\"elementor-post__excerpt\">\n\t\t\t<p>Os esperamos Favor de registrarse pinchando aqui Visita de Nikolaus Fecha:&nbsp;Viernes 16 de diciembre &#8211; 18:00hLugar:&nbsp;Centro Linden&nbsp;&#8211; Avda. P\u00edo XII 19, 1\u00ba S\u00f3lo para socios de la Sociedad hispano-alemana y<\/p>\n\t\t<\/div>\n\t\t\n\t\t<a class=\"elementor-post__read-more\" href=\"https:\/\/sociedadhispanoalemana.com\/de\/nikolaus2022\" aria-label=\"Read more about Nikolaus2022\" tabindex=\"-1\" >\n\t\t\tLeer m\u00e1s \u00bb\t\t<\/a>\n\n\t\t\t\t<\/div>\n\t\t\t\t<div class=\"elementor-post__meta-data\">\n\t\t\t\t\t<span class=\"elementor-post-date\">\n\t\t\t13 Dezember, 2022\t\t<\/span>\n\t\t\t\t<\/div>\n\t\t\t\t\t<\/div>\n\t\t<\/article>\n\t\t\t\t<article class=\"elementor-post elementor-grid-item post-3711 post type-post status-publish format-standard has-post-thumbnail hentry category-actividades category-actualidad category-farolillos-de-san-martin category-intercambio-cultural category-nins category-noticias category-tradiciones-alemanas tag-farolillos tag-laterne tag-sanktmartin tag-tradiciones-alemanas\">\n\t\t\t<div class=\"elementor-post__card\">\n\t\t\t\t<a class=\"elementor-post__thumbnail__link\" href=\"https:\/\/sociedadhispanoalemana.com\/de\/sanktmartin2022fiestafarolillos\" tabindex=\"-1\" ><div class=\"elementor-post__thumbnail\"><img loading=\"lazy\" decoding=\"async\" width=\"230\" height=\"300\" src=\"https:\/\/sociedadhispanoalemana.com\/wp-content\/uploads\/2022\/10\/WhatsApp-Image-2022-10-27-at-22.38.04-230x300.jpeg\" class=\"attachment-medium size-medium wp-image-3731\" alt=\"\" srcset=\"https:\/\/sociedadhispanoalemana.com\/wp-content\/uploads\/2022\/10\/WhatsApp-Image-2022-10-27-at-22.38.04-230x300.jpeg 230w, https:\/\/sociedadhispanoalemana.com\/wp-content\/uploads\/2022\/10\/WhatsApp-Image-2022-10-27-at-22.38.04-784x1024.jpeg 784w, https:\/\/sociedadhispanoalemana.com\/wp-content\/uploads\/2022\/10\/WhatsApp-Image-2022-10-27-at-22.38.04-768x1003.jpeg 768w, https:\/\/sociedadhispanoalemana.com\/wp-content\/uploads\/2022\/10\/WhatsApp-Image-2022-10-27-at-22.38.04-9x12.jpeg 9w, https:\/\/sociedadhispanoalemana.com\/wp-content\/uploads\/2022\/10\/WhatsApp-Image-2022-10-27-at-22.38.04.jpeg 1080w\" sizes=\"auto, (max-width: 230px) 100vw, 230px\" \/><\/div><\/a>\n\t\t\t\t<div class=\"elementor-post__badge\">Aktivit\u00e4ten<\/div>\n\t\t\t\t<div class=\"elementor-post__text\">\n\t\t\t\t<h3 class=\"elementor-post__title\">\n\t\t\t<a href=\"https:\/\/sociedadhispanoalemana.com\/de\/sanktmartin2022fiestafarolillos\" >\n\t\t\t\tSankt Martin 2022 -Fiesta de los Farolillos de San Mart\u00edn\t\t\t<\/a>\n\t\t<\/h3>\n\t\t\t\t<div class=\"elementor-post__excerpt\">\n\t\t\t<p>El pr\u00f3ximo viernes 11 de noviembre a las 18 horas en LA CIUDADELA Pamplona. Os esperamos para el tradicional SanktMartin Zug.<\/p>\n\t\t<\/div>\n\t\t\n\t\t<a class=\"elementor-post__read-more\" href=\"https:\/\/sociedadhispanoalemana.com\/de\/sanktmartin2022fiestafarolillos\" aria-label=\"Read more about Sankt Martin 2022 -Fiesta de los Farolillos de San Mart\u00edn\" tabindex=\"-1\" >\n\t\t\tLeer m\u00e1s \u00bb\t\t<\/a>\n\n\t\t\t\t<\/div>\n\t\t\t\t<div class=\"elementor-post__meta-data\">\n\t\t\t\t\t<span class=\"elementor-post-date\">\n\t\t\t27 Oktober, 2022\t\t<\/span>\n\t\t\t\t<\/div>\n\t\t\t\t\t<\/div>\n\t\t<\/article>\n\t\t\t\t<article class=\"elementor-post elementor-grid-item post-3626 post type-post status-publish format-standard has-post-thumbnail hentry category-actividades category-actualidad category-ciclo-de-cine-aleman category-empresas category-estudiantes category-excursiones category-familia-amigs category-intercambio-cultural category-nins category-noticias category-oktoberfest category-ponencias-culturales category-ponencias-empresariales category-semana-cultural category-tradiciones-alemanas category-txikioktoberfest tag-30-anos tag-colaboracion-shane-y-colegio-paderborn tag-concierto-coro tag-cultura tag-encuentro-empresarial tag-hermanamiento-pamplona-paderborn tag-hermandad tag-oktoberfest tag-paderborn\">\n\t\t\t<div class=\"elementor-post__card\">\n\t\t\t\t<a class=\"elementor-post__thumbnail__link\" href=\"https:\/\/sociedadhispanoalemana.com\/de\/blogprogramasemanacultural2022\" tabindex=\"-1\" ><div class=\"elementor-post__thumbnail\"><img loading=\"lazy\" decoding=\"async\" width=\"300\" height=\"300\" src=\"https:\/\/sociedadhispanoalemana.com\/wp-content\/uploads\/2022\/09\/undine-15-300x300.png\" class=\"attachment-medium size-medium wp-image-3568\" alt=\"\" srcset=\"https:\/\/sociedadhispanoalemana.com\/wp-content\/uploads\/2022\/09\/undine-15-300x300.png 300w, https:\/\/sociedadhispanoalemana.com\/wp-content\/uploads\/2022\/09\/undine-15-1024x1024.png 1024w, https:\/\/sociedadhispanoalemana.com\/wp-content\/uploads\/2022\/09\/undine-15-150x150.png 150w, https:\/\/sociedadhispanoalemana.com\/wp-content\/uploads\/2022\/09\/undine-15-768x768.png 768w, https:\/\/sociedadhispanoalemana.com\/wp-content\/uploads\/2022\/09\/undine-15-12x12.png 12w, https:\/\/sociedadhispanoalemana.com\/wp-content\/uploads\/2022\/09\/undine-15.png 1080w\" sizes=\"auto, (max-width: 300px) 100vw, 300px\" \/><\/div><\/a>\n\t\t\t\t<div class=\"elementor-post__badge\">Aktivit\u00e4ten<\/div>\n\t\t\t\t<div class=\"elementor-post__text\">\n\t\t\t\t<h3 class=\"elementor-post__title\">\n\t\t\t<a href=\"https:\/\/sociedadhispanoalemana.com\/de\/blogprogramasemanacultural2022\" >\n\t\t\t\tPROGRAMM XXX. SPANISCH-DEUTSCHE KULTURWOCHE\t\t\t<\/a>\n\t\t<\/h3>\n\t\t\t\t<div class=\"elementor-post__excerpt\">\n\t\t\t<p>Programm der Kulturwoche der Spanisch-Deutschen Gesellschaft. 30 Jahre St\u00e4dtepartnerschaft Pamplona-Paderborn. Treffen von Wirtschaft, Kultur und Familien. Besuch des B\u00fcrgermeisters von Paderborn und von 50 Mitgliedern des Domchors der deutschen Stadt.<\/p>\n\t\t<\/div>\n\t\t\n\t\t<a class=\"elementor-post__read-more\" href=\"https:\/\/sociedadhispanoalemana.com\/de\/blogprogramasemanacultural2022\" aria-label=\"Read more about Programa Semana Cultural SHANE 2022\" tabindex=\"-1\" >\n\t\t\tLeer m\u00e1s \u00bb\t\t<\/a>\n\n\t\t\t\t<\/div>\n\t\t\t\t<div class=\"elementor-post__meta-data\">\n\t\t\t\t\t<span class=\"elementor-post-date\">\n\t\t\t25 September, 2022\t\t<\/span>\n\t\t\t\t<\/div>\n\t\t\t\t\t<\/div>\n\t\t<\/article>\n\t\t\t\t<article class=\"elementor-post elementor-grid-item post-3408 post type-post status-publish format-standard has-post-thumbnail hentry category-actividades category-intercambio-cultural category-noticias tag-ane-ine tag-viajar-en-verso\">\n\t\t\t<div class=\"elementor-post__card\">\n\t\t\t\t<a class=\"elementor-post__thumbnail__link\" href=\"https:\/\/sociedadhispanoalemana.com\/de\/recital-poetico-musical-viajar-en-verso\" tabindex=\"-1\" ><div class=\"elementor-post__thumbnail\"><img loading=\"lazy\" decoding=\"async\" width=\"300\" height=\"200\" src=\"https:\/\/sociedadhispanoalemana.com\/wp-content\/uploads\/2022\/05\/loveourplanet-earth-peaceful-4851331-300x200.jpg\" class=\"attachment-medium size-medium wp-image-3412\" alt=\"loveourplanet, earth, peaceful\" srcset=\"https:\/\/sociedadhispanoalemana.com\/wp-content\/uploads\/2022\/05\/loveourplanet-earth-peaceful-4851331-300x200.jpg 300w, https:\/\/sociedadhispanoalemana.com\/wp-content\/uploads\/2022\/05\/loveourplanet-earth-peaceful-4851331-1024x682.jpg 1024w, https:\/\/sociedadhispanoalemana.com\/wp-content\/uploads\/2022\/05\/loveourplanet-earth-peaceful-4851331-768x512.jpg 768w, https:\/\/sociedadhispanoalemana.com\/wp-content\/uploads\/2022\/05\/loveourplanet-earth-peaceful-4851331-16x12.jpg 16w, https:\/\/sociedadhispanoalemana.com\/wp-content\/uploads\/2022\/05\/loveourplanet-earth-peaceful-4851331.jpg 1280w\" sizes=\"auto, (max-width: 300px) 100vw, 300px\" \/><\/div><\/a>\n\t\t\t\t<div class=\"elementor-post__badge\">Aktivit\u00e4ten<\/div>\n\t\t\t\t<div class=\"elementor-post__text\">\n\t\t\t\t<h3 class=\"elementor-post__title\">\n\t\t\t<a href=\"https:\/\/sociedadhispanoalemana.com\/de\/recital-poetico-musical-viajar-en-verso\" >\n\t\t\t\tRecital Po\u00e9tico Musical \u00abVIAJAR EN VERSO\u00bb\t\t\t<\/a>\n\t\t<\/h3>\n\t\t\t\t<div class=\"elementor-post__excerpt\">\n\t\t\t<p>A partir de la producci\u00f3n po\u00e9tica de la escritora Inma Biurrun, se propone un di\u00e1logo con la poes\u00eda alemana. Acompa\u00f1amiento de m\u00fasica de c\u00e1mara a cargo del tr\u00edo Eslava. En<\/p>\n\t\t<\/div>\n\t\t\n\t\t<a class=\"elementor-post__read-more\" href=\"https:\/\/sociedadhispanoalemana.com\/de\/recital-poetico-musical-viajar-en-verso\" aria-label=\"Read more about Recital Po\u00e9tico Musical \u00abVIAJAR EN VERSO\u00bb\" tabindex=\"-1\" >\n\t\t\tLeer m\u00e1s \u00bb\t\t<\/a>\n\n\t\t\t\t<\/div>\n\t\t\t\t<div class=\"elementor-post__meta-data\">\n\t\t\t\t\t<span class=\"elementor-post-date\">\n\t\t\t18 Mai, 2022\t\t<\/span>\n\t\t\t\t<\/div>\n\t\t\t\t\t<\/div>\n\t\t<\/article>\n\t\t\t\t<article class=\"elementor-post elementor-grid-item post-3343 post type-post status-publish format-standard has-post-thumbnail hentry category-actividades category-actualidad category-familia-amigs category-huevos-de-pascua category-tradiciones-alemanas\">\n\t\t\t<div class=\"elementor-post__card\">\n\t\t\t\t<a class=\"elementor-post__thumbnail__link\" href=\"https:\/\/sociedadhispanoalemana.com\/de\/ostereiersuche\" tabindex=\"-1\" ><div class=\"elementor-post__thumbnail\"><img loading=\"lazy\" decoding=\"async\" width=\"300\" height=\"300\" src=\"https:\/\/sociedadhispanoalemana.com\/wp-content\/uploads\/2022\/04\/Oster-Eier-Suche-300x300.png\" class=\"attachment-medium size-medium wp-image-3345\" alt=\"\" srcset=\"https:\/\/sociedadhispanoalemana.com\/wp-content\/uploads\/2022\/04\/Oster-Eier-Suche-300x300.png 300w, https:\/\/sociedadhispanoalemana.com\/wp-content\/uploads\/2022\/04\/Oster-Eier-Suche-1024x1024.png 1024w, https:\/\/sociedadhispanoalemana.com\/wp-content\/uploads\/2022\/04\/Oster-Eier-Suche-150x150.png 150w, https:\/\/sociedadhispanoalemana.com\/wp-content\/uploads\/2022\/04\/Oster-Eier-Suche-768x768.png 768w, https:\/\/sociedadhispanoalemana.com\/wp-content\/uploads\/2022\/04\/Oster-Eier-Suche-12x12.png 12w, https:\/\/sociedadhispanoalemana.com\/wp-content\/uploads\/2022\/04\/Oster-Eier-Suche.png 1080w\" sizes=\"auto, (max-width: 300px) 100vw, 300px\" \/><\/div><\/a>\n\t\t\t\t<div class=\"elementor-post__badge\">Aktivit\u00e4ten<\/div>\n\t\t\t\t<div class=\"elementor-post__text\">\n\t\t\t\t<h3 class=\"elementor-post__title\">\n\t\t\t<a href=\"https:\/\/sociedadhispanoalemana.com\/de\/ostereiersuche\" >\n\t\t\t\tOstereiersuche\t\t\t<\/a>\n\t\t<\/h3>\n\t\t\t\t<div class=\"elementor-post__excerpt\">\n\t\t\t<p>Fiesta de Pascua. Ciudadela Pamplona S\u00e1bado 9 de abril 2022 11:30AM B\u00fasqueda de huevos y degustaci\u00f3n de productos alemanes. Participaci\u00f3n adultos 5\u20ac Ni\u00f1os 3\u20ac Bono Familiar 10\u20ac Socios \/ 12\u20ac<\/p>\n\t\t<\/div>\n\t\t\n\t\t<a class=\"elementor-post__read-more\" href=\"https:\/\/sociedadhispanoalemana.com\/de\/ostereiersuche\" aria-label=\"Read more about Ostereiersuche\" tabindex=\"-1\" >\n\t\t\tLeer m\u00e1s \u00bb\t\t<\/a>\n\n\t\t\t\t<\/div>\n\t\t\t\t<div class=\"elementor-post__meta-data\">\n\t\t\t\t\t<span class=\"elementor-post-date\">\n\t\t\t3 April, 2022\t\t<\/span>\n\t\t\t\t<\/div>\n\t\t\t\t\t<\/div>\n\t\t<\/article>\n\t\t\t\t<article class=\"elementor-post elementor-grid-item post-3311 post type-post status-publish format-standard has-post-thumbnail hentry category-actividades category-familia-amigs category-tradiciones-alemanas\">\n\t\t\t<div class=\"elementor-post__card\">\n\t\t\t\t<a class=\"elementor-post__thumbnail__link\" href=\"https:\/\/sociedadhispanoalemana.com\/de\/osterfest-stammtisch\" tabindex=\"-1\" ><div class=\"elementor-post__thumbnail\"><img loading=\"lazy\" decoding=\"async\" width=\"232\" height=\"300\" src=\"https:\/\/sociedadhispanoalemana.com\/wp-content\/uploads\/2022\/04\/easter-easter-egg-branch-3985674-232x300.jpg\" class=\"attachment-medium size-medium wp-image-3314\" alt=\"easter, easter egg, branch\" srcset=\"https:\/\/sociedadhispanoalemana.com\/wp-content\/uploads\/2022\/04\/easter-easter-egg-branch-3985674-232x300.jpg 232w, https:\/\/sociedadhispanoalemana.com\/wp-content\/uploads\/2022\/04\/easter-easter-egg-branch-3985674-793x1024.jpg 793w, https:\/\/sociedadhispanoalemana.com\/wp-content\/uploads\/2022\/04\/easter-easter-egg-branch-3985674-768x992.jpg 768w, https:\/\/sociedadhispanoalemana.com\/wp-content\/uploads\/2022\/04\/easter-easter-egg-branch-3985674-9x12.jpg 9w, https:\/\/sociedadhispanoalemana.com\/wp-content\/uploads\/2022\/04\/easter-easter-egg-branch-3985674.jpg 991w\" sizes=\"auto, (max-width: 232px) 100vw, 232px\" \/><\/div><\/a>\n\t\t\t\t<div class=\"elementor-post__badge\">Aktivit\u00e4ten<\/div>\n\t\t\t\t<div class=\"elementor-post__text\">\n\t\t\t\t<h3 class=\"elementor-post__title\">\n\t\t\t<a href=\"https:\/\/sociedadhispanoalemana.com\/de\/osterfest-stammtisch\" >\n\t\t\t\tOsterfest Stammtisch\t\t\t<\/a>\n\t\t<\/h3>\n\t\t\t\t<div class=\"elementor-post__excerpt\">\n\t\t\t\t\t<\/div>\n\t\t\n\t\t<a class=\"elementor-post__read-more\" href=\"https:\/\/sociedadhispanoalemana.com\/de\/osterfest-stammtisch\" aria-label=\"Read more about Osterfest Stammtisch\" tabindex=\"-1\" >\n\t\t\tLeer m\u00e1s \u00bb\t\t<\/a>\n\n\t\t\t\t<\/div>\n\t\t\t\t<div class=\"elementor-post__meta-data\">\n\t\t\t\t\t<span class=\"elementor-post-date\">\n\t\t\t3 April, 2022\t\t<\/span>\n\t\t\t\t<\/div>\n\t\t\t\t\t<\/div>\n\t\t<\/article>\n\t\t\t\t<article class=\"elementor-post elementor-grid-item post-3283 post type-post status-publish format-standard has-post-thumbnail hentry category-actividades category-actualidad category-huevos-de-pascua category-intercambio-cultural category-tradiciones-alemanas tag-huevos-de-pascua tag-ostereier\">\n\t\t\t<div class=\"elementor-post__card\">\n\t\t\t\t<a class=\"elementor-post__thumbnail__link\" href=\"https:\/\/sociedadhispanoalemana.com\/de\/ostereiersuche-en-la-ciudadela\" tabindex=\"-1\" ><div class=\"elementor-post__thumbnail\"><img loading=\"lazy\" decoding=\"async\" width=\"300\" height=\"225\" src=\"https:\/\/sociedadhispanoalemana.com\/wp-content\/uploads\/2022\/03\/pexels-susanne-jutzeler-2099696-1-300x225.jpg\" class=\"attachment-medium size-medium wp-image-3285\" alt=\"\" srcset=\"https:\/\/sociedadhispanoalemana.com\/wp-content\/uploads\/2022\/03\/pexels-susanne-jutzeler-2099696-1-300x225.jpg 300w, https:\/\/sociedadhispanoalemana.com\/wp-content\/uploads\/2022\/03\/pexels-susanne-jutzeler-2099696-1-1024x768.jpg 1024w, https:\/\/sociedadhispanoalemana.com\/wp-content\/uploads\/2022\/03\/pexels-susanne-jutzeler-2099696-1-768x576.jpg 768w, https:\/\/sociedadhispanoalemana.com\/wp-content\/uploads\/2022\/03\/pexels-susanne-jutzeler-2099696-1-16x12.jpg 16w, https:\/\/sociedadhispanoalemana.com\/wp-content\/uploads\/2022\/03\/pexels-susanne-jutzeler-2099696-1.jpg 1280w\" sizes=\"auto, (max-width: 300px) 100vw, 300px\" \/><\/div><\/a>\n\t\t\t\t<div class=\"elementor-post__badge\">Aktivit\u00e4ten<\/div>\n\t\t\t\t<div class=\"elementor-post__text\">\n\t\t\t\t<h3 class=\"elementor-post__title\">\n\t\t\t<a href=\"https:\/\/sociedadhispanoalemana.com\/de\/ostereiersuche-en-la-ciudadela\" >\n\t\t\t\tOstereiersuche en la Ciudadela\t\t\t<\/a>\n\t\t<\/h3>\n\t\t\t\t<div class=\"elementor-post__excerpt\">\n\t\t\t<p>S\u00e1bado 9 de abril a las 11:30 Finalmente podemos retomar la Ostereiersuche! Os esperamos en la tradicional fiesta de pascua el pr\u00f3ximo 9 de abril en la CIUDADELA de Pamplona.<\/p>\n\t\t<\/div>\n\t\t\n\t\t<a class=\"elementor-post__read-more\" href=\"https:\/\/sociedadhispanoalemana.com\/de\/ostereiersuche-en-la-ciudadela\" aria-label=\"Read more about Ostereiersuche en la Ciudadela\" tabindex=\"-1\" >\n\t\t\tLeer m\u00e1s \u00bb\t\t<\/a>\n\n\t\t\t\t<\/div>\n\t\t\t\t<div class=\"elementor-post__meta-data\">\n\t\t\t\t\t<span class=\"elementor-post-date\">\n\t\t\t10 M\u00e4rz, 2022\t\t<\/span>\n\t\t\t\t<\/div>\n\t\t\t\t\t<\/div>\n\t\t<\/article>\n\t\t\t\t<article class=\"elementor-post elementor-grid-item post-3235 post type-post status-publish format-standard has-post-thumbnail hentry category-actividades category-actualidad category-intercambio-cultural category-noticias tag-anenie tag-civican tag-idiomas tag-murodeberlin tag-muros tag-poesia tag-poesie tag-recital\">\n\t\t\t<div class=\"elementor-post__card\">\n\t\t\t\t<a class=\"elementor-post__thumbnail__link\" href=\"https:\/\/sociedadhispanoalemana.com\/de\/poetas-sin-muros\" tabindex=\"-1\" ><div class=\"elementor-post__thumbnail\"><img loading=\"lazy\" decoding=\"async\" width=\"300\" height=\"300\" src=\"https:\/\/sociedadhispanoalemana.com\/wp-content\/uploads\/2021\/11\/die-mauer-am-9.-november-1989-300x300.jpg\" class=\"attachment-medium size-medium wp-image-3239\" alt=\"\" srcset=\"https:\/\/sociedadhispanoalemana.com\/wp-content\/uploads\/2021\/11\/die-mauer-am-9.-november-1989-300x300.jpg 300w, https:\/\/sociedadhispanoalemana.com\/wp-content\/uploads\/2021\/11\/die-mauer-am-9.-november-1989-150x150.jpg 150w, https:\/\/sociedadhispanoalemana.com\/wp-content\/uploads\/2021\/11\/die-mauer-am-9.-november-1989-12x12.jpg 12w, https:\/\/sociedadhispanoalemana.com\/wp-content\/uploads\/2021\/11\/die-mauer-am-9.-november-1989.jpg 501w\" sizes=\"auto, (max-width: 300px) 100vw, 300px\" \/><\/div><\/a>\n\t\t\t\t<div class=\"elementor-post__badge\">Aktivit\u00e4ten<\/div>\n\t\t\t\t<div class=\"elementor-post__text\">\n\t\t\t\t<h3 class=\"elementor-post__title\">\n\t\t\t<a href=\"https:\/\/sociedadhispanoalemana.com\/de\/poetas-sin-muros\" >\n\t\t\t\tpoetas sin muros\t\t\t<\/a>\n\t\t<\/h3>\n\t\t\t\t<div class=\"elementor-post__excerpt\">\n\t\t\t<p>No te pierdas este viernes 12 de noviembre 2021 este magn\u00edfico Recital Po\u00e9tico-Musical Os esperamos! Bis Heute Abend!<\/p>\n\t\t<\/div>\n\t\t\n\t\t<a class=\"elementor-post__read-more\" href=\"https:\/\/sociedadhispanoalemana.com\/de\/poetas-sin-muros\" aria-label=\"Read more about poetas sin muros\" tabindex=\"-1\" >\n\t\t\tLeer m\u00e1s \u00bb\t\t<\/a>\n\n\t\t\t\t<\/div>\n\t\t\t\t<div class=\"elementor-post__meta-data\">\n\t\t\t\t\t<span class=\"elementor-post-date\">\n\t\t\t12 November, 2021\t\t<\/span>\n\t\t\t\t<\/div>\n\t\t\t\t\t<\/div>\n\t\t<\/article>\n\t\t\t\t<article class=\"elementor-post elementor-grid-item post-3230 post type-post status-publish format-standard has-post-thumbnail hentry category-actividades category-familia-amigs category-farolillos-de-san-martin category-nins category-tradiciones-alemanas tag-farolillos tag-san-martin tag-sankt-martin\">\n\t\t\t<div class=\"elementor-post__card\">\n\t\t\t\t<a class=\"elementor-post__thumbnail__link\" href=\"https:\/\/sociedadhispanoalemana.com\/de\/sanktmartin\" tabindex=\"-1\" ><div class=\"elementor-post__thumbnail\"><img loading=\"lazy\" decoding=\"async\" width=\"300\" height=\"180\" src=\"https:\/\/sociedadhispanoalemana.com\/wp-content\/uploads\/2021\/11\/sanktmartin-300x180.jpg\" class=\"attachment-medium size-medium wp-image-3233\" alt=\"\" srcset=\"https:\/\/sociedadhispanoalemana.com\/wp-content\/uploads\/2021\/11\/sanktmartin-300x180.jpg 300w, https:\/\/sociedadhispanoalemana.com\/wp-content\/uploads\/2021\/11\/sanktmartin-16x10.jpg 16w, https:\/\/sociedadhispanoalemana.com\/wp-content\/uploads\/2021\/11\/sanktmartin.jpg 700w\" sizes=\"auto, (max-width: 300px) 100vw, 300px\" \/><\/div><\/a>\n\t\t\t\t<div class=\"elementor-post__badge\">Aktivit\u00e4ten<\/div>\n\t\t\t\t<div class=\"elementor-post__text\">\n\t\t\t\t<h3 class=\"elementor-post__title\">\n\t\t\t<a href=\"https:\/\/sociedadhispanoalemana.com\/de\/sanktmartin\" >\n\t\t\t\tSanktmartin\t\t\t<\/a>\n\t\t<\/h3>\n\t\t\t\t<div class=\"elementor-post__excerpt\">\n\t\t\t\t\t<\/div>\n\t\t\n\t\t<a class=\"elementor-post__read-more\" href=\"https:\/\/sociedadhispanoalemana.com\/de\/sanktmartin\" aria-label=\"Read more about Sanktmartin\" tabindex=\"-1\" >\n\t\t\tLeer m\u00e1s \u00bb\t\t<\/a>\n\n\t\t\t\t<\/div>\n\t\t\t\t<div class=\"elementor-post__meta-data\">\n\t\t\t\t\t<span class=\"elementor-post-date\">\n\t\t\t10 November, 2021\t\t<\/span>\n\t\t\t\t<\/div>\n\t\t\t\t\t<\/div>\n\t\t<\/article>\n\t\t\t\t<article class=\"elementor-post elementor-grid-item post-3170 post type-post status-publish format-standard has-post-thumbnail hentry category-actividades category-actualidad category-intercambio-cultural category-semana-cultural\">\n\t\t\t<div class=\"elementor-post__card\">\n\t\t\t\t<a class=\"elementor-post__thumbnail__link\" href=\"https:\/\/sociedadhispanoalemana.com\/de\/concierto-proyecto-beethoven\" tabindex=\"-1\" ><div class=\"elementor-post__thumbnail\"><img loading=\"lazy\" decoding=\"async\" width=\"246\" height=\"300\" src=\"https:\/\/sociedadhispanoalemana.com\/wp-content\/uploads\/2021\/10\/klavier-246x300.jpg\" class=\"attachment-medium size-medium wp-image-3172\" alt=\"\" srcset=\"https:\/\/sociedadhispanoalemana.com\/wp-content\/uploads\/2021\/10\/klavier-246x300.jpg 246w, https:\/\/sociedadhispanoalemana.com\/wp-content\/uploads\/2021\/10\/klavier-841x1024.jpg 841w, https:\/\/sociedadhispanoalemana.com\/wp-content\/uploads\/2021\/10\/klavier-768x935.jpg 768w, https:\/\/sociedadhispanoalemana.com\/wp-content\/uploads\/2021\/10\/klavier-1262x1536.jpg 1262w, https:\/\/sociedadhispanoalemana.com\/wp-content\/uploads\/2021\/10\/klavier-1682x2048.jpg 1682w, https:\/\/sociedadhispanoalemana.com\/wp-content\/uploads\/2021\/10\/klavier-10x12.jpg 10w\" sizes=\"auto, (max-width: 246px) 100vw, 246px\" \/><\/div><\/a>\n\t\t\t\t<div class=\"elementor-post__badge\">Aktivit\u00e4ten<\/div>\n\t\t\t\t<div class=\"elementor-post__text\">\n\t\t\t\t<h3 class=\"elementor-post__title\">\n\t\t\t<a href=\"https:\/\/sociedadhispanoalemana.com\/de\/concierto-proyecto-beethoven\" >\n\t\t\t\tConcierto \u201eProyecto Beethoven\u201c\t\t\t<\/a>\n\t\t<\/h3>\n\t\t\t\t<div class=\"elementor-post__excerpt\">\n\t\t\t<p>En el marco de la Semana Cultural 29 de la SHANE os invitamos el pr\u00f3ximo d\u00eda s\u00e1bado 16 de octubre a un especial concierto en la Sacrist\u00eda de la Catedral<\/p>\n\t\t<\/div>\n\t\t\n\t\t<a class=\"elementor-post__read-more\" href=\"https:\/\/sociedadhispanoalemana.com\/de\/concierto-proyecto-beethoven\" aria-label=\"Read more about Concierto \u201eProyecto Beethoven\u201c\" tabindex=\"-1\" >\n\t\t\tLeer m\u00e1s \u00bb\t\t<\/a>\n\n\t\t\t\t<\/div>\n\t\t\t\t<div class=\"elementor-post__meta-data\">\n\t\t\t\t\t<span class=\"elementor-post-date\">\n\t\t\t12 Oktober, 2021\t\t<\/span>\n\t\t\t\t<\/div>\n\t\t\t\t\t<\/div>\n\t\t<\/article>\n\t\t\t\t<article class=\"elementor-post elementor-grid-item post-3006 post type-post status-publish format-standard hentry category-actividades category-actualidad category-intercambio-cultural\">\n\t\t\t<div class=\"elementor-post__card\">\n\t\t\t\t<div class=\"elementor-post__text\">\n\t\t\t\t<h3 class=\"elementor-post__title\">\n\t\t\t<a href=\"https:\/\/sociedadhispanoalemana.com\/de\/stammtisch-treffen-29-07-21\" >\n\t\t\t\tStammtisch Treffen 29.07.21\t\t\t<\/a>\n\t\t<\/h3>\n\t\t\t\t<div class=\"elementor-post__excerpt\">\n\t\t\t\t\t<\/div>\n\t\t\n\t\t<a class=\"elementor-post__read-more\" href=\"https:\/\/sociedadhispanoalemana.com\/de\/stammtisch-treffen-29-07-21\" aria-label=\"Read more about Stammtisch Treffen 29.07.21\" tabindex=\"-1\" >\n\t\t\tLeer m\u00e1s \u00bb\t\t<\/a>\n\n\t\t\t\t<\/div>\n\t\t\t\t<div class=\"elementor-post__meta-data\">\n\t\t\t\t\t<span class=\"elementor-post-date\">\n\t\t\t25 Juli, 2021\t\t<\/span>\n\t\t\t\t<\/div>\n\t\t\t\t\t<\/div>\n\t\t<\/article>\n\t\t\t\t<\/div>\n\t\t\n\t\t\t\t<\/div>\n\t\t\t\t<\/div>\n\t\t\t\t\t<\/div>\n\t\t<\/div>\n\t\t\t\t<div class=\"elementor-column elementor-col-33 elementor-top-column elementor-element elementor-element-85be63c\" data-id=\"85be63c\" data-element_type=\"column\">\n\t\t\t<div class=\"elementor-widget-wrap elementor-element-populated\">\n\t\t\t\t\t\t\t\t<div class=\"elementor-element elementor-element-dc09c92 elementor-toc--minimized-on-tablet elementor-widget elementor-widget-table-of-contents\" data-id=\"dc09c92\" data-element_type=\"widget\" data-settings=\"{&quot;exclude_headings_by_selector&quot;:[],&quot;headings_by_tags&quot;:[&quot;h2&quot;,&quot;h3&quot;,&quot;h4&quot;,&quot;h5&quot;,&quot;h6&quot;],&quot;marker_view&quot;:&quot;numbers&quot;,&quot;minimize_box&quot;:&quot;yes&quot;,&quot;minimized_on&quot;:&quot;tablet&quot;,&quot;hierarchical_view&quot;:&quot;yes&quot;,&quot;min_height&quot;:{&quot;unit&quot;:&quot;px&quot;,&quot;size&quot;:&quot;&quot;,&quot;sizes&quot;:[]},&quot;min_height_tablet&quot;:{&quot;unit&quot;:&quot;px&quot;,&quot;size&quot;:&quot;&quot;,&quot;sizes&quot;:[]},&quot;min_height_mobile&quot;:{&quot;unit&quot;:&quot;px&quot;,&quot;size&quot;:&quot;&quot;,&quot;sizes&quot;:[]}}\" data-widget_type=\"table-of-contents.default\">\n\t\t\t\t<div class=\"elementor-widget-container\">\n\t\t\t\t\t<div class=\"elementor-toc__header\" aria-controls=\"elementor-toc__body\">\n\t\t\t<h4 class=\"elementor-toc__header-title\">\n\t\t\t\tNews-Guide\t\t\t<\/h4>\n\t\t\t\t\t\t\t<div class=\"elementor-toc__toggle-button elementor-toc__toggle-button--expand\" role=\"button\" tabindex=\"0\" aria-label=\"Open table of contents\"><i aria-hidden=\"true\" class=\"fas fa-chevron-down\"><\/i><\/div>\n\t\t\t\t<div class=\"elementor-toc__toggle-button elementor-toc__toggle-button--collapse\" role=\"button\" tabindex=\"0\" aria-label=\"Close table of contents\"><i aria-hidden=\"true\" class=\"fas fa-chevron-up\"><\/i><\/div>\n\t\t\t\t\t<\/div>\n\t\t<div class=\"elementor-toc__body\" aria-expanded=\"true\">\n\t\t\t<div class=\"elementor-toc__spinner-container\">\n\t\t\t\t<i class=\"elementor-toc__spinner eicon-animation-spin eicon-loading\" aria-hidden=\"true\"><\/i>\t\t\t<\/div>\n\t\t<\/div>\n\t\t\t\t<\/div>\n\t\t\t\t<\/div>\n\t\t\t\t\t<\/div>\n\t\t<\/div>\n\t\t\t\t\t\t\t<\/div>\n\t\t<\/section>\n\t\t\t\t<section class=\"elementor-section elementor-top-section elementor-element elementor-element-d30933d elementor-section-content-middle elementor-section-height-min-height elementor-section-boxed elementor-section-height-default elementor-section-items-middle\" data-id=\"d30933d\" data-element_type=\"section\" data-settings=\"{&quot;background_background&quot;:&quot;classic&quot;,&quot;background_motion_fx_scale_effect&quot;:&quot;yes&quot;,&quot;animation&quot;:&quot;none&quot;,&quot;background_motion_fx_scale_speed&quot;:{&quot;unit&quot;:&quot;px&quot;,&quot;size&quot;:5,&quot;sizes&quot;:[]},&quot;background_motion_fx_scale_range&quot;:{&quot;unit&quot;:&quot;%&quot;,&quot;size&quot;:&quot;&quot;,&quot;sizes&quot;:{&quot;start&quot;:26,&quot;end&quot;:80}},&quot;background_motion_fx_motion_fx_scrolling&quot;:&quot;yes&quot;,&quot;background_motion_fx_scale_direction&quot;:&quot;out-in&quot;,&quot;background_motion_fx_devices&quot;:[&quot;desktop&quot;,&quot;tablet&quot;,&quot;mobile&quot;]}\">\n\t\t\t\t\t\t\t<div class=\"elementor-background-overlay\"><\/div>\n\t\t\t\t\t\t\t<div class=\"elementor-container elementor-column-gap-no\">\n\t\t\t\t\t<div class=\"elementor-column elementor-col-100 elementor-top-column elementor-element elementor-element-7dda2ee\" data-id=\"7dda2ee\" data-element_type=\"column\" data-settings=\"{&quot;background_background&quot;:&quot;classic&quot;}\">\n\t\t\t<div class=\"elementor-widget-wrap elementor-element-populated\">\n\t\t\t\t\t<div class=\"elementor-background-overlay\"><\/div>\n\t\t\t\t\t\t\t\t<div class=\"elementor-element elementor-element-ed95788 elementor-view-default elementor-widget elementor-widget-icon\" data-id=\"ed95788\" data-element_type=\"widget\" data-widget_type=\"icon.default\">\n\t\t\t\t<div class=\"elementor-widget-container\">\n\t\t\t\t\t<div class=\"elementor-icon-wrapper\">\n\t\t\t<div class=\"elementor-icon\">\n\t\t\t<i aria-hidden=\"true\" class=\"far fa-envelope\"><\/i>\t\t\t<\/div>\n\t\t<\/div>\n\t\t\t\t<\/div>\n\t\t\t\t<\/div>\n\t\t\t\t<div class=\"elementor-element elementor-element-dab2549 elementor-widget elementor-widget-heading\" data-id=\"dab2549\" data-element_type=\"widget\" data-widget_type=\"heading.default\">\n\t\t\t\t<div class=\"elementor-widget-container\">\n\t\t\t<h2 class=\"elementor-heading-title elementor-size-default\">Abonniere unseren Newsletter<\/h2>\t\t<\/div>\n\t\t\t\t<\/div>\n\t\t\t\t<div class=\"elementor-element elementor-element-7e05a89 elementor-widget elementor-widget-heading\" data-id=\"7e05a89\" data-element_type=\"widget\" data-widget_type=\"heading.default\">\n\t\t\t\t<div class=\"elementor-widget-container\">\n\t\t\t<h5 class=\"elementor-heading-title elementor-size-default\">Verpasse keine kommenden Events und relevanten Neuigkeiten<\/h5>\t\t<\/div>\n\t\t\t\t<\/div>\n\t\t\t\t<div class=\"elementor-element elementor-element-96855e6 elementor-button-align-stretch elementor-widget elementor-widget-form\" data-id=\"96855e6\" data-element_type=\"widget\" data-settings=\"{&quot;button_width&quot;:&quot;25&quot;,&quot;step_next_label&quot;:&quot;Next&quot;,&quot;step_previous_label&quot;:&quot;Previous&quot;,&quot;step_type&quot;:&quot;number_text&quot;,&quot;step_icon_shape&quot;:&quot;circle&quot;}\" data-widget_type=\"form.default\">\n\t\t\t\t<div class=\"elementor-widget-container\">\n\t\t\t\t\t<form class=\"elementor-form\" method=\"post\" name=\"Newsletter\" action=\"\">\n\t\t\t<input type=\"hidden\" name=\"post_id\" value=\"541\"\/>\n\t\t\t<input type=\"hidden\" name=\"form_id\" value=\"96855e6\"\/>\n\t\t\t<input type=\"hidden\" name=\"referer_title\" value=\"\" \/>\n\n\t\t\t\n\t\t\t<div class=\"elementor-form-fields-wrapper elementor-labels-\">\n\t\t\t\t\t\t\t\t<div class=\"elementor-field-type-email elementor-field-group elementor-column elementor-field-group-email elementor-col-75 elementor-field-required\">\n\t\t\t\t\t\t\t\t\t\t\t\t<label for=\"form-field-email\" class=\"elementor-field-label elementor-screen-only\">\n\t\t\t\t\t\t\t\tEmail\t\t\t\t\t\t\t<\/label>\n\t\t\t\t\t\t\t\t\t\t\t\t\t\t<input size=\"1\" type=\"email\" name=\"form_fields[email]\" id=\"form-field-email\" class=\"elementor-field elementor-size-md  elementor-field-textual\" placeholder=\"Correo electr\u00f3nico \/ Email\" required=\"required\" aria-required=\"true\">\n\t\t\t\t\t\t\t\t\t\t\t<\/div>\n\t\t\t\t\t\t\t\t<div class=\"elementor-field-type-text elementor-field-group elementor-column elementor-field-group-field_840a6fa elementor-col-75 elementor-field-required\">\n\t\t\t\t\t\t\t\t\t\t\t\t<label for=\"form-field-field_840a6fa\" class=\"elementor-field-label elementor-screen-only\">\n\t\t\t\t\t\t\t\tName\t\t\t\t\t\t\t<\/label>\n\t\t\t\t\t\t\t\t\t\t\t\t\t\t<input size=\"1\" type=\"text\" name=\"form_fields[field_840a6fa]\" id=\"form-field-field_840a6fa\" class=\"elementor-field elementor-size-md  elementor-field-textual\" placeholder=\"Nombre \/ Name\" required=\"required\" aria-required=\"true\">\n\t\t\t\t\t\t\t\t\t\t\t<\/div>\n\t\t\t\t\t\t\t\t<div class=\"elementor-field-type-text elementor-field-group elementor-column elementor-field-group-field_7bca2de elementor-col-75\">\n\t\t\t\t\t\t\t\t\t\t\t\t<label for=\"form-field-field_7bca2de\" class=\"elementor-field-label elementor-screen-only\">\n\t\t\t\t\t\t\t\tApellido\t\t\t\t\t\t\t<\/label>\n\t\t\t\t\t\t\t\t\t\t\t\t\t\t<input size=\"1\" type=\"text\" name=\"form_fields[field_7bca2de]\" id=\"form-field-field_7bca2de\" class=\"elementor-field elementor-size-md  elementor-field-textual\" placeholder=\"Apellido \/ Nachname\">\n\t\t\t\t\t\t\t\t\t\t\t<\/div>\n\t\t\t\t\t\t\t\t<div class=\"elementor-field-type-acceptance elementor-field-group elementor-column elementor-field-group-field_90b0966 elementor-col-100 elementor-field-required\">\n\t\t\t\t\t\t\t\t\t\t\t\t<label for=\"form-field-field_90b0966\" class=\"elementor-field-label elementor-screen-only\">\n\t\t\t\t\t\t\t\tpolitica\t\t\t\t\t\t\t<\/label>\n\t\t\t\t\t\t\t\t<div class=\"elementor-field-subgroup\">\n\t\t\t<span class=\"elementor-field-option\">\n\t\t\t\t<input type=\"checkbox\" name=\"form_fields[field_90b0966]\" id=\"form-field-field_90b0966\" class=\"elementor-field elementor-size-md  elementor-acceptance-field\" required=\"required\" aria-required=\"true\">\n\t\t\t\t<label for=\"form-field-field_90b0966\">Ich habe gelesen und akzeptiere die <a href=\"https:\/\/sociedadhispanoalemana.com\/de\/politica-de-privacidad\/\" target=\"-blank\">Datenschutzrichtlinie<\/a><\/label>\t\t\t<\/span>\n\t\t<\/div>\n\t\t\t\t\t\t<\/div>\n\t\t\t\t\t\t\t\t<div class=\"elementor-field-group elementor-column elementor-field-type-submit elementor-col-25 e-form__buttons\">\n\t\t\t\t\t<button type=\"submit\" class=\"elementor-button elementor-size-md\">\n\t\t\t\t\t\t<span >\n\t\t\t\t\t\t\t\t\t\t\t\t\t\t\t<span class=\"elementor-button-icon\">\n\t\t\t\t\t\t\t\t\t\t\t\t\t\t\t\t\t\t\t\t\t\t\t\t\t\t<\/span>\n\t\t\t\t\t\t\t\t\t\t\t\t\t\t\t\t\t\t\t\t\t\t<span class=\"elementor-button-text\">Abonnieren<\/span>\n\t\t\t\t\t\t\t\t\t\t\t\t\t<\/span>\n\t\t\t\t\t<\/button>\n\t\t\t\t<\/div>\n\t\t\t<\/div>\n\t\t<input type=\"hidden\" name=\"trp-form-language\" value=\"de\"\/><\/form>\n\t\t\t\t<\/div>\n\t\t\t\t<\/div>\n\t\t\t\t\t<\/div>\n\t\t<\/div>\n\t\t\t\t\t\t\t<\/div>\n\t\t<\/section>\n\t\t\t\t\t\t\t<\/div>","protected":false},"excerpt":{"rendered":"<p>Actualidad Bienvenid@ a nuestra \u00e1rea de noticias, Entrevistas y comunicados. Aqu\u00ed encontrar\u00e1s la informaci\u00f3n m\u00e1s actual sobre nuestros Pr\u00f3ximos Eventos, Actividades Y Noticias Relevantes. Presentamos tambi\u00e9n nuestra nueva secci\u00f3n de [&hellip;]<\/p>","protected":false},"author":1,"featured_media":0,"parent":0,"menu_order":0,"comment_status":"closed","ping_status":"closed","template":"","meta":{"_seopress_robots_primary_cat":"","site-sidebar-layout":"no-sidebar","site-content-layout":"page-builder","ast-site-content-layout":"","site-content-style":"default","site-sidebar-style":"default","ast-global-header-display":"","ast-banner-title-visibility":"","ast-main-header-display":"","ast-hfb-above-header-display":"","ast-hfb-below-header-display":"","ast-hfb-mobile-header-display":"","site-post-title":"disabled","ast-breadcrumbs-content":"","ast-featured-img":"disabled","footer-sml-layout":"","theme-transparent-header-meta":"enabled","adv-header-id-meta":"","stick-header-meta":"","header-above-stick-meta":"","header-main-stick-meta":"","header-below-stick-meta":"","astra-migrate-meta-layouts":"default","ast-page-background-enabled":"default","ast-page-background-meta":{"desktop":{"background-color":"","background-image":"","background-repeat":"repeat","background-position":"center center","background-size":"auto","background-attachment":"scroll","background-type":"","background-media":"","overlay-type":"","overlay-color":"","overlay-opacity":"","overlay-gradient":""},"tablet":{"background-color":"","background-image":"","background-repeat":"repeat","background-position":"center center","background-size":"auto","background-attachment":"scroll","background-type":"","background-media":"","overlay-type":"","overlay-color":"","overlay-opacity":"","overlay-gradient":""},"mobile":{"background-color":"","background-image":"","background-repeat":"repeat","background-position":"center center","background-size":"auto","background-attachment":"scroll","background-type":"","background-media":"","overlay-type":"","overlay-color":"","overlay-opacity":"","overlay-gradient":""}},"ast-content-background-meta":{"desktop":{"background-color":"var(--ast-global-color-5)","background-image":"","background-repeat":"repeat","background-position":"center center","background-size":"auto","background-attachment":"scroll","background-type":"","background-media":"","overlay-type":"","overlay-color":"","overlay-opacity":"","overlay-gradient":""},"tablet":{"background-color":"var(--ast-global-color-5)","background-image":"","background-repeat":"repeat","background-position":"center center","background-size":"auto","background-attachment":"scroll","background-type":"","background-media":"","overlay-type":"","overlay-color":"","overlay-opacity":"","overlay-gradient":""},"mobile":{"background-color":"var(--ast-global-color-5)","background-image":"","background-repeat":"repeat","background-position":"center center","background-size":"auto","background-attachment":"scroll","background-type":"","background-media":"","overlay-type":"","overlay-color":"","overlay-opacity":"","overlay-gradient":""}},"footnotes":""},"class_list":["post-541","page","type-page","status-publish","hentry"],"jetpack_sharing_enabled":true,"_links":{"self":[{"href":"https:\/\/sociedadhispanoalemana.com\/de\/wp-json\/wp\/v2\/pages\/541","targetHints":{"allow":["GET"]}}],"collection":[{"href":"https:\/\/sociedadhispanoalemana.com\/de\/wp-json\/wp\/v2\/pages"}],"about":[{"href":"https:\/\/sociedadhispanoalemana.com\/de\/wp-json\/wp\/v2\/types\/page"}],"author":[{"embeddable":true,"href":"https:\/\/sociedadhispanoalemana.com\/de\/wp-json\/wp\/v2\/users\/1"}],"replies":[{"embeddable":true,"href":"https:\/\/sociedadhispanoalemana.com\/de\/wp-json\/wp\/v2\/comments?post=541"}],"version-history":[{"count":85,"href":"https:\/\/sociedadhispanoalemana.com\/de\/wp-json\/wp\/v2\/pages\/541\/revisions"}],"predecessor-version":[{"id":2854,"href":"https:\/\/sociedadhispanoalemana.com\/de\/wp-json\/wp\/v2\/pages\/541\/revisions\/2854"}],"wp:attachment":[{"href":"https:\/\/sociedadhispanoalemana.com\/de\/wp-json\/wp\/v2\/media?parent=541"}],"curies":[{"name":"wp","href":"https:\/\/api.w.org\/{rel}","templated":true}]}}